{"id":20652,"date":"2010-02-25T00:00:00","date_gmt":"2010-02-25T05:00:00","guid":{"rendered":"http:\/\/www.cec.org\/public-submissions\/submission-catalog\/canyon-du-sumidero\/"},"modified":"2026-04-24T14:45:15","modified_gmt":"2026-04-24T18:45:15","slug":"canyon-du-sumidero","status":"publish","type":"submissions","link":"https:\/\/www.cec.org\/fr\/communications\/registre-des-communications\/canyon-du-sumidero\/","title":{"rendered":"Canyon du Sumidero"},"content":{"rendered":"<p>L'auteur all\u00e8gue que depuis 1963, une soci\u00e9t\u00e9 m\u00e8ne des activit\u00e9 d'extraction de calcaire dans une mine \u00e0 ciel ouvert \u00e0 proximit\u00e9 du parc national Ca\u00f1\u00f3n del Sumidero, et qu'au cours des derni\u00e8res ann\u00e9es, la paroi orientale des gorges a \u00e9t\u00e9 \u00ab s\u00e9rieusecment endommag\u00e9e par des l\u00e9zardes \u00bb dues aux activit\u00e9s de la carri\u00e8re.<\/p>\n<p>De plus, l'auteur signale que les activit\u00e9s d'extraction de la mine \u00e0 ciel ouvert peuvent \u00eatre \u00e0 l'origine de certains impacts n\u00e9gatifs sur l'environnement et la sant\u00e9, notamment le bruit et les \u00e9missions atmosph\u00e9riques qui d\u00e9passent les limites maximales permises; les dommages \u00e0 la faune et la flore, et les risques pour la sant\u00e9 respiratoire de la communaut\u00e9 voisine de la Ribera de Cahuar\u00e9.<\/p>\n","protected":false},"excerpt":{"rendered":"<p>L&rsquo;auteur all\u00e8gue que depuis 1963, une soci\u00e9t\u00e9 m\u00e8ne des activit\u00e9 d&rsquo;extraction de calcaire dans une mine \u00e0 ciel ouvert \u00e0 proximit\u00e9 du parc national Ca\u00f1\u00f3n del Sumidero, et qu&rsquo;au cours des derni\u00e8res ann\u00e9es, la paroi orientale des gorges a \u00e9t\u00e9 \u00ab s\u00e9rieusecment endommag\u00e9e par des l\u00e9zardes \u00bb dues aux activit\u00e9s de la carri\u00e8re. De plus, [&hellip;]<\/p>\n","protected":false},"featured_media":0,"template":"","class_list":["post-20652","submissions","type-submissions","status-publish","hentry","country-mexique","semstatus-fermee"],"acf":[],"yoast_head":"<!-- This site is optimized with the Yoast SEO Premium plugin v27.4 (Yoast SEO v27.4) - https:\/\/yoast.com\/product\/yoast-seo-premium-wordpress\/ -->\n<title>Canyon du Sumidero<\/title>\n<meta name=\"robots\" content=\"index, follow, max-snippet:-1, max-image-preview:large, max-video-preview:-1\" \/>\n<link rel=\"canonical\" href=\"https:\/\/www.cec.org\/fr\/communications\/registre-des-communications\/canyon-du-sumidero\/\" \/>\n<meta property=\"og:locale\" content=\"fr_FR\" \/>\n<meta property=\"og:type\" content=\"article\" \/>\n<meta property=\"og:title\" content=\"Canyon du Sumidero\" \/>\n<meta property=\"og:description\" content=\"L&#039;auteur all\u00e8gue que depuis 1963, une soci\u00e9t\u00e9 m\u00e8ne des activit\u00e9 d&#039;extraction de calcaire dans une mine \u00e0 ciel ouvert \u00e0 proximit\u00e9 du parc national Ca\u00f1\u00f3n del Sumidero, et qu&#039;au cours des derni\u00e8res ann\u00e9es, la paroi orientale des gorges a \u00e9t\u00e9 \u00ab s\u00e9rieusecment endommag\u00e9e par des l\u00e9zardes \u00bb dues aux activit\u00e9s de la carri\u00e8re. De plus, [&hellip;]\" \/>\n<meta property=\"og:url\" content=\"https:\/\/www.cec.org\/fr\/communications\/registre-des-communications\/canyon-du-sumidero\/\" \/>\n<meta property=\"og:site_name\" content=\"Commission de coop\u00e9ration environnementale\" \/>\n<meta property=\"article:publisher\" content=\"https:\/\/www.facebook.com\/CECconnect\" \/>\n<meta property=\"article:modified_time\" content=\"2026-04-24T18:45:15+00:00\" \/>\n<meta property=\"og:image\" content=\"https:\/\/www.cec.org\/wp-content\/uploads\/cec-cover2023.webp\" \/>\n\t<meta property=\"og:image:width\" content=\"1200\" \/>\n\t<meta property=\"og:image:height\" content=\"630\" \/>\n\t<meta property=\"og:image:type\" content=\"image\/webp\" \/>\n<meta name=\"twitter:card\" content=\"summary_large_image\" \/>\n<meta name=\"twitter:site\" content=\"@CECweb\" \/>\n<script type=\"application\/ld+json\" class=\"yoast-schema-graph\">{\"@context\":\"https:\\\/\\\/schema.org\",\"@graph\":[{\"@type\":\"WebPage\",\"@id\":\"https:\\\/\\\/www.cec.org\\\/fr\\\/communications\\\/registre-des-communications\\\/canyon-du-sumidero\\\/\",\"url\":\"https:\\\/\\\/www.cec.org\\\/fr\\\/communications\\\/registre-des-communications\\\/canyon-du-sumidero\\\/\",\"name\":\"Canyon du Sumidero\",\"isPartOf\":{\"@id\":\"https:\\\/\\\/www.cec.org\\\/fr\\\/#website\"},\"datePublished\":\"2010-02-25T05:00:00+00:00\",\"dateModified\":\"2026-04-24T18:45:15+00:00\",\"breadcrumb\":{\"@id\":\"https:\\\/\\\/www.cec.org\\\/fr\\\/communications\\\/registre-des-communications\\\/canyon-du-sumidero\\\/#breadcrumb\"},\"inLanguage\":\"fr-FR\",\"potentialAction\":[{\"@type\":\"ReadAction\",\"target\":[\"https:\\\/\\\/www.cec.org\\\/fr\\\/communications\\\/registre-des-communications\\\/canyon-du-sumidero\\\/\"]}]},{\"@type\":\"BreadcrumbList\",\"@id\":\"https:\\\/\\\/www.cec.org\\\/fr\\\/communications\\\/registre-des-communications\\\/canyon-du-sumidero\\\/#breadcrumb\",\"itemListElement\":[{\"@type\":\"ListItem\",\"position\":1,\"name\":\"Accueil\",\"item\":\"https:\\\/\\\/www.cec.org\\\/fr\\\/\"},{\"@type\":\"ListItem\",\"position\":2,\"name\":\"Canyon du Sumidero\"}]},{\"@type\":\"WebSite\",\"@id\":\"https:\\\/\\\/www.cec.org\\\/fr\\\/#website\",\"url\":\"https:\\\/\\\/www.cec.org\\\/fr\\\/\",\"name\":\"Commission for Environmental Cooperation\",\"description\":\"Three countries working together to protect our shared environment\",\"alternateName\":\"CEC - CCA -CCE\",\"potentialAction\":[{\"@type\":\"SearchAction\",\"target\":{\"@type\":\"EntryPoint\",\"urlTemplate\":\"https:\\\/\\\/www.cec.org\\\/fr\\\/?s={search_term_string}\"},\"query-input\":{\"@type\":\"PropertyValueSpecification\",\"valueRequired\":true,\"valueName\":\"search_term_string\"}}],\"inLanguage\":\"fr-FR\"}]}<\/script>\n<!-- \/ Yoast SEO Premium plugin. -->","yoast_head_json":{"title":"Canyon du Sumidero","robots":{"index":"index","follow":"follow","max-snippet":"max-snippet:-1","max-image-preview":"max-image-preview:large","max-video-preview":"max-video-preview:-1"},"canonical":"https:\/\/www.cec.org\/fr\/communications\/registre-des-communications\/canyon-du-sumidero\/","og_locale":"fr_FR","og_type":"article","og_title":"Canyon du Sumidero","og_description":"L'auteur all\u00e8gue que depuis 1963, une soci\u00e9t\u00e9 m\u00e8ne des activit\u00e9 d'extraction de calcaire dans une mine \u00e0 ciel ouvert \u00e0 proximit\u00e9 du parc national Ca\u00f1\u00f3n del Sumidero, et qu'au cours des derni\u00e8res ann\u00e9es, la paroi orientale des gorges a \u00e9t\u00e9 \u00ab s\u00e9rieusecment endommag\u00e9e par des l\u00e9zardes \u00bb dues aux activit\u00e9s de la carri\u00e8re. De plus, [&hellip;]","og_url":"https:\/\/www.cec.org\/fr\/communications\/registre-des-communications\/canyon-du-sumidero\/","og_site_name":"Commission de coop\u00e9ration environnementale","article_publisher":"https:\/\/www.facebook.com\/CECconnect","article_modified_time":"2026-04-24T18:45:15+00:00","og_image":[{"width":1200,"height":630,"url":"https:\/\/www.cec.org\/wp-content\/uploads\/cec-cover2023.webp","type":"image\/webp"}],"twitter_card":"summary_large_image","twitter_site":"@CECweb","schema":{"@context":"https:\/\/schema.org","@graph":[{"@type":"WebPage","@id":"https:\/\/www.cec.org\/fr\/communications\/registre-des-communications\/canyon-du-sumidero\/","url":"https:\/\/www.cec.org\/fr\/communications\/registre-des-communications\/canyon-du-sumidero\/","name":"Canyon du Sumidero","isPartOf":{"@id":"https:\/\/www.cec.org\/fr\/#website"},"datePublished":"2010-02-25T05:00:00+00:00","dateModified":"2026-04-24T18:45:15+00:00","breadcrumb":{"@id":"https:\/\/www.cec.org\/fr\/communications\/registre-des-communications\/canyon-du-sumidero\/#breadcrumb"},"inLanguage":"fr-FR","potentialAction":[{"@type":"ReadAction","target":["https:\/\/www.cec.org\/fr\/communications\/registre-des-communications\/canyon-du-sumidero\/"]}]},{"@type":"BreadcrumbList","@id":"https:\/\/www.cec.org\/fr\/communications\/registre-des-communications\/canyon-du-sumidero\/#breadcrumb","itemListElement":[{"@type":"ListItem","position":1,"name":"Accueil","item":"https:\/\/www.cec.org\/fr\/"},{"@type":"ListItem","position":2,"name":"Canyon du Sumidero"}]},{"@type":"WebSite","@id":"https:\/\/www.cec.org\/fr\/#website","url":"https:\/\/www.cec.org\/fr\/","name":"Commission for Environmental Cooperation","description":"Three countries working together to protect our shared environment","alternateName":"CEC - CCA -CCE","potentialAction":[{"@type":"SearchAction","target":{"@type":"EntryPoint","urlTemplate":"https:\/\/www.cec.org\/fr\/?s={search_term_string}"},"query-input":{"@type":"PropertyValueSpecification","valueRequired":true,"valueName":"search_term_string"}}],"inLanguage":"fr-FR"}]}},"_links":{"self":[{"href":"https:\/\/www.cec.org\/fr\/wp-json\/wp\/v2\/submissions\/20652","targetHints":{"allow":["GET"]}}],"collection":[{"href":"https:\/\/www.cec.org\/fr\/wp-json\/wp\/v2\/submissions"}],"about":[{"href":"https:\/\/www.cec.org\/fr\/wp-json\/wp\/v2\/types\/submissions"}],"wp:attachment":[{"href":"https:\/\/www.cec.org\/fr\/wp-json\/wp\/v2\/media?parent=20652"}],"curies":[{"name":"wp","href":"https:\/\/api.w.org\/{rel}","templated":true}]}}