{"id":59262,"date":"2025-06-20T15:49:08","date_gmt":"2025-06-20T19:49:08","guid":{"rendered":"https:\/\/www.cec.org\/speaker\/marisol-guerrero\/"},"modified":"2025-06-20T15:49:08","modified_gmt":"2025-06-20T19:49:08","slug":"marisol-guerrero","status":"publish","type":"speaker","link":"https:\/\/www.cec.org\/fr\/speaker\/marisol-guerrero\/","title":{"rendered":"Marisol Guerrero"},"content":{"rendered":"<p>Ing\u00e9nieure industrielle dipl\u00f4m\u00e9e de l\u2019Institut technologique de Quer\u00e9taro, Marisol Guerrero a \u00e9galement suivi des cours dipl\u00f4mants en gestion environnementale (Institut technologique et d\u2019\u00e9tudes sup\u00e9rieures de Monterrey), en gestion ax\u00e9e sur les r\u00e9sultats (Universit\u00e9 nationale autonome du Mexique) et en d\u00e9veloppement des comp\u00e9tences administratives (gouvernement de Quer\u00e9taro). Elle poss\u00e8de une longue exp\u00e9rience professionnelle (plus de 30\u00a0ans) dans le domaine de l\u2019environnement. Marisol\u00a0Guerrero a travaill\u00e9 dans les secteurs public et priv\u00e9 et collabore actuellement avec le <em>Cl\u00faster Automotriz de Quer\u00e9taro<\/em> en tant que coordonnatrice du comit\u00e9 de durabilit\u00e9 environnementale. Elle occupe aussi le poste de directrice du syst\u00e8me d\u2019\u00e9conomie circulaire de Quer\u00e9taro.<\/p>\n<p>Dans le secteur public, elle a \u00e9t\u00e9 directrice du contr\u00f4le environnemental pour le <em>Secretar\u00eda de Desarrollo Sustentable del Estado de Quer\u00e9taro<\/em> (minist\u00e8re du D\u00e9veloppement durable de l\u2019\u00c9tat du Quer\u00e9taro) ainsi que charg\u00e9e de projet, notamment pour le programme de v\u00e9rification des v\u00e9hicules et le r\u00e9seau de surveillance de la qualit\u00e9 de l\u2019air de Quer\u00e9taro; le programme de leadership environnemental pour la comp\u00e9titivit\u00e9; l\u2019\u00e9laboration de divers instruments gouvernementaux de r\u00e9glementation industrielle (permis environnemental, COA [certificat d\u2019exploitation annuel] et plan de gestion des d\u00e9chets vis\u00e9s par une gestion sp\u00e9ciale); une \u00e9tude de cas pour le RETC (Registre mexicain des rejets et transferts de polluants); et le projet pilote pour une industrie plus propre visant le secteur de la fonderie et l\u2019industrie chimique. Dans le cadre de l\u2019initiative <em>Ciudades por el Clima<\/em> (Villes engag\u00e9es pour le climat), Marisol Guerrero a collabor\u00e9 avec le r\u00e9seau ICLEI\u00a0\u2013 Autorit\u00e9s locales pour le d\u00e9veloppement durable afin d\u2019\u00e9tablir des strat\u00e9gies de r\u00e9duction des \u00e9missions de gaz \u00e0 effet de serre\u00a0(GES) dans diff\u00e9rents secteurs industriels et \u00e9conomiques.<\/p>\n<p>En plus d\u2019avoir particip\u00e9 au cours de gestion int\u00e9gr\u00e9e des d\u00e9chets au Japon, offert par l\u2019Agence japonaise de coop\u00e9ration internationale, elle a aussi \u00e9t\u00e9 conf\u00e9renci\u00e8re lors de divers forums nationaux et internationaux.<\/p>\n<p class=\"ai-optimize-10\"><a href=\"https:\/\/www.linkedin.com\/posts\/sistema-de-econom%C3%ADa-circular-quer%C3%A9taro_sistemaeconom%C3%ADacircularqueretaro-secq-activity-7331496823913693184-fcjm\/?originalSubdomain=es\">LinkedIn<\/a> | <a href=\"https:\/\/x.com\/Circular_Qro\">X<\/a><\/p>\n","protected":false},"excerpt":{"rendered":"<p>Ing\u00e9nieure industrielle dipl\u00f4m\u00e9e de l\u2019Institut technologique de Quer\u00e9taro, Marisol Guerrero a \u00e9galement suivi des cours dipl\u00f4mants en gestion environnementale (Institut technologique et d\u2019\u00e9tudes sup\u00e9rieures de Monterrey), en gestion ax\u00e9e sur les r\u00e9sultats (Universit\u00e9 nationale autonome du Mexique) et en d\u00e9veloppement des comp\u00e9tences administratives (gouvernement de Quer\u00e9taro). Elle poss\u00e8de une longue exp\u00e9rience professionnelle (plus de 30\u00a0ans) [&hellip;]<\/p>\n","protected":false},"featured_media":59259,"template":"","class_list":["post-59262","speaker","type-speaker","status-publish","has-post-thumbnail","hentry"],"acf":[],"yoast_head":"<!-- This site is optimized with the Yoast SEO Premium plugin v27.4 (Yoast SEO v27.4) - https:\/\/yoast.com\/product\/yoast-seo-premium-wordpress\/ -->\n<title>Marisol Guerrero &#8211; Commission de coop\u00e9ration environnementale<\/title>\n<meta name=\"robots\" content=\"noindex, follow\" \/>\n<meta property=\"og:locale\" content=\"fr_FR\" \/>\n<meta property=\"og:type\" content=\"article\" \/>\n<meta property=\"og:title\" content=\"Marisol Guerrero\" \/>\n<meta property=\"og:description\" content=\"Ing\u00e9nieure industrielle dipl\u00f4m\u00e9e de l\u2019Institut technologique de Quer\u00e9taro, Marisol Guerrero a \u00e9galement suivi des cours dipl\u00f4mants en gestion environnementale (Institut technologique et d\u2019\u00e9tudes sup\u00e9rieures de Monterrey), en gestion ax\u00e9e sur les r\u00e9sultats (Universit\u00e9 nationale autonome du Mexique) et en d\u00e9veloppement des comp\u00e9tences administratives (gouvernement de Quer\u00e9taro). Elle poss\u00e8de une longue exp\u00e9rience professionnelle (plus de 30\u00a0ans) [&hellip;]\" \/>\n<meta property=\"og:url\" content=\"https:\/\/www.cec.org\/fr\/speaker\/marisol-guerrero\/\" \/>\n<meta property=\"og:site_name\" content=\"Commission de coop\u00e9ration environnementale\" \/>\n<meta property=\"article:publisher\" content=\"https:\/\/www.facebook.com\/CECconnect\" \/>\n<meta property=\"og:image\" content=\"https:\/\/www.cec.org\/wp-content\/uploads\/Marisol-Guerrero.webp\" \/>\n\t<meta property=\"og:image:width\" content=\"300\" \/>\n\t<meta property=\"og:image:height\" content=\"300\" \/>\n\t<meta property=\"og:image:type\" content=\"image\/webp\" \/>\n<meta name=\"twitter:card\" content=\"summary_large_image\" \/>\n<meta name=\"twitter:site\" content=\"@CECweb\" \/>\n<script type=\"application\/ld+json\" class=\"yoast-schema-graph\">{\"@context\":\"https:\\\/\\\/schema.org\",\"@graph\":[{\"@type\":\"WebPage\",\"@id\":\"https:\\\/\\\/www.cec.org\\\/fr\\\/speaker\\\/marisol-guerrero\\\/\",\"url\":\"https:\\\/\\\/www.cec.org\\\/fr\\\/speaker\\\/marisol-guerrero\\\/\",\"name\":\"Marisol Guerrero &#8211; Commission de coop\u00e9ration environnementale\",\"isPartOf\":{\"@id\":\"https:\\\/\\\/www.cec.org\\\/fr\\\/#website\"},\"primaryImageOfPage\":{\"@id\":\"https:\\\/\\\/www.cec.org\\\/fr\\\/speaker\\\/marisol-guerrero\\\/#primaryimage\"},\"image\":{\"@id\":\"https:\\\/\\\/www.cec.org\\\/fr\\\/speaker\\\/marisol-guerrero\\\/#primaryimage\"},\"thumbnailUrl\":\"https:\\\/\\\/www.cec.org\\\/wp-content\\\/uploads\\\/Marisol-Guerrero.webp\",\"datePublished\":\"2025-06-20T19:49:08+00:00\",\"breadcrumb\":{\"@id\":\"https:\\\/\\\/www.cec.org\\\/fr\\\/speaker\\\/marisol-guerrero\\\/#breadcrumb\"},\"inLanguage\":\"fr-FR\",\"potentialAction\":[{\"@type\":\"ReadAction\",\"target\":[\"https:\\\/\\\/www.cec.org\\\/fr\\\/speaker\\\/marisol-guerrero\\\/\"]}]},{\"@type\":\"ImageObject\",\"inLanguage\":\"fr-FR\",\"@id\":\"https:\\\/\\\/www.cec.org\\\/fr\\\/speaker\\\/marisol-guerrero\\\/#primaryimage\",\"url\":\"https:\\\/\\\/www.cec.org\\\/wp-content\\\/uploads\\\/Marisol-Guerrero.webp\",\"contentUrl\":\"https:\\\/\\\/www.cec.org\\\/wp-content\\\/uploads\\\/Marisol-Guerrero.webp\",\"width\":300,\"height\":300},{\"@type\":\"BreadcrumbList\",\"@id\":\"https:\\\/\\\/www.cec.org\\\/fr\\\/speaker\\\/marisol-guerrero\\\/#breadcrumb\",\"itemListElement\":[{\"@type\":\"ListItem\",\"position\":1,\"name\":\"Accueil\",\"item\":\"https:\\\/\\\/www.cec.org\\\/fr\\\/\"},{\"@type\":\"ListItem\",\"position\":2,\"name\":\"Marisol Guerrero\"}]},{\"@type\":\"WebSite\",\"@id\":\"https:\\\/\\\/www.cec.org\\\/fr\\\/#website\",\"url\":\"https:\\\/\\\/www.cec.org\\\/fr\\\/\",\"name\":\"Commission for Environmental Cooperation\",\"description\":\"Three countries working together to protect our shared environment\",\"alternateName\":\"CEC - CCA -CCE\",\"potentialAction\":[{\"@type\":\"SearchAction\",\"target\":{\"@type\":\"EntryPoint\",\"urlTemplate\":\"https:\\\/\\\/www.cec.org\\\/fr\\\/?s={search_term_string}\"},\"query-input\":{\"@type\":\"PropertyValueSpecification\",\"valueRequired\":true,\"valueName\":\"search_term_string\"}}],\"inLanguage\":\"fr-FR\"}]}<\/script>\n<!-- \/ Yoast SEO Premium plugin. -->","yoast_head_json":{"title":"Marisol Guerrero &#8211; Commission de coop\u00e9ration environnementale","robots":{"index":"noindex","follow":"follow"},"og_locale":"fr_FR","og_type":"article","og_title":"Marisol Guerrero","og_description":"Ing\u00e9nieure industrielle dipl\u00f4m\u00e9e de l\u2019Institut technologique de Quer\u00e9taro, Marisol Guerrero a \u00e9galement suivi des cours dipl\u00f4mants en gestion environnementale (Institut technologique et d\u2019\u00e9tudes sup\u00e9rieures de Monterrey), en gestion ax\u00e9e sur les r\u00e9sultats (Universit\u00e9 nationale autonome du Mexique) et en d\u00e9veloppement des comp\u00e9tences administratives (gouvernement de Quer\u00e9taro). Elle poss\u00e8de une longue exp\u00e9rience professionnelle (plus de 30\u00a0ans) [&hellip;]","og_url":"https:\/\/www.cec.org\/fr\/speaker\/marisol-guerrero\/","og_site_name":"Commission de coop\u00e9ration environnementale","article_publisher":"https:\/\/www.facebook.com\/CECconnect","og_image":[{"width":300,"height":300,"url":"https:\/\/www.cec.org\/wp-content\/uploads\/Marisol-Guerrero.webp","type":"image\/webp"}],"twitter_card":"summary_large_image","twitter_site":"@CECweb","schema":{"@context":"https:\/\/schema.org","@graph":[{"@type":"WebPage","@id":"https:\/\/www.cec.org\/fr\/speaker\/marisol-guerrero\/","url":"https:\/\/www.cec.org\/fr\/speaker\/marisol-guerrero\/","name":"Marisol Guerrero &#8211; Commission de coop\u00e9ration environnementale","isPartOf":{"@id":"https:\/\/www.cec.org\/fr\/#website"},"primaryImageOfPage":{"@id":"https:\/\/www.cec.org\/fr\/speaker\/marisol-guerrero\/#primaryimage"},"image":{"@id":"https:\/\/www.cec.org\/fr\/speaker\/marisol-guerrero\/#primaryimage"},"thumbnailUrl":"https:\/\/www.cec.org\/wp-content\/uploads\/Marisol-Guerrero.webp","datePublished":"2025-06-20T19:49:08+00:00","breadcrumb":{"@id":"https:\/\/www.cec.org\/fr\/speaker\/marisol-guerrero\/#breadcrumb"},"inLanguage":"fr-FR","potentialAction":[{"@type":"ReadAction","target":["https:\/\/www.cec.org\/fr\/speaker\/marisol-guerrero\/"]}]},{"@type":"ImageObject","inLanguage":"fr-FR","@id":"https:\/\/www.cec.org\/fr\/speaker\/marisol-guerrero\/#primaryimage","url":"https:\/\/www.cec.org\/wp-content\/uploads\/Marisol-Guerrero.webp","contentUrl":"https:\/\/www.cec.org\/wp-content\/uploads\/Marisol-Guerrero.webp","width":300,"height":300},{"@type":"BreadcrumbList","@id":"https:\/\/www.cec.org\/fr\/speaker\/marisol-guerrero\/#breadcrumb","itemListElement":[{"@type":"ListItem","position":1,"name":"Accueil","item":"https:\/\/www.cec.org\/fr\/"},{"@type":"ListItem","position":2,"name":"Marisol Guerrero"}]},{"@type":"WebSite","@id":"https:\/\/www.cec.org\/fr\/#website","url":"https:\/\/www.cec.org\/fr\/","name":"Commission for Environmental Cooperation","description":"Three countries working together to protect our shared environment","alternateName":"CEC - CCA -CCE","potentialAction":[{"@type":"SearchAction","target":{"@type":"EntryPoint","urlTemplate":"https:\/\/www.cec.org\/fr\/?s={search_term_string}"},"query-input":{"@type":"PropertyValueSpecification","valueRequired":true,"valueName":"search_term_string"}}],"inLanguage":"fr-FR"}]}},"_links":{"self":[{"href":"https:\/\/www.cec.org\/fr\/wp-json\/wp\/v2\/speaker\/59262","targetHints":{"allow":["GET"]}}],"collection":[{"href":"https:\/\/www.cec.org\/fr\/wp-json\/wp\/v2\/speaker"}],"about":[{"href":"https:\/\/www.cec.org\/fr\/wp-json\/wp\/v2\/types\/speaker"}],"wp:featuredmedia":[{"embeddable":true,"href":"https:\/\/www.cec.org\/fr\/wp-json\/wp\/v2\/media\/59259"}],"wp:attachment":[{"href":"https:\/\/www.cec.org\/fr\/wp-json\/wp\/v2\/media?parent=59262"}],"curies":[{"name":"wp","href":"https:\/\/api.w.org\/{rel}","templated":true}]}}