{"id":59012,"date":"2025-05-23T17:19:49","date_gmt":"2025-05-23T21:19:49","guid":{"rendered":"https:\/\/www.cec.org\/speaker\/anne-raphaelle-audouin\/"},"modified":"2025-05-23T17:19:49","modified_gmt":"2025-05-23T21:19:49","slug":"anne-raphaelle-audouin","status":"publish","type":"speaker","link":"https:\/\/www.cec.org\/fr\/speaker\/anne-raphaelle-audouin\/","title":{"rendered":"Anne-Rapha\u00eblle Audouin"},"content":{"rendered":"<p>Cadre chevronn\u00e9e, Anne-Rapha\u00eblle\u00a0Audouin compte plus de 15\u00a0ans d\u2019exp\u00e9rience en leadership dans les secteurs des ressources naturelles et de l\u2019\u00e9nergie. \u00c0 titre de directrice g\u00e9n\u00e9rale de la Nukik Corporation, elle fait progresser le d\u00e9veloppement d\u2019importantes infrastructures dans la r\u00e9gion de Kivalliq, au Nunavut, et m\u00e8ne l\u2019adoption d\u2019\u00e9nergies renouvelables et de la connectivit\u00e9 \u00e0 large bande sur une grande \u00e9chelle. En particulier, sa surveillance strat\u00e9gique du projet de liaison hydro\u00e9lectrique et de fibre optique \u00e0 Kivalliq \u2013\u00a0projet de plusieurs milliards de dollars\u00a0\u2013 devrait g\u00e9n\u00e9rer une immense valeur pour la r\u00e9gion et pour le Canada. Gr\u00e2ce \u00e0 son expertise en mati\u00e8re de mod\u00e9lisation financi\u00e8re, d\u2019approbation de projets et d\u2019ex\u00e9cution de grands projets d\u2019infrastructure, l\u2019entreprise est le moteur d\u2019importants changements dans l\u2019Arctique canadien.<\/p>\n<p>Auparavant, \u00e0 titre de pr\u00e9sidente-directrice g\u00e9n\u00e9rale d\u2019Hydro\u00e9lectricit\u00e9 Canada, M<sup>me<\/sup>\u00a0Audoin a dirig\u00e9 l\u2019association nationale repr\u00e9sentant le plus grand secteur de l\u2019\u00e9lectricit\u00e9 du Canada. Elle a consid\u00e9rablement accru les revenus, lanc\u00e9 avec succ\u00e8s la premi\u00e8re conf\u00e9rence et le premier salon professionnel nationaux de l\u2019industrie et recrut\u00e9 de nouveaux membres pour renforcer la visibilit\u00e9 et l\u2019influence de l\u2019organisation dans l\u2019ensemble du secteur.<\/p>\n<p>M<sup>me<\/sup>\u00a0Audoin a \u00e9galement \u00e9t\u00e9 sp\u00e9cialiste en gestion des impacts environnementaux et sociaux chez Hatch Ltd, o\u00f9 elle travaillait \u00e0 des projets \u00e9nerg\u00e9tiques et miniers. La gestion d\u2019environnements multipartites complexes, l\u2019\u00e9tablissement de partenariats strat\u00e9giques et l\u2019atteinte de consensus \u00e0 l\u2019\u00e9chelle r\u00e9gionale, provinciale et f\u00e9d\u00e9rale sont ses points forts. Reconnue comme leader \u00e9clair\u00e9e, M<sup>me<\/sup>\u00a0Audoin est fr\u00e9quemment cit\u00e9e dans les m\u00e9dias nationaux et si\u00e8ge \u00e0 plusieurs conseils d\u2019administration.<\/p>\n<p>En 2019, Anne-Rapha\u00eblle\u00a0Audoin a \u00e9t\u00e9 nomm\u00e9e par le gouvernement canadien pour si\u00e9ger au Comit\u00e9 consultatif public mixte\u00a0(CCPM) de la Commission de coop\u00e9ration environnementale de l\u2019Am\u00e9rique du Nord, o\u00f9 elle d\u00e9fend le d\u00e9veloppement durable et la protection des \u00e9cosyst\u00e8mes au Canada, aux \u00c9tats-Unis et au Mexique. En 2022, elle a \u00e9t\u00e9 nomm\u00e9e de nouveau pour un mandat de quatre\u00a0ans par le gouvernement f\u00e9d\u00e9ral.<\/p>\n<p>M<sup>me<\/sup>\u00a0Audoin est titulaire d\u2019un dipl\u00f4me en administration des affaires de l\u2019Universit\u00e9 de Nantes (France), de dipl\u00f4mes en droit civil et en common law de l\u2019Universit\u00e9 d\u2019Ottawa et d\u2019une ma\u00eetrise en gestion de l\u2019environnement et des ressources naturelles de l\u2019Universit\u00e9 Dalhousie. Elle a \u00e9galement obtenu un certificat en durabilit\u00e9 organisationnelle de la Yale School of Management (\u00c9cole de gestion de l\u2019universit\u00e9 Yale) en 2021. Elle parle couramment le fran\u00e7ais, l\u2019anglais et l\u2019espagnol, et est titulaire d\u2019un certificat en planification et suivi de projets.<\/p>\n","protected":false},"excerpt":{"rendered":"<p>Cadre chevronn\u00e9e, Anne-Rapha\u00eblle\u00a0Audouin compte plus de 15\u00a0ans d\u2019exp\u00e9rience en leadership dans les secteurs des ressources naturelles et de l\u2019\u00e9nergie. \u00c0 titre de directrice g\u00e9n\u00e9rale de la Nukik Corporation, elle fait progresser le d\u00e9veloppement d\u2019importantes infrastructures dans la r\u00e9gion de Kivalliq, au Nunavut, et m\u00e8ne l\u2019adoption d\u2019\u00e9nergies renouvelables et de la connectivit\u00e9 \u00e0 large bande sur [&hellip;]<\/p>\n","protected":false},"featured_media":57515,"template":"","class_list":["post-59012","speaker","type-speaker","status-publish","has-post-thumbnail","hentry","speakertype-presidente-du-ccpm"],"acf":[],"yoast_head":"<!-- This site is optimized with the Yoast SEO Premium plugin v27.4 (Yoast SEO v27.4) - https:\/\/yoast.com\/product\/yoast-seo-premium-wordpress\/ -->\n<title>Anne-Rapha\u00eblle Audouin &#8211; Commission de coop\u00e9ration environnementale<\/title>\n<meta name=\"robots\" content=\"noindex, follow\" \/>\n<meta property=\"og:locale\" content=\"fr_FR\" \/>\n<meta property=\"og:type\" content=\"article\" \/>\n<meta property=\"og:title\" content=\"Anne-Rapha\u00eblle Audouin\" \/>\n<meta property=\"og:description\" content=\"Cadre chevronn\u00e9e, Anne-Rapha\u00eblle\u00a0Audouin compte plus de 15\u00a0ans d\u2019exp\u00e9rience en leadership dans les secteurs des ressources naturelles et de l\u2019\u00e9nergie. \u00c0 titre de directrice g\u00e9n\u00e9rale de la Nukik Corporation, elle fait progresser le d\u00e9veloppement d\u2019importantes infrastructures dans la r\u00e9gion de Kivalliq, au Nunavut, et m\u00e8ne l\u2019adoption d\u2019\u00e9nergies renouvelables et de la connectivit\u00e9 \u00e0 large bande sur [&hellip;]\" \/>\n<meta property=\"og:url\" content=\"https:\/\/www.cec.org\/fr\/speaker\/anne-raphaelle-audouin\/\" \/>\n<meta property=\"og:site_name\" content=\"Commission de coop\u00e9ration environnementale\" \/>\n<meta property=\"article:publisher\" content=\"https:\/\/www.facebook.com\/CECconnect\" \/>\n<meta property=\"og:image\" content=\"https:\/\/www.cec.org\/wp-content\/uploads\/Anne-Raphaelle-Audouin.webp\" \/>\n\t<meta property=\"og:image:width\" content=\"600\" \/>\n\t<meta property=\"og:image:height\" content=\"600\" \/>\n\t<meta property=\"og:image:type\" content=\"image\/webp\" \/>\n<meta name=\"twitter:card\" content=\"summary_large_image\" \/>\n<meta name=\"twitter:site\" content=\"@CECweb\" \/>\n<script type=\"application\/ld+json\" class=\"yoast-schema-graph\">{\"@context\":\"https:\\\/\\\/schema.org\",\"@graph\":[{\"@type\":\"WebPage\",\"@id\":\"https:\\\/\\\/www.cec.org\\\/fr\\\/speaker\\\/anne-raphaelle-audouin\\\/\",\"url\":\"https:\\\/\\\/www.cec.org\\\/fr\\\/speaker\\\/anne-raphaelle-audouin\\\/\",\"name\":\"Anne-Rapha\u00eblle Audouin &#8211; Commission de coop\u00e9ration environnementale\",\"isPartOf\":{\"@id\":\"https:\\\/\\\/www.cec.org\\\/fr\\\/#website\"},\"primaryImageOfPage\":{\"@id\":\"https:\\\/\\\/www.cec.org\\\/fr\\\/speaker\\\/anne-raphaelle-audouin\\\/#primaryimage\"},\"image\":{\"@id\":\"https:\\\/\\\/www.cec.org\\\/fr\\\/speaker\\\/anne-raphaelle-audouin\\\/#primaryimage\"},\"thumbnailUrl\":\"https:\\\/\\\/www.cec.org\\\/wp-content\\\/uploads\\\/Anne-Raphaelle-Audouin.webp\",\"datePublished\":\"2025-05-23T21:19:49+00:00\",\"breadcrumb\":{\"@id\":\"https:\\\/\\\/www.cec.org\\\/fr\\\/speaker\\\/anne-raphaelle-audouin\\\/#breadcrumb\"},\"inLanguage\":\"fr-FR\",\"potentialAction\":[{\"@type\":\"ReadAction\",\"target\":[\"https:\\\/\\\/www.cec.org\\\/fr\\\/speaker\\\/anne-raphaelle-audouin\\\/\"]}]},{\"@type\":\"ImageObject\",\"inLanguage\":\"fr-FR\",\"@id\":\"https:\\\/\\\/www.cec.org\\\/fr\\\/speaker\\\/anne-raphaelle-audouin\\\/#primaryimage\",\"url\":\"https:\\\/\\\/www.cec.org\\\/wp-content\\\/uploads\\\/Anne-Raphaelle-Audouin.webp\",\"contentUrl\":\"https:\\\/\\\/www.cec.org\\\/wp-content\\\/uploads\\\/Anne-Raphaelle-Audouin.webp\",\"width\":600,\"height\":600,\"caption\":\"JPAC Member\"},{\"@type\":\"BreadcrumbList\",\"@id\":\"https:\\\/\\\/www.cec.org\\\/fr\\\/speaker\\\/anne-raphaelle-audouin\\\/#breadcrumb\",\"itemListElement\":[{\"@type\":\"ListItem\",\"position\":1,\"name\":\"Accueil\",\"item\":\"https:\\\/\\\/www.cec.org\\\/fr\\\/\"},{\"@type\":\"ListItem\",\"position\":2,\"name\":\"Anne-Rapha\u00eblle Audouin\"}]},{\"@type\":\"WebSite\",\"@id\":\"https:\\\/\\\/www.cec.org\\\/fr\\\/#website\",\"url\":\"https:\\\/\\\/www.cec.org\\\/fr\\\/\",\"name\":\"Commission for Environmental Cooperation\",\"description\":\"Three countries working together to protect our shared environment\",\"alternateName\":\"CEC - CCA -CCE\",\"potentialAction\":[{\"@type\":\"SearchAction\",\"target\":{\"@type\":\"EntryPoint\",\"urlTemplate\":\"https:\\\/\\\/www.cec.org\\\/fr\\\/?s={search_term_string}\"},\"query-input\":{\"@type\":\"PropertyValueSpecification\",\"valueRequired\":true,\"valueName\":\"search_term_string\"}}],\"inLanguage\":\"fr-FR\"}]}<\/script>\n<!-- \/ Yoast SEO Premium plugin. -->","yoast_head_json":{"title":"Anne-Rapha\u00eblle Audouin &#8211; Commission de coop\u00e9ration environnementale","robots":{"index":"noindex","follow":"follow"},"og_locale":"fr_FR","og_type":"article","og_title":"Anne-Rapha\u00eblle Audouin","og_description":"Cadre chevronn\u00e9e, Anne-Rapha\u00eblle\u00a0Audouin compte plus de 15\u00a0ans d\u2019exp\u00e9rience en leadership dans les secteurs des ressources naturelles et de l\u2019\u00e9nergie. \u00c0 titre de directrice g\u00e9n\u00e9rale de la Nukik Corporation, elle fait progresser le d\u00e9veloppement d\u2019importantes infrastructures dans la r\u00e9gion de Kivalliq, au Nunavut, et m\u00e8ne l\u2019adoption d\u2019\u00e9nergies renouvelables et de la connectivit\u00e9 \u00e0 large bande sur [&hellip;]","og_url":"https:\/\/www.cec.org\/fr\/speaker\/anne-raphaelle-audouin\/","og_site_name":"Commission de coop\u00e9ration environnementale","article_publisher":"https:\/\/www.facebook.com\/CECconnect","og_image":[{"width":600,"height":600,"url":"https:\/\/www.cec.org\/wp-content\/uploads\/Anne-Raphaelle-Audouin.webp","type":"image\/webp"}],"twitter_card":"summary_large_image","twitter_site":"@CECweb","schema":{"@context":"https:\/\/schema.org","@graph":[{"@type":"WebPage","@id":"https:\/\/www.cec.org\/fr\/speaker\/anne-raphaelle-audouin\/","url":"https:\/\/www.cec.org\/fr\/speaker\/anne-raphaelle-audouin\/","name":"Anne-Rapha\u00eblle Audouin &#8211; Commission de coop\u00e9ration environnementale","isPartOf":{"@id":"https:\/\/www.cec.org\/fr\/#website"},"primaryImageOfPage":{"@id":"https:\/\/www.cec.org\/fr\/speaker\/anne-raphaelle-audouin\/#primaryimage"},"image":{"@id":"https:\/\/www.cec.org\/fr\/speaker\/anne-raphaelle-audouin\/#primaryimage"},"thumbnailUrl":"https:\/\/www.cec.org\/wp-content\/uploads\/Anne-Raphaelle-Audouin.webp","datePublished":"2025-05-23T21:19:49+00:00","breadcrumb":{"@id":"https:\/\/www.cec.org\/fr\/speaker\/anne-raphaelle-audouin\/#breadcrumb"},"inLanguage":"fr-FR","potentialAction":[{"@type":"ReadAction","target":["https:\/\/www.cec.org\/fr\/speaker\/anne-raphaelle-audouin\/"]}]},{"@type":"ImageObject","inLanguage":"fr-FR","@id":"https:\/\/www.cec.org\/fr\/speaker\/anne-raphaelle-audouin\/#primaryimage","url":"https:\/\/www.cec.org\/wp-content\/uploads\/Anne-Raphaelle-Audouin.webp","contentUrl":"https:\/\/www.cec.org\/wp-content\/uploads\/Anne-Raphaelle-Audouin.webp","width":600,"height":600,"caption":"JPAC Member"},{"@type":"BreadcrumbList","@id":"https:\/\/www.cec.org\/fr\/speaker\/anne-raphaelle-audouin\/#breadcrumb","itemListElement":[{"@type":"ListItem","position":1,"name":"Accueil","item":"https:\/\/www.cec.org\/fr\/"},{"@type":"ListItem","position":2,"name":"Anne-Rapha\u00eblle Audouin"}]},{"@type":"WebSite","@id":"https:\/\/www.cec.org\/fr\/#website","url":"https:\/\/www.cec.org\/fr\/","name":"Commission for Environmental Cooperation","description":"Three countries working together to protect our shared environment","alternateName":"CEC - CCA -CCE","potentialAction":[{"@type":"SearchAction","target":{"@type":"EntryPoint","urlTemplate":"https:\/\/www.cec.org\/fr\/?s={search_term_string}"},"query-input":{"@type":"PropertyValueSpecification","valueRequired":true,"valueName":"search_term_string"}}],"inLanguage":"fr-FR"}]}},"_links":{"self":[{"href":"https:\/\/www.cec.org\/fr\/wp-json\/wp\/v2\/speaker\/59012","targetHints":{"allow":["GET"]}}],"collection":[{"href":"https:\/\/www.cec.org\/fr\/wp-json\/wp\/v2\/speaker"}],"about":[{"href":"https:\/\/www.cec.org\/fr\/wp-json\/wp\/v2\/types\/speaker"}],"wp:featuredmedia":[{"embeddable":true,"href":"https:\/\/www.cec.org\/fr\/wp-json\/wp\/v2\/media\/57515"}],"wp:attachment":[{"href":"https:\/\/www.cec.org\/fr\/wp-json\/wp\/v2\/media?parent=59012"}],"curies":[{"name":"wp","href":"https:\/\/api.w.org\/{rel}","templated":true}]}}