{"id":58670,"date":"2025-05-12T13:33:59","date_gmt":"2025-05-12T17:33:59","guid":{"rendered":"https:\/\/www.cec.org\/speaker\/celia-pigueron-wirz\/"},"modified":"2025-05-13T14:42:20","modified_gmt":"2025-05-13T18:42:20","slug":"celia-pigueron-wirz","status":"publish","type":"speaker","link":"https:\/\/www.cec.org\/fr\/speaker\/celia-pigueron-wirz\/","title":{"rendered":"Celia Pigueron Wirz"},"content":{"rendered":"<p>Titulaire d\u2019un dipl\u00f4me en sciences sociales de l\u2019ITAM (Institut technologique autonome de Mexico) et d\u2019une ma\u00eetrise en politiques publiques de la FLACSO (Facult\u00e9 latino-am\u00e9ricaine des sciences sociales), Celia Pigueron Wirz compte plus de 20\u00a0ans d\u2019exp\u00e9rience dans le domaine des politiques publiques environnementales, notamment en mati\u00e8re de biodiversit\u00e9, de changements climatiques et de financement vert. Elle a contribu\u00e9 au renforcement d\u2019institutions comme la CONANP (Commission nationale des aires naturelles prot\u00e9g\u00e9es) et a dirig\u00e9 des programmes comme le PECC (Programme sp\u00e9cial pour les changements climatiques) au Mexique. Elle a notamment travaill\u00e9 sur le terrain dans les for\u00eats Maya et Lacandona ainsi que dans le golf de Californie, et con\u00e7u des m\u00e9canismes financiers pour la conservation. M<sup>me<\/sup>\u00a0Pigueron Wirz occupe actuellement le poste de coordinatrice g\u00e9n\u00e9rale de l\u2019adaptation et de l\u2019\u00e9cologie \u00e0 l\u2019INECC (Institut national de l\u2019\u00e9cologie et des changements climatiques) du Semarnat (minist\u00e8re de l\u2019Environnement et des Ressources naturelles).<\/p>\n","protected":false},"excerpt":{"rendered":"<p>Titulaire d\u2019un dipl\u00f4me en sciences sociales de l\u2019ITAM (Institut technologique autonome de Mexico) et d\u2019une ma\u00eetrise en politiques publiques de la FLACSO (Facult\u00e9 latino-am\u00e9ricaine des sciences sociales), Celia Pigueron Wirz compte plus de 20\u00a0ans d\u2019exp\u00e9rience dans le domaine des politiques publiques environnementales, notamment en mati\u00e8re de biodiversit\u00e9, de changements climatiques et de financement vert. Elle [&hellip;]<\/p>\n","protected":false},"featured_media":58625,"template":"","class_list":["post-58670","speaker","type-speaker","status-publish","has-post-thumbnail","hentry","country-mexique"],"acf":[],"yoast_head":"<!-- This site is optimized with the Yoast SEO Premium plugin v27.4 (Yoast SEO v27.4) - https:\/\/yoast.com\/product\/yoast-seo-premium-wordpress\/ -->\n<title>Celia Pigueron Wirz &#8211; Commission de coop\u00e9ration environnementale<\/title>\n<meta name=\"robots\" content=\"noindex, follow\" \/>\n<meta property=\"og:locale\" content=\"fr_FR\" \/>\n<meta property=\"og:type\" content=\"article\" \/>\n<meta property=\"og:title\" content=\"Celia Pigueron Wirz\" \/>\n<meta property=\"og:description\" content=\"Titulaire d\u2019un dipl\u00f4me en sciences sociales de l\u2019ITAM (Institut technologique autonome de Mexico) et d\u2019une ma\u00eetrise en politiques publiques de la FLACSO (Facult\u00e9 latino-am\u00e9ricaine des sciences sociales), Celia Pigueron Wirz compte plus de 20\u00a0ans d\u2019exp\u00e9rience dans le domaine des politiques publiques environnementales, notamment en mati\u00e8re de biodiversit\u00e9, de changements climatiques et de financement vert. Elle [&hellip;]\" \/>\n<meta property=\"og:url\" content=\"https:\/\/www.cec.org\/fr\/speaker\/celia-pigueron-wirz\/\" \/>\n<meta property=\"og:site_name\" content=\"Commission de coop\u00e9ration environnementale\" \/>\n<meta property=\"article:publisher\" content=\"https:\/\/www.facebook.com\/CECconnect\" \/>\n<meta property=\"article:modified_time\" content=\"2025-05-13T18:42:20+00:00\" \/>\n<meta property=\"og:image\" content=\"https:\/\/www.cec.org\/wp-content\/uploads\/Celia.webp\" \/>\n\t<meta property=\"og:image:width\" content=\"300\" \/>\n\t<meta property=\"og:image:height\" content=\"300\" \/>\n\t<meta property=\"og:image:type\" content=\"image\/webp\" \/>\n<meta name=\"twitter:card\" content=\"summary_large_image\" \/>\n<meta name=\"twitter:site\" content=\"@CECweb\" \/>\n<script type=\"application\/ld+json\" class=\"yoast-schema-graph\">{\"@context\":\"https:\\\/\\\/schema.org\",\"@graph\":[{\"@type\":\"WebPage\",\"@id\":\"https:\\\/\\\/www.cec.org\\\/fr\\\/speaker\\\/celia-pigueron-wirz\\\/\",\"url\":\"https:\\\/\\\/www.cec.org\\\/fr\\\/speaker\\\/celia-pigueron-wirz\\\/\",\"name\":\"Celia Pigueron Wirz &#8211; Commission de coop\u00e9ration environnementale\",\"isPartOf\":{\"@id\":\"https:\\\/\\\/www.cec.org\\\/fr\\\/#website\"},\"primaryImageOfPage\":{\"@id\":\"https:\\\/\\\/www.cec.org\\\/fr\\\/speaker\\\/celia-pigueron-wirz\\\/#primaryimage\"},\"image\":{\"@id\":\"https:\\\/\\\/www.cec.org\\\/fr\\\/speaker\\\/celia-pigueron-wirz\\\/#primaryimage\"},\"thumbnailUrl\":\"https:\\\/\\\/www.cec.org\\\/wp-content\\\/uploads\\\/Celia.webp\",\"datePublished\":\"2025-05-12T17:33:59+00:00\",\"dateModified\":\"2025-05-13T18:42:20+00:00\",\"breadcrumb\":{\"@id\":\"https:\\\/\\\/www.cec.org\\\/fr\\\/speaker\\\/celia-pigueron-wirz\\\/#breadcrumb\"},\"inLanguage\":\"fr-FR\",\"potentialAction\":[{\"@type\":\"ReadAction\",\"target\":[\"https:\\\/\\\/www.cec.org\\\/fr\\\/speaker\\\/celia-pigueron-wirz\\\/\"]}]},{\"@type\":\"ImageObject\",\"inLanguage\":\"fr-FR\",\"@id\":\"https:\\\/\\\/www.cec.org\\\/fr\\\/speaker\\\/celia-pigueron-wirz\\\/#primaryimage\",\"url\":\"https:\\\/\\\/www.cec.org\\\/wp-content\\\/uploads\\\/Celia.webp\",\"contentUrl\":\"https:\\\/\\\/www.cec.org\\\/wp-content\\\/uploads\\\/Celia.webp\",\"width\":300,\"height\":300},{\"@type\":\"BreadcrumbList\",\"@id\":\"https:\\\/\\\/www.cec.org\\\/fr\\\/speaker\\\/celia-pigueron-wirz\\\/#breadcrumb\",\"itemListElement\":[{\"@type\":\"ListItem\",\"position\":1,\"name\":\"Accueil\",\"item\":\"https:\\\/\\\/www.cec.org\\\/fr\\\/\"},{\"@type\":\"ListItem\",\"position\":2,\"name\":\"Celia Pigueron Wirz\"}]},{\"@type\":\"WebSite\",\"@id\":\"https:\\\/\\\/www.cec.org\\\/fr\\\/#website\",\"url\":\"https:\\\/\\\/www.cec.org\\\/fr\\\/\",\"name\":\"Commission for Environmental Cooperation\",\"description\":\"Three countries working together to protect our shared environment\",\"alternateName\":\"CEC - CCA -CCE\",\"potentialAction\":[{\"@type\":\"SearchAction\",\"target\":{\"@type\":\"EntryPoint\",\"urlTemplate\":\"https:\\\/\\\/www.cec.org\\\/fr\\\/?s={search_term_string}\"},\"query-input\":{\"@type\":\"PropertyValueSpecification\",\"valueRequired\":true,\"valueName\":\"search_term_string\"}}],\"inLanguage\":\"fr-FR\"}]}<\/script>\n<!-- \/ Yoast SEO Premium plugin. -->","yoast_head_json":{"title":"Celia Pigueron Wirz &#8211; Commission de coop\u00e9ration environnementale","robots":{"index":"noindex","follow":"follow"},"og_locale":"fr_FR","og_type":"article","og_title":"Celia Pigueron Wirz","og_description":"Titulaire d\u2019un dipl\u00f4me en sciences sociales de l\u2019ITAM (Institut technologique autonome de Mexico) et d\u2019une ma\u00eetrise en politiques publiques de la FLACSO (Facult\u00e9 latino-am\u00e9ricaine des sciences sociales), Celia Pigueron Wirz compte plus de 20\u00a0ans d\u2019exp\u00e9rience dans le domaine des politiques publiques environnementales, notamment en mati\u00e8re de biodiversit\u00e9, de changements climatiques et de financement vert. Elle [&hellip;]","og_url":"https:\/\/www.cec.org\/fr\/speaker\/celia-pigueron-wirz\/","og_site_name":"Commission de coop\u00e9ration environnementale","article_publisher":"https:\/\/www.facebook.com\/CECconnect","article_modified_time":"2025-05-13T18:42:20+00:00","og_image":[{"width":300,"height":300,"url":"https:\/\/www.cec.org\/wp-content\/uploads\/Celia.webp","type":"image\/webp"}],"twitter_card":"summary_large_image","twitter_site":"@CECweb","schema":{"@context":"https:\/\/schema.org","@graph":[{"@type":"WebPage","@id":"https:\/\/www.cec.org\/fr\/speaker\/celia-pigueron-wirz\/","url":"https:\/\/www.cec.org\/fr\/speaker\/celia-pigueron-wirz\/","name":"Celia Pigueron Wirz &#8211; Commission de coop\u00e9ration environnementale","isPartOf":{"@id":"https:\/\/www.cec.org\/fr\/#website"},"primaryImageOfPage":{"@id":"https:\/\/www.cec.org\/fr\/speaker\/celia-pigueron-wirz\/#primaryimage"},"image":{"@id":"https:\/\/www.cec.org\/fr\/speaker\/celia-pigueron-wirz\/#primaryimage"},"thumbnailUrl":"https:\/\/www.cec.org\/wp-content\/uploads\/Celia.webp","datePublished":"2025-05-12T17:33:59+00:00","dateModified":"2025-05-13T18:42:20+00:00","breadcrumb":{"@id":"https:\/\/www.cec.org\/fr\/speaker\/celia-pigueron-wirz\/#breadcrumb"},"inLanguage":"fr-FR","potentialAction":[{"@type":"ReadAction","target":["https:\/\/www.cec.org\/fr\/speaker\/celia-pigueron-wirz\/"]}]},{"@type":"ImageObject","inLanguage":"fr-FR","@id":"https:\/\/www.cec.org\/fr\/speaker\/celia-pigueron-wirz\/#primaryimage","url":"https:\/\/www.cec.org\/wp-content\/uploads\/Celia.webp","contentUrl":"https:\/\/www.cec.org\/wp-content\/uploads\/Celia.webp","width":300,"height":300},{"@type":"BreadcrumbList","@id":"https:\/\/www.cec.org\/fr\/speaker\/celia-pigueron-wirz\/#breadcrumb","itemListElement":[{"@type":"ListItem","position":1,"name":"Accueil","item":"https:\/\/www.cec.org\/fr\/"},{"@type":"ListItem","position":2,"name":"Celia Pigueron Wirz"}]},{"@type":"WebSite","@id":"https:\/\/www.cec.org\/fr\/#website","url":"https:\/\/www.cec.org\/fr\/","name":"Commission for Environmental Cooperation","description":"Three countries working together to protect our shared environment","alternateName":"CEC - CCA -CCE","potentialAction":[{"@type":"SearchAction","target":{"@type":"EntryPoint","urlTemplate":"https:\/\/www.cec.org\/fr\/?s={search_term_string}"},"query-input":{"@type":"PropertyValueSpecification","valueRequired":true,"valueName":"search_term_string"}}],"inLanguage":"fr-FR"}]}},"_links":{"self":[{"href":"https:\/\/www.cec.org\/fr\/wp-json\/wp\/v2\/speaker\/58670","targetHints":{"allow":["GET"]}}],"collection":[{"href":"https:\/\/www.cec.org\/fr\/wp-json\/wp\/v2\/speaker"}],"about":[{"href":"https:\/\/www.cec.org\/fr\/wp-json\/wp\/v2\/types\/speaker"}],"wp:featuredmedia":[{"embeddable":true,"href":"https:\/\/www.cec.org\/fr\/wp-json\/wp\/v2\/media\/58625"}],"wp:attachment":[{"href":"https:\/\/www.cec.org\/fr\/wp-json\/wp\/v2\/media?parent=58670"}],"curies":[{"name":"wp","href":"https:\/\/api.w.org\/{rel}","templated":true}]}}