{"id":57835,"date":"2025-02-24T13:05:37","date_gmt":"2025-02-24T18:05:37","guid":{"rendered":"http:\/\/www.cec.org\/speaker\/alejandro-sosa\/"},"modified":"2025-02-24T13:05:37","modified_gmt":"2025-02-24T18:05:37","slug":"alejandro-sosa","status":"publish","type":"speaker","link":"https:\/\/www.cec.org\/fr\/speaker\/alejandro-sosa\/","title":{"rendered":"Alejandro Sosa"},"content":{"rendered":"<p><strong>Alejandro Sosa<\/strong> est ing\u00e9nieur chimiste et actuellement directeur de la <em>Alianza Automotriz para la Sustentabilidad Ambiental<\/em> (Alliance automobile pour la durabilit\u00e9 environnementale)<em>.\u00a0<\/em>Il a travaill\u00e9 avec de grandes entreprises pendant 42 ans, dont 35 ans ax\u00e9s sur les domaines de la durabilit\u00e9, de la responsabilit\u00e9 sociale, de l'\u00e9conomie circulaire, des relations gouvernementales et des \u00e9tablissements de production. Il a \u00e9t\u00e9 directeur technique de l'usine de savon <em>La Corona<\/em> et directeur g\u00e9n\u00e9ral de l'Initiative GEMI, entre autres postes. Il a eu l'honneur de pr\u00e9sider la Commission nationale d'\u00e9cologie de COPARMEX, la Commission nationale de la Chambre de commerce internationale, la Commission de d\u00e9veloppement durable de CANAJAD et la Commission de l'environnement de l'UNIDEM. Il a \u00e9t\u00e9 membre national du Conseil consultatif pour le d\u00e9veloppement durable de l\u2019ONU; le Conseil consultatif sur les changements climatiques de l\u2019ONU; le Conseil consultatif sur les substances chimiques de l\u2019ONU; la Table ronde sur la production et la consommation durables; et les Conseils consultatifs du CONIECO et du CESPEDES, entre autres. Il a \u00e9t\u00e9 lobbyiste agr\u00e9\u00e9 aupr\u00e8s du S\u00e9nat et de la Chambre des repr\u00e9sentants du Mexique et a \u00e9t\u00e9 vice-pr\u00e9sident de la Commission sur la durabilit\u00e9 environnementale et les changements climatiques \u00e0 la CONCAMIN. Depuis plus de 30 ans, il collabore avec les commissions de d\u00e9veloppement durable des organisations patronales les plus importantes du Mexique.<\/p>\n","protected":false},"excerpt":{"rendered":"<p>Alejandro Sosa est ing\u00e9nieur chimiste et actuellement directeur de la Alianza Automotriz para la Sustentabilidad Ambiental (Alliance automobile pour la durabilit\u00e9 environnementale).\u00a0Il a travaill\u00e9 avec de grandes entreprises pendant 42 ans, dont 35 ans ax\u00e9s sur les domaines de la durabilit\u00e9, de la responsabilit\u00e9 sociale, de l&rsquo;\u00e9conomie circulaire, des relations gouvernementales et des \u00e9tablissements de [&hellip;]<\/p>\n","protected":false},"featured_media":0,"template":"","class_list":["post-57835","speaker","type-speaker","status-publish","hentry","country-mexique"],"acf":[],"yoast_head":"<!-- This site is optimized with the Yoast SEO Premium plugin v27.4 (Yoast SEO v27.4) - https:\/\/yoast.com\/product\/yoast-seo-premium-wordpress\/ -->\n<title>Alejandro Sosa &#8211; Commission de coop\u00e9ration environnementale<\/title>\n<meta name=\"robots\" content=\"noindex, follow\" \/>\n<meta property=\"og:locale\" content=\"fr_FR\" \/>\n<meta property=\"og:type\" content=\"article\" \/>\n<meta property=\"og:title\" content=\"Alejandro Sosa\" \/>\n<meta property=\"og:description\" content=\"Alejandro Sosa est ing\u00e9nieur chimiste et actuellement directeur de la Alianza Automotriz para la Sustentabilidad Ambiental (Alliance automobile pour la durabilit\u00e9 environnementale).\u00a0Il a travaill\u00e9 avec de grandes entreprises pendant 42 ans, dont 35 ans ax\u00e9s sur les domaines de la durabilit\u00e9, de la responsabilit\u00e9 sociale, de l&#039;\u00e9conomie circulaire, des relations gouvernementales et des \u00e9tablissements de [&hellip;]\" \/>\n<meta property=\"og:url\" content=\"https:\/\/www.cec.org\/fr\/speaker\/alejandro-sosa\/\" \/>\n<meta property=\"og:site_name\" content=\"Commission de coop\u00e9ration environnementale\" \/>\n<meta property=\"article:publisher\" content=\"https:\/\/www.facebook.com\/CECconnect\" \/>\n<meta property=\"og:image\" content=\"https:\/\/www.cec.org\/wp-content\/uploads\/cec-cover2023.webp\" \/>\n\t<meta property=\"og:image:width\" content=\"1200\" \/>\n\t<meta property=\"og:image:height\" content=\"630\" \/>\n\t<meta property=\"og:image:type\" content=\"image\/webp\" \/>\n<meta name=\"twitter:card\" content=\"summary_large_image\" \/>\n<meta name=\"twitter:site\" content=\"@CECweb\" \/>\n<script type=\"application\/ld+json\" class=\"yoast-schema-graph\">{\"@context\":\"https:\\\/\\\/schema.org\",\"@graph\":[{\"@type\":\"WebPage\",\"@id\":\"https:\\\/\\\/www.cec.org\\\/fr\\\/speaker\\\/alejandro-sosa\\\/\",\"url\":\"https:\\\/\\\/www.cec.org\\\/fr\\\/speaker\\\/alejandro-sosa\\\/\",\"name\":\"Alejandro Sosa &#8211; Commission de coop\u00e9ration environnementale\",\"isPartOf\":{\"@id\":\"https:\\\/\\\/www.cec.org\\\/fr\\\/#website\"},\"datePublished\":\"2025-02-24T18:05:37+00:00\",\"breadcrumb\":{\"@id\":\"https:\\\/\\\/www.cec.org\\\/fr\\\/speaker\\\/alejandro-sosa\\\/#breadcrumb\"},\"inLanguage\":\"fr-FR\",\"potentialAction\":[{\"@type\":\"ReadAction\",\"target\":[\"https:\\\/\\\/www.cec.org\\\/fr\\\/speaker\\\/alejandro-sosa\\\/\"]}]},{\"@type\":\"BreadcrumbList\",\"@id\":\"https:\\\/\\\/www.cec.org\\\/fr\\\/speaker\\\/alejandro-sosa\\\/#breadcrumb\",\"itemListElement\":[{\"@type\":\"ListItem\",\"position\":1,\"name\":\"Accueil\",\"item\":\"https:\\\/\\\/www.cec.org\\\/fr\\\/\"},{\"@type\":\"ListItem\",\"position\":2,\"name\":\"Alejandro Sosa\"}]},{\"@type\":\"WebSite\",\"@id\":\"https:\\\/\\\/www.cec.org\\\/fr\\\/#website\",\"url\":\"https:\\\/\\\/www.cec.org\\\/fr\\\/\",\"name\":\"Commission for Environmental Cooperation\",\"description\":\"Three countries working together to protect our shared environment\",\"alternateName\":\"CEC - CCA -CCE\",\"potentialAction\":[{\"@type\":\"SearchAction\",\"target\":{\"@type\":\"EntryPoint\",\"urlTemplate\":\"https:\\\/\\\/www.cec.org\\\/fr\\\/?s={search_term_string}\"},\"query-input\":{\"@type\":\"PropertyValueSpecification\",\"valueRequired\":true,\"valueName\":\"search_term_string\"}}],\"inLanguage\":\"fr-FR\"}]}<\/script>\n<!-- \/ Yoast SEO Premium plugin. -->","yoast_head_json":{"title":"Alejandro Sosa &#8211; Commission de coop\u00e9ration environnementale","robots":{"index":"noindex","follow":"follow"},"og_locale":"fr_FR","og_type":"article","og_title":"Alejandro Sosa","og_description":"Alejandro Sosa est ing\u00e9nieur chimiste et actuellement directeur de la Alianza Automotriz para la Sustentabilidad Ambiental (Alliance automobile pour la durabilit\u00e9 environnementale).\u00a0Il a travaill\u00e9 avec de grandes entreprises pendant 42 ans, dont 35 ans ax\u00e9s sur les domaines de la durabilit\u00e9, de la responsabilit\u00e9 sociale, de l'\u00e9conomie circulaire, des relations gouvernementales et des \u00e9tablissements de [&hellip;]","og_url":"https:\/\/www.cec.org\/fr\/speaker\/alejandro-sosa\/","og_site_name":"Commission de coop\u00e9ration environnementale","article_publisher":"https:\/\/www.facebook.com\/CECconnect","og_image":[{"width":1200,"height":630,"url":"https:\/\/www.cec.org\/wp-content\/uploads\/cec-cover2023.webp","type":"image\/webp"}],"twitter_card":"summary_large_image","twitter_site":"@CECweb","schema":{"@context":"https:\/\/schema.org","@graph":[{"@type":"WebPage","@id":"https:\/\/www.cec.org\/fr\/speaker\/alejandro-sosa\/","url":"https:\/\/www.cec.org\/fr\/speaker\/alejandro-sosa\/","name":"Alejandro Sosa &#8211; Commission de coop\u00e9ration environnementale","isPartOf":{"@id":"https:\/\/www.cec.org\/fr\/#website"},"datePublished":"2025-02-24T18:05:37+00:00","breadcrumb":{"@id":"https:\/\/www.cec.org\/fr\/speaker\/alejandro-sosa\/#breadcrumb"},"inLanguage":"fr-FR","potentialAction":[{"@type":"ReadAction","target":["https:\/\/www.cec.org\/fr\/speaker\/alejandro-sosa\/"]}]},{"@type":"BreadcrumbList","@id":"https:\/\/www.cec.org\/fr\/speaker\/alejandro-sosa\/#breadcrumb","itemListElement":[{"@type":"ListItem","position":1,"name":"Accueil","item":"https:\/\/www.cec.org\/fr\/"},{"@type":"ListItem","position":2,"name":"Alejandro Sosa"}]},{"@type":"WebSite","@id":"https:\/\/www.cec.org\/fr\/#website","url":"https:\/\/www.cec.org\/fr\/","name":"Commission for Environmental Cooperation","description":"Three countries working together to protect our shared environment","alternateName":"CEC - CCA -CCE","potentialAction":[{"@type":"SearchAction","target":{"@type":"EntryPoint","urlTemplate":"https:\/\/www.cec.org\/fr\/?s={search_term_string}"},"query-input":{"@type":"PropertyValueSpecification","valueRequired":true,"valueName":"search_term_string"}}],"inLanguage":"fr-FR"}]}},"_links":{"self":[{"href":"https:\/\/www.cec.org\/fr\/wp-json\/wp\/v2\/speaker\/57835","targetHints":{"allow":["GET"]}}],"collection":[{"href":"https:\/\/www.cec.org\/fr\/wp-json\/wp\/v2\/speaker"}],"about":[{"href":"https:\/\/www.cec.org\/fr\/wp-json\/wp\/v2\/types\/speaker"}],"wp:attachment":[{"href":"https:\/\/www.cec.org\/fr\/wp-json\/wp\/v2\/media?parent=57835"}],"curies":[{"name":"wp","href":"https:\/\/api.w.org\/{rel}","templated":true}]}}