{"id":57314,"date":"2024-11-27T15:08:20","date_gmt":"2024-11-27T20:08:20","guid":{"rendered":"http:\/\/www.cec.org\/speaker\/guadalupe-yesenia-hernandez-marquez\/"},"modified":"2024-11-29T15:38:20","modified_gmt":"2024-11-29T20:38:20","slug":"guadalupe-yesenia-hernandez-marquez","status":"publish","type":"speaker","link":"https:\/\/www.cec.org\/fr\/speaker\/guadalupe-yesenia-hernandez-marquez\/","title":{"rendered":"Guadalupe Yesenia Hern\u00e1ndez M\u00e1rquez"},"content":{"rendered":"<p>Consultante, universitaire et militante pour le d\u00e9veloppement durable, Guadalupe Yesenia Hern\u00e1ndez M\u00e1rquez conseille les gouvernements, les \u00e9tablissements d\u2019enseignement et les entreprises sur les aspects socioenvironnementaux des projets mis en \u0153uvre \u00e0 l\u2019aide de financement international. Facilitatrice de protocoles sur la conservation et la protection de la diversit\u00e9, du patrimoine et des droits bioculturels aupr\u00e8s des peuples autochtones et des communaut\u00e9s locales, elle poss\u00e8de \u00e9galement une exp\u00e9rience en d\u00e9fense de l\u2019environnement et de la biodiversit\u00e9 \u00e0 l\u2019\u00e9chelle locale, nationale et internationale. \u00c0 titre de directrice de la biodiversit\u00e9 \u00e0 l\u2019organisation <em>Rueda de Medicina, A.C.<\/em>, elle fait la promotion du programme <em>Biodiversidad: oportunidad y responsabilidad<\/em> (Biodiversit\u00e9\u00a0: possibilit\u00e9s et responsabilit\u00e9) pour appuyer la conservation et l\u2019exploitation durable des richesses naturelles des communaut\u00e9s autochtones et rurales du Mexique.<\/p>\n","protected":false},"excerpt":{"rendered":"<p>Consultante, universitaire et militante pour le d\u00e9veloppement durable, Guadalupe Yesenia Hern\u00e1ndez M\u00e1rquez conseille les gouvernements, les \u00e9tablissements d\u2019enseignement et les entreprises sur les aspects socioenvironnementaux des projets mis en \u0153uvre \u00e0 l\u2019aide de financement international. Facilitatrice de protocoles sur la conservation et la protection de la diversit\u00e9, du patrimoine et des droits bioculturels aupr\u00e8s des [&hellip;]<\/p>\n","protected":false},"featured_media":57233,"template":"","class_list":["post-57314","speaker","type-speaker","status-publish","has-post-thumbnail","hentry","country-mexique"],"acf":[],"yoast_head":"<!-- This site is optimized with the Yoast SEO Premium plugin v27.4 (Yoast SEO v27.4) - https:\/\/yoast.com\/product\/yoast-seo-premium-wordpress\/ -->\n<title>Guadalupe Yesenia Hern\u00e1ndez M\u00e1rquez &#8211; Commission de coop\u00e9ration environnementale<\/title>\n<meta name=\"robots\" content=\"noindex, follow\" \/>\n<meta property=\"og:locale\" content=\"fr_FR\" \/>\n<meta property=\"og:type\" content=\"article\" \/>\n<meta property=\"og:title\" content=\"Guadalupe Yesenia Hern\u00e1ndez M\u00e1rquez\" \/>\n<meta property=\"og:description\" content=\"Consultante, universitaire et militante pour le d\u00e9veloppement durable, Guadalupe Yesenia Hern\u00e1ndez M\u00e1rquez conseille les gouvernements, les \u00e9tablissements d\u2019enseignement et les entreprises sur les aspects socioenvironnementaux des projets mis en \u0153uvre \u00e0 l\u2019aide de financement international. Facilitatrice de protocoles sur la conservation et la protection de la diversit\u00e9, du patrimoine et des droits bioculturels aupr\u00e8s des [&hellip;]\" \/>\n<meta property=\"og:url\" content=\"https:\/\/www.cec.org\/fr\/speaker\/guadalupe-yesenia-hernandez-marquez\/\" \/>\n<meta property=\"og:site_name\" content=\"Commission de coop\u00e9ration environnementale\" \/>\n<meta property=\"article:publisher\" content=\"https:\/\/www.facebook.com\/CECconnect\" \/>\n<meta property=\"article:modified_time\" content=\"2024-11-29T20:38:20+00:00\" \/>\n<meta property=\"og:image\" content=\"https:\/\/www.cec.org\/wp-content\/uploads\/Session_5_Guadalupe_Yesenia_Hernandez_Marquez.webp\" \/>\n\t<meta property=\"og:image:width\" content=\"300\" \/>\n\t<meta property=\"og:image:height\" content=\"300\" \/>\n\t<meta property=\"og:image:type\" content=\"image\/webp\" \/>\n<meta name=\"twitter:card\" content=\"summary_large_image\" \/>\n<meta name=\"twitter:site\" content=\"@CECweb\" \/>\n<script type=\"application\/ld+json\" class=\"yoast-schema-graph\">{\"@context\":\"https:\\\/\\\/schema.org\",\"@graph\":[{\"@type\":\"WebPage\",\"@id\":\"https:\\\/\\\/www.cec.org\\\/fr\\\/speaker\\\/guadalupe-yesenia-hernandez-marquez\\\/\",\"url\":\"https:\\\/\\\/www.cec.org\\\/fr\\\/speaker\\\/guadalupe-yesenia-hernandez-marquez\\\/\",\"name\":\"Guadalupe Yesenia Hern\u00e1ndez M\u00e1rquez &#8211; Commission de coop\u00e9ration environnementale\",\"isPartOf\":{\"@id\":\"https:\\\/\\\/www.cec.org\\\/fr\\\/#website\"},\"primaryImageOfPage\":{\"@id\":\"https:\\\/\\\/www.cec.org\\\/fr\\\/speaker\\\/guadalupe-yesenia-hernandez-marquez\\\/#primaryimage\"},\"image\":{\"@id\":\"https:\\\/\\\/www.cec.org\\\/fr\\\/speaker\\\/guadalupe-yesenia-hernandez-marquez\\\/#primaryimage\"},\"thumbnailUrl\":\"https:\\\/\\\/www.cec.org\\\/wp-content\\\/uploads\\\/Session_5_Guadalupe_Yesenia_Hernandez_Marquez.webp\",\"datePublished\":\"2024-11-27T20:08:20+00:00\",\"dateModified\":\"2024-11-29T20:38:20+00:00\",\"breadcrumb\":{\"@id\":\"https:\\\/\\\/www.cec.org\\\/fr\\\/speaker\\\/guadalupe-yesenia-hernandez-marquez\\\/#breadcrumb\"},\"inLanguage\":\"fr-FR\",\"potentialAction\":[{\"@type\":\"ReadAction\",\"target\":[\"https:\\\/\\\/www.cec.org\\\/fr\\\/speaker\\\/guadalupe-yesenia-hernandez-marquez\\\/\"]}]},{\"@type\":\"ImageObject\",\"inLanguage\":\"fr-FR\",\"@id\":\"https:\\\/\\\/www.cec.org\\\/fr\\\/speaker\\\/guadalupe-yesenia-hernandez-marquez\\\/#primaryimage\",\"url\":\"https:\\\/\\\/www.cec.org\\\/wp-content\\\/uploads\\\/Session_5_Guadalupe_Yesenia_Hernandez_Marquez.webp\",\"contentUrl\":\"https:\\\/\\\/www.cec.org\\\/wp-content\\\/uploads\\\/Session_5_Guadalupe_Yesenia_Hernandez_Marquez.webp\",\"width\":300,\"height\":300},{\"@type\":\"BreadcrumbList\",\"@id\":\"https:\\\/\\\/www.cec.org\\\/fr\\\/speaker\\\/guadalupe-yesenia-hernandez-marquez\\\/#breadcrumb\",\"itemListElement\":[{\"@type\":\"ListItem\",\"position\":1,\"name\":\"Accueil\",\"item\":\"https:\\\/\\\/www.cec.org\\\/fr\\\/\"},{\"@type\":\"ListItem\",\"position\":2,\"name\":\"Guadalupe Yesenia Hern\u00e1ndez M\u00e1rquez\"}]},{\"@type\":\"WebSite\",\"@id\":\"https:\\\/\\\/www.cec.org\\\/fr\\\/#website\",\"url\":\"https:\\\/\\\/www.cec.org\\\/fr\\\/\",\"name\":\"Commission for Environmental Cooperation\",\"description\":\"Three countries working together to protect our shared environment\",\"alternateName\":\"CEC - CCA -CCE\",\"potentialAction\":[{\"@type\":\"SearchAction\",\"target\":{\"@type\":\"EntryPoint\",\"urlTemplate\":\"https:\\\/\\\/www.cec.org\\\/fr\\\/?s={search_term_string}\"},\"query-input\":{\"@type\":\"PropertyValueSpecification\",\"valueRequired\":true,\"valueName\":\"search_term_string\"}}],\"inLanguage\":\"fr-FR\"}]}<\/script>\n<!-- \/ Yoast SEO Premium plugin. -->","yoast_head_json":{"title":"Guadalupe Yesenia Hern\u00e1ndez M\u00e1rquez &#8211; Commission de coop\u00e9ration environnementale","robots":{"index":"noindex","follow":"follow"},"og_locale":"fr_FR","og_type":"article","og_title":"Guadalupe Yesenia Hern\u00e1ndez M\u00e1rquez","og_description":"Consultante, universitaire et militante pour le d\u00e9veloppement durable, Guadalupe Yesenia Hern\u00e1ndez M\u00e1rquez conseille les gouvernements, les \u00e9tablissements d\u2019enseignement et les entreprises sur les aspects socioenvironnementaux des projets mis en \u0153uvre \u00e0 l\u2019aide de financement international. Facilitatrice de protocoles sur la conservation et la protection de la diversit\u00e9, du patrimoine et des droits bioculturels aupr\u00e8s des [&hellip;]","og_url":"https:\/\/www.cec.org\/fr\/speaker\/guadalupe-yesenia-hernandez-marquez\/","og_site_name":"Commission de coop\u00e9ration environnementale","article_publisher":"https:\/\/www.facebook.com\/CECconnect","article_modified_time":"2024-11-29T20:38:20+00:00","og_image":[{"width":300,"height":300,"url":"https:\/\/www.cec.org\/wp-content\/uploads\/Session_5_Guadalupe_Yesenia_Hernandez_Marquez.webp","type":"image\/webp"}],"twitter_card":"summary_large_image","twitter_site":"@CECweb","schema":{"@context":"https:\/\/schema.org","@graph":[{"@type":"WebPage","@id":"https:\/\/www.cec.org\/fr\/speaker\/guadalupe-yesenia-hernandez-marquez\/","url":"https:\/\/www.cec.org\/fr\/speaker\/guadalupe-yesenia-hernandez-marquez\/","name":"Guadalupe Yesenia Hern\u00e1ndez M\u00e1rquez &#8211; Commission de coop\u00e9ration environnementale","isPartOf":{"@id":"https:\/\/www.cec.org\/fr\/#website"},"primaryImageOfPage":{"@id":"https:\/\/www.cec.org\/fr\/speaker\/guadalupe-yesenia-hernandez-marquez\/#primaryimage"},"image":{"@id":"https:\/\/www.cec.org\/fr\/speaker\/guadalupe-yesenia-hernandez-marquez\/#primaryimage"},"thumbnailUrl":"https:\/\/www.cec.org\/wp-content\/uploads\/Session_5_Guadalupe_Yesenia_Hernandez_Marquez.webp","datePublished":"2024-11-27T20:08:20+00:00","dateModified":"2024-11-29T20:38:20+00:00","breadcrumb":{"@id":"https:\/\/www.cec.org\/fr\/speaker\/guadalupe-yesenia-hernandez-marquez\/#breadcrumb"},"inLanguage":"fr-FR","potentialAction":[{"@type":"ReadAction","target":["https:\/\/www.cec.org\/fr\/speaker\/guadalupe-yesenia-hernandez-marquez\/"]}]},{"@type":"ImageObject","inLanguage":"fr-FR","@id":"https:\/\/www.cec.org\/fr\/speaker\/guadalupe-yesenia-hernandez-marquez\/#primaryimage","url":"https:\/\/www.cec.org\/wp-content\/uploads\/Session_5_Guadalupe_Yesenia_Hernandez_Marquez.webp","contentUrl":"https:\/\/www.cec.org\/wp-content\/uploads\/Session_5_Guadalupe_Yesenia_Hernandez_Marquez.webp","width":300,"height":300},{"@type":"BreadcrumbList","@id":"https:\/\/www.cec.org\/fr\/speaker\/guadalupe-yesenia-hernandez-marquez\/#breadcrumb","itemListElement":[{"@type":"ListItem","position":1,"name":"Accueil","item":"https:\/\/www.cec.org\/fr\/"},{"@type":"ListItem","position":2,"name":"Guadalupe Yesenia Hern\u00e1ndez M\u00e1rquez"}]},{"@type":"WebSite","@id":"https:\/\/www.cec.org\/fr\/#website","url":"https:\/\/www.cec.org\/fr\/","name":"Commission for Environmental Cooperation","description":"Three countries working together to protect our shared environment","alternateName":"CEC - CCA -CCE","potentialAction":[{"@type":"SearchAction","target":{"@type":"EntryPoint","urlTemplate":"https:\/\/www.cec.org\/fr\/?s={search_term_string}"},"query-input":{"@type":"PropertyValueSpecification","valueRequired":true,"valueName":"search_term_string"}}],"inLanguage":"fr-FR"}]}},"_links":{"self":[{"href":"https:\/\/www.cec.org\/fr\/wp-json\/wp\/v2\/speaker\/57314","targetHints":{"allow":["GET"]}}],"collection":[{"href":"https:\/\/www.cec.org\/fr\/wp-json\/wp\/v2\/speaker"}],"about":[{"href":"https:\/\/www.cec.org\/fr\/wp-json\/wp\/v2\/types\/speaker"}],"wp:featuredmedia":[{"embeddable":true,"href":"https:\/\/www.cec.org\/fr\/wp-json\/wp\/v2\/media\/57233"}],"wp:attachment":[{"href":"https:\/\/www.cec.org\/fr\/wp-json\/wp\/v2\/media?parent=57314"}],"curies":[{"name":"wp","href":"https:\/\/api.w.org\/{rel}","templated":true}]}}