{"id":55692,"date":"2024-06-13T12:49:42","date_gmt":"2024-06-13T16:49:42","guid":{"rendered":"http:\/\/www.cec.org\/speaker\/jaziel-soto-torres\/"},"modified":"2024-07-11T14:47:23","modified_gmt":"2024-07-11T18:47:23","slug":"jaziel-soto-torres","status":"publish","type":"speaker","link":"https:\/\/www.cec.org\/fr\/speaker\/jaziel-soto-torres\/","title":{"rendered":"Jaziel Soto Torres"},"content":{"rendered":"<p>Natif de l\u2019\u00c9tat de Basse-Californie, au Mexique, Jaziel Soto Torres est un fier membre du peuple autochtone Cucap\u00e1. D\u00e8s un jeune \u00e2ge, il a \u00e9t\u00e9 influenc\u00e9 par les le\u00e7ons de sa grand-m\u00e8re, Inocencia Gonz\u00e1lez Sainz, une cheffe traditionnelle tr\u00e8s respect\u00e9e dans sa communaut\u00e9, ce qui explique son profond engagement envers le bien-\u00eatre social et la pr\u00e9servation du riche patrimoine culturel de son peuple. Son grand int\u00e9r\u00eat pour le d\u00e9veloppement durable de sa communaut\u00e9 se manifeste par ses \u00e9tudes courantes en g\u00e9nie aquacole et piscicole.<\/p>\n<p>Jaziel a remport\u00e9 le <em>Premio Estatal de la Juventud<\/em> (Prix de la jeunesse de l\u2019\u00c9tat) dans la cat\u00e9gorie \u00ab\u00a0Renforcement de la culture\u00a0\u00bb en 2021, ainsi que dans la cat\u00e9gorie \u00ab\u00a0Protection de l\u2019environnement\u00a0\u00bb en 2008.<\/p>\n<p>Jaziel Soto Torres a pris part \u00e0 l\u2019atelier trinational organis\u00e9 au Mexique en 2023 dans le cadre du projet <a href=\"https:\/\/www.cec.org\/fr\/topics\/justice-environnementale\/\"><em>R\u00e9seau de collectivit\u00e9s pour la justice environnementale<\/em><\/a> de la CCE.<\/p>\n","protected":false},"excerpt":{"rendered":"<p>Natif de l\u2019\u00c9tat de Basse-Californie, au Mexique, Jaziel Soto Torres est un fier membre du peuple autochtone Cucap\u00e1. D\u00e8s un jeune \u00e2ge, il a \u00e9t\u00e9 influenc\u00e9 par les le\u00e7ons de sa grand-m\u00e8re, Inocencia Gonz\u00e1lez Sainz, une cheffe traditionnelle tr\u00e8s respect\u00e9e dans sa communaut\u00e9, ce qui explique son profond engagement envers le bien-\u00eatre social et la [&hellip;]<\/p>\n","protected":false},"featured_media":55592,"template":"","class_list":["post-55692","speaker","type-speaker","status-publish","has-post-thumbnail","hentry","country-mexique"],"acf":[],"yoast_head":"<!-- This site is optimized with the Yoast SEO Premium plugin v27.4 (Yoast SEO v27.4) - https:\/\/yoast.com\/product\/yoast-seo-premium-wordpress\/ -->\n<title>Jaziel Soto Torres &#8211; Commission de coop\u00e9ration environnementale<\/title>\n<meta name=\"robots\" content=\"noindex, follow\" \/>\n<meta property=\"og:locale\" content=\"fr_FR\" \/>\n<meta property=\"og:type\" content=\"article\" \/>\n<meta property=\"og:title\" content=\"Jaziel Soto Torres\" \/>\n<meta property=\"og:description\" content=\"Natif de l\u2019\u00c9tat de Basse-Californie, au Mexique, Jaziel Soto Torres est un fier membre du peuple autochtone Cucap\u00e1. D\u00e8s un jeune \u00e2ge, il a \u00e9t\u00e9 influenc\u00e9 par les le\u00e7ons de sa grand-m\u00e8re, Inocencia Gonz\u00e1lez Sainz, une cheffe traditionnelle tr\u00e8s respect\u00e9e dans sa communaut\u00e9, ce qui explique son profond engagement envers le bien-\u00eatre social et la [&hellip;]\" \/>\n<meta property=\"og:url\" content=\"https:\/\/www.cec.org\/fr\/speaker\/jaziel-soto-torres\/\" \/>\n<meta property=\"og:site_name\" content=\"Commission de coop\u00e9ration environnementale\" \/>\n<meta property=\"article:publisher\" content=\"https:\/\/www.facebook.com\/CECconnect\" \/>\n<meta property=\"article:modified_time\" content=\"2024-07-11T18:47:23+00:00\" \/>\n<meta property=\"og:image\" content=\"https:\/\/www.cec.org\/wp-content\/uploads\/Jaziel-Soto-Torres.webp\" \/>\n\t<meta property=\"og:image:width\" content=\"300\" \/>\n\t<meta property=\"og:image:height\" content=\"300\" \/>\n\t<meta property=\"og:image:type\" content=\"image\/webp\" \/>\n<meta name=\"twitter:card\" content=\"summary_large_image\" \/>\n<meta name=\"twitter:site\" content=\"@CECweb\" \/>\n<script type=\"application\/ld+json\" class=\"yoast-schema-graph\">{\"@context\":\"https:\\\/\\\/schema.org\",\"@graph\":[{\"@type\":\"WebPage\",\"@id\":\"https:\\\/\\\/www.cec.org\\\/fr\\\/speaker\\\/jaziel-soto-torres\\\/\",\"url\":\"https:\\\/\\\/www.cec.org\\\/fr\\\/speaker\\\/jaziel-soto-torres\\\/\",\"name\":\"Jaziel Soto Torres &#8211; Commission de coop\u00e9ration environnementale\",\"isPartOf\":{\"@id\":\"https:\\\/\\\/www.cec.org\\\/fr\\\/#website\"},\"primaryImageOfPage\":{\"@id\":\"https:\\\/\\\/www.cec.org\\\/fr\\\/speaker\\\/jaziel-soto-torres\\\/#primaryimage\"},\"image\":{\"@id\":\"https:\\\/\\\/www.cec.org\\\/fr\\\/speaker\\\/jaziel-soto-torres\\\/#primaryimage\"},\"thumbnailUrl\":\"https:\\\/\\\/www.cec.org\\\/wp-content\\\/uploads\\\/Jaziel-Soto-Torres.webp\",\"datePublished\":\"2024-06-13T16:49:42+00:00\",\"dateModified\":\"2024-07-11T18:47:23+00:00\",\"breadcrumb\":{\"@id\":\"https:\\\/\\\/www.cec.org\\\/fr\\\/speaker\\\/jaziel-soto-torres\\\/#breadcrumb\"},\"inLanguage\":\"fr-FR\",\"potentialAction\":[{\"@type\":\"ReadAction\",\"target\":[\"https:\\\/\\\/www.cec.org\\\/fr\\\/speaker\\\/jaziel-soto-torres\\\/\"]}]},{\"@type\":\"ImageObject\",\"inLanguage\":\"fr-FR\",\"@id\":\"https:\\\/\\\/www.cec.org\\\/fr\\\/speaker\\\/jaziel-soto-torres\\\/#primaryimage\",\"url\":\"https:\\\/\\\/www.cec.org\\\/wp-content\\\/uploads\\\/Jaziel-Soto-Torres.webp\",\"contentUrl\":\"https:\\\/\\\/www.cec.org\\\/wp-content\\\/uploads\\\/Jaziel-Soto-Torres.webp\",\"width\":300,\"height\":300},{\"@type\":\"BreadcrumbList\",\"@id\":\"https:\\\/\\\/www.cec.org\\\/fr\\\/speaker\\\/jaziel-soto-torres\\\/#breadcrumb\",\"itemListElement\":[{\"@type\":\"ListItem\",\"position\":1,\"name\":\"Accueil\",\"item\":\"https:\\\/\\\/www.cec.org\\\/fr\\\/\"},{\"@type\":\"ListItem\",\"position\":2,\"name\":\"Jaziel Soto Torres\"}]},{\"@type\":\"WebSite\",\"@id\":\"https:\\\/\\\/www.cec.org\\\/fr\\\/#website\",\"url\":\"https:\\\/\\\/www.cec.org\\\/fr\\\/\",\"name\":\"Commission for Environmental Cooperation\",\"description\":\"Three countries working together to protect our shared environment\",\"alternateName\":\"CEC - CCA -CCE\",\"potentialAction\":[{\"@type\":\"SearchAction\",\"target\":{\"@type\":\"EntryPoint\",\"urlTemplate\":\"https:\\\/\\\/www.cec.org\\\/fr\\\/?s={search_term_string}\"},\"query-input\":{\"@type\":\"PropertyValueSpecification\",\"valueRequired\":true,\"valueName\":\"search_term_string\"}}],\"inLanguage\":\"fr-FR\"}]}<\/script>\n<!-- \/ Yoast SEO Premium plugin. -->","yoast_head_json":{"title":"Jaziel Soto Torres &#8211; Commission de coop\u00e9ration environnementale","robots":{"index":"noindex","follow":"follow"},"og_locale":"fr_FR","og_type":"article","og_title":"Jaziel Soto Torres","og_description":"Natif de l\u2019\u00c9tat de Basse-Californie, au Mexique, Jaziel Soto Torres est un fier membre du peuple autochtone Cucap\u00e1. D\u00e8s un jeune \u00e2ge, il a \u00e9t\u00e9 influenc\u00e9 par les le\u00e7ons de sa grand-m\u00e8re, Inocencia Gonz\u00e1lez Sainz, une cheffe traditionnelle tr\u00e8s respect\u00e9e dans sa communaut\u00e9, ce qui explique son profond engagement envers le bien-\u00eatre social et la [&hellip;]","og_url":"https:\/\/www.cec.org\/fr\/speaker\/jaziel-soto-torres\/","og_site_name":"Commission de coop\u00e9ration environnementale","article_publisher":"https:\/\/www.facebook.com\/CECconnect","article_modified_time":"2024-07-11T18:47:23+00:00","og_image":[{"width":300,"height":300,"url":"https:\/\/www.cec.org\/wp-content\/uploads\/Jaziel-Soto-Torres.webp","type":"image\/webp"}],"twitter_card":"summary_large_image","twitter_site":"@CECweb","schema":{"@context":"https:\/\/schema.org","@graph":[{"@type":"WebPage","@id":"https:\/\/www.cec.org\/fr\/speaker\/jaziel-soto-torres\/","url":"https:\/\/www.cec.org\/fr\/speaker\/jaziel-soto-torres\/","name":"Jaziel Soto Torres &#8211; Commission de coop\u00e9ration environnementale","isPartOf":{"@id":"https:\/\/www.cec.org\/fr\/#website"},"primaryImageOfPage":{"@id":"https:\/\/www.cec.org\/fr\/speaker\/jaziel-soto-torres\/#primaryimage"},"image":{"@id":"https:\/\/www.cec.org\/fr\/speaker\/jaziel-soto-torres\/#primaryimage"},"thumbnailUrl":"https:\/\/www.cec.org\/wp-content\/uploads\/Jaziel-Soto-Torres.webp","datePublished":"2024-06-13T16:49:42+00:00","dateModified":"2024-07-11T18:47:23+00:00","breadcrumb":{"@id":"https:\/\/www.cec.org\/fr\/speaker\/jaziel-soto-torres\/#breadcrumb"},"inLanguage":"fr-FR","potentialAction":[{"@type":"ReadAction","target":["https:\/\/www.cec.org\/fr\/speaker\/jaziel-soto-torres\/"]}]},{"@type":"ImageObject","inLanguage":"fr-FR","@id":"https:\/\/www.cec.org\/fr\/speaker\/jaziel-soto-torres\/#primaryimage","url":"https:\/\/www.cec.org\/wp-content\/uploads\/Jaziel-Soto-Torres.webp","contentUrl":"https:\/\/www.cec.org\/wp-content\/uploads\/Jaziel-Soto-Torres.webp","width":300,"height":300},{"@type":"BreadcrumbList","@id":"https:\/\/www.cec.org\/fr\/speaker\/jaziel-soto-torres\/#breadcrumb","itemListElement":[{"@type":"ListItem","position":1,"name":"Accueil","item":"https:\/\/www.cec.org\/fr\/"},{"@type":"ListItem","position":2,"name":"Jaziel Soto Torres"}]},{"@type":"WebSite","@id":"https:\/\/www.cec.org\/fr\/#website","url":"https:\/\/www.cec.org\/fr\/","name":"Commission for Environmental Cooperation","description":"Three countries working together to protect our shared environment","alternateName":"CEC - CCA -CCE","potentialAction":[{"@type":"SearchAction","target":{"@type":"EntryPoint","urlTemplate":"https:\/\/www.cec.org\/fr\/?s={search_term_string}"},"query-input":{"@type":"PropertyValueSpecification","valueRequired":true,"valueName":"search_term_string"}}],"inLanguage":"fr-FR"}]}},"_links":{"self":[{"href":"https:\/\/www.cec.org\/fr\/wp-json\/wp\/v2\/speaker\/55692","targetHints":{"allow":["GET"]}}],"collection":[{"href":"https:\/\/www.cec.org\/fr\/wp-json\/wp\/v2\/speaker"}],"about":[{"href":"https:\/\/www.cec.org\/fr\/wp-json\/wp\/v2\/types\/speaker"}],"wp:featuredmedia":[{"embeddable":true,"href":"https:\/\/www.cec.org\/fr\/wp-json\/wp\/v2\/media\/55592"}],"wp:attachment":[{"href":"https:\/\/www.cec.org\/fr\/wp-json\/wp\/v2\/media?parent=55692"}],"curies":[{"name":"wp","href":"https:\/\/api.w.org\/{rel}","templated":true}]}}