{"id":55517,"date":"2024-06-10T17:24:45","date_gmt":"2024-06-10T21:24:45","guid":{"rendered":"http:\/\/www.cec.org\/speaker\/josefa-sanchez-contreras\/"},"modified":"2024-07-11T14:47:40","modified_gmt":"2024-07-11T18:47:40","slug":"josefa-sanchez-contreras","status":"publish","type":"speaker","link":"https:\/\/www.cec.org\/fr\/speaker\/josefa-sanchez-contreras\/","title":{"rendered":"Josefa S\u00e1nchez Contreras"},"content":{"rendered":"<p>Dipl\u00f4m\u00e9e en sociologie de l\u2019Universit\u00e9 autonome m\u00e9tropolitaine\u00a0(UAM) et titulaire d\u2019une ma\u00eetrise en \u00e9tudes latino-am\u00e9ricaines de l\u2019Universit\u00e9 nationale autonome du Mexique\u00a0(UNAM), <strong>Josefa S\u00e1nchez Contreras<\/strong> travaille de fa\u00e7on temporaire comme chercheuse au D\u00e9partement de sociologie de l\u2019Universit\u00e9 de Grenade. Elle est \u00e9galement chercheuse invit\u00e9e au Centre d\u2019\u00e9tudes latino-am\u00e9ricaines de l\u2019Universit\u00e9 de Cambridge, au Royaume-Uni.<\/p>\n<p>Dans le cadre de son travail en milieu universitaire, Josefa S\u00e1nchez Contreras collabore \u00e0 divers projets de transition \u00e9nerg\u00e9tique. Elle est coauteure du livre <em>Colonialismo energ\u00e9tico<\/em>: <em>territorios de sacrificio para la transici\u00f3n energ\u00e9tica en Espa\u00f1a, M\u00e9xico, Noruega y el Sahara Occidental <\/em>[Icaira, 2023], et coordonnatrice de l\u2019ouvrage <em>Cada vez m\u00e1s M\u00f6kayas, pensares y sentires de zoques contempor\u00e1neos <\/em>[Ce-Acatl, 2022]. De plus, elle fait partie du <em>Colectivo Matza<\/em> (Collectif Matza), un groupe d\u2019Autochtones zoques qui d\u00e9fend les rivi\u00e8res et le territoire de la for\u00eat de Chimalapas.<\/p>\n","protected":false},"excerpt":{"rendered":"<p>Dipl\u00f4m\u00e9e en sociologie de l\u2019Universit\u00e9 autonome m\u00e9tropolitaine\u00a0(UAM) et titulaire d\u2019une ma\u00eetrise en \u00e9tudes latino-am\u00e9ricaines de l\u2019Universit\u00e9 nationale autonome du Mexique\u00a0(UNAM), Josefa S\u00e1nchez Contreras travaille de fa\u00e7on temporaire comme chercheuse au D\u00e9partement de sociologie de l\u2019Universit\u00e9 de Grenade. Elle est \u00e9galement chercheuse invit\u00e9e au Centre d\u2019\u00e9tudes latino-am\u00e9ricaines de l\u2019Universit\u00e9 de Cambridge, au Royaume-Uni. Dans le cadre [&hellip;]<\/p>\n","protected":false},"featured_media":55551,"template":"","class_list":["post-55517","speaker","type-speaker","status-publish","has-post-thumbnail","hentry","country-mexique"],"acf":[],"yoast_head":"<!-- This site is optimized with the Yoast SEO Premium plugin v27.4 (Yoast SEO v27.4) - https:\/\/yoast.com\/product\/yoast-seo-premium-wordpress\/ -->\n<title>Josefa S\u00e1nchez Contreras &#8211; Commission de coop\u00e9ration environnementale<\/title>\n<meta name=\"robots\" content=\"noindex, follow\" \/>\n<meta property=\"og:locale\" content=\"fr_FR\" \/>\n<meta property=\"og:type\" content=\"article\" \/>\n<meta property=\"og:title\" content=\"Josefa S\u00e1nchez Contreras\" \/>\n<meta property=\"og:description\" content=\"Dipl\u00f4m\u00e9e en sociologie de l\u2019Universit\u00e9 autonome m\u00e9tropolitaine\u00a0(UAM) et titulaire d\u2019une ma\u00eetrise en \u00e9tudes latino-am\u00e9ricaines de l\u2019Universit\u00e9 nationale autonome du Mexique\u00a0(UNAM), Josefa S\u00e1nchez Contreras travaille de fa\u00e7on temporaire comme chercheuse au D\u00e9partement de sociologie de l\u2019Universit\u00e9 de Grenade. Elle est \u00e9galement chercheuse invit\u00e9e au Centre d\u2019\u00e9tudes latino-am\u00e9ricaines de l\u2019Universit\u00e9 de Cambridge, au Royaume-Uni. Dans le cadre [&hellip;]\" \/>\n<meta property=\"og:url\" content=\"https:\/\/www.cec.org\/fr\/speaker\/josefa-sanchez-contreras\/\" \/>\n<meta property=\"og:site_name\" content=\"Commission de coop\u00e9ration environnementale\" \/>\n<meta property=\"article:publisher\" content=\"https:\/\/www.facebook.com\/CECconnect\" \/>\n<meta property=\"article:modified_time\" content=\"2024-07-11T18:47:40+00:00\" \/>\n<meta property=\"og:image\" content=\"https:\/\/www.cec.org\/wp-content\/uploads\/JPAC_Forum_Wilmington_Speaker_Session_3_Photo_Josefa-Sanchez.webp\" \/>\n\t<meta property=\"og:image:width\" content=\"600\" \/>\n\t<meta property=\"og:image:height\" content=\"600\" \/>\n\t<meta property=\"og:image:type\" content=\"image\/webp\" \/>\n<meta name=\"twitter:card\" content=\"summary_large_image\" \/>\n<meta name=\"twitter:site\" content=\"@CECweb\" \/>\n<script type=\"application\/ld+json\" class=\"yoast-schema-graph\">{\"@context\":\"https:\\\/\\\/schema.org\",\"@graph\":[{\"@type\":\"WebPage\",\"@id\":\"https:\\\/\\\/www.cec.org\\\/fr\\\/speaker\\\/josefa-sanchez-contreras\\\/\",\"url\":\"https:\\\/\\\/www.cec.org\\\/fr\\\/speaker\\\/josefa-sanchez-contreras\\\/\",\"name\":\"Josefa S\u00e1nchez Contreras &#8211; Commission de coop\u00e9ration environnementale\",\"isPartOf\":{\"@id\":\"https:\\\/\\\/www.cec.org\\\/fr\\\/#website\"},\"primaryImageOfPage\":{\"@id\":\"https:\\\/\\\/www.cec.org\\\/fr\\\/speaker\\\/josefa-sanchez-contreras\\\/#primaryimage\"},\"image\":{\"@id\":\"https:\\\/\\\/www.cec.org\\\/fr\\\/speaker\\\/josefa-sanchez-contreras\\\/#primaryimage\"},\"thumbnailUrl\":\"https:\\\/\\\/www.cec.org\\\/wp-content\\\/uploads\\\/JPAC_Forum_Wilmington_Speaker_Session_3_Photo_Josefa-Sanchez.webp\",\"datePublished\":\"2024-06-10T21:24:45+00:00\",\"dateModified\":\"2024-07-11T18:47:40+00:00\",\"breadcrumb\":{\"@id\":\"https:\\\/\\\/www.cec.org\\\/fr\\\/speaker\\\/josefa-sanchez-contreras\\\/#breadcrumb\"},\"inLanguage\":\"fr-FR\",\"potentialAction\":[{\"@type\":\"ReadAction\",\"target\":[\"https:\\\/\\\/www.cec.org\\\/fr\\\/speaker\\\/josefa-sanchez-contreras\\\/\"]}]},{\"@type\":\"ImageObject\",\"inLanguage\":\"fr-FR\",\"@id\":\"https:\\\/\\\/www.cec.org\\\/fr\\\/speaker\\\/josefa-sanchez-contreras\\\/#primaryimage\",\"url\":\"https:\\\/\\\/www.cec.org\\\/wp-content\\\/uploads\\\/JPAC_Forum_Wilmington_Speaker_Session_3_Photo_Josefa-Sanchez.webp\",\"contentUrl\":\"https:\\\/\\\/www.cec.org\\\/wp-content\\\/uploads\\\/JPAC_Forum_Wilmington_Speaker_Session_3_Photo_Josefa-Sanchez.webp\",\"width\":600,\"height\":600},{\"@type\":\"BreadcrumbList\",\"@id\":\"https:\\\/\\\/www.cec.org\\\/fr\\\/speaker\\\/josefa-sanchez-contreras\\\/#breadcrumb\",\"itemListElement\":[{\"@type\":\"ListItem\",\"position\":1,\"name\":\"Accueil\",\"item\":\"https:\\\/\\\/www.cec.org\\\/fr\\\/\"},{\"@type\":\"ListItem\",\"position\":2,\"name\":\"Josefa S\u00e1nchez Contreras\"}]},{\"@type\":\"WebSite\",\"@id\":\"https:\\\/\\\/www.cec.org\\\/fr\\\/#website\",\"url\":\"https:\\\/\\\/www.cec.org\\\/fr\\\/\",\"name\":\"Commission for Environmental Cooperation\",\"description\":\"Three countries working together to protect our shared environment\",\"alternateName\":\"CEC - CCA -CCE\",\"potentialAction\":[{\"@type\":\"SearchAction\",\"target\":{\"@type\":\"EntryPoint\",\"urlTemplate\":\"https:\\\/\\\/www.cec.org\\\/fr\\\/?s={search_term_string}\"},\"query-input\":{\"@type\":\"PropertyValueSpecification\",\"valueRequired\":true,\"valueName\":\"search_term_string\"}}],\"inLanguage\":\"fr-FR\"}]}<\/script>\n<!-- \/ Yoast SEO Premium plugin. -->","yoast_head_json":{"title":"Josefa S\u00e1nchez Contreras &#8211; Commission de coop\u00e9ration environnementale","robots":{"index":"noindex","follow":"follow"},"og_locale":"fr_FR","og_type":"article","og_title":"Josefa S\u00e1nchez Contreras","og_description":"Dipl\u00f4m\u00e9e en sociologie de l\u2019Universit\u00e9 autonome m\u00e9tropolitaine\u00a0(UAM) et titulaire d\u2019une ma\u00eetrise en \u00e9tudes latino-am\u00e9ricaines de l\u2019Universit\u00e9 nationale autonome du Mexique\u00a0(UNAM), Josefa S\u00e1nchez Contreras travaille de fa\u00e7on temporaire comme chercheuse au D\u00e9partement de sociologie de l\u2019Universit\u00e9 de Grenade. Elle est \u00e9galement chercheuse invit\u00e9e au Centre d\u2019\u00e9tudes latino-am\u00e9ricaines de l\u2019Universit\u00e9 de Cambridge, au Royaume-Uni. Dans le cadre [&hellip;]","og_url":"https:\/\/www.cec.org\/fr\/speaker\/josefa-sanchez-contreras\/","og_site_name":"Commission de coop\u00e9ration environnementale","article_publisher":"https:\/\/www.facebook.com\/CECconnect","article_modified_time":"2024-07-11T18:47:40+00:00","og_image":[{"width":600,"height":600,"url":"https:\/\/www.cec.org\/wp-content\/uploads\/JPAC_Forum_Wilmington_Speaker_Session_3_Photo_Josefa-Sanchez.webp","type":"image\/webp"}],"twitter_card":"summary_large_image","twitter_site":"@CECweb","schema":{"@context":"https:\/\/schema.org","@graph":[{"@type":"WebPage","@id":"https:\/\/www.cec.org\/fr\/speaker\/josefa-sanchez-contreras\/","url":"https:\/\/www.cec.org\/fr\/speaker\/josefa-sanchez-contreras\/","name":"Josefa S\u00e1nchez Contreras &#8211; Commission de coop\u00e9ration environnementale","isPartOf":{"@id":"https:\/\/www.cec.org\/fr\/#website"},"primaryImageOfPage":{"@id":"https:\/\/www.cec.org\/fr\/speaker\/josefa-sanchez-contreras\/#primaryimage"},"image":{"@id":"https:\/\/www.cec.org\/fr\/speaker\/josefa-sanchez-contreras\/#primaryimage"},"thumbnailUrl":"https:\/\/www.cec.org\/wp-content\/uploads\/JPAC_Forum_Wilmington_Speaker_Session_3_Photo_Josefa-Sanchez.webp","datePublished":"2024-06-10T21:24:45+00:00","dateModified":"2024-07-11T18:47:40+00:00","breadcrumb":{"@id":"https:\/\/www.cec.org\/fr\/speaker\/josefa-sanchez-contreras\/#breadcrumb"},"inLanguage":"fr-FR","potentialAction":[{"@type":"ReadAction","target":["https:\/\/www.cec.org\/fr\/speaker\/josefa-sanchez-contreras\/"]}]},{"@type":"ImageObject","inLanguage":"fr-FR","@id":"https:\/\/www.cec.org\/fr\/speaker\/josefa-sanchez-contreras\/#primaryimage","url":"https:\/\/www.cec.org\/wp-content\/uploads\/JPAC_Forum_Wilmington_Speaker_Session_3_Photo_Josefa-Sanchez.webp","contentUrl":"https:\/\/www.cec.org\/wp-content\/uploads\/JPAC_Forum_Wilmington_Speaker_Session_3_Photo_Josefa-Sanchez.webp","width":600,"height":600},{"@type":"BreadcrumbList","@id":"https:\/\/www.cec.org\/fr\/speaker\/josefa-sanchez-contreras\/#breadcrumb","itemListElement":[{"@type":"ListItem","position":1,"name":"Accueil","item":"https:\/\/www.cec.org\/fr\/"},{"@type":"ListItem","position":2,"name":"Josefa S\u00e1nchez Contreras"}]},{"@type":"WebSite","@id":"https:\/\/www.cec.org\/fr\/#website","url":"https:\/\/www.cec.org\/fr\/","name":"Commission for Environmental Cooperation","description":"Three countries working together to protect our shared environment","alternateName":"CEC - CCA -CCE","potentialAction":[{"@type":"SearchAction","target":{"@type":"EntryPoint","urlTemplate":"https:\/\/www.cec.org\/fr\/?s={search_term_string}"},"query-input":{"@type":"PropertyValueSpecification","valueRequired":true,"valueName":"search_term_string"}}],"inLanguage":"fr-FR"}]}},"_links":{"self":[{"href":"https:\/\/www.cec.org\/fr\/wp-json\/wp\/v2\/speaker\/55517","targetHints":{"allow":["GET"]}}],"collection":[{"href":"https:\/\/www.cec.org\/fr\/wp-json\/wp\/v2\/speaker"}],"about":[{"href":"https:\/\/www.cec.org\/fr\/wp-json\/wp\/v2\/types\/speaker"}],"wp:featuredmedia":[{"embeddable":true,"href":"https:\/\/www.cec.org\/fr\/wp-json\/wp\/v2\/media\/55551"}],"wp:attachment":[{"href":"https:\/\/www.cec.org\/fr\/wp-json\/wp\/v2\/media?parent=55517"}],"curies":[{"name":"wp","href":"https:\/\/api.w.org\/{rel}","templated":true}]}}