{"id":55515,"date":"2024-06-10T17:20:10","date_gmt":"2024-06-10T21:20:10","guid":{"rendered":"http:\/\/www.cec.org\/speaker\/amanda-m-hauff\/"},"modified":"2024-07-11T14:47:41","modified_gmt":"2024-07-11T18:47:41","slug":"amanda-m-hauff","status":"publish","type":"speaker","link":"https:\/\/www.cec.org\/fr\/speaker\/amanda-m-hauff\/","title":{"rendered":"Amanda M. Hauff"},"content":{"rendered":"<p>Amanda\u00a0M. Hauff est conseill\u00e8re principale en mati\u00e8re de justice environnementale au bureau des affaires internationales et tribales de <em>l\u2019Environmental Protection Agency <\/em>(EPA) des \u00c9tats-Unis. Durant toute sa carri\u00e8re, elle a g\u00e9r\u00e9 des programmes tribaux, internationaux, de sant\u00e9 infantile et de justice environnementale pour l\u2019EPA. Elle a \u00e9labor\u00e9 le premier plan strat\u00e9gique du groupe de travail interorganisations f\u00e9d\u00e9ral sur la justice environnementale en vue d\u2019\u00e9tablir un cadre de responsabilisation pour am\u00e9liorer la sant\u00e9, la qualit\u00e9 de vie et les possibilit\u00e9s \u00e9conomiques des collectivit\u00e9s qui sont surexpos\u00e9es. Elle a \u00e9galement fait \u00e9voluer l\u2019EPA en mati\u00e8re d\u2019\u00e9quit\u00e9 et de justice environnementale en \u00e9laborant des politiques, des programmes, des mod\u00e8les conceptuels scientifiques et des indicateurs de mani\u00e8re \u00e0 ce que les principes de la justice environnementale guident les activit\u00e9s de cet organisme f\u00e9d\u00e9ral.<\/p>\n","protected":false},"excerpt":{"rendered":"<p>Amanda\u00a0M. Hauff est conseill\u00e8re principale en mati\u00e8re de justice environnementale au bureau des affaires internationales et tribales de l\u2019Environmental Protection Agency (EPA) des \u00c9tats-Unis. Durant toute sa carri\u00e8re, elle a g\u00e9r\u00e9 des programmes tribaux, internationaux, de sant\u00e9 infantile et de justice environnementale pour l\u2019EPA. Elle a \u00e9labor\u00e9 le premier plan strat\u00e9gique du groupe de travail [&hellip;]<\/p>\n","protected":false},"featured_media":55539,"template":"","class_list":["post-55515","speaker","type-speaker","status-publish","has-post-thumbnail","hentry","country-etats-unis"],"acf":[],"yoast_head":"<!-- This site is optimized with the Yoast SEO Premium plugin v27.4 (Yoast SEO v27.4) - https:\/\/yoast.com\/product\/yoast-seo-premium-wordpress\/ -->\n<title>Amanda M. Hauff &#8211; Commission de coop\u00e9ration environnementale<\/title>\n<meta name=\"robots\" content=\"noindex, follow\" \/>\n<meta property=\"og:locale\" content=\"fr_FR\" \/>\n<meta property=\"og:type\" content=\"article\" \/>\n<meta property=\"og:title\" content=\"Amanda M. Hauff\" \/>\n<meta property=\"og:description\" content=\"Amanda\u00a0M. Hauff est conseill\u00e8re principale en mati\u00e8re de justice environnementale au bureau des affaires internationales et tribales de l\u2019Environmental Protection Agency (EPA) des \u00c9tats-Unis. Durant toute sa carri\u00e8re, elle a g\u00e9r\u00e9 des programmes tribaux, internationaux, de sant\u00e9 infantile et de justice environnementale pour l\u2019EPA. Elle a \u00e9labor\u00e9 le premier plan strat\u00e9gique du groupe de travail [&hellip;]\" \/>\n<meta property=\"og:url\" content=\"https:\/\/www.cec.org\/fr\/speaker\/amanda-m-hauff\/\" \/>\n<meta property=\"og:site_name\" content=\"Commission de coop\u00e9ration environnementale\" \/>\n<meta property=\"article:publisher\" content=\"https:\/\/www.facebook.com\/CECconnect\" \/>\n<meta property=\"article:modified_time\" content=\"2024-07-11T18:47:41+00:00\" \/>\n<meta property=\"og:image\" content=\"https:\/\/www.cec.org\/wp-content\/uploads\/JPAC_Forum_Wilmington_Speaker_Session_2_Photo_Amanda_Hauff.webp\" \/>\n\t<meta property=\"og:image:width\" content=\"300\" \/>\n\t<meta property=\"og:image:height\" content=\"300\" \/>\n\t<meta property=\"og:image:type\" content=\"image\/webp\" \/>\n<meta name=\"twitter:card\" content=\"summary_large_image\" \/>\n<meta name=\"twitter:site\" content=\"@CECweb\" \/>\n<script type=\"application\/ld+json\" class=\"yoast-schema-graph\">{\"@context\":\"https:\\\/\\\/schema.org\",\"@graph\":[{\"@type\":\"WebPage\",\"@id\":\"https:\\\/\\\/www.cec.org\\\/fr\\\/speaker\\\/amanda-m-hauff\\\/\",\"url\":\"https:\\\/\\\/www.cec.org\\\/fr\\\/speaker\\\/amanda-m-hauff\\\/\",\"name\":\"Amanda M. Hauff &#8211; Commission de coop\u00e9ration environnementale\",\"isPartOf\":{\"@id\":\"https:\\\/\\\/www.cec.org\\\/fr\\\/#website\"},\"primaryImageOfPage\":{\"@id\":\"https:\\\/\\\/www.cec.org\\\/fr\\\/speaker\\\/amanda-m-hauff\\\/#primaryimage\"},\"image\":{\"@id\":\"https:\\\/\\\/www.cec.org\\\/fr\\\/speaker\\\/amanda-m-hauff\\\/#primaryimage\"},\"thumbnailUrl\":\"https:\\\/\\\/www.cec.org\\\/wp-content\\\/uploads\\\/JPAC_Forum_Wilmington_Speaker_Session_2_Photo_Amanda_Hauff.webp\",\"datePublished\":\"2024-06-10T21:20:10+00:00\",\"dateModified\":\"2024-07-11T18:47:41+00:00\",\"breadcrumb\":{\"@id\":\"https:\\\/\\\/www.cec.org\\\/fr\\\/speaker\\\/amanda-m-hauff\\\/#breadcrumb\"},\"inLanguage\":\"fr-FR\",\"potentialAction\":[{\"@type\":\"ReadAction\",\"target\":[\"https:\\\/\\\/www.cec.org\\\/fr\\\/speaker\\\/amanda-m-hauff\\\/\"]}]},{\"@type\":\"ImageObject\",\"inLanguage\":\"fr-FR\",\"@id\":\"https:\\\/\\\/www.cec.org\\\/fr\\\/speaker\\\/amanda-m-hauff\\\/#primaryimage\",\"url\":\"https:\\\/\\\/www.cec.org\\\/wp-content\\\/uploads\\\/JPAC_Forum_Wilmington_Speaker_Session_2_Photo_Amanda_Hauff.webp\",\"contentUrl\":\"https:\\\/\\\/www.cec.org\\\/wp-content\\\/uploads\\\/JPAC_Forum_Wilmington_Speaker_Session_2_Photo_Amanda_Hauff.webp\",\"width\":300,\"height\":300},{\"@type\":\"BreadcrumbList\",\"@id\":\"https:\\\/\\\/www.cec.org\\\/fr\\\/speaker\\\/amanda-m-hauff\\\/#breadcrumb\",\"itemListElement\":[{\"@type\":\"ListItem\",\"position\":1,\"name\":\"Accueil\",\"item\":\"https:\\\/\\\/www.cec.org\\\/fr\\\/\"},{\"@type\":\"ListItem\",\"position\":2,\"name\":\"Amanda M. Hauff\"}]},{\"@type\":\"WebSite\",\"@id\":\"https:\\\/\\\/www.cec.org\\\/fr\\\/#website\",\"url\":\"https:\\\/\\\/www.cec.org\\\/fr\\\/\",\"name\":\"Commission for Environmental Cooperation\",\"description\":\"Three countries working together to protect our shared environment\",\"alternateName\":\"CEC - CCA -CCE\",\"potentialAction\":[{\"@type\":\"SearchAction\",\"target\":{\"@type\":\"EntryPoint\",\"urlTemplate\":\"https:\\\/\\\/www.cec.org\\\/fr\\\/?s={search_term_string}\"},\"query-input\":{\"@type\":\"PropertyValueSpecification\",\"valueRequired\":true,\"valueName\":\"search_term_string\"}}],\"inLanguage\":\"fr-FR\"}]}<\/script>\n<!-- \/ Yoast SEO Premium plugin. -->","yoast_head_json":{"title":"Amanda M. Hauff &#8211; Commission de coop\u00e9ration environnementale","robots":{"index":"noindex","follow":"follow"},"og_locale":"fr_FR","og_type":"article","og_title":"Amanda M. Hauff","og_description":"Amanda\u00a0M. Hauff est conseill\u00e8re principale en mati\u00e8re de justice environnementale au bureau des affaires internationales et tribales de l\u2019Environmental Protection Agency (EPA) des \u00c9tats-Unis. Durant toute sa carri\u00e8re, elle a g\u00e9r\u00e9 des programmes tribaux, internationaux, de sant\u00e9 infantile et de justice environnementale pour l\u2019EPA. Elle a \u00e9labor\u00e9 le premier plan strat\u00e9gique du groupe de travail [&hellip;]","og_url":"https:\/\/www.cec.org\/fr\/speaker\/amanda-m-hauff\/","og_site_name":"Commission de coop\u00e9ration environnementale","article_publisher":"https:\/\/www.facebook.com\/CECconnect","article_modified_time":"2024-07-11T18:47:41+00:00","og_image":[{"width":300,"height":300,"url":"https:\/\/www.cec.org\/wp-content\/uploads\/JPAC_Forum_Wilmington_Speaker_Session_2_Photo_Amanda_Hauff.webp","type":"image\/webp"}],"twitter_card":"summary_large_image","twitter_site":"@CECweb","schema":{"@context":"https:\/\/schema.org","@graph":[{"@type":"WebPage","@id":"https:\/\/www.cec.org\/fr\/speaker\/amanda-m-hauff\/","url":"https:\/\/www.cec.org\/fr\/speaker\/amanda-m-hauff\/","name":"Amanda M. Hauff &#8211; Commission de coop\u00e9ration environnementale","isPartOf":{"@id":"https:\/\/www.cec.org\/fr\/#website"},"primaryImageOfPage":{"@id":"https:\/\/www.cec.org\/fr\/speaker\/amanda-m-hauff\/#primaryimage"},"image":{"@id":"https:\/\/www.cec.org\/fr\/speaker\/amanda-m-hauff\/#primaryimage"},"thumbnailUrl":"https:\/\/www.cec.org\/wp-content\/uploads\/JPAC_Forum_Wilmington_Speaker_Session_2_Photo_Amanda_Hauff.webp","datePublished":"2024-06-10T21:20:10+00:00","dateModified":"2024-07-11T18:47:41+00:00","breadcrumb":{"@id":"https:\/\/www.cec.org\/fr\/speaker\/amanda-m-hauff\/#breadcrumb"},"inLanguage":"fr-FR","potentialAction":[{"@type":"ReadAction","target":["https:\/\/www.cec.org\/fr\/speaker\/amanda-m-hauff\/"]}]},{"@type":"ImageObject","inLanguage":"fr-FR","@id":"https:\/\/www.cec.org\/fr\/speaker\/amanda-m-hauff\/#primaryimage","url":"https:\/\/www.cec.org\/wp-content\/uploads\/JPAC_Forum_Wilmington_Speaker_Session_2_Photo_Amanda_Hauff.webp","contentUrl":"https:\/\/www.cec.org\/wp-content\/uploads\/JPAC_Forum_Wilmington_Speaker_Session_2_Photo_Amanda_Hauff.webp","width":300,"height":300},{"@type":"BreadcrumbList","@id":"https:\/\/www.cec.org\/fr\/speaker\/amanda-m-hauff\/#breadcrumb","itemListElement":[{"@type":"ListItem","position":1,"name":"Accueil","item":"https:\/\/www.cec.org\/fr\/"},{"@type":"ListItem","position":2,"name":"Amanda M. Hauff"}]},{"@type":"WebSite","@id":"https:\/\/www.cec.org\/fr\/#website","url":"https:\/\/www.cec.org\/fr\/","name":"Commission for Environmental Cooperation","description":"Three countries working together to protect our shared environment","alternateName":"CEC - CCA -CCE","potentialAction":[{"@type":"SearchAction","target":{"@type":"EntryPoint","urlTemplate":"https:\/\/www.cec.org\/fr\/?s={search_term_string}"},"query-input":{"@type":"PropertyValueSpecification","valueRequired":true,"valueName":"search_term_string"}}],"inLanguage":"fr-FR"}]}},"_links":{"self":[{"href":"https:\/\/www.cec.org\/fr\/wp-json\/wp\/v2\/speaker\/55515","targetHints":{"allow":["GET"]}}],"collection":[{"href":"https:\/\/www.cec.org\/fr\/wp-json\/wp\/v2\/speaker"}],"about":[{"href":"https:\/\/www.cec.org\/fr\/wp-json\/wp\/v2\/types\/speaker"}],"wp:featuredmedia":[{"embeddable":true,"href":"https:\/\/www.cec.org\/fr\/wp-json\/wp\/v2\/media\/55539"}],"wp:attachment":[{"href":"https:\/\/www.cec.org\/fr\/wp-json\/wp\/v2\/media?parent=55515"}],"curies":[{"name":"wp","href":"https:\/\/api.w.org\/{rel}","templated":true}]}}