{"id":55514,"date":"2024-06-10T17:14:00","date_gmt":"2024-06-10T21:14:00","guid":{"rendered":"http:\/\/www.cec.org\/speaker\/erika-hernandez-mariaca\/"},"modified":"2024-07-11T14:47:42","modified_gmt":"2024-07-11T18:47:42","slug":"erika-hernandez-mariaca","status":"publish","type":"speaker","link":"https:\/\/www.cec.org\/fr\/speaker\/erika-hernandez-mariaca\/","title":{"rendered":"Erika Hern\u00e1ndez Mariaca"},"content":{"rendered":"<p>Erika Hern\u00e1ndez Mariaca est membre du peuple autochtone nahua de Cuentepec, dans l\u2019\u00c9tat du Morelos, au Mexique. Elle milite au sein de<em> Red de Futuros Ind\u00edgenas<\/em>, organisme qui se consacre \u00e0 la conception et \u00e0 la publication de r\u00e9cits portant sur la crise climatique. Elle est cofondatrice du collectif Cuentepec Tosepan, vou\u00e9 \u00e0 la d\u00e9fense du territoire, et membre de l\u2019Unification des peuples et des colonies contre l\u2019exploitation mini\u00e8re \u00e0 Morelos. Elle se sp\u00e9cialise en \u00e9ducation environnementale populaire dans une perspective interculturelle et dans la propagation de la langue n\u00e1huatl. Elle est titulaire d\u2019un dipl\u00f4me en travail social de l\u2019Universit\u00e9 autonome de l\u2019\u00c9tat de Morelos.<\/p>\n","protected":false},"excerpt":{"rendered":"<p>Erika Hern\u00e1ndez Mariaca est membre du peuple autochtone nahua de Cuentepec, dans l\u2019\u00c9tat du Morelos, au Mexique. Elle milite au sein de Red de Futuros Ind\u00edgenas, organisme qui se consacre \u00e0 la conception et \u00e0 la publication de r\u00e9cits portant sur la crise climatique. Elle est cofondatrice du collectif Cuentepec Tosepan, vou\u00e9 \u00e0 la d\u00e9fense [&hellip;]<\/p>\n","protected":false},"featured_media":55542,"template":"","class_list":["post-55514","speaker","type-speaker","status-publish","has-post-thumbnail","hentry","country-mexique"],"acf":[],"yoast_head":"<!-- This site is optimized with the Yoast SEO Premium plugin v27.4 (Yoast SEO v27.4) - https:\/\/yoast.com\/product\/yoast-seo-premium-wordpress\/ -->\n<title>Erika Hern\u00e1ndez Mariaca &#8211; Commission de coop\u00e9ration environnementale<\/title>\n<meta name=\"robots\" content=\"noindex, follow\" \/>\n<meta property=\"og:locale\" content=\"fr_FR\" \/>\n<meta property=\"og:type\" content=\"article\" \/>\n<meta property=\"og:title\" content=\"Erika Hern\u00e1ndez Mariaca\" \/>\n<meta property=\"og:description\" content=\"Erika Hern\u00e1ndez Mariaca est membre du peuple autochtone nahua de Cuentepec, dans l\u2019\u00c9tat du Morelos, au Mexique. Elle milite au sein de Red de Futuros Ind\u00edgenas, organisme qui se consacre \u00e0 la conception et \u00e0 la publication de r\u00e9cits portant sur la crise climatique. Elle est cofondatrice du collectif Cuentepec Tosepan, vou\u00e9 \u00e0 la d\u00e9fense [&hellip;]\" \/>\n<meta property=\"og:url\" content=\"https:\/\/www.cec.org\/fr\/speaker\/erika-hernandez-mariaca\/\" \/>\n<meta property=\"og:site_name\" content=\"Commission de coop\u00e9ration environnementale\" \/>\n<meta property=\"article:publisher\" content=\"https:\/\/www.facebook.com\/CECconnect\" \/>\n<meta property=\"article:modified_time\" content=\"2024-07-11T18:47:42+00:00\" \/>\n<meta property=\"og:image\" content=\"https:\/\/www.cec.org\/wp-content\/uploads\/JPAC_Forum_Wilmington_Speaker_Session_2_Photo_Erika-Hernandez.webp\" \/>\n\t<meta property=\"og:image:width\" content=\"600\" \/>\n\t<meta property=\"og:image:height\" content=\"600\" \/>\n\t<meta property=\"og:image:type\" content=\"image\/webp\" \/>\n<meta name=\"twitter:card\" content=\"summary_large_image\" \/>\n<meta name=\"twitter:site\" content=\"@CECweb\" \/>\n<script type=\"application\/ld+json\" class=\"yoast-schema-graph\">{\"@context\":\"https:\\\/\\\/schema.org\",\"@graph\":[{\"@type\":\"WebPage\",\"@id\":\"https:\\\/\\\/www.cec.org\\\/fr\\\/speaker\\\/erika-hernandez-mariaca\\\/\",\"url\":\"https:\\\/\\\/www.cec.org\\\/fr\\\/speaker\\\/erika-hernandez-mariaca\\\/\",\"name\":\"Erika Hern\u00e1ndez Mariaca &#8211; Commission de coop\u00e9ration environnementale\",\"isPartOf\":{\"@id\":\"https:\\\/\\\/www.cec.org\\\/fr\\\/#website\"},\"primaryImageOfPage\":{\"@id\":\"https:\\\/\\\/www.cec.org\\\/fr\\\/speaker\\\/erika-hernandez-mariaca\\\/#primaryimage\"},\"image\":{\"@id\":\"https:\\\/\\\/www.cec.org\\\/fr\\\/speaker\\\/erika-hernandez-mariaca\\\/#primaryimage\"},\"thumbnailUrl\":\"https:\\\/\\\/www.cec.org\\\/wp-content\\\/uploads\\\/JPAC_Forum_Wilmington_Speaker_Session_2_Photo_Erika-Hernandez.webp\",\"datePublished\":\"2024-06-10T21:14:00+00:00\",\"dateModified\":\"2024-07-11T18:47:42+00:00\",\"breadcrumb\":{\"@id\":\"https:\\\/\\\/www.cec.org\\\/fr\\\/speaker\\\/erika-hernandez-mariaca\\\/#breadcrumb\"},\"inLanguage\":\"fr-FR\",\"potentialAction\":[{\"@type\":\"ReadAction\",\"target\":[\"https:\\\/\\\/www.cec.org\\\/fr\\\/speaker\\\/erika-hernandez-mariaca\\\/\"]}]},{\"@type\":\"ImageObject\",\"inLanguage\":\"fr-FR\",\"@id\":\"https:\\\/\\\/www.cec.org\\\/fr\\\/speaker\\\/erika-hernandez-mariaca\\\/#primaryimage\",\"url\":\"https:\\\/\\\/www.cec.org\\\/wp-content\\\/uploads\\\/JPAC_Forum_Wilmington_Speaker_Session_2_Photo_Erika-Hernandez.webp\",\"contentUrl\":\"https:\\\/\\\/www.cec.org\\\/wp-content\\\/uploads\\\/JPAC_Forum_Wilmington_Speaker_Session_2_Photo_Erika-Hernandez.webp\",\"width\":600,\"height\":600},{\"@type\":\"BreadcrumbList\",\"@id\":\"https:\\\/\\\/www.cec.org\\\/fr\\\/speaker\\\/erika-hernandez-mariaca\\\/#breadcrumb\",\"itemListElement\":[{\"@type\":\"ListItem\",\"position\":1,\"name\":\"Accueil\",\"item\":\"https:\\\/\\\/www.cec.org\\\/fr\\\/\"},{\"@type\":\"ListItem\",\"position\":2,\"name\":\"Erika Hern\u00e1ndez Mariaca\"}]},{\"@type\":\"WebSite\",\"@id\":\"https:\\\/\\\/www.cec.org\\\/fr\\\/#website\",\"url\":\"https:\\\/\\\/www.cec.org\\\/fr\\\/\",\"name\":\"Commission for Environmental Cooperation\",\"description\":\"Three countries working together to protect our shared environment\",\"alternateName\":\"CEC - CCA -CCE\",\"potentialAction\":[{\"@type\":\"SearchAction\",\"target\":{\"@type\":\"EntryPoint\",\"urlTemplate\":\"https:\\\/\\\/www.cec.org\\\/fr\\\/?s={search_term_string}\"},\"query-input\":{\"@type\":\"PropertyValueSpecification\",\"valueRequired\":true,\"valueName\":\"search_term_string\"}}],\"inLanguage\":\"fr-FR\"}]}<\/script>\n<!-- \/ Yoast SEO Premium plugin. -->","yoast_head_json":{"title":"Erika Hern\u00e1ndez Mariaca &#8211; Commission de coop\u00e9ration environnementale","robots":{"index":"noindex","follow":"follow"},"og_locale":"fr_FR","og_type":"article","og_title":"Erika Hern\u00e1ndez Mariaca","og_description":"Erika Hern\u00e1ndez Mariaca est membre du peuple autochtone nahua de Cuentepec, dans l\u2019\u00c9tat du Morelos, au Mexique. Elle milite au sein de Red de Futuros Ind\u00edgenas, organisme qui se consacre \u00e0 la conception et \u00e0 la publication de r\u00e9cits portant sur la crise climatique. Elle est cofondatrice du collectif Cuentepec Tosepan, vou\u00e9 \u00e0 la d\u00e9fense [&hellip;]","og_url":"https:\/\/www.cec.org\/fr\/speaker\/erika-hernandez-mariaca\/","og_site_name":"Commission de coop\u00e9ration environnementale","article_publisher":"https:\/\/www.facebook.com\/CECconnect","article_modified_time":"2024-07-11T18:47:42+00:00","og_image":[{"width":600,"height":600,"url":"https:\/\/www.cec.org\/wp-content\/uploads\/JPAC_Forum_Wilmington_Speaker_Session_2_Photo_Erika-Hernandez.webp","type":"image\/webp"}],"twitter_card":"summary_large_image","twitter_site":"@CECweb","schema":{"@context":"https:\/\/schema.org","@graph":[{"@type":"WebPage","@id":"https:\/\/www.cec.org\/fr\/speaker\/erika-hernandez-mariaca\/","url":"https:\/\/www.cec.org\/fr\/speaker\/erika-hernandez-mariaca\/","name":"Erika Hern\u00e1ndez Mariaca &#8211; Commission de coop\u00e9ration environnementale","isPartOf":{"@id":"https:\/\/www.cec.org\/fr\/#website"},"primaryImageOfPage":{"@id":"https:\/\/www.cec.org\/fr\/speaker\/erika-hernandez-mariaca\/#primaryimage"},"image":{"@id":"https:\/\/www.cec.org\/fr\/speaker\/erika-hernandez-mariaca\/#primaryimage"},"thumbnailUrl":"https:\/\/www.cec.org\/wp-content\/uploads\/JPAC_Forum_Wilmington_Speaker_Session_2_Photo_Erika-Hernandez.webp","datePublished":"2024-06-10T21:14:00+00:00","dateModified":"2024-07-11T18:47:42+00:00","breadcrumb":{"@id":"https:\/\/www.cec.org\/fr\/speaker\/erika-hernandez-mariaca\/#breadcrumb"},"inLanguage":"fr-FR","potentialAction":[{"@type":"ReadAction","target":["https:\/\/www.cec.org\/fr\/speaker\/erika-hernandez-mariaca\/"]}]},{"@type":"ImageObject","inLanguage":"fr-FR","@id":"https:\/\/www.cec.org\/fr\/speaker\/erika-hernandez-mariaca\/#primaryimage","url":"https:\/\/www.cec.org\/wp-content\/uploads\/JPAC_Forum_Wilmington_Speaker_Session_2_Photo_Erika-Hernandez.webp","contentUrl":"https:\/\/www.cec.org\/wp-content\/uploads\/JPAC_Forum_Wilmington_Speaker_Session_2_Photo_Erika-Hernandez.webp","width":600,"height":600},{"@type":"BreadcrumbList","@id":"https:\/\/www.cec.org\/fr\/speaker\/erika-hernandez-mariaca\/#breadcrumb","itemListElement":[{"@type":"ListItem","position":1,"name":"Accueil","item":"https:\/\/www.cec.org\/fr\/"},{"@type":"ListItem","position":2,"name":"Erika Hern\u00e1ndez Mariaca"}]},{"@type":"WebSite","@id":"https:\/\/www.cec.org\/fr\/#website","url":"https:\/\/www.cec.org\/fr\/","name":"Commission for Environmental Cooperation","description":"Three countries working together to protect our shared environment","alternateName":"CEC - CCA -CCE","potentialAction":[{"@type":"SearchAction","target":{"@type":"EntryPoint","urlTemplate":"https:\/\/www.cec.org\/fr\/?s={search_term_string}"},"query-input":{"@type":"PropertyValueSpecification","valueRequired":true,"valueName":"search_term_string"}}],"inLanguage":"fr-FR"}]}},"_links":{"self":[{"href":"https:\/\/www.cec.org\/fr\/wp-json\/wp\/v2\/speaker\/55514","targetHints":{"allow":["GET"]}}],"collection":[{"href":"https:\/\/www.cec.org\/fr\/wp-json\/wp\/v2\/speaker"}],"about":[{"href":"https:\/\/www.cec.org\/fr\/wp-json\/wp\/v2\/types\/speaker"}],"wp:featuredmedia":[{"embeddable":true,"href":"https:\/\/www.cec.org\/fr\/wp-json\/wp\/v2\/media\/55542"}],"wp:attachment":[{"href":"https:\/\/www.cec.org\/fr\/wp-json\/wp\/v2\/media?parent=55514"}],"curies":[{"name":"wp","href":"https:\/\/api.w.org\/{rel}","templated":true}]}}