{"id":55513,"date":"2024-06-10T17:13:24","date_gmt":"2024-06-10T21:13:24","guid":{"rendered":"http:\/\/www.cec.org\/speaker\/alienor-rougeot\/"},"modified":"2024-07-11T14:47:43","modified_gmt":"2024-07-11T18:47:43","slug":"alienor-rougeot","status":"publish","type":"speaker","link":"https:\/\/www.cec.org\/fr\/speaker\/alienor-rougeot\/","title":{"rendered":"Ali\u00e9nor Rougeot"},"content":{"rendered":"<p>Ali\u00e9nor (Allie) Rougeot, canadienne d\u2019origine fran\u00e7aise bas\u00e9e \u00e0 Toronto, milite pour la justice climatique. Elle est gestionnaire du programme sur le climat et l\u2019\u00e9nergie au sein de l\u2019organisme Environmental Defence Canada, o\u00f9 elle d\u00e9fend une transition \u00e9nerg\u00e9tique qui est \u00e9quitable pour les travailleur\u00b7euses et les collectivit\u00e9s. Elle a cofond\u00e9 et dirig\u00e9 le groupe Fridays for Future Toronto lorsqu\u2019elle \u00e9tait \u00e9tudiante en \u00e9conomie \u00e0 l\u2019Universit\u00e9 de Toronto.<\/p>\n","protected":false},"excerpt":{"rendered":"<p>Ali\u00e9nor (Allie) Rougeot, canadienne d\u2019origine fran\u00e7aise bas\u00e9e \u00e0 Toronto, milite pour la justice climatique. Elle est gestionnaire du programme sur le climat et l\u2019\u00e9nergie au sein de l\u2019organisme Environmental Defence Canada, o\u00f9 elle d\u00e9fend une transition \u00e9nerg\u00e9tique qui est \u00e9quitable pour les travailleur\u00b7euses et les collectivit\u00e9s. Elle a cofond\u00e9 et dirig\u00e9 le groupe Fridays for [&hellip;]<\/p>\n","protected":false},"featured_media":55536,"template":"","class_list":["post-55513","speaker","type-speaker","status-publish","has-post-thumbnail","hentry","country-canada-fr"],"acf":[],"yoast_head":"<!-- This site is optimized with the Yoast SEO Premium plugin v27.4 (Yoast SEO v27.4) - https:\/\/yoast.com\/product\/yoast-seo-premium-wordpress\/ -->\n<title>Ali\u00e9nor Rougeot &#8211; Commission de coop\u00e9ration environnementale<\/title>\n<meta name=\"robots\" content=\"noindex, follow\" \/>\n<meta property=\"og:locale\" content=\"fr_FR\" \/>\n<meta property=\"og:type\" content=\"article\" \/>\n<meta property=\"og:title\" content=\"Ali\u00e9nor Rougeot\" \/>\n<meta property=\"og:description\" content=\"Ali\u00e9nor (Allie) Rougeot, canadienne d\u2019origine fran\u00e7aise bas\u00e9e \u00e0 Toronto, milite pour la justice climatique. Elle est gestionnaire du programme sur le climat et l\u2019\u00e9nergie au sein de l\u2019organisme Environmental Defence Canada, o\u00f9 elle d\u00e9fend une transition \u00e9nerg\u00e9tique qui est \u00e9quitable pour les travailleur\u00b7euses et les collectivit\u00e9s. Elle a cofond\u00e9 et dirig\u00e9 le groupe Fridays for [&hellip;]\" \/>\n<meta property=\"og:url\" content=\"https:\/\/www.cec.org\/fr\/speaker\/alienor-rougeot\/\" \/>\n<meta property=\"og:site_name\" content=\"Commission de coop\u00e9ration environnementale\" \/>\n<meta property=\"article:publisher\" content=\"https:\/\/www.facebook.com\/CECconnect\" \/>\n<meta property=\"article:modified_time\" content=\"2024-07-11T18:47:43+00:00\" \/>\n<meta property=\"og:image\" content=\"https:\/\/www.cec.org\/wp-content\/uploads\/JPAC_Forum_Wilmington_Speaker_Session_2_Photo_Alienor-Rougeot.webp\" \/>\n\t<meta property=\"og:image:width\" content=\"300\" \/>\n\t<meta property=\"og:image:height\" content=\"300\" \/>\n\t<meta property=\"og:image:type\" content=\"image\/webp\" \/>\n<meta name=\"twitter:card\" content=\"summary_large_image\" \/>\n<meta name=\"twitter:site\" content=\"@CECweb\" \/>\n<script type=\"application\/ld+json\" class=\"yoast-schema-graph\">{\"@context\":\"https:\\\/\\\/schema.org\",\"@graph\":[{\"@type\":\"WebPage\",\"@id\":\"https:\\\/\\\/www.cec.org\\\/fr\\\/speaker\\\/alienor-rougeot\\\/\",\"url\":\"https:\\\/\\\/www.cec.org\\\/fr\\\/speaker\\\/alienor-rougeot\\\/\",\"name\":\"Ali\u00e9nor Rougeot &#8211; Commission de coop\u00e9ration environnementale\",\"isPartOf\":{\"@id\":\"https:\\\/\\\/www.cec.org\\\/fr\\\/#website\"},\"primaryImageOfPage\":{\"@id\":\"https:\\\/\\\/www.cec.org\\\/fr\\\/speaker\\\/alienor-rougeot\\\/#primaryimage\"},\"image\":{\"@id\":\"https:\\\/\\\/www.cec.org\\\/fr\\\/speaker\\\/alienor-rougeot\\\/#primaryimage\"},\"thumbnailUrl\":\"https:\\\/\\\/www.cec.org\\\/wp-content\\\/uploads\\\/JPAC_Forum_Wilmington_Speaker_Session_2_Photo_Alienor-Rougeot.webp\",\"datePublished\":\"2024-06-10T21:13:24+00:00\",\"dateModified\":\"2024-07-11T18:47:43+00:00\",\"breadcrumb\":{\"@id\":\"https:\\\/\\\/www.cec.org\\\/fr\\\/speaker\\\/alienor-rougeot\\\/#breadcrumb\"},\"inLanguage\":\"fr-FR\",\"potentialAction\":[{\"@type\":\"ReadAction\",\"target\":[\"https:\\\/\\\/www.cec.org\\\/fr\\\/speaker\\\/alienor-rougeot\\\/\"]}]},{\"@type\":\"ImageObject\",\"inLanguage\":\"fr-FR\",\"@id\":\"https:\\\/\\\/www.cec.org\\\/fr\\\/speaker\\\/alienor-rougeot\\\/#primaryimage\",\"url\":\"https:\\\/\\\/www.cec.org\\\/wp-content\\\/uploads\\\/JPAC_Forum_Wilmington_Speaker_Session_2_Photo_Alienor-Rougeot.webp\",\"contentUrl\":\"https:\\\/\\\/www.cec.org\\\/wp-content\\\/uploads\\\/JPAC_Forum_Wilmington_Speaker_Session_2_Photo_Alienor-Rougeot.webp\",\"width\":300,\"height\":300},{\"@type\":\"BreadcrumbList\",\"@id\":\"https:\\\/\\\/www.cec.org\\\/fr\\\/speaker\\\/alienor-rougeot\\\/#breadcrumb\",\"itemListElement\":[{\"@type\":\"ListItem\",\"position\":1,\"name\":\"Accueil\",\"item\":\"https:\\\/\\\/www.cec.org\\\/fr\\\/\"},{\"@type\":\"ListItem\",\"position\":2,\"name\":\"Ali\u00e9nor Rougeot\"}]},{\"@type\":\"WebSite\",\"@id\":\"https:\\\/\\\/www.cec.org\\\/fr\\\/#website\",\"url\":\"https:\\\/\\\/www.cec.org\\\/fr\\\/\",\"name\":\"Commission for Environmental Cooperation\",\"description\":\"Three countries working together to protect our shared environment\",\"alternateName\":\"CEC - CCA -CCE\",\"potentialAction\":[{\"@type\":\"SearchAction\",\"target\":{\"@type\":\"EntryPoint\",\"urlTemplate\":\"https:\\\/\\\/www.cec.org\\\/fr\\\/?s={search_term_string}\"},\"query-input\":{\"@type\":\"PropertyValueSpecification\",\"valueRequired\":true,\"valueName\":\"search_term_string\"}}],\"inLanguage\":\"fr-FR\"}]}<\/script>\n<!-- \/ Yoast SEO Premium plugin. -->","yoast_head_json":{"title":"Ali\u00e9nor Rougeot &#8211; Commission de coop\u00e9ration environnementale","robots":{"index":"noindex","follow":"follow"},"og_locale":"fr_FR","og_type":"article","og_title":"Ali\u00e9nor Rougeot","og_description":"Ali\u00e9nor (Allie) Rougeot, canadienne d\u2019origine fran\u00e7aise bas\u00e9e \u00e0 Toronto, milite pour la justice climatique. Elle est gestionnaire du programme sur le climat et l\u2019\u00e9nergie au sein de l\u2019organisme Environmental Defence Canada, o\u00f9 elle d\u00e9fend une transition \u00e9nerg\u00e9tique qui est \u00e9quitable pour les travailleur\u00b7euses et les collectivit\u00e9s. Elle a cofond\u00e9 et dirig\u00e9 le groupe Fridays for [&hellip;]","og_url":"https:\/\/www.cec.org\/fr\/speaker\/alienor-rougeot\/","og_site_name":"Commission de coop\u00e9ration environnementale","article_publisher":"https:\/\/www.facebook.com\/CECconnect","article_modified_time":"2024-07-11T18:47:43+00:00","og_image":[{"width":300,"height":300,"url":"https:\/\/www.cec.org\/wp-content\/uploads\/JPAC_Forum_Wilmington_Speaker_Session_2_Photo_Alienor-Rougeot.webp","type":"image\/webp"}],"twitter_card":"summary_large_image","twitter_site":"@CECweb","schema":{"@context":"https:\/\/schema.org","@graph":[{"@type":"WebPage","@id":"https:\/\/www.cec.org\/fr\/speaker\/alienor-rougeot\/","url":"https:\/\/www.cec.org\/fr\/speaker\/alienor-rougeot\/","name":"Ali\u00e9nor Rougeot &#8211; Commission de coop\u00e9ration environnementale","isPartOf":{"@id":"https:\/\/www.cec.org\/fr\/#website"},"primaryImageOfPage":{"@id":"https:\/\/www.cec.org\/fr\/speaker\/alienor-rougeot\/#primaryimage"},"image":{"@id":"https:\/\/www.cec.org\/fr\/speaker\/alienor-rougeot\/#primaryimage"},"thumbnailUrl":"https:\/\/www.cec.org\/wp-content\/uploads\/JPAC_Forum_Wilmington_Speaker_Session_2_Photo_Alienor-Rougeot.webp","datePublished":"2024-06-10T21:13:24+00:00","dateModified":"2024-07-11T18:47:43+00:00","breadcrumb":{"@id":"https:\/\/www.cec.org\/fr\/speaker\/alienor-rougeot\/#breadcrumb"},"inLanguage":"fr-FR","potentialAction":[{"@type":"ReadAction","target":["https:\/\/www.cec.org\/fr\/speaker\/alienor-rougeot\/"]}]},{"@type":"ImageObject","inLanguage":"fr-FR","@id":"https:\/\/www.cec.org\/fr\/speaker\/alienor-rougeot\/#primaryimage","url":"https:\/\/www.cec.org\/wp-content\/uploads\/JPAC_Forum_Wilmington_Speaker_Session_2_Photo_Alienor-Rougeot.webp","contentUrl":"https:\/\/www.cec.org\/wp-content\/uploads\/JPAC_Forum_Wilmington_Speaker_Session_2_Photo_Alienor-Rougeot.webp","width":300,"height":300},{"@type":"BreadcrumbList","@id":"https:\/\/www.cec.org\/fr\/speaker\/alienor-rougeot\/#breadcrumb","itemListElement":[{"@type":"ListItem","position":1,"name":"Accueil","item":"https:\/\/www.cec.org\/fr\/"},{"@type":"ListItem","position":2,"name":"Ali\u00e9nor Rougeot"}]},{"@type":"WebSite","@id":"https:\/\/www.cec.org\/fr\/#website","url":"https:\/\/www.cec.org\/fr\/","name":"Commission for Environmental Cooperation","description":"Three countries working together to protect our shared environment","alternateName":"CEC - CCA -CCE","potentialAction":[{"@type":"SearchAction","target":{"@type":"EntryPoint","urlTemplate":"https:\/\/www.cec.org\/fr\/?s={search_term_string}"},"query-input":{"@type":"PropertyValueSpecification","valueRequired":true,"valueName":"search_term_string"}}],"inLanguage":"fr-FR"}]}},"_links":{"self":[{"href":"https:\/\/www.cec.org\/fr\/wp-json\/wp\/v2\/speaker\/55513","targetHints":{"allow":["GET"]}}],"collection":[{"href":"https:\/\/www.cec.org\/fr\/wp-json\/wp\/v2\/speaker"}],"about":[{"href":"https:\/\/www.cec.org\/fr\/wp-json\/wp\/v2\/types\/speaker"}],"wp:featuredmedia":[{"embeddable":true,"href":"https:\/\/www.cec.org\/fr\/wp-json\/wp\/v2\/media\/55536"}],"wp:attachment":[{"href":"https:\/\/www.cec.org\/fr\/wp-json\/wp\/v2\/media?parent=55513"}],"curies":[{"name":"wp","href":"https:\/\/api.w.org\/{rel}","templated":true}]}}