{"id":55512,"date":"2024-06-10T17:12:32","date_gmt":"2024-06-10T21:12:32","guid":{"rendered":"http:\/\/www.cec.org\/speaker\/diandra-marizet-esparza\/"},"modified":"2024-07-11T14:47:43","modified_gmt":"2024-07-11T18:47:43","slug":"diandra-marizet-esparza","status":"publish","type":"speaker","link":"https:\/\/www.cec.org\/fr\/speaker\/diandra-marizet-esparza\/","title":{"rendered":"Diandra Marizet Esparza"},"content":{"rendered":"<p>Diandra Marizet Esparza est strat\u00e8ge en d\u00e9veloppement organisationnel, autrice publi\u00e9e et po\u00e8te, et a cofond\u00e9 l\u2019organisme Intersectional Environmentalist, dont elle est directrice g\u00e9n\u00e9rale. Ses travaux incitent les environnementalistes du monde entier \u00e0 concevoir la culture comme une expression de la relation \u00e0 la terre, et pr\u00e9conisent l\u2019accessibilit\u00e9 aux histoires diverses pour les g\u00e9n\u00e9rations \u00e0 venir. Diandra Marizet Esparza a particip\u00e9 \u00e0 la r\u00e9daction du livre <a href=\"https:\/\/bookshop.org\/p\/books\/the-intersectional-environmentalist-how-to-dismantle-systems-of-oppression-to-protect-people-planet\/18880714?ean=9780316279291&amp;ref=&amp;source=IndieBound&amp;title=\"><em>The Intersectional Environmentalist: How to Dismantle Systems of Oppression to Protect People + Planet<\/em><\/a>.<\/p>\n","protected":false},"excerpt":{"rendered":"<p>Diandra Marizet Esparza est strat\u00e8ge en d\u00e9veloppement organisationnel, autrice publi\u00e9e et po\u00e8te, et a cofond\u00e9 l\u2019organisme Intersectional Environmentalist, dont elle est directrice g\u00e9n\u00e9rale. Ses travaux incitent les environnementalistes du monde entier \u00e0 concevoir la culture comme une expression de la relation \u00e0 la terre, et pr\u00e9conisent l\u2019accessibilit\u00e9 aux histoires diverses pour les g\u00e9n\u00e9rations \u00e0 venir. [&hellip;]<\/p>\n","protected":false},"featured_media":55533,"template":"","class_list":["post-55512","speaker","type-speaker","status-publish","has-post-thumbnail","hentry","country-etats-unis"],"acf":[],"yoast_head":"<!-- This site is optimized with the Yoast SEO Premium plugin v27.4 (Yoast SEO v27.4) - https:\/\/yoast.com\/product\/yoast-seo-premium-wordpress\/ -->\n<title>Diandra Marizet Esparza &#8211; Commission de coop\u00e9ration environnementale<\/title>\n<meta name=\"robots\" content=\"noindex, follow\" \/>\n<meta property=\"og:locale\" content=\"fr_FR\" \/>\n<meta property=\"og:type\" content=\"article\" \/>\n<meta property=\"og:title\" content=\"Diandra Marizet Esparza\" \/>\n<meta property=\"og:description\" content=\"Diandra Marizet Esparza est strat\u00e8ge en d\u00e9veloppement organisationnel, autrice publi\u00e9e et po\u00e8te, et a cofond\u00e9 l\u2019organisme Intersectional Environmentalist, dont elle est directrice g\u00e9n\u00e9rale. Ses travaux incitent les environnementalistes du monde entier \u00e0 concevoir la culture comme une expression de la relation \u00e0 la terre, et pr\u00e9conisent l\u2019accessibilit\u00e9 aux histoires diverses pour les g\u00e9n\u00e9rations \u00e0 venir. [&hellip;]\" \/>\n<meta property=\"og:url\" content=\"https:\/\/www.cec.org\/fr\/speaker\/diandra-marizet-esparza\/\" \/>\n<meta property=\"og:site_name\" content=\"Commission de coop\u00e9ration environnementale\" \/>\n<meta property=\"article:publisher\" content=\"https:\/\/www.facebook.com\/CECconnect\" \/>\n<meta property=\"article:modified_time\" content=\"2024-07-11T18:47:43+00:00\" \/>\n<meta property=\"og:image\" content=\"https:\/\/www.cec.org\/wp-content\/uploads\/JPAC_Forum_Wilmington_Keynote-Speaker_Session_1__Photo_Diandra-Esparza-by-Sanetra-Longno.webp\" \/>\n\t<meta property=\"og:image:width\" content=\"300\" \/>\n\t<meta property=\"og:image:height\" content=\"300\" \/>\n\t<meta property=\"og:image:type\" content=\"image\/webp\" \/>\n<meta name=\"twitter:card\" content=\"summary_large_image\" \/>\n<meta name=\"twitter:site\" content=\"@CECweb\" \/>\n<script type=\"application\/ld+json\" class=\"yoast-schema-graph\">{\"@context\":\"https:\\\/\\\/schema.org\",\"@graph\":[{\"@type\":\"WebPage\",\"@id\":\"https:\\\/\\\/www.cec.org\\\/fr\\\/speaker\\\/diandra-marizet-esparza\\\/\",\"url\":\"https:\\\/\\\/www.cec.org\\\/fr\\\/speaker\\\/diandra-marizet-esparza\\\/\",\"name\":\"Diandra Marizet Esparza &#8211; Commission de coop\u00e9ration environnementale\",\"isPartOf\":{\"@id\":\"https:\\\/\\\/www.cec.org\\\/fr\\\/#website\"},\"primaryImageOfPage\":{\"@id\":\"https:\\\/\\\/www.cec.org\\\/fr\\\/speaker\\\/diandra-marizet-esparza\\\/#primaryimage\"},\"image\":{\"@id\":\"https:\\\/\\\/www.cec.org\\\/fr\\\/speaker\\\/diandra-marizet-esparza\\\/#primaryimage\"},\"thumbnailUrl\":\"https:\\\/\\\/www.cec.org\\\/wp-content\\\/uploads\\\/JPAC_Forum_Wilmington_Keynote-Speaker_Session_1__Photo_Diandra-Esparza-by-Sanetra-Longno.webp\",\"datePublished\":\"2024-06-10T21:12:32+00:00\",\"dateModified\":\"2024-07-11T18:47:43+00:00\",\"breadcrumb\":{\"@id\":\"https:\\\/\\\/www.cec.org\\\/fr\\\/speaker\\\/diandra-marizet-esparza\\\/#breadcrumb\"},\"inLanguage\":\"fr-FR\",\"potentialAction\":[{\"@type\":\"ReadAction\",\"target\":[\"https:\\\/\\\/www.cec.org\\\/fr\\\/speaker\\\/diandra-marizet-esparza\\\/\"]}]},{\"@type\":\"ImageObject\",\"inLanguage\":\"fr-FR\",\"@id\":\"https:\\\/\\\/www.cec.org\\\/fr\\\/speaker\\\/diandra-marizet-esparza\\\/#primaryimage\",\"url\":\"https:\\\/\\\/www.cec.org\\\/wp-content\\\/uploads\\\/JPAC_Forum_Wilmington_Keynote-Speaker_Session_1__Photo_Diandra-Esparza-by-Sanetra-Longno.webp\",\"contentUrl\":\"https:\\\/\\\/www.cec.org\\\/wp-content\\\/uploads\\\/JPAC_Forum_Wilmington_Keynote-Speaker_Session_1__Photo_Diandra-Esparza-by-Sanetra-Longno.webp\",\"width\":300,\"height\":300},{\"@type\":\"BreadcrumbList\",\"@id\":\"https:\\\/\\\/www.cec.org\\\/fr\\\/speaker\\\/diandra-marizet-esparza\\\/#breadcrumb\",\"itemListElement\":[{\"@type\":\"ListItem\",\"position\":1,\"name\":\"Accueil\",\"item\":\"https:\\\/\\\/www.cec.org\\\/fr\\\/\"},{\"@type\":\"ListItem\",\"position\":2,\"name\":\"Diandra Marizet Esparza\"}]},{\"@type\":\"WebSite\",\"@id\":\"https:\\\/\\\/www.cec.org\\\/fr\\\/#website\",\"url\":\"https:\\\/\\\/www.cec.org\\\/fr\\\/\",\"name\":\"Commission for Environmental Cooperation\",\"description\":\"Three countries working together to protect our shared environment\",\"alternateName\":\"CEC - CCA -CCE\",\"potentialAction\":[{\"@type\":\"SearchAction\",\"target\":{\"@type\":\"EntryPoint\",\"urlTemplate\":\"https:\\\/\\\/www.cec.org\\\/fr\\\/?s={search_term_string}\"},\"query-input\":{\"@type\":\"PropertyValueSpecification\",\"valueRequired\":true,\"valueName\":\"search_term_string\"}}],\"inLanguage\":\"fr-FR\"}]}<\/script>\n<!-- \/ Yoast SEO Premium plugin. -->","yoast_head_json":{"title":"Diandra Marizet Esparza &#8211; Commission de coop\u00e9ration environnementale","robots":{"index":"noindex","follow":"follow"},"og_locale":"fr_FR","og_type":"article","og_title":"Diandra Marizet Esparza","og_description":"Diandra Marizet Esparza est strat\u00e8ge en d\u00e9veloppement organisationnel, autrice publi\u00e9e et po\u00e8te, et a cofond\u00e9 l\u2019organisme Intersectional Environmentalist, dont elle est directrice g\u00e9n\u00e9rale. Ses travaux incitent les environnementalistes du monde entier \u00e0 concevoir la culture comme une expression de la relation \u00e0 la terre, et pr\u00e9conisent l\u2019accessibilit\u00e9 aux histoires diverses pour les g\u00e9n\u00e9rations \u00e0 venir. [&hellip;]","og_url":"https:\/\/www.cec.org\/fr\/speaker\/diandra-marizet-esparza\/","og_site_name":"Commission de coop\u00e9ration environnementale","article_publisher":"https:\/\/www.facebook.com\/CECconnect","article_modified_time":"2024-07-11T18:47:43+00:00","og_image":[{"width":300,"height":300,"url":"https:\/\/www.cec.org\/wp-content\/uploads\/JPAC_Forum_Wilmington_Keynote-Speaker_Session_1__Photo_Diandra-Esparza-by-Sanetra-Longno.webp","type":"image\/webp"}],"twitter_card":"summary_large_image","twitter_site":"@CECweb","schema":{"@context":"https:\/\/schema.org","@graph":[{"@type":"WebPage","@id":"https:\/\/www.cec.org\/fr\/speaker\/diandra-marizet-esparza\/","url":"https:\/\/www.cec.org\/fr\/speaker\/diandra-marizet-esparza\/","name":"Diandra Marizet Esparza &#8211; Commission de coop\u00e9ration environnementale","isPartOf":{"@id":"https:\/\/www.cec.org\/fr\/#website"},"primaryImageOfPage":{"@id":"https:\/\/www.cec.org\/fr\/speaker\/diandra-marizet-esparza\/#primaryimage"},"image":{"@id":"https:\/\/www.cec.org\/fr\/speaker\/diandra-marizet-esparza\/#primaryimage"},"thumbnailUrl":"https:\/\/www.cec.org\/wp-content\/uploads\/JPAC_Forum_Wilmington_Keynote-Speaker_Session_1__Photo_Diandra-Esparza-by-Sanetra-Longno.webp","datePublished":"2024-06-10T21:12:32+00:00","dateModified":"2024-07-11T18:47:43+00:00","breadcrumb":{"@id":"https:\/\/www.cec.org\/fr\/speaker\/diandra-marizet-esparza\/#breadcrumb"},"inLanguage":"fr-FR","potentialAction":[{"@type":"ReadAction","target":["https:\/\/www.cec.org\/fr\/speaker\/diandra-marizet-esparza\/"]}]},{"@type":"ImageObject","inLanguage":"fr-FR","@id":"https:\/\/www.cec.org\/fr\/speaker\/diandra-marizet-esparza\/#primaryimage","url":"https:\/\/www.cec.org\/wp-content\/uploads\/JPAC_Forum_Wilmington_Keynote-Speaker_Session_1__Photo_Diandra-Esparza-by-Sanetra-Longno.webp","contentUrl":"https:\/\/www.cec.org\/wp-content\/uploads\/JPAC_Forum_Wilmington_Keynote-Speaker_Session_1__Photo_Diandra-Esparza-by-Sanetra-Longno.webp","width":300,"height":300},{"@type":"BreadcrumbList","@id":"https:\/\/www.cec.org\/fr\/speaker\/diandra-marizet-esparza\/#breadcrumb","itemListElement":[{"@type":"ListItem","position":1,"name":"Accueil","item":"https:\/\/www.cec.org\/fr\/"},{"@type":"ListItem","position":2,"name":"Diandra Marizet Esparza"}]},{"@type":"WebSite","@id":"https:\/\/www.cec.org\/fr\/#website","url":"https:\/\/www.cec.org\/fr\/","name":"Commission for Environmental Cooperation","description":"Three countries working together to protect our shared environment","alternateName":"CEC - CCA -CCE","potentialAction":[{"@type":"SearchAction","target":{"@type":"EntryPoint","urlTemplate":"https:\/\/www.cec.org\/fr\/?s={search_term_string}"},"query-input":{"@type":"PropertyValueSpecification","valueRequired":true,"valueName":"search_term_string"}}],"inLanguage":"fr-FR"}]}},"_links":{"self":[{"href":"https:\/\/www.cec.org\/fr\/wp-json\/wp\/v2\/speaker\/55512","targetHints":{"allow":["GET"]}}],"collection":[{"href":"https:\/\/www.cec.org\/fr\/wp-json\/wp\/v2\/speaker"}],"about":[{"href":"https:\/\/www.cec.org\/fr\/wp-json\/wp\/v2\/types\/speaker"}],"wp:featuredmedia":[{"embeddable":true,"href":"https:\/\/www.cec.org\/fr\/wp-json\/wp\/v2\/media\/55533"}],"wp:attachment":[{"href":"https:\/\/www.cec.org\/fr\/wp-json\/wp\/v2\/media?parent=55512"}],"curies":[{"name":"wp","href":"https:\/\/api.w.org\/{rel}","templated":true}]}}