{"id":53958,"date":"2023-12-08T17:50:29","date_gmt":"2023-12-08T22:50:29","guid":{"rendered":"http:\/\/www.cec.org\/speaker\/maria-luisa-soto-moreno\/"},"modified":"2024-07-11T14:47:52","modified_gmt":"2024-07-11T18:47:52","slug":"maria-luisa-soto-moreno","status":"publish","type":"speaker","link":"https:\/\/www.cec.org\/fr\/speaker\/maria-luisa-soto-moreno\/","title":{"rendered":"Mar\u00eda Luisa Soto Moreno"},"content":{"rendered":"<p>Mar\u00eda Luisa Soto Moreno agit \u00e0 titre de collaboratrice et consultante active aupr\u00e8s de nombreuses organisations civiles sur des questions de protection, de conservation et de restauration des ressources foresti\u00e8res, des sols et des eaux. Depuis 1990, Mar\u00eda Luisa Soto Moreno travaille au sein de l\u2019<em>Unidad de Conservaci\u00f3n y Desarrollo Forestal Integral Topia<\/em>\u00a0(Unit\u00e9 de conservation et de d\u00e9veloppement forestier int\u00e9gr\u00e9 de Topia), o\u00f9 elle offre des services-conseils complets, de la formation, de l\u2019accompagnement et des services de liaison aux\u00a0<em>ejidos<\/em>\u00a0et aux collectivit\u00e9s de l\u2019\u00c9tat de Durango, au Mexique.<\/p>\n<p>Au cours de sa carri\u00e8re, elle a soutenu, aupr\u00e8s d\u2019organismes nationaux et internationaux, la certification de la saine gestion foresti\u00e8re dans le cadre de programmes productifs (apiculture, culture de plantes m\u00e9dicinales et entreprises communautaires de femmes, entre autres) \u00e9tablis dans des collectivit\u00e9s partout dans l\u2019\u00c9tat.<\/p>\n<p>Elle coordonne actuellement des projets de capture de carbone dans le cadre du protocole\u00a0<em>Climate Action Reserve<\/em>\u00a0(CAR, R\u00e9serve d\u2019action pour le climat) et du premier parrainage de\u00a0<em>Servicios Ecosist\u00e9micos FSC<\/em>\u00a0(Services \u00e9cosyst\u00e9miques FSC), initiative commune entre l\u2019entreprise Del Fuerte et l\u2019ejido de Topia en mati\u00e8re de pr\u00e9servation des for\u00eats et des eaux.<\/p>\n","protected":false},"excerpt":{"rendered":"<p>Mar\u00eda Luisa Soto Moreno agit \u00e0 titre de collaboratrice et consultante active aupr\u00e8s de nombreuses organisations civiles sur des questions de protection, de conservation et de restauration des ressources foresti\u00e8res, des sols et des eaux. Depuis 1990, Mar\u00eda Luisa Soto Moreno travaille au sein de l\u2019Unidad de Conservaci\u00f3n y Desarrollo Forestal Integral Topia\u00a0(Unit\u00e9 de conservation [&hellip;]<\/p>\n","protected":false},"featured_media":53511,"template":"","class_list":["post-53958","speaker","type-speaker","status-publish","has-post-thumbnail","hentry","country-mexique"],"acf":[],"yoast_head":"<!-- This site is optimized with the Yoast SEO Premium plugin v27.4 (Yoast SEO v27.4) - https:\/\/yoast.com\/product\/yoast-seo-premium-wordpress\/ -->\n<title>Mar\u00eda Luisa Soto Moreno &#8211; Commission de coop\u00e9ration environnementale<\/title>\n<meta name=\"robots\" content=\"noindex, follow\" \/>\n<meta property=\"og:locale\" content=\"fr_FR\" \/>\n<meta property=\"og:type\" content=\"article\" \/>\n<meta property=\"og:title\" content=\"Mar\u00eda Luisa Soto Moreno\" \/>\n<meta property=\"og:description\" content=\"Mar\u00eda Luisa Soto Moreno agit \u00e0 titre de collaboratrice et consultante active aupr\u00e8s de nombreuses organisations civiles sur des questions de protection, de conservation et de restauration des ressources foresti\u00e8res, des sols et des eaux. Depuis 1990, Mar\u00eda Luisa Soto Moreno travaille au sein de l\u2019Unidad de Conservaci\u00f3n y Desarrollo Forestal Integral Topia\u00a0(Unit\u00e9 de conservation [&hellip;]\" \/>\n<meta property=\"og:url\" content=\"https:\/\/www.cec.org\/fr\/speaker\/maria-luisa-soto-moreno\/\" \/>\n<meta property=\"og:site_name\" content=\"Commission de coop\u00e9ration environnementale\" \/>\n<meta property=\"article:publisher\" content=\"https:\/\/www.facebook.com\/CECconnect\" \/>\n<meta property=\"article:modified_time\" content=\"2024-07-11T18:47:52+00:00\" \/>\n<meta property=\"og:image\" content=\"https:\/\/www.cec.org\/wp-content\/uploads\/Maria-Luisa-Soto-Moreno.webp\" \/>\n\t<meta property=\"og:image:width\" content=\"300\" \/>\n\t<meta property=\"og:image:height\" content=\"300\" \/>\n\t<meta property=\"og:image:type\" content=\"image\/webp\" \/>\n<meta name=\"twitter:card\" content=\"summary_large_image\" \/>\n<meta name=\"twitter:site\" content=\"@CECweb\" \/>\n<script type=\"application\/ld+json\" class=\"yoast-schema-graph\">{\"@context\":\"https:\\\/\\\/schema.org\",\"@graph\":[{\"@type\":\"WebPage\",\"@id\":\"https:\\\/\\\/www.cec.org\\\/fr\\\/speaker\\\/maria-luisa-soto-moreno\\\/\",\"url\":\"https:\\\/\\\/www.cec.org\\\/fr\\\/speaker\\\/maria-luisa-soto-moreno\\\/\",\"name\":\"Mar\u00eda Luisa Soto Moreno &#8211; Commission de coop\u00e9ration environnementale\",\"isPartOf\":{\"@id\":\"https:\\\/\\\/www.cec.org\\\/fr\\\/#website\"},\"primaryImageOfPage\":{\"@id\":\"https:\\\/\\\/www.cec.org\\\/fr\\\/speaker\\\/maria-luisa-soto-moreno\\\/#primaryimage\"},\"image\":{\"@id\":\"https:\\\/\\\/www.cec.org\\\/fr\\\/speaker\\\/maria-luisa-soto-moreno\\\/#primaryimage\"},\"thumbnailUrl\":\"https:\\\/\\\/www.cec.org\\\/wp-content\\\/uploads\\\/Maria-Luisa-Soto-Moreno.webp\",\"datePublished\":\"2023-12-08T22:50:29+00:00\",\"dateModified\":\"2024-07-11T18:47:52+00:00\",\"breadcrumb\":{\"@id\":\"https:\\\/\\\/www.cec.org\\\/fr\\\/speaker\\\/maria-luisa-soto-moreno\\\/#breadcrumb\"},\"inLanguage\":\"fr-FR\",\"potentialAction\":[{\"@type\":\"ReadAction\",\"target\":[\"https:\\\/\\\/www.cec.org\\\/fr\\\/speaker\\\/maria-luisa-soto-moreno\\\/\"]}]},{\"@type\":\"ImageObject\",\"inLanguage\":\"fr-FR\",\"@id\":\"https:\\\/\\\/www.cec.org\\\/fr\\\/speaker\\\/maria-luisa-soto-moreno\\\/#primaryimage\",\"url\":\"https:\\\/\\\/www.cec.org\\\/wp-content\\\/uploads\\\/Maria-Luisa-Soto-Moreno.webp\",\"contentUrl\":\"https:\\\/\\\/www.cec.org\\\/wp-content\\\/uploads\\\/Maria-Luisa-Soto-Moreno.webp\",\"width\":300,\"height\":300},{\"@type\":\"BreadcrumbList\",\"@id\":\"https:\\\/\\\/www.cec.org\\\/fr\\\/speaker\\\/maria-luisa-soto-moreno\\\/#breadcrumb\",\"itemListElement\":[{\"@type\":\"ListItem\",\"position\":1,\"name\":\"Accueil\",\"item\":\"https:\\\/\\\/www.cec.org\\\/fr\\\/\"},{\"@type\":\"ListItem\",\"position\":2,\"name\":\"Mar\u00eda Luisa Soto Moreno\"}]},{\"@type\":\"WebSite\",\"@id\":\"https:\\\/\\\/www.cec.org\\\/fr\\\/#website\",\"url\":\"https:\\\/\\\/www.cec.org\\\/fr\\\/\",\"name\":\"Commission for Environmental Cooperation\",\"description\":\"Three countries working together to protect our shared environment\",\"alternateName\":\"CEC - CCA -CCE\",\"potentialAction\":[{\"@type\":\"SearchAction\",\"target\":{\"@type\":\"EntryPoint\",\"urlTemplate\":\"https:\\\/\\\/www.cec.org\\\/fr\\\/?s={search_term_string}\"},\"query-input\":{\"@type\":\"PropertyValueSpecification\",\"valueRequired\":true,\"valueName\":\"search_term_string\"}}],\"inLanguage\":\"fr-FR\"}]}<\/script>\n<!-- \/ Yoast SEO Premium plugin. -->","yoast_head_json":{"title":"Mar\u00eda Luisa Soto Moreno &#8211; Commission de coop\u00e9ration environnementale","robots":{"index":"noindex","follow":"follow"},"og_locale":"fr_FR","og_type":"article","og_title":"Mar\u00eda Luisa Soto Moreno","og_description":"Mar\u00eda Luisa Soto Moreno agit \u00e0 titre de collaboratrice et consultante active aupr\u00e8s de nombreuses organisations civiles sur des questions de protection, de conservation et de restauration des ressources foresti\u00e8res, des sols et des eaux. Depuis 1990, Mar\u00eda Luisa Soto Moreno travaille au sein de l\u2019Unidad de Conservaci\u00f3n y Desarrollo Forestal Integral Topia\u00a0(Unit\u00e9 de conservation [&hellip;]","og_url":"https:\/\/www.cec.org\/fr\/speaker\/maria-luisa-soto-moreno\/","og_site_name":"Commission de coop\u00e9ration environnementale","article_publisher":"https:\/\/www.facebook.com\/CECconnect","article_modified_time":"2024-07-11T18:47:52+00:00","og_image":[{"width":300,"height":300,"url":"https:\/\/www.cec.org\/wp-content\/uploads\/Maria-Luisa-Soto-Moreno.webp","type":"image\/webp"}],"twitter_card":"summary_large_image","twitter_site":"@CECweb","schema":{"@context":"https:\/\/schema.org","@graph":[{"@type":"WebPage","@id":"https:\/\/www.cec.org\/fr\/speaker\/maria-luisa-soto-moreno\/","url":"https:\/\/www.cec.org\/fr\/speaker\/maria-luisa-soto-moreno\/","name":"Mar\u00eda Luisa Soto Moreno &#8211; Commission de coop\u00e9ration environnementale","isPartOf":{"@id":"https:\/\/www.cec.org\/fr\/#website"},"primaryImageOfPage":{"@id":"https:\/\/www.cec.org\/fr\/speaker\/maria-luisa-soto-moreno\/#primaryimage"},"image":{"@id":"https:\/\/www.cec.org\/fr\/speaker\/maria-luisa-soto-moreno\/#primaryimage"},"thumbnailUrl":"https:\/\/www.cec.org\/wp-content\/uploads\/Maria-Luisa-Soto-Moreno.webp","datePublished":"2023-12-08T22:50:29+00:00","dateModified":"2024-07-11T18:47:52+00:00","breadcrumb":{"@id":"https:\/\/www.cec.org\/fr\/speaker\/maria-luisa-soto-moreno\/#breadcrumb"},"inLanguage":"fr-FR","potentialAction":[{"@type":"ReadAction","target":["https:\/\/www.cec.org\/fr\/speaker\/maria-luisa-soto-moreno\/"]}]},{"@type":"ImageObject","inLanguage":"fr-FR","@id":"https:\/\/www.cec.org\/fr\/speaker\/maria-luisa-soto-moreno\/#primaryimage","url":"https:\/\/www.cec.org\/wp-content\/uploads\/Maria-Luisa-Soto-Moreno.webp","contentUrl":"https:\/\/www.cec.org\/wp-content\/uploads\/Maria-Luisa-Soto-Moreno.webp","width":300,"height":300},{"@type":"BreadcrumbList","@id":"https:\/\/www.cec.org\/fr\/speaker\/maria-luisa-soto-moreno\/#breadcrumb","itemListElement":[{"@type":"ListItem","position":1,"name":"Accueil","item":"https:\/\/www.cec.org\/fr\/"},{"@type":"ListItem","position":2,"name":"Mar\u00eda Luisa Soto Moreno"}]},{"@type":"WebSite","@id":"https:\/\/www.cec.org\/fr\/#website","url":"https:\/\/www.cec.org\/fr\/","name":"Commission for Environmental Cooperation","description":"Three countries working together to protect our shared environment","alternateName":"CEC - CCA -CCE","potentialAction":[{"@type":"SearchAction","target":{"@type":"EntryPoint","urlTemplate":"https:\/\/www.cec.org\/fr\/?s={search_term_string}"},"query-input":{"@type":"PropertyValueSpecification","valueRequired":true,"valueName":"search_term_string"}}],"inLanguage":"fr-FR"}]}},"_links":{"self":[{"href":"https:\/\/www.cec.org\/fr\/wp-json\/wp\/v2\/speaker\/53958","targetHints":{"allow":["GET"]}}],"collection":[{"href":"https:\/\/www.cec.org\/fr\/wp-json\/wp\/v2\/speaker"}],"about":[{"href":"https:\/\/www.cec.org\/fr\/wp-json\/wp\/v2\/types\/speaker"}],"wp:featuredmedia":[{"embeddable":true,"href":"https:\/\/www.cec.org\/fr\/wp-json\/wp\/v2\/media\/53511"}],"wp:attachment":[{"href":"https:\/\/www.cec.org\/fr\/wp-json\/wp\/v2\/media?parent=53958"}],"curies":[{"name":"wp","href":"https:\/\/api.w.org\/{rel}","templated":true}]}}