{"id":53789,"date":"2023-11-30T17:09:34","date_gmt":"2023-11-30T22:09:34","guid":{"rendered":"http:\/\/www.cec.org\/speaker\/andy-carey\/"},"modified":"2024-07-11T14:48:07","modified_gmt":"2024-07-11T18:48:07","slug":"andy-carey","status":"publish","type":"speaker","link":"https:\/\/www.cec.org\/fr\/speaker\/andy-carey\/","title":{"rendered":"Andy Carey"},"content":{"rendered":"<p>Andy Carey est directeur g\u00e9n\u00e9ral de l\u2019US-Mexico Border Philanthropy Partnership (BPP, Partenariat philanthropique frontalier am\u00e9ricano-mexicain) depuis 2008. Il s\u2019agit d\u2019une organisation binationale \u00e9tablie \u00e0 San Diego, en Californie, qui soutient un r\u00e9seau de pr\u00e8s de 400 organisations pour lesquelles la prosp\u00e9rit\u00e9 se fonde sur le leadership, la collaboration et la philanthropie dans la r\u00e9gion frontali\u00e8re entre les \u00c9tats-Unis et le Mexique. M. Carey a auparavant \u0153uvr\u00e9 pendant 15 ans au sein de l\u2019organisme Kiwanis International comme responsable des b\u00e9n\u00e9voles et du financement \u00e0 l\u2019\u00e9chelle mondiale. Titulaire d\u2019un baccalaur\u00e9at et d\u2019une ma\u00eetrise \u00e8s arts de la Purdue University, il est professeur associ\u00e9 \u00e0 la School of Leadership and Education Sciences (SOLES, \u00c9cole de leadership et de sciences de l\u2019\u00e9ducation) de l\u2019University of San Diego, o\u00f9 il donne des cours de cycle sup\u00e9rieur en gestion d\u2019organismes internationaux sans but lucratif.<\/p>\n<p>En 2017-2018, le doyen de la SOLES l\u2019a nomm\u00e9 professeur associ\u00e9 de l\u2019ann\u00e9e . M. Carey occupe diverses fonctions communautaires, notamment celles de pr\u00e9sident du comit\u00e9 consultatif national de l\u2019Environmental Protection Agency (Agence de protection de l\u2019environnement) des \u00c9tats-Unis, de membre du conseil d\u2019administration de l\u2019US-Mexico Science Foundation, de membre du conseil consultatif de la Kroc School of Peace and Justice de l\u2019University of San Diego, de l\u2019Independent Districting Commission d\u2019Escondido, en Californie, et de membre du conseil consultatif de la St. Mary Catholic School d\u2019Escondido. En 2018, le ministre des Relations \u00e9trang\u00e8res du Mexique lui a remis le prix Ohtli en reconnaissance de son engagement de longue date \u00e0 l\u2019\u00e9gard des besoins et des int\u00e9r\u00eats de la communaut\u00e9 mexicaine qui est \u00e9tablie aux \u00c9tats-Unis.<\/p>\n","protected":false},"excerpt":{"rendered":"<p>Andy Carey est directeur g\u00e9n\u00e9ral de l\u2019US-Mexico Border Philanthropy Partnership (BPP, Partenariat philanthropique frontalier am\u00e9ricano-mexicain) depuis 2008. Il s\u2019agit d\u2019une organisation binationale \u00e9tablie \u00e0 San Diego, en Californie, qui soutient un r\u00e9seau de pr\u00e8s de 400 organisations pour lesquelles la prosp\u00e9rit\u00e9 se fonde sur le leadership, la collaboration et la philanthropie dans la r\u00e9gion frontali\u00e8re [&hellip;]<\/p>\n","protected":false},"featured_media":49581,"template":"","class_list":["post-53789","speaker","type-speaker","status-publish","has-post-thumbnail","hentry","speakertype-presidente-du-comite-consultatif-gouvernemental-ccg-des-etats-unis"],"acf":[],"yoast_head":"<!-- This site is optimized with the Yoast SEO Premium plugin v27.4 (Yoast SEO v27.4) - https:\/\/yoast.com\/product\/yoast-seo-premium-wordpress\/ -->\n<title>Andy Carey &#8211; Commission de coop\u00e9ration environnementale<\/title>\n<meta name=\"robots\" content=\"noindex, follow\" \/>\n<meta property=\"og:locale\" content=\"fr_FR\" \/>\n<meta property=\"og:type\" content=\"article\" \/>\n<meta property=\"og:title\" content=\"Andy Carey\" \/>\n<meta property=\"og:description\" content=\"Andy Carey est directeur g\u00e9n\u00e9ral de l\u2019US-Mexico Border Philanthropy Partnership (BPP, Partenariat philanthropique frontalier am\u00e9ricano-mexicain) depuis 2008. Il s\u2019agit d\u2019une organisation binationale \u00e9tablie \u00e0 San Diego, en Californie, qui soutient un r\u00e9seau de pr\u00e8s de 400 organisations pour lesquelles la prosp\u00e9rit\u00e9 se fonde sur le leadership, la collaboration et la philanthropie dans la r\u00e9gion frontali\u00e8re [&hellip;]\" \/>\n<meta property=\"og:url\" content=\"https:\/\/www.cec.org\/fr\/speaker\/andy-carey\/\" \/>\n<meta property=\"og:site_name\" content=\"Commission de coop\u00e9ration environnementale\" \/>\n<meta property=\"article:publisher\" content=\"https:\/\/www.facebook.com\/CECconnect\" \/>\n<meta property=\"article:modified_time\" content=\"2024-07-11T18:48:07+00:00\" \/>\n<meta property=\"og:image\" content=\"https:\/\/www.cec.org\/wp-content\/uploads\/Carey.jpg\" \/>\n\t<meta property=\"og:image:width\" content=\"250\" \/>\n\t<meta property=\"og:image:height\" content=\"250\" \/>\n\t<meta property=\"og:image:type\" content=\"image\/jpeg\" \/>\n<meta name=\"twitter:card\" content=\"summary_large_image\" \/>\n<meta name=\"twitter:site\" content=\"@CECweb\" \/>\n<script type=\"application\/ld+json\" class=\"yoast-schema-graph\">{\"@context\":\"https:\\\/\\\/schema.org\",\"@graph\":[{\"@type\":\"WebPage\",\"@id\":\"https:\\\/\\\/www.cec.org\\\/fr\\\/speaker\\\/andy-carey\\\/\",\"url\":\"https:\\\/\\\/www.cec.org\\\/fr\\\/speaker\\\/andy-carey\\\/\",\"name\":\"Andy Carey &#8211; Commission de coop\u00e9ration environnementale\",\"isPartOf\":{\"@id\":\"https:\\\/\\\/www.cec.org\\\/fr\\\/#website\"},\"primaryImageOfPage\":{\"@id\":\"https:\\\/\\\/www.cec.org\\\/fr\\\/speaker\\\/andy-carey\\\/#primaryimage\"},\"image\":{\"@id\":\"https:\\\/\\\/www.cec.org\\\/fr\\\/speaker\\\/andy-carey\\\/#primaryimage\"},\"thumbnailUrl\":\"https:\\\/\\\/www.cec.org\\\/wp-content\\\/uploads\\\/Carey.jpg\",\"datePublished\":\"2023-11-30T22:09:34+00:00\",\"dateModified\":\"2024-07-11T18:48:07+00:00\",\"breadcrumb\":{\"@id\":\"https:\\\/\\\/www.cec.org\\\/fr\\\/speaker\\\/andy-carey\\\/#breadcrumb\"},\"inLanguage\":\"fr-FR\",\"potentialAction\":[{\"@type\":\"ReadAction\",\"target\":[\"https:\\\/\\\/www.cec.org\\\/fr\\\/speaker\\\/andy-carey\\\/\"]}]},{\"@type\":\"ImageObject\",\"inLanguage\":\"fr-FR\",\"@id\":\"https:\\\/\\\/www.cec.org\\\/fr\\\/speaker\\\/andy-carey\\\/#primaryimage\",\"url\":\"https:\\\/\\\/www.cec.org\\\/wp-content\\\/uploads\\\/Carey.jpg\",\"contentUrl\":\"https:\\\/\\\/www.cec.org\\\/wp-content\\\/uploads\\\/Carey.jpg\",\"width\":250,\"height\":250,\"caption\":\"Profile Photo\"},{\"@type\":\"BreadcrumbList\",\"@id\":\"https:\\\/\\\/www.cec.org\\\/fr\\\/speaker\\\/andy-carey\\\/#breadcrumb\",\"itemListElement\":[{\"@type\":\"ListItem\",\"position\":1,\"name\":\"Accueil\",\"item\":\"https:\\\/\\\/www.cec.org\\\/fr\\\/\"},{\"@type\":\"ListItem\",\"position\":2,\"name\":\"Andy Carey\"}]},{\"@type\":\"WebSite\",\"@id\":\"https:\\\/\\\/www.cec.org\\\/fr\\\/#website\",\"url\":\"https:\\\/\\\/www.cec.org\\\/fr\\\/\",\"name\":\"Commission for Environmental Cooperation\",\"description\":\"Three countries working together to protect our shared environment\",\"alternateName\":\"CEC - CCA -CCE\",\"potentialAction\":[{\"@type\":\"SearchAction\",\"target\":{\"@type\":\"EntryPoint\",\"urlTemplate\":\"https:\\\/\\\/www.cec.org\\\/fr\\\/?s={search_term_string}\"},\"query-input\":{\"@type\":\"PropertyValueSpecification\",\"valueRequired\":true,\"valueName\":\"search_term_string\"}}],\"inLanguage\":\"fr-FR\"}]}<\/script>\n<!-- \/ Yoast SEO Premium plugin. -->","yoast_head_json":{"title":"Andy Carey &#8211; Commission de coop\u00e9ration environnementale","robots":{"index":"noindex","follow":"follow"},"og_locale":"fr_FR","og_type":"article","og_title":"Andy Carey","og_description":"Andy Carey est directeur g\u00e9n\u00e9ral de l\u2019US-Mexico Border Philanthropy Partnership (BPP, Partenariat philanthropique frontalier am\u00e9ricano-mexicain) depuis 2008. Il s\u2019agit d\u2019une organisation binationale \u00e9tablie \u00e0 San Diego, en Californie, qui soutient un r\u00e9seau de pr\u00e8s de 400 organisations pour lesquelles la prosp\u00e9rit\u00e9 se fonde sur le leadership, la collaboration et la philanthropie dans la r\u00e9gion frontali\u00e8re [&hellip;]","og_url":"https:\/\/www.cec.org\/fr\/speaker\/andy-carey\/","og_site_name":"Commission de coop\u00e9ration environnementale","article_publisher":"https:\/\/www.facebook.com\/CECconnect","article_modified_time":"2024-07-11T18:48:07+00:00","og_image":[{"width":250,"height":250,"url":"https:\/\/www.cec.org\/wp-content\/uploads\/Carey.jpg","type":"image\/jpeg"}],"twitter_card":"summary_large_image","twitter_site":"@CECweb","schema":{"@context":"https:\/\/schema.org","@graph":[{"@type":"WebPage","@id":"https:\/\/www.cec.org\/fr\/speaker\/andy-carey\/","url":"https:\/\/www.cec.org\/fr\/speaker\/andy-carey\/","name":"Andy Carey &#8211; Commission de coop\u00e9ration environnementale","isPartOf":{"@id":"https:\/\/www.cec.org\/fr\/#website"},"primaryImageOfPage":{"@id":"https:\/\/www.cec.org\/fr\/speaker\/andy-carey\/#primaryimage"},"image":{"@id":"https:\/\/www.cec.org\/fr\/speaker\/andy-carey\/#primaryimage"},"thumbnailUrl":"https:\/\/www.cec.org\/wp-content\/uploads\/Carey.jpg","datePublished":"2023-11-30T22:09:34+00:00","dateModified":"2024-07-11T18:48:07+00:00","breadcrumb":{"@id":"https:\/\/www.cec.org\/fr\/speaker\/andy-carey\/#breadcrumb"},"inLanguage":"fr-FR","potentialAction":[{"@type":"ReadAction","target":["https:\/\/www.cec.org\/fr\/speaker\/andy-carey\/"]}]},{"@type":"ImageObject","inLanguage":"fr-FR","@id":"https:\/\/www.cec.org\/fr\/speaker\/andy-carey\/#primaryimage","url":"https:\/\/www.cec.org\/wp-content\/uploads\/Carey.jpg","contentUrl":"https:\/\/www.cec.org\/wp-content\/uploads\/Carey.jpg","width":250,"height":250,"caption":"Profile Photo"},{"@type":"BreadcrumbList","@id":"https:\/\/www.cec.org\/fr\/speaker\/andy-carey\/#breadcrumb","itemListElement":[{"@type":"ListItem","position":1,"name":"Accueil","item":"https:\/\/www.cec.org\/fr\/"},{"@type":"ListItem","position":2,"name":"Andy Carey"}]},{"@type":"WebSite","@id":"https:\/\/www.cec.org\/fr\/#website","url":"https:\/\/www.cec.org\/fr\/","name":"Commission for Environmental Cooperation","description":"Three countries working together to protect our shared environment","alternateName":"CEC - CCA -CCE","potentialAction":[{"@type":"SearchAction","target":{"@type":"EntryPoint","urlTemplate":"https:\/\/www.cec.org\/fr\/?s={search_term_string}"},"query-input":{"@type":"PropertyValueSpecification","valueRequired":true,"valueName":"search_term_string"}}],"inLanguage":"fr-FR"}]}},"_links":{"self":[{"href":"https:\/\/www.cec.org\/fr\/wp-json\/wp\/v2\/speaker\/53789","targetHints":{"allow":["GET"]}}],"collection":[{"href":"https:\/\/www.cec.org\/fr\/wp-json\/wp\/v2\/speaker"}],"about":[{"href":"https:\/\/www.cec.org\/fr\/wp-json\/wp\/v2\/types\/speaker"}],"wp:featuredmedia":[{"embeddable":true,"href":"https:\/\/www.cec.org\/fr\/wp-json\/wp\/v2\/media\/49581"}],"wp:attachment":[{"href":"https:\/\/www.cec.org\/fr\/wp-json\/wp\/v2\/media?parent=53789"}],"curies":[{"name":"wp","href":"https:\/\/api.w.org\/{rel}","templated":true}]}}