{"id":62523,"date":"2026-04-30T09:00:34","date_gmt":"2026-04-30T13:00:34","guid":{"rendered":"https:\/\/www.cec.org\/?post_type=publications&#038;p=62523"},"modified":"2026-04-27T14:17:35","modified_gmt":"2026-04-27T18:17:35","slug":"sciences-sociales-et-activites-de-conservation-dans-les-prairies-centrales-damerique-du-nord-plan-dintegration","status":"publish","type":"publications","link":"https:\/\/www.cec.org\/fr\/publications\/sciences-sociales-et-activites-de-conservation-dans-les-prairies-centrales-damerique-du-nord-plan-dintegration\/","title":{"rendered":"Sciences sociales et activit\u00e9s de conservation dans les prairies centrales d\u2019Am\u00e9rique du Nord : Plan d\u2019int\u00e9gration"},"content":{"rendered":"<p>Les prairies centrales d'Am\u00e9rique du Nord offrent un habitat et des services \u00e9cosyst\u00e9miques essentiels, mais continuent de se d\u00e9grader malgr\u00e9 les efforts de conservation actuels. Ce plan d'int\u00e9gration vise \u00e0 combler le foss\u00e9 entre la recherche en sciences sociales et son application dans la mise en \u0153uvre des mesures de conservation des prairies. S'appuyant sur trois initiatives compl\u00e9mentaires (une revue de la litt\u00e9rature en sciences sociales appliqu\u00e9es \u00e0 la conservation, un r\u00e9sum\u00e9 d'enqu\u00eates men\u00e9es aupr\u00e8s d'\u00e9leveur\u00b7euses, de producteur\u00b7trices et de propri\u00e9taires fonciers au Canada, au Mexique et aux \u00c9tats-Unis, et une \u00e9valuation des besoins en sciences sociales), ce plan d'int\u00e9gration identifie les principales lacunes en mati\u00e8re d'information, les priorit\u00e9s de recherche et les possibilit\u00e9s d'une meilleure coordination.<\/p>\n<p>Ce plan d'int\u00e9gration s'adresse aux sp\u00e9cialistes de la conservation, aux chercheur\u00b7euses en sciences sociales et en sciences naturelles, ainsi qu'aux d\u00e9cideur\u00b7euses politiques. Il pr\u00e9sente des recommandations concr\u00e8tes pour int\u00e9grer les sciences sociales dans la mise en \u0153uvre de la conservation, renforcer la communication entre chercheur\u00b7euses et sp\u00e9cialistes de la conservation, et donner la priorit\u00e9 \u00e0 une recherche appliqu\u00e9e et inclusive. En alignant les connaissances issues des sciences sociales sur les besoins concrets en mati\u00e8re de conservation, ce plan d'int\u00e9gration jette les bases d'une conservation des prairies plus efficace, mieux coordonn\u00e9e et tenant compte des enjeux sociaux dans l'ensemble des prairies centrales.<\/p>\n","protected":false},"excerpt":{"rendered":"<p>Les prairies centrales d&rsquo;Am\u00e9rique du Nord offrent un habitat et des services \u00e9cosyst\u00e9miques essentiels, mais continuent de se d\u00e9grader malgr\u00e9 les efforts de conservation actuels. Ce plan d&rsquo;int\u00e9gration vise \u00e0 combler le foss\u00e9 entre la recherche en sciences sociales et son application dans la mise en \u0153uvre des mesures de conservation des prairies. S&rsquo;appuyant sur [&hellip;]<\/p>\n","protected":false},"featured_media":62520,"template":"","class_list":["post-62523","publications","type-publications","status-publish","has-post-thumbnail","hentry","feed-ecosystemes","document_type-publication-de-projet","document_series-serie-sur-la-conservation-des-prairies-centrales","document_theme-ecosystemes"],"acf":[],"yoast_head":"<!-- This site is optimized with the Yoast SEO Premium plugin v27.4 (Yoast SEO v27.4) - https:\/\/yoast.com\/product\/yoast-seo-premium-wordpress\/ -->\n<title>Sciences sociales et activit\u00e9s de conservation dans les prairies centrales<\/title>\n<meta name=\"robots\" content=\"index, follow, max-snippet:-1, max-image-preview:large, max-video-preview:-1\" \/>\n<link rel=\"canonical\" href=\"https:\/\/www.cec.org\/fr\/publications\/sciences-sociales-et-activites-de-conservation-dans-les-prairies-centrales-damerique-du-nord-plan-dintegration\/\" \/>\n<meta property=\"og:locale\" content=\"fr_FR\" \/>\n<meta property=\"og:type\" content=\"article\" \/>\n<meta property=\"og:title\" content=\"Sciences sociales et activit\u00e9s de conservation dans les prairies centrales d\u2019Am\u00e9rique du Nord : Plan d\u2019int\u00e9gration\" \/>\n<meta property=\"og:description\" content=\"Les prairies centrales d&#039;Am\u00e9rique du Nord offrent un habitat et des services \u00e9cosyst\u00e9miques essentiels, mais continuent de se d\u00e9grader malgr\u00e9 les efforts de conservation actuels. Ce plan d&#039;int\u00e9gration vise \u00e0 combler le foss\u00e9 entre la recherche en sciences sociales et son application dans la mise en \u0153uvre des mesures de conservation des prairies. S&#039;appuyant sur [&hellip;]\" \/>\n<meta property=\"og:url\" content=\"https:\/\/www.cec.org\/fr\/publications\/sciences-sociales-et-activites-de-conservation-dans-les-prairies-centrales-damerique-du-nord-plan-dintegration\/\" \/>\n<meta property=\"og:site_name\" content=\"Commission de coop\u00e9ration environnementale\" \/>\n<meta property=\"article:publisher\" content=\"https:\/\/www.facebook.com\/CECconnect\" \/>\n<meta property=\"og:image\" content=\"https:\/\/www.cec.org\/wp-content\/uploads\/Sciences-sociales-et-activites-cover.webp\" \/>\n\t<meta property=\"og:image:width\" content=\"927\" \/>\n\t<meta property=\"og:image:height\" content=\"1200\" \/>\n\t<meta property=\"og:image:type\" content=\"image\/webp\" \/>\n<meta name=\"twitter:card\" content=\"summary_large_image\" \/>\n<meta name=\"twitter:site\" content=\"@CECweb\" \/>\n<script type=\"application\/ld+json\" class=\"yoast-schema-graph\">{\"@context\":\"https:\\\/\\\/schema.org\",\"@graph\":[{\"@type\":\"WebPage\",\"@id\":\"https:\\\/\\\/www.cec.org\\\/fr\\\/publications\\\/sciences-sociales-et-activites-de-conservation-dans-les-prairies-centrales-damerique-du-nord-plan-dintegration\\\/\",\"url\":\"https:\\\/\\\/www.cec.org\\\/fr\\\/publications\\\/sciences-sociales-et-activites-de-conservation-dans-les-prairies-centrales-damerique-du-nord-plan-dintegration\\\/\",\"name\":\"Sciences sociales et activit\u00e9s de conservation dans les prairies centrales\",\"isPartOf\":{\"@id\":\"https:\\\/\\\/www.cec.org\\\/fr\\\/#website\"},\"primaryImageOfPage\":{\"@id\":\"https:\\\/\\\/www.cec.org\\\/fr\\\/publications\\\/sciences-sociales-et-activites-de-conservation-dans-les-prairies-centrales-damerique-du-nord-plan-dintegration\\\/#primaryimage\"},\"image\":{\"@id\":\"https:\\\/\\\/www.cec.org\\\/fr\\\/publications\\\/sciences-sociales-et-activites-de-conservation-dans-les-prairies-centrales-damerique-du-nord-plan-dintegration\\\/#primaryimage\"},\"thumbnailUrl\":\"https:\\\/\\\/www.cec.org\\\/wp-content\\\/uploads\\\/Sciences-sociales-et-activites-cover.webp\",\"datePublished\":\"2026-04-30T13:00:34+00:00\",\"breadcrumb\":{\"@id\":\"https:\\\/\\\/www.cec.org\\\/fr\\\/publications\\\/sciences-sociales-et-activites-de-conservation-dans-les-prairies-centrales-damerique-du-nord-plan-dintegration\\\/#breadcrumb\"},\"inLanguage\":\"fr-FR\",\"potentialAction\":[{\"@type\":\"ReadAction\",\"target\":[\"https:\\\/\\\/www.cec.org\\\/fr\\\/publications\\\/sciences-sociales-et-activites-de-conservation-dans-les-prairies-centrales-damerique-du-nord-plan-dintegration\\\/\"]}]},{\"@type\":\"ImageObject\",\"inLanguage\":\"fr-FR\",\"@id\":\"https:\\\/\\\/www.cec.org\\\/fr\\\/publications\\\/sciences-sociales-et-activites-de-conservation-dans-les-prairies-centrales-damerique-du-nord-plan-dintegration\\\/#primaryimage\",\"url\":\"https:\\\/\\\/www.cec.org\\\/wp-content\\\/uploads\\\/Sciences-sociales-et-activites-cover.webp\",\"contentUrl\":\"https:\\\/\\\/www.cec.org\\\/wp-content\\\/uploads\\\/Sciences-sociales-et-activites-cover.webp\",\"width\":927,\"height\":1200},{\"@type\":\"BreadcrumbList\",\"@id\":\"https:\\\/\\\/www.cec.org\\\/fr\\\/publications\\\/sciences-sociales-et-activites-de-conservation-dans-les-prairies-centrales-damerique-du-nord-plan-dintegration\\\/#breadcrumb\",\"itemListElement\":[{\"@type\":\"ListItem\",\"position\":1,\"name\":\"Accueil\",\"item\":\"https:\\\/\\\/www.cec.org\\\/fr\\\/\"},{\"@type\":\"ListItem\",\"position\":2,\"name\":\"Publications\",\"item\":\"https:\\\/\\\/www.cec.org\\\/fr\\\/publications\\\/\"},{\"@type\":\"ListItem\",\"position\":3,\"name\":\"Sciences sociales et activit\u00e9s de conservation dans les prairies centrales d\u2019Am\u00e9rique du Nord : Plan d\u2019int\u00e9gration\"}]},{\"@type\":\"WebSite\",\"@id\":\"https:\\\/\\\/www.cec.org\\\/fr\\\/#website\",\"url\":\"https:\\\/\\\/www.cec.org\\\/fr\\\/\",\"name\":\"Commission for Environmental Cooperation\",\"description\":\"Three countries working together to protect our shared environment\",\"alternateName\":\"CEC - CCA -CCE\",\"potentialAction\":[{\"@type\":\"SearchAction\",\"target\":{\"@type\":\"EntryPoint\",\"urlTemplate\":\"https:\\\/\\\/www.cec.org\\\/fr\\\/?s={search_term_string}\"},\"query-input\":{\"@type\":\"PropertyValueSpecification\",\"valueRequired\":true,\"valueName\":\"search_term_string\"}}],\"inLanguage\":\"fr-FR\"}]}<\/script>\n<!-- \/ Yoast SEO Premium plugin. -->","yoast_head_json":{"title":"Sciences sociales et activit\u00e9s de conservation dans les prairies centrales","robots":{"index":"index","follow":"follow","max-snippet":"max-snippet:-1","max-image-preview":"max-image-preview:large","max-video-preview":"max-video-preview:-1"},"canonical":"https:\/\/www.cec.org\/fr\/publications\/sciences-sociales-et-activites-de-conservation-dans-les-prairies-centrales-damerique-du-nord-plan-dintegration\/","og_locale":"fr_FR","og_type":"article","og_title":"Sciences sociales et activit\u00e9s de conservation dans les prairies centrales d\u2019Am\u00e9rique du Nord : Plan d\u2019int\u00e9gration","og_description":"Les prairies centrales d'Am\u00e9rique du Nord offrent un habitat et des services \u00e9cosyst\u00e9miques essentiels, mais continuent de se d\u00e9grader malgr\u00e9 les efforts de conservation actuels. Ce plan d'int\u00e9gration vise \u00e0 combler le foss\u00e9 entre la recherche en sciences sociales et son application dans la mise en \u0153uvre des mesures de conservation des prairies. S'appuyant sur [&hellip;]","og_url":"https:\/\/www.cec.org\/fr\/publications\/sciences-sociales-et-activites-de-conservation-dans-les-prairies-centrales-damerique-du-nord-plan-dintegration\/","og_site_name":"Commission de coop\u00e9ration environnementale","article_publisher":"https:\/\/www.facebook.com\/CECconnect","og_image":[{"width":927,"height":1200,"url":"https:\/\/www.cec.org\/wp-content\/uploads\/Sciences-sociales-et-activites-cover.webp","type":"image\/webp"}],"twitter_card":"summary_large_image","twitter_site":"@CECweb","schema":{"@context":"https:\/\/schema.org","@graph":[{"@type":"WebPage","@id":"https:\/\/www.cec.org\/fr\/publications\/sciences-sociales-et-activites-de-conservation-dans-les-prairies-centrales-damerique-du-nord-plan-dintegration\/","url":"https:\/\/www.cec.org\/fr\/publications\/sciences-sociales-et-activites-de-conservation-dans-les-prairies-centrales-damerique-du-nord-plan-dintegration\/","name":"Sciences sociales et activit\u00e9s de conservation dans les prairies centrales","isPartOf":{"@id":"https:\/\/www.cec.org\/fr\/#website"},"primaryImageOfPage":{"@id":"https:\/\/www.cec.org\/fr\/publications\/sciences-sociales-et-activites-de-conservation-dans-les-prairies-centrales-damerique-du-nord-plan-dintegration\/#primaryimage"},"image":{"@id":"https:\/\/www.cec.org\/fr\/publications\/sciences-sociales-et-activites-de-conservation-dans-les-prairies-centrales-damerique-du-nord-plan-dintegration\/#primaryimage"},"thumbnailUrl":"https:\/\/www.cec.org\/wp-content\/uploads\/Sciences-sociales-et-activites-cover.webp","datePublished":"2026-04-30T13:00:34+00:00","breadcrumb":{"@id":"https:\/\/www.cec.org\/fr\/publications\/sciences-sociales-et-activites-de-conservation-dans-les-prairies-centrales-damerique-du-nord-plan-dintegration\/#breadcrumb"},"inLanguage":"fr-FR","potentialAction":[{"@type":"ReadAction","target":["https:\/\/www.cec.org\/fr\/publications\/sciences-sociales-et-activites-de-conservation-dans-les-prairies-centrales-damerique-du-nord-plan-dintegration\/"]}]},{"@type":"ImageObject","inLanguage":"fr-FR","@id":"https:\/\/www.cec.org\/fr\/publications\/sciences-sociales-et-activites-de-conservation-dans-les-prairies-centrales-damerique-du-nord-plan-dintegration\/#primaryimage","url":"https:\/\/www.cec.org\/wp-content\/uploads\/Sciences-sociales-et-activites-cover.webp","contentUrl":"https:\/\/www.cec.org\/wp-content\/uploads\/Sciences-sociales-et-activites-cover.webp","width":927,"height":1200},{"@type":"BreadcrumbList","@id":"https:\/\/www.cec.org\/fr\/publications\/sciences-sociales-et-activites-de-conservation-dans-les-prairies-centrales-damerique-du-nord-plan-dintegration\/#breadcrumb","itemListElement":[{"@type":"ListItem","position":1,"name":"Accueil","item":"https:\/\/www.cec.org\/fr\/"},{"@type":"ListItem","position":2,"name":"Publications","item":"https:\/\/www.cec.org\/fr\/publications\/"},{"@type":"ListItem","position":3,"name":"Sciences sociales et activit\u00e9s de conservation dans les prairies centrales d\u2019Am\u00e9rique du Nord : Plan d\u2019int\u00e9gration"}]},{"@type":"WebSite","@id":"https:\/\/www.cec.org\/fr\/#website","url":"https:\/\/www.cec.org\/fr\/","name":"Commission for Environmental Cooperation","description":"Three countries working together to protect our shared environment","alternateName":"CEC - CCA -CCE","potentialAction":[{"@type":"SearchAction","target":{"@type":"EntryPoint","urlTemplate":"https:\/\/www.cec.org\/fr\/?s={search_term_string}"},"query-input":{"@type":"PropertyValueSpecification","valueRequired":true,"valueName":"search_term_string"}}],"inLanguage":"fr-FR"}]}},"_links":{"self":[{"href":"https:\/\/www.cec.org\/fr\/wp-json\/wp\/v2\/publications\/62523","targetHints":{"allow":["GET"]}}],"collection":[{"href":"https:\/\/www.cec.org\/fr\/wp-json\/wp\/v2\/publications"}],"about":[{"href":"https:\/\/www.cec.org\/fr\/wp-json\/wp\/v2\/types\/publications"}],"wp:featuredmedia":[{"embeddable":true,"href":"https:\/\/www.cec.org\/fr\/wp-json\/wp\/v2\/media\/62520"}],"wp:attachment":[{"href":"https:\/\/www.cec.org\/fr\/wp-json\/wp\/v2\/media?parent=62523"}],"curies":[{"name":"wp","href":"https:\/\/api.w.org\/{rel}","templated":true}]}}