{"id":60244,"date":"2025-10-08T14:49:05","date_gmt":"2025-10-08T18:49:05","guid":{"rendered":"https:\/\/www.cec.org\/publications\/requins-et-aires-marines-protegees\/"},"modified":"2025-10-08T14:49:05","modified_gmt":"2025-10-08T18:49:05","slug":"requins-et-aires-marines-protegees","status":"publish","type":"publications","link":"https:\/\/www.cec.org\/fr\/publications\/requins-et-aires-marines-protegees\/","title":{"rendered":"Requins et aires marines prot\u00e9g\u00e9es dans le Pacifique nord-est"},"content":{"rendered":"<p>Les requins, les raies et les chim\u00e8res figurent parmi les esp\u00e8ces marines les plus vuln\u00e9rables au monde, et nombre de leurs populations connaissent un important d\u00e9clin \u00e0 cause de la surp\u00eache, de la d\u00e9gradation des habitats et d\u2019une absence de gestion efficace. Les aires marines prot\u00e9g\u00e9es (AMP) constituent des outils prometteurs pour la conservation spatiale de ces esp\u00e8ces, notamment lorsque leur conception s\u2019appuie sur la biologie des requins, leurs habitudes de d\u00e9placement et les caract\u00e9ristiques de leur cycle biologique, et lorsque l\u2019on tient compte des facteurs socio\u00e9conomiques.<\/p>\n<p>Afin de parfaire les connaissances et de renforcer la collaboration \u00e0 ce sujet dans le Pacifique nord-est, la Commission de coop\u00e9ration environnementale a organis\u00e9 deux ateliers qui ont r\u00e9uni des sp\u00e9cialistes des requins et des AMP du Canada, du Mexique et des \u00c9tats-Unis en 2024 et 2025. Le rapport d\u2019atelier synth\u00e9tise les points de vue et les id\u00e9es des participant\u00b7es aux ateliers et souligne l\u2019importance d\u2019une collaboration multidisciplinaire et intergouvernementale.<\/p>\n<p>La version int\u00e9grale du rapport est disponible en anglais et en espagnol seulement, mais vous pouvez consulter le sommaire ex\u00e9cutif en fran\u00e7ais.<\/p>\n","protected":false},"excerpt":{"rendered":"<p>Les requins, les raies et les chim\u00e8res figurent parmi les esp\u00e8ces marines les plus vuln\u00e9rables au monde, et nombre de leurs populations connaissent un important d\u00e9clin \u00e0 cause de la surp\u00eache, de la d\u00e9gradation des habitats et d\u2019une absence de gestion efficace. Les aires marines prot\u00e9g\u00e9es (AMP) constituent des outils prometteurs pour la conservation spatiale [&hellip;]<\/p>\n","protected":false},"featured_media":60241,"template":"","class_list":["post-60244","publications","type-publications","status-publish","has-post-thumbnail","hentry","document_type-publication-de-projet","document_theme-ecosystemes"],"acf":[],"yoast_head":"<!-- This site is optimized with the Yoast SEO Premium plugin v27.4 (Yoast SEO v27.4) - https:\/\/yoast.com\/product\/yoast-seo-premium-wordpress\/ -->\n<title>Requins et aires marines prot\u00e9g\u00e9es dans le Pacifique nord-est<\/title>\n<meta name=\"description\" content=\"Les requins, les raies et les chim\u00e8res figurent parmi les esp\u00e8ces marines les plus vuln\u00e9rables au monde...\" \/>\n<meta name=\"robots\" content=\"index, follow, max-snippet:-1, max-image-preview:large, max-video-preview:-1\" \/>\n<link rel=\"canonical\" href=\"https:\/\/www.cec.org\/fr\/publications\/requins-et-aires-marines-protegees\/\" \/>\n<meta property=\"og:locale\" content=\"fr_FR\" \/>\n<meta property=\"og:type\" content=\"article\" \/>\n<meta property=\"og:title\" content=\"Requins et aires marines prot\u00e9g\u00e9es dans le Pacifique nord-est\" \/>\n<meta property=\"og:description\" content=\"Les requins, les raies et les chim\u00e8res figurent parmi les esp\u00e8ces marines les plus vuln\u00e9rables au monde...\" \/>\n<meta property=\"og:url\" content=\"https:\/\/www.cec.org\/fr\/publications\/requins-et-aires-marines-protegees\/\" \/>\n<meta property=\"og:site_name\" content=\"Commission de coop\u00e9ration environnementale\" \/>\n<meta property=\"article:publisher\" content=\"https:\/\/www.facebook.com\/CECconnect\" \/>\n<meta property=\"og:image\" content=\"https:\/\/www.cec.org\/wp-content\/uploads\/requins-et-aires-marines-protegees.webp\" \/>\n\t<meta property=\"og:image:width\" content=\"927\" \/>\n\t<meta property=\"og:image:height\" content=\"1200\" \/>\n\t<meta property=\"og:image:type\" content=\"image\/webp\" \/>\n<meta name=\"twitter:card\" content=\"summary_large_image\" \/>\n<meta name=\"twitter:site\" content=\"@CECweb\" \/>\n<script type=\"application\/ld+json\" class=\"yoast-schema-graph\">{\"@context\":\"https:\\\/\\\/schema.org\",\"@graph\":[{\"@type\":\"WebPage\",\"@id\":\"https:\\\/\\\/www.cec.org\\\/fr\\\/publications\\\/requins-et-aires-marines-protegees\\\/\",\"url\":\"https:\\\/\\\/www.cec.org\\\/fr\\\/publications\\\/requins-et-aires-marines-protegees\\\/\",\"name\":\"Requins et aires marines prot\u00e9g\u00e9es dans le Pacifique nord-est\",\"isPartOf\":{\"@id\":\"https:\\\/\\\/www.cec.org\\\/fr\\\/#website\"},\"primaryImageOfPage\":{\"@id\":\"https:\\\/\\\/www.cec.org\\\/fr\\\/publications\\\/requins-et-aires-marines-protegees\\\/#primaryimage\"},\"image\":{\"@id\":\"https:\\\/\\\/www.cec.org\\\/fr\\\/publications\\\/requins-et-aires-marines-protegees\\\/#primaryimage\"},\"thumbnailUrl\":\"https:\\\/\\\/www.cec.org\\\/wp-content\\\/uploads\\\/requins-et-aires-marines-protegees.webp\",\"datePublished\":\"2025-10-08T18:49:05+00:00\",\"description\":\"Les requins, les raies et les chim\u00e8res figurent parmi les esp\u00e8ces marines les plus vuln\u00e9rables au monde...\",\"breadcrumb\":{\"@id\":\"https:\\\/\\\/www.cec.org\\\/fr\\\/publications\\\/requins-et-aires-marines-protegees\\\/#breadcrumb\"},\"inLanguage\":\"fr-FR\",\"potentialAction\":[{\"@type\":\"ReadAction\",\"target\":[\"https:\\\/\\\/www.cec.org\\\/fr\\\/publications\\\/requins-et-aires-marines-protegees\\\/\"]}]},{\"@type\":\"ImageObject\",\"inLanguage\":\"fr-FR\",\"@id\":\"https:\\\/\\\/www.cec.org\\\/fr\\\/publications\\\/requins-et-aires-marines-protegees\\\/#primaryimage\",\"url\":\"https:\\\/\\\/www.cec.org\\\/wp-content\\\/uploads\\\/requins-et-aires-marines-protegees.webp\",\"contentUrl\":\"https:\\\/\\\/www.cec.org\\\/wp-content\\\/uploads\\\/requins-et-aires-marines-protegees.webp\",\"width\":927,\"height\":1200,\"caption\":\"Requins et aires marines prot\u00e9g\u00e9es\"},{\"@type\":\"BreadcrumbList\",\"@id\":\"https:\\\/\\\/www.cec.org\\\/fr\\\/publications\\\/requins-et-aires-marines-protegees\\\/#breadcrumb\",\"itemListElement\":[{\"@type\":\"ListItem\",\"position\":1,\"name\":\"Accueil\",\"item\":\"https:\\\/\\\/www.cec.org\\\/fr\\\/\"},{\"@type\":\"ListItem\",\"position\":2,\"name\":\"Publications\",\"item\":\"https:\\\/\\\/www.cec.org\\\/fr\\\/publications\\\/\"},{\"@type\":\"ListItem\",\"position\":3,\"name\":\"Requins et aires marines prot\u00e9g\u00e9es dans le Pacifique nord-est\"}]},{\"@type\":\"WebSite\",\"@id\":\"https:\\\/\\\/www.cec.org\\\/fr\\\/#website\",\"url\":\"https:\\\/\\\/www.cec.org\\\/fr\\\/\",\"name\":\"Commission for Environmental Cooperation\",\"description\":\"Three countries working together to protect our shared environment\",\"alternateName\":\"CEC - CCA -CCE\",\"potentialAction\":[{\"@type\":\"SearchAction\",\"target\":{\"@type\":\"EntryPoint\",\"urlTemplate\":\"https:\\\/\\\/www.cec.org\\\/fr\\\/?s={search_term_string}\"},\"query-input\":{\"@type\":\"PropertyValueSpecification\",\"valueRequired\":true,\"valueName\":\"search_term_string\"}}],\"inLanguage\":\"fr-FR\"}]}<\/script>\n<!-- \/ Yoast SEO Premium plugin. -->","yoast_head_json":{"title":"Requins et aires marines prot\u00e9g\u00e9es dans le Pacifique nord-est","description":"Les requins, les raies et les chim\u00e8res figurent parmi les esp\u00e8ces marines les plus vuln\u00e9rables au monde...","robots":{"index":"index","follow":"follow","max-snippet":"max-snippet:-1","max-image-preview":"max-image-preview:large","max-video-preview":"max-video-preview:-1"},"canonical":"https:\/\/www.cec.org\/fr\/publications\/requins-et-aires-marines-protegees\/","og_locale":"fr_FR","og_type":"article","og_title":"Requins et aires marines prot\u00e9g\u00e9es dans le Pacifique nord-est","og_description":"Les requins, les raies et les chim\u00e8res figurent parmi les esp\u00e8ces marines les plus vuln\u00e9rables au monde...","og_url":"https:\/\/www.cec.org\/fr\/publications\/requins-et-aires-marines-protegees\/","og_site_name":"Commission de coop\u00e9ration environnementale","article_publisher":"https:\/\/www.facebook.com\/CECconnect","og_image":[{"width":927,"height":1200,"url":"https:\/\/www.cec.org\/wp-content\/uploads\/requins-et-aires-marines-protegees.webp","type":"image\/webp"}],"twitter_card":"summary_large_image","twitter_site":"@CECweb","schema":{"@context":"https:\/\/schema.org","@graph":[{"@type":"WebPage","@id":"https:\/\/www.cec.org\/fr\/publications\/requins-et-aires-marines-protegees\/","url":"https:\/\/www.cec.org\/fr\/publications\/requins-et-aires-marines-protegees\/","name":"Requins et aires marines prot\u00e9g\u00e9es dans le Pacifique nord-est","isPartOf":{"@id":"https:\/\/www.cec.org\/fr\/#website"},"primaryImageOfPage":{"@id":"https:\/\/www.cec.org\/fr\/publications\/requins-et-aires-marines-protegees\/#primaryimage"},"image":{"@id":"https:\/\/www.cec.org\/fr\/publications\/requins-et-aires-marines-protegees\/#primaryimage"},"thumbnailUrl":"https:\/\/www.cec.org\/wp-content\/uploads\/requins-et-aires-marines-protegees.webp","datePublished":"2025-10-08T18:49:05+00:00","description":"Les requins, les raies et les chim\u00e8res figurent parmi les esp\u00e8ces marines les plus vuln\u00e9rables au monde...","breadcrumb":{"@id":"https:\/\/www.cec.org\/fr\/publications\/requins-et-aires-marines-protegees\/#breadcrumb"},"inLanguage":"fr-FR","potentialAction":[{"@type":"ReadAction","target":["https:\/\/www.cec.org\/fr\/publications\/requins-et-aires-marines-protegees\/"]}]},{"@type":"ImageObject","inLanguage":"fr-FR","@id":"https:\/\/www.cec.org\/fr\/publications\/requins-et-aires-marines-protegees\/#primaryimage","url":"https:\/\/www.cec.org\/wp-content\/uploads\/requins-et-aires-marines-protegees.webp","contentUrl":"https:\/\/www.cec.org\/wp-content\/uploads\/requins-et-aires-marines-protegees.webp","width":927,"height":1200,"caption":"Requins et aires marines prot\u00e9g\u00e9es"},{"@type":"BreadcrumbList","@id":"https:\/\/www.cec.org\/fr\/publications\/requins-et-aires-marines-protegees\/#breadcrumb","itemListElement":[{"@type":"ListItem","position":1,"name":"Accueil","item":"https:\/\/www.cec.org\/fr\/"},{"@type":"ListItem","position":2,"name":"Publications","item":"https:\/\/www.cec.org\/fr\/publications\/"},{"@type":"ListItem","position":3,"name":"Requins et aires marines prot\u00e9g\u00e9es dans le Pacifique nord-est"}]},{"@type":"WebSite","@id":"https:\/\/www.cec.org\/fr\/#website","url":"https:\/\/www.cec.org\/fr\/","name":"Commission for Environmental Cooperation","description":"Three countries working together to protect our shared environment","alternateName":"CEC - CCA -CCE","potentialAction":[{"@type":"SearchAction","target":{"@type":"EntryPoint","urlTemplate":"https:\/\/www.cec.org\/fr\/?s={search_term_string}"},"query-input":{"@type":"PropertyValueSpecification","valueRequired":true,"valueName":"search_term_string"}}],"inLanguage":"fr-FR"}]}},"_links":{"self":[{"href":"https:\/\/www.cec.org\/fr\/wp-json\/wp\/v2\/publications\/60244","targetHints":{"allow":["GET"]}}],"collection":[{"href":"https:\/\/www.cec.org\/fr\/wp-json\/wp\/v2\/publications"}],"about":[{"href":"https:\/\/www.cec.org\/fr\/wp-json\/wp\/v2\/types\/publications"}],"wp:featuredmedia":[{"embeddable":true,"href":"https:\/\/www.cec.org\/fr\/wp-json\/wp\/v2\/media\/60241"}],"wp:attachment":[{"href":"https:\/\/www.cec.org\/fr\/wp-json\/wp\/v2\/media?parent=60244"}],"curies":[{"name":"wp","href":"https:\/\/api.w.org\/{rel}","templated":true}]}}