{"id":11309,"date":"2015-12-02T18:25:02","date_gmt":"2015-12-02T23:25:02","guid":{"rendered":"http:\/\/www.cec.org\/north-american-partnership-for-environmental-community-action\/napeca-grants\/programme-de-gestion-integree-des-dechets-solides-municipaux-dans-la-region-des-montagnes-du-sud-de-letat-de-oaxaca\/"},"modified":"2024-06-22T12:29:13","modified_gmt":"2024-06-22T16:29:13","slug":"programme-de-gestion-integree-des-dechets-solides-municipaux-dans-la-region-des-montagnes-du-sud-de-letat-de-oaxaca","status":"publish","type":"grants","link":"https:\/\/www.cec.org\/fr\/north-american-partnership-for-environmental-community-action\/napeca-grants\/programme-de-gestion-integree-des-dechets-solides-municipaux-dans-la-region-des-montagnes-du-sud-de-letat-de-oaxaca\/","title":{"rendered":"Programme de gestion int\u00e9gr\u00e9e des d\u00e9chets solides municipaux dans la r\u00e9gion des montagnes du sud de l\u2019\u00c9tat de Oaxaca"},"content":{"rendered":"<h4>Description du probl\u00e8me<\/h4>\n<p>Dans la r\u00e9gion de la cha\u00eene de montagnes m\u00e9ridionale de l\u2019\u00c9tat de Oaxaca, aucune municipalit\u00e9 n\u2019a de programme de gestion des d\u00e9chets solides. La majorit\u00e9 des habitants des fermes du secteur br\u00fblent leurs r\u00e9sidus solides (y compris les d\u00e9chets de plastique et de poly\u00e9thyl\u00e8ne t\u00e9r\u00e9phtalate). Les municipalit\u00e9s \u00e9tant dot\u00e9es de syst\u00e8mes de collecte des d\u00e9chets qui sont insuffisants, leurs ordures sont d\u00e9pos\u00e9es dans les d\u00e9charges municipales. Seuls les chefs-lieux municipaux font le ramassage des ordures (tous les quinze jours), mais ils n\u2019ont ni sites d\u2019entreposage temporaire ni centres de collecte, et leur syst\u00e8me de transport est d\u00e9ficient. D\u00e9j\u00e0, on observe des impacts environnementaux importants dans les collectivit\u00e9s, car sur les sites d\u2019\u00e9limination finale (qui sont des d\u00e9potoirs \u00e0 ciel ouvert\u2014des ravines, pour la plupart), le lixiviat (eaux de lessivage) et d\u2019autres r\u00e9sidus s\u2019infiltrent jusque dans le sous sol. Parmi les impacts d\u00e9favorables observ\u00e9s, mentionnons la pollution des ressources hydriques, de l\u2019air et du sol ainsi qu\u2019une atteinte au paysage. Il n\u2019existe pas de strat\u00e9gies de r\u00e9duction des d\u00e9chets municipaux dans cette r\u00e9gion.<\/p>\n<p>Le projet contribuera au renforcement des capacit\u00e9s en mati\u00e8re de g\u00e9rance et de gestion int\u00e9gr\u00e9e des d\u00e9chets solides municipaux, contribuant ainsi \u00e0 la pr\u00e9vention et \u00e0 l\u2019att\u00e9nuation du probl\u00e8me pos\u00e9 par les d\u00e9chets solides municipaux, de m\u00eame qu\u2019\u00e0 l\u2019am\u00e9lioration de la qualit\u00e9 de l\u2019environnement dans la r\u00e9gion et \u00e0 l\u2019instauration d\u2019un programme d\u2019\u00e9ducation \u00e9cologique communautaire portant sur cette question.<\/p>\n<h4>Objectifs<\/h4>\n<ol>\n<li>Doter trois collectivit\u00e9s d\u2019infrastructures ad\u00e9quates pour la collecte ou le ramassage des d\u00e9chets ainsi que pour leur r\u00e9utilisation, leur recyclage et leur traitement, afin de tirer le meilleur parti de ceux-ci.<\/li>\n<li>Cr\u00e9er un programme de sensibilisation destin\u00e9 aux enfants et visant une r\u00e9duction des d\u00e9chets ainsi que\u2014gr\u00e2ce \u00e0 la r\u00e9utilisation, au recyclage et \u00e0 une gestion ad\u00e9quate\u2014r\u00e9duire la quantit\u00e9 de d\u00e9chets vou\u00e9s \u00e0 une \u00e9limination finale.<\/li>\n<li>En collaboration avec les collectivit\u00e9s et les autorit\u00e9s municipales, \u0153uvrer \u00e0 l\u2019instauration d\u2019un programme de g\u00e9rance et de gestion int\u00e9gr\u00e9e des d\u00e9chets solides, sp\u00e9ciaux et dangereux, ainsi qu\u2019\u00e0 la cr\u00e9ation de centres de collecte.<\/li>\n<\/ol>\n<h4>Principales activit\u00e9s<\/h4>\n<ul>\n<li>Mettre sur pied dans trois collectivit\u00e9s, \u00e0 raison d\u2019un centre par collectivit\u00e9, des centres de gestion des d\u00e9chets solides (\u00ab centres de collecte \u00bb) charg\u00e9s d\u2019assurer la collecte, le ramassage, la r\u00e9utilisation, le recyclage et le traitement de ces d\u00e9chets.<\/li>\n<li>Organiser des journ\u00e9es de nettoyage dans les collectivit\u00e9s en vue de sensibiliser et de former la population en mati\u00e8re gestion des d\u00e9chets, et pour faire conna\u00eetre les centres de collecte mis sur pied ainsi que leur r\u00f4le.<\/li>\n<li>Doter les \u00e9boueurs municipaux de l\u2019\u00e9quipement de protection n\u00e9cessaire pour qu\u2019ils puissent s\u2019acquitter de leur t\u00e2che en toute s\u00e9curit\u00e9 au point de vue sant\u00e9.<\/li>\n<li>Instaurer, dans toutes les collectivit\u00e9s et municipalit\u00e9s participantes, un programme d\u2019\u00e9ducation \u00e9cologique officiel \u00e0 l\u2019intention des enfants et des jeunes (niveaux pr\u00e9scolaire et primaire; niveau secondaire et niveau sup\u00e9rieur interm\u00e9diaire), afin de hausser leur niveau de conscientisation et de les former en mati\u00e8re de gestion des d\u00e9chets solides municipaux.<\/li>\n<li>Mener \u00e0 bien un programme d\u2019\u00e9ducation \u00e9cologique informel destin\u00e9 aux habitants des collectivit\u00e9s et municipalit\u00e9s participantes, en vue de mieux les conscientiser quant aux d\u00e9chets solides municipaux et de les former en la mati\u00e8re.<\/li>\n<li>Collaborer avec les autorit\u00e9s municipales et communales para \u2014dans le cadre d\u2019une strat\u00e9gie r\u00e9gionale de gestion des d\u00e9chets\u2014 afin d\u2019organiser, de cr\u00e9er et de g\u00e9rer un programme de travail participatif permettant une gestion int\u00e9gr\u00e9e des d\u00e9chets solides municipaux dans les centres de collecte.<\/li>\n<\/ul>\n<h4>R\u00e9sultats<\/h4>\n<ul>\n<li>Trois centres de collecte des d\u00e9chets construits pour assurer une collecte, une r\u00e9utilisation, un recyclage et un traitement ad\u00e9quats des d\u00e9chets solides municipaux.<\/li>\n<li>Travailleurs municipaux \u00e9quip\u00e9s et form\u00e9s pour pouvoir proc\u00e9der, en \u00e9tant ad\u00e9quatement prot\u00e9g\u00e9s, \u00e0 la collecte des d\u00e9chets solides municipaux.<\/li>\n<li>Collectivit\u00e9s et population locales sensibilis\u00e9es \u00e0 la probl\u00e9matique environnementale li\u00e9e aux d\u00e9chets solides, ainsi qu\u2019\u00e0 l\u2019importance cruciale d\u2019une gestion et d\u2019une \u00e9limination finale qui soient ad\u00e9quates.<\/li>\n<li>Enfants, adolescents et jeunes adultes plus conscients de la n\u00e9cessit\u00e9 d\u2019une gestion int\u00e9gr\u00e9e des d\u00e9chets solides municipaux.<\/li>\n<li>Programme d\u2019\u00e9ducation \u00e9cologique \u00e9labor\u00e9 et mis en oeuvre dans les collectivit\u00e9s participantes, et production de mat\u00e9riel p\u00e9dagogique aff\u00e9rent adapt\u00e9 \u00e0 chaque niveau scolaire et aux caract\u00e9ristiques culturelles r\u00e9gionales.<\/li>\n<li>Plans de gestion des d\u00e9chets solides municipaux \u00e9tablis dans les \u00e9tablissements scolaires des collectivit\u00e9s participantes.<\/li>\n<li>Autorit\u00e9s municipales dot\u00e9es d\u2019un plan de gestion int\u00e9gr\u00e9e des d\u00e9chets solides qui est de port\u00e9e municipale et fait l\u2019objet d\u2019une entente r\u00e9gionale.<\/li>\n<\/ul>\n","protected":false},"excerpt":{"rendered":"<p>Description du probl\u00e8me Dans la r\u00e9gion de la cha\u00eene de montagnes m\u00e9ridionale de l\u2019\u00c9tat de Oaxaca, aucune municipalit\u00e9 n\u2019a de programme de gestion des d\u00e9chets solides. La majorit\u00e9 des habitants des fermes du secteur br\u00fblent leurs r\u00e9sidus solides (y compris les d\u00e9chets de plastique et de poly\u00e9thyl\u00e8ne t\u00e9r\u00e9phtalate). Les municipalit\u00e9s \u00e9tant dot\u00e9es de syst\u00e8mes de [&hellip;]<\/p>\n","protected":false},"featured_media":3022,"template":"","class_list":["post-11309","grants","type-grants","status-publish","has-post-thumbnail","hentry","country-mexique","status-conclu"],"acf":[],"yoast_head":"<!-- This site is optimized with the Yoast SEO Premium plugin v27.4 (Yoast SEO v27.4) - https:\/\/yoast.com\/product\/yoast-seo-premium-wordpress\/ -->\n<title>Programme de gestion int\u00e9gr\u00e9e des d\u00e9chets solides municipaux dans la r\u00e9gion des montagnes du sud de l\u2019\u00c9tat de Oaxaca<\/title>\n<meta name=\"description\" content=\"Description du probl\u00e8me Dans la r\u00e9gion de la cha\u00eene de montagnes m\u00e9ridionale de l\u2019\u00c9tat de Oaxaca, aucune municipalit\u00e9 n\u2019a de programme de gestion des\" \/>\n<meta name=\"robots\" content=\"index, follow, max-snippet:-1, max-image-preview:large, max-video-preview:-1\" \/>\n<link rel=\"canonical\" href=\"https:\/\/www.cec.org\/fr\/north-american-partnership-for-environmental-community-action\/napeca-grants\/programme-de-gestion-integree-des-dechets-solides-municipaux-dans-la-region-des-montagnes-du-sud-de-letat-de-oaxaca\/\" \/>\n<meta property=\"og:locale\" content=\"fr_FR\" \/>\n<meta property=\"og:type\" content=\"article\" \/>\n<meta property=\"og:title\" content=\"Programme de gestion int\u00e9gr\u00e9e des d\u00e9chets solides municipaux dans la r\u00e9gion des montagnes du sud de l\u2019\u00c9tat de Oaxaca\" \/>\n<meta property=\"og:description\" content=\"Description du probl\u00e8me Dans la r\u00e9gion de la cha\u00eene de montagnes m\u00e9ridionale de l\u2019\u00c9tat de Oaxaca, aucune municipalit\u00e9 n\u2019a de programme de gestion des\" \/>\n<meta property=\"og:url\" content=\"https:\/\/www.cec.org\/fr\/north-american-partnership-for-environmental-community-action\/napeca-grants\/programme-de-gestion-integree-des-dechets-solides-municipaux-dans-la-region-des-montagnes-du-sud-de-letat-de-oaxaca\/\" \/>\n<meta property=\"og:site_name\" content=\"Commission de coop\u00e9ration environnementale\" \/>\n<meta property=\"article:publisher\" content=\"https:\/\/www.facebook.com\/CECconnect\" \/>\n<meta property=\"article:modified_time\" content=\"2024-06-22T16:29:13+00:00\" \/>\n<meta property=\"og:image\" content=\"https:\/\/www.cec.org\/wp-content\/uploads\/2019\/09\/pr21-manejo-residuos-solidos-oaxaca.jpg\" \/>\n\t<meta property=\"og:image:width\" content=\"600\" \/>\n\t<meta property=\"og:image:height\" content=\"387\" \/>\n\t<meta property=\"og:image:type\" content=\"image\/jpeg\" \/>\n<meta name=\"twitter:card\" content=\"summary_large_image\" \/>\n<meta name=\"twitter:site\" content=\"@CECweb\" \/>\n<script type=\"application\/ld+json\" class=\"yoast-schema-graph\">{\"@context\":\"https:\\\/\\\/schema.org\",\"@graph\":[{\"@type\":\"WebPage\",\"@id\":\"https:\\\/\\\/www.cec.org\\\/fr\\\/north-american-partnership-for-environmental-community-action\\\/napeca-grants\\\/programme-de-gestion-integree-des-dechets-solides-municipaux-dans-la-region-des-montagnes-du-sud-de-letat-de-oaxaca\\\/\",\"url\":\"https:\\\/\\\/www.cec.org\\\/fr\\\/north-american-partnership-for-environmental-community-action\\\/napeca-grants\\\/programme-de-gestion-integree-des-dechets-solides-municipaux-dans-la-region-des-montagnes-du-sud-de-letat-de-oaxaca\\\/\",\"name\":\"Programme de gestion int\u00e9gr\u00e9e des d\u00e9chets solides municipaux dans la r\u00e9gion des montagnes du sud de l\u2019\u00c9tat de Oaxaca\",\"isPartOf\":{\"@id\":\"https:\\\/\\\/www.cec.org\\\/fr\\\/#website\"},\"primaryImageOfPage\":{\"@id\":\"https:\\\/\\\/www.cec.org\\\/fr\\\/north-american-partnership-for-environmental-community-action\\\/napeca-grants\\\/programme-de-gestion-integree-des-dechets-solides-municipaux-dans-la-region-des-montagnes-du-sud-de-letat-de-oaxaca\\\/#primaryimage\"},\"image\":{\"@id\":\"https:\\\/\\\/www.cec.org\\\/fr\\\/north-american-partnership-for-environmental-community-action\\\/napeca-grants\\\/programme-de-gestion-integree-des-dechets-solides-municipaux-dans-la-region-des-montagnes-du-sud-de-letat-de-oaxaca\\\/#primaryimage\"},\"thumbnailUrl\":\"https:\\\/\\\/www.cec.org\\\/wp-content\\\/uploads\\\/2019\\\/09\\\/pr21-manejo-residuos-solidos-oaxaca.jpg\",\"datePublished\":\"2015-12-02T23:25:02+00:00\",\"dateModified\":\"2024-06-22T16:29:13+00:00\",\"description\":\"Description du probl\u00e8me Dans la r\u00e9gion de la cha\u00eene de montagnes m\u00e9ridionale de l\u2019\u00c9tat de Oaxaca, aucune municipalit\u00e9 n\u2019a de programme de gestion des\",\"breadcrumb\":{\"@id\":\"https:\\\/\\\/www.cec.org\\\/fr\\\/north-american-partnership-for-environmental-community-action\\\/napeca-grants\\\/programme-de-gestion-integree-des-dechets-solides-municipaux-dans-la-region-des-montagnes-du-sud-de-letat-de-oaxaca\\\/#breadcrumb\"},\"inLanguage\":\"fr-FR\",\"potentialAction\":[{\"@type\":\"ReadAction\",\"target\":[\"https:\\\/\\\/www.cec.org\\\/fr\\\/north-american-partnership-for-environmental-community-action\\\/napeca-grants\\\/programme-de-gestion-integree-des-dechets-solides-municipaux-dans-la-region-des-montagnes-du-sud-de-letat-de-oaxaca\\\/\"]}]},{\"@type\":\"ImageObject\",\"inLanguage\":\"fr-FR\",\"@id\":\"https:\\\/\\\/www.cec.org\\\/fr\\\/north-american-partnership-for-environmental-community-action\\\/napeca-grants\\\/programme-de-gestion-integree-des-dechets-solides-municipaux-dans-la-region-des-montagnes-du-sud-de-letat-de-oaxaca\\\/#primaryimage\",\"url\":\"https:\\\/\\\/www.cec.org\\\/wp-content\\\/uploads\\\/2019\\\/09\\\/pr21-manejo-residuos-solidos-oaxaca.jpg\",\"contentUrl\":\"https:\\\/\\\/www.cec.org\\\/wp-content\\\/uploads\\\/2019\\\/09\\\/pr21-manejo-residuos-solidos-oaxaca.jpg\",\"width\":600,\"height\":387,\"caption\":\"Oaxaca\u2019s southern sierra\"},{\"@type\":\"BreadcrumbList\",\"@id\":\"https:\\\/\\\/www.cec.org\\\/fr\\\/north-american-partnership-for-environmental-community-action\\\/napeca-grants\\\/programme-de-gestion-integree-des-dechets-solides-municipaux-dans-la-region-des-montagnes-du-sud-de-letat-de-oaxaca\\\/#breadcrumb\",\"itemListElement\":[{\"@type\":\"ListItem\",\"position\":1,\"name\":\"Accueil\",\"item\":\"https:\\\/\\\/www.cec.org\\\/fr\\\/\"},{\"@type\":\"ListItem\",\"position\":2,\"name\":\"Programme de gestion int\u00e9gr\u00e9e des d\u00e9chets solides municipaux dans la r\u00e9gion des montagnes du sud de l\u2019\u00c9tat de Oaxaca\"}]},{\"@type\":\"WebSite\",\"@id\":\"https:\\\/\\\/www.cec.org\\\/fr\\\/#website\",\"url\":\"https:\\\/\\\/www.cec.org\\\/fr\\\/\",\"name\":\"Commission for Environmental Cooperation\",\"description\":\"Three countries working together to protect our shared environment\",\"alternateName\":\"CEC - CCA -CCE\",\"potentialAction\":[{\"@type\":\"SearchAction\",\"target\":{\"@type\":\"EntryPoint\",\"urlTemplate\":\"https:\\\/\\\/www.cec.org\\\/fr\\\/?s={search_term_string}\"},\"query-input\":{\"@type\":\"PropertyValueSpecification\",\"valueRequired\":true,\"valueName\":\"search_term_string\"}}],\"inLanguage\":\"fr-FR\"}]}<\/script>\n<!-- \/ Yoast SEO Premium plugin. -->","yoast_head_json":{"title":"Programme de gestion int\u00e9gr\u00e9e des d\u00e9chets solides municipaux dans la r\u00e9gion des montagnes du sud de l\u2019\u00c9tat de Oaxaca","description":"Description du probl\u00e8me Dans la r\u00e9gion de la cha\u00eene de montagnes m\u00e9ridionale de l\u2019\u00c9tat de Oaxaca, aucune municipalit\u00e9 n\u2019a de programme de gestion des","robots":{"index":"index","follow":"follow","max-snippet":"max-snippet:-1","max-image-preview":"max-image-preview:large","max-video-preview":"max-video-preview:-1"},"canonical":"https:\/\/www.cec.org\/fr\/north-american-partnership-for-environmental-community-action\/napeca-grants\/programme-de-gestion-integree-des-dechets-solides-municipaux-dans-la-region-des-montagnes-du-sud-de-letat-de-oaxaca\/","og_locale":"fr_FR","og_type":"article","og_title":"Programme de gestion int\u00e9gr\u00e9e des d\u00e9chets solides municipaux dans la r\u00e9gion des montagnes du sud de l\u2019\u00c9tat de Oaxaca","og_description":"Description du probl\u00e8me Dans la r\u00e9gion de la cha\u00eene de montagnes m\u00e9ridionale de l\u2019\u00c9tat de Oaxaca, aucune municipalit\u00e9 n\u2019a de programme de gestion des","og_url":"https:\/\/www.cec.org\/fr\/north-american-partnership-for-environmental-community-action\/napeca-grants\/programme-de-gestion-integree-des-dechets-solides-municipaux-dans-la-region-des-montagnes-du-sud-de-letat-de-oaxaca\/","og_site_name":"Commission de coop\u00e9ration environnementale","article_publisher":"https:\/\/www.facebook.com\/CECconnect","article_modified_time":"2024-06-22T16:29:13+00:00","og_image":[{"width":600,"height":387,"url":"https:\/\/www.cec.org\/wp-content\/uploads\/2019\/09\/pr21-manejo-residuos-solidos-oaxaca.jpg","type":"image\/jpeg"}],"twitter_card":"summary_large_image","twitter_site":"@CECweb","schema":{"@context":"https:\/\/schema.org","@graph":[{"@type":"WebPage","@id":"https:\/\/www.cec.org\/fr\/north-american-partnership-for-environmental-community-action\/napeca-grants\/programme-de-gestion-integree-des-dechets-solides-municipaux-dans-la-region-des-montagnes-du-sud-de-letat-de-oaxaca\/","url":"https:\/\/www.cec.org\/fr\/north-american-partnership-for-environmental-community-action\/napeca-grants\/programme-de-gestion-integree-des-dechets-solides-municipaux-dans-la-region-des-montagnes-du-sud-de-letat-de-oaxaca\/","name":"Programme de gestion int\u00e9gr\u00e9e des d\u00e9chets solides municipaux dans la r\u00e9gion des montagnes du sud de l\u2019\u00c9tat de Oaxaca","isPartOf":{"@id":"https:\/\/www.cec.org\/fr\/#website"},"primaryImageOfPage":{"@id":"https:\/\/www.cec.org\/fr\/north-american-partnership-for-environmental-community-action\/napeca-grants\/programme-de-gestion-integree-des-dechets-solides-municipaux-dans-la-region-des-montagnes-du-sud-de-letat-de-oaxaca\/#primaryimage"},"image":{"@id":"https:\/\/www.cec.org\/fr\/north-american-partnership-for-environmental-community-action\/napeca-grants\/programme-de-gestion-integree-des-dechets-solides-municipaux-dans-la-region-des-montagnes-du-sud-de-letat-de-oaxaca\/#primaryimage"},"thumbnailUrl":"https:\/\/www.cec.org\/wp-content\/uploads\/2019\/09\/pr21-manejo-residuos-solidos-oaxaca.jpg","datePublished":"2015-12-02T23:25:02+00:00","dateModified":"2024-06-22T16:29:13+00:00","description":"Description du probl\u00e8me Dans la r\u00e9gion de la cha\u00eene de montagnes m\u00e9ridionale de l\u2019\u00c9tat de Oaxaca, aucune municipalit\u00e9 n\u2019a de programme de gestion des","breadcrumb":{"@id":"https:\/\/www.cec.org\/fr\/north-american-partnership-for-environmental-community-action\/napeca-grants\/programme-de-gestion-integree-des-dechets-solides-municipaux-dans-la-region-des-montagnes-du-sud-de-letat-de-oaxaca\/#breadcrumb"},"inLanguage":"fr-FR","potentialAction":[{"@type":"ReadAction","target":["https:\/\/www.cec.org\/fr\/north-american-partnership-for-environmental-community-action\/napeca-grants\/programme-de-gestion-integree-des-dechets-solides-municipaux-dans-la-region-des-montagnes-du-sud-de-letat-de-oaxaca\/"]}]},{"@type":"ImageObject","inLanguage":"fr-FR","@id":"https:\/\/www.cec.org\/fr\/north-american-partnership-for-environmental-community-action\/napeca-grants\/programme-de-gestion-integree-des-dechets-solides-municipaux-dans-la-region-des-montagnes-du-sud-de-letat-de-oaxaca\/#primaryimage","url":"https:\/\/www.cec.org\/wp-content\/uploads\/2019\/09\/pr21-manejo-residuos-solidos-oaxaca.jpg","contentUrl":"https:\/\/www.cec.org\/wp-content\/uploads\/2019\/09\/pr21-manejo-residuos-solidos-oaxaca.jpg","width":600,"height":387,"caption":"Oaxaca\u2019s southern sierra"},{"@type":"BreadcrumbList","@id":"https:\/\/www.cec.org\/fr\/north-american-partnership-for-environmental-community-action\/napeca-grants\/programme-de-gestion-integree-des-dechets-solides-municipaux-dans-la-region-des-montagnes-du-sud-de-letat-de-oaxaca\/#breadcrumb","itemListElement":[{"@type":"ListItem","position":1,"name":"Accueil","item":"https:\/\/www.cec.org\/fr\/"},{"@type":"ListItem","position":2,"name":"Programme de gestion int\u00e9gr\u00e9e des d\u00e9chets solides municipaux dans la r\u00e9gion des montagnes du sud de l\u2019\u00c9tat de Oaxaca"}]},{"@type":"WebSite","@id":"https:\/\/www.cec.org\/fr\/#website","url":"https:\/\/www.cec.org\/fr\/","name":"Commission for Environmental Cooperation","description":"Three countries working together to protect our shared environment","alternateName":"CEC - CCA -CCE","potentialAction":[{"@type":"SearchAction","target":{"@type":"EntryPoint","urlTemplate":"https:\/\/www.cec.org\/fr\/?s={search_term_string}"},"query-input":{"@type":"PropertyValueSpecification","valueRequired":true,"valueName":"search_term_string"}}],"inLanguage":"fr-FR"}]}},"_links":{"self":[{"href":"https:\/\/www.cec.org\/fr\/wp-json\/wp\/v2\/grants\/11309","targetHints":{"allow":["GET"]}}],"collection":[{"href":"https:\/\/www.cec.org\/fr\/wp-json\/wp\/v2\/grants"}],"about":[{"href":"https:\/\/www.cec.org\/fr\/wp-json\/wp\/v2\/types\/grants"}],"wp:featuredmedia":[{"embeddable":true,"href":"https:\/\/www.cec.org\/fr\/wp-json\/wp\/v2\/media\/3022"}],"wp:attachment":[{"href":"https:\/\/www.cec.org\/fr\/wp-json\/wp\/v2\/media?parent=11309"}],"curies":[{"name":"wp","href":"https:\/\/api.w.org\/{rel}","templated":true}]}}