{"id":11306,"date":"2015-12-02T18:25:02","date_gmt":"2015-12-02T23:25:02","guid":{"rendered":"http:\/\/www.cec.org\/north-american-partnership-for-environmental-community-action\/napeca-grants\/projet-adoptez-une-culture-du-desert-de-sonora-preservation-de-lagrobiodiversite-grace-a-une-participation-citoyenne\/"},"modified":"2024-06-22T12:29:12","modified_gmt":"2024-06-22T16:29:12","slug":"projet-adoptez-une-culture-du-desert-de-sonora-preservation-de-lagrobiodiversite-grace-a-une-participation-citoyenne","status":"publish","type":"grants","link":"https:\/\/www.cec.org\/fr\/north-american-partnership-for-environmental-community-action\/napeca-grants\/projet-adoptez-une-culture-du-desert-de-sonora-preservation-de-lagrobiodiversite-grace-a-une-participation-citoyenne\/","title":{"rendered":"Projet \u00ab Adoptez une culture du d\u00e9sert de Sonora \u00bb : pr\u00e9servation de l\u2019agrobiodiversit\u00e9 gr\u00e2ce \u00e0 une participation citoyenne"},"content":{"rendered":"<h4>Description du probl\u00e8me<\/h4>\n<p>Puisqu\u2019Ajo est une collectivit\u00e9 \u00e9loign\u00e9e o\u00f9 les conditions de culture sont extr\u00eamement d\u00e9sertiques, il est essentiel de sensibiliser la population et de renforcer ses capacit\u00e9s en ce qui concerne les cultures adapt\u00e9es aux zones d\u00e9sertiques et les m\u00e9thodes d\u2019agriculture durable afin d\u2019am\u00e9liorer la sant\u00e9 \u00e0 long terme et la durabilit\u00e9 de la collectivit\u00e9, ainsi que de son syst\u00e8me \u00e9mergent de production alimentaire locale. Le projet vise \u00e0 contribuer \u00e0 cette sensibilisation et \u00e0 ce renforcement des capacit\u00e9s, de m\u00eame qu\u2019\u00e0 fournir un mod\u00e8le \u00e0 d\u2019autres collectivit\u00e9s, en outillant les particuliers et organisations qui font du jardinage pour qu\u2019ils puissent adopter des cultures adapt\u00e9es aux zones d\u00e9sertiques et des m\u00e9thodes agricoles durables dans le cadre de leur production vivri\u00e8re. Cette action citoyenne d\u2019inspiration populaire, qui mise sur le b\u00e9n\u00e9volat, permettra de pr\u00e9server le mat\u00e9riel g\u00e9n\u00e9tique unique des cultures annuelles et des vari\u00e9t\u00e9s de grenades, et elle entra\u00eenera une utilisation moindre de l\u2019eau souterraine, une plus grande fertilit\u00e9 des sols, une r\u00e9duction du besoin en apports \u00e9nerg\u00e9tiques \u00e9lev\u00e9s et un accroissement de la bonne intendance de l\u2019environnement.<\/p>\n<h4>Objectifs<\/h4>\n<p>Puisqu\u2019Ajo est une collectivit\u00e9 \u00e9loign\u00e9e o\u00f9 les conditions de culture sont extr\u00eamement d\u00e9sertiques, il est essentiel de sensibiliser la population et de renforcer ses capacit\u00e9s en ce qui concerne les cultures adapt\u00e9es aux zones d\u00e9sertiques et les m\u00e9thodes d\u2019agriculture durable afin d\u2019am\u00e9liorer la sant\u00e9 \u00e0 long terme et la durabilit\u00e9 de la collectivit\u00e9, ainsi que de son syst\u00e8me \u00e9mergent de production alimentaire locale. Le projet vise \u00e0 contribuer \u00e0 cette sensibilisation et \u00e0 ce renforcement des capacit\u00e9s, de m\u00eame qu\u2019\u00e0 fournir un mod\u00e8le \u00e0 d\u2019autres collectivit\u00e9s, en outillant les particuliers et organisations qui font du jardinage pour qu\u2019ils puissent adopter des cultures adapt\u00e9es aux zones d\u00e9sertiques et des m\u00e9thodes agricoles durables dans le cadre de leur production vivri\u00e8re. Cette action citoyenne d\u2019inspiration populaire, qui mise sur le b\u00e9n\u00e9volat, permettra de pr\u00e9server le mat\u00e9riel g\u00e9n\u00e9tique unique des cultures annuelles et des vari\u00e9t\u00e9s de grenades, et elle entra\u00eenera une utilisation moindre de l\u2019eau souterraine, une plus grande fertilit\u00e9 des sols, une r\u00e9duction du besoin en apports \u00e9nerg\u00e9tiques \u00e9lev\u00e9s et un accroissement de la bonne intendance de l\u2019environnement.<\/p>\n<h4>Principales activit\u00e9s<\/h4>\n<ol>\n<li>Sensibilisation et information de la collectivit\u00e9 (\u00e9cole d\u2019agriculture au printemps et \u00e0 l\u2019automne, aide aux jardiniers sous forme de formation individuelle, bulletins, \u00e9v\u00e9nements communautaires li\u00e9s \u00e0 la production alimentaire locale);<\/li>\n<li>sensibilisation et information des organisations (\u00ab formation des formateurs \u00bb) (formation en leadership au printemps et \u00e0 l\u2019automne, aide aux organisations sous forme de formation individuelle);<\/li>\n<li>\u00e9laboration du programme \u00ab Adoptez une culture du d\u00e9sert de Sonora \u00bb (s\u00e9lectionner, acqu\u00e9rir et r\u00e9pertorier des cultures estivales appropri\u00e9es adapt\u00e9es aux zones d\u00e9sertiques et pr\u00e9parer les semences et les formulaires de tenue de registres en vue de leur distribution; pr\u00e9parer des boutures provenant du verger exp\u00e9rimental de grenadiers et d\u2019autres sources locales potentielles en vue de leur distribution, avec les formulaires connexes de tenue de registres; recruter des jardiniers et des organisations pour la participation au programme; recueillir, r\u00e9pertorier et analyser les r\u00e9sultats);<\/li>\n<li>cr\u00e9er un espace d\u2019apprentissage physique et virtuel, comportant notamment des essais de culture exp\u00e9rimentale parall\u00e8les au programme \u00ab Adoptez une culture \u00bb au Many Hands Urban Farm and Learning Center;<\/li>\n<li>mettre sur pied des collectivit\u00e9s d\u2019apprentissage \u2014 mise en commun des pratiques exemplaires avec d\u2019autres collectivit\u00e9s (conf\u00e9rence sur les mod\u00e8les de syst\u00e8mes alimentaires durables; visites individuelles et consultations d\u2019autres collectivit\u00e9s).<\/li>\n<\/ol>\n<h4>R\u00e9sultats<\/h4>\n<ol>\n<li>Sensibilisation et information de la collectivit\u00e9 (\u00e9cole d\u2019agriculture au printemps et \u00e0 l\u2019automne, aide aux jardiniers sous forme de formation individuelle, bulletins, \u00e9v\u00e9nements communautaires li\u00e9s \u00e0 la production alimentaire locale);<\/li>\n<li>sensibilisation et information des organisations (\u00ab formation des formateurs \u00bb) (formation en leadership au printemps et \u00e0 l\u2019automne, aide aux organisations sous forme de formation individuelle);<\/li>\n<li>\u00e9laboration du programme \u00ab Adoptez une culture du d\u00e9sert de Sonora \u00bb (s\u00e9lectionner, acqu\u00e9rir et r\u00e9pertorier des cultures estivales appropri\u00e9es adapt\u00e9es aux zones d\u00e9sertiques et pr\u00e9parer les semences et les formulaires de tenue de registres en vue de leur distribution; pr\u00e9parer des boutures provenant du verger exp\u00e9rimental de grenadiers et d\u2019autres sources locales potentielles en vue de leur distribution, avec les formulaires connexes de tenue de registres; recruter des jardiniers et des organisations pour la participation au programme; recueillir, r\u00e9pertorier et analyser les r\u00e9sultats);<\/li>\n<li>cr\u00e9er un espace d\u2019apprentissage physique et virtuel, comportant notamment des essais de culture exp\u00e9rimentale parall\u00e8les au programme \u00ab Adoptez une culture \u00bb au Many Hands Urban Farm and Learning Center;<\/li>\n<li>mettre sur pied des collectivit\u00e9s d\u2019apprentissage \u2014 mise en commun des pratiques exemplaires avec d\u2019autres collectivit\u00e9s (conf\u00e9rence sur les mod\u00e8les de syst\u00e8mes alimentaires durables; visites individuelles et consultations d\u2019autres collectivit\u00e9s).<\/li>\n<\/ol>\n","protected":false},"excerpt":{"rendered":"<p>Description du probl\u00e8me Puisqu\u2019Ajo est une collectivit\u00e9 \u00e9loign\u00e9e o\u00f9 les conditions de culture sont extr\u00eamement d\u00e9sertiques, il est essentiel de sensibiliser la population et de renforcer ses capacit\u00e9s en ce qui concerne les cultures adapt\u00e9es aux zones d\u00e9sertiques et les m\u00e9thodes d\u2019agriculture durable afin d\u2019am\u00e9liorer la sant\u00e9 \u00e0 long terme et la durabilit\u00e9 de la [&hellip;]<\/p>\n","protected":false},"featured_media":3007,"template":"","class_list":["post-11306","grants","type-grants","status-publish","has-post-thumbnail","hentry","country-etats-unis","status-conclu"],"acf":[],"yoast_head":"<!-- This site is optimized with the Yoast SEO Premium plugin v27.4 (Yoast SEO v27.4) - https:\/\/yoast.com\/product\/yoast-seo-premium-wordpress\/ -->\n<title>Projet \u00ab Adoptez une culture du d\u00e9sert de Sonora \u00bb : pr\u00e9servation de l\u2019agrobiodiversit\u00e9 gr\u00e2ce \u00e0 une participation citoyenne<\/title>\n<meta name=\"description\" content=\"Description du probl\u00e8me Puisqu\u2019Ajo est une collectivit\u00e9 \u00e9loign\u00e9e o\u00f9 les conditions de culture sont extr\u00eamement d\u00e9sertiques, il est essentiel de\" \/>\n<meta name=\"robots\" content=\"index, follow, max-snippet:-1, max-image-preview:large, max-video-preview:-1\" \/>\n<link rel=\"canonical\" href=\"https:\/\/www.cec.org\/fr\/north-american-partnership-for-environmental-community-action\/napeca-grants\/projet-adoptez-une-culture-du-desert-de-sonora-preservation-de-lagrobiodiversite-grace-a-une-participation-citoyenne\/\" \/>\n<meta property=\"og:locale\" content=\"fr_FR\" \/>\n<meta property=\"og:type\" content=\"article\" \/>\n<meta property=\"og:title\" content=\"Projet \u00ab Adoptez une culture du d\u00e9sert de Sonora \u00bb : pr\u00e9servation de l\u2019agrobiodiversit\u00e9 gr\u00e2ce \u00e0 une participation citoyenne\" \/>\n<meta property=\"og:description\" content=\"Description du probl\u00e8me Puisqu\u2019Ajo est une collectivit\u00e9 \u00e9loign\u00e9e o\u00f9 les conditions de culture sont extr\u00eamement d\u00e9sertiques, il est essentiel de\" \/>\n<meta property=\"og:url\" content=\"https:\/\/www.cec.org\/fr\/north-american-partnership-for-environmental-community-action\/napeca-grants\/projet-adoptez-une-culture-du-desert-de-sonora-preservation-de-lagrobiodiversite-grace-a-une-participation-citoyenne\/\" \/>\n<meta property=\"og:site_name\" content=\"Commission de coop\u00e9ration environnementale\" \/>\n<meta property=\"article:publisher\" content=\"https:\/\/www.facebook.com\/CECconnect\" \/>\n<meta property=\"article:modified_time\" content=\"2024-06-22T16:29:12+00:00\" \/>\n<meta property=\"og:image\" content=\"https:\/\/www.cec.org\/wp-content\/uploads\/2019\/09\/pr14-adopt-sonoran-desert-crop.jpg\" \/>\n\t<meta property=\"og:image:width\" content=\"600\" \/>\n\t<meta property=\"og:image:height\" content=\"400\" \/>\n\t<meta property=\"og:image:type\" content=\"image\/jpeg\" \/>\n<meta name=\"twitter:card\" content=\"summary_large_image\" \/>\n<meta name=\"twitter:site\" content=\"@CECweb\" \/>\n<script type=\"application\/ld+json\" class=\"yoast-schema-graph\">{\"@context\":\"https:\\\/\\\/schema.org\",\"@graph\":[{\"@type\":\"WebPage\",\"@id\":\"https:\\\/\\\/www.cec.org\\\/fr\\\/north-american-partnership-for-environmental-community-action\\\/napeca-grants\\\/projet-adoptez-une-culture-du-desert-de-sonora-preservation-de-lagrobiodiversite-grace-a-une-participation-citoyenne\\\/\",\"url\":\"https:\\\/\\\/www.cec.org\\\/fr\\\/north-american-partnership-for-environmental-community-action\\\/napeca-grants\\\/projet-adoptez-une-culture-du-desert-de-sonora-preservation-de-lagrobiodiversite-grace-a-une-participation-citoyenne\\\/\",\"name\":\"Projet \u00ab Adoptez une culture du d\u00e9sert de Sonora \u00bb : pr\u00e9servation de l\u2019agrobiodiversit\u00e9 gr\u00e2ce \u00e0 une participation citoyenne\",\"isPartOf\":{\"@id\":\"https:\\\/\\\/www.cec.org\\\/fr\\\/#website\"},\"primaryImageOfPage\":{\"@id\":\"https:\\\/\\\/www.cec.org\\\/fr\\\/north-american-partnership-for-environmental-community-action\\\/napeca-grants\\\/projet-adoptez-une-culture-du-desert-de-sonora-preservation-de-lagrobiodiversite-grace-a-une-participation-citoyenne\\\/#primaryimage\"},\"image\":{\"@id\":\"https:\\\/\\\/www.cec.org\\\/fr\\\/north-american-partnership-for-environmental-community-action\\\/napeca-grants\\\/projet-adoptez-une-culture-du-desert-de-sonora-preservation-de-lagrobiodiversite-grace-a-une-participation-citoyenne\\\/#primaryimage\"},\"thumbnailUrl\":\"https:\\\/\\\/www.cec.org\\\/wp-content\\\/uploads\\\/2019\\\/09\\\/pr14-adopt-sonoran-desert-crop.jpg\",\"datePublished\":\"2015-12-02T23:25:02+00:00\",\"dateModified\":\"2024-06-22T16:29:12+00:00\",\"description\":\"Description du probl\u00e8me Puisqu\u2019Ajo est une collectivit\u00e9 \u00e9loign\u00e9e o\u00f9 les conditions de culture sont extr\u00eamement d\u00e9sertiques, il est essentiel de\",\"breadcrumb\":{\"@id\":\"https:\\\/\\\/www.cec.org\\\/fr\\\/north-american-partnership-for-environmental-community-action\\\/napeca-grants\\\/projet-adoptez-une-culture-du-desert-de-sonora-preservation-de-lagrobiodiversite-grace-a-une-participation-citoyenne\\\/#breadcrumb\"},\"inLanguage\":\"fr-FR\",\"potentialAction\":[{\"@type\":\"ReadAction\",\"target\":[\"https:\\\/\\\/www.cec.org\\\/fr\\\/north-american-partnership-for-environmental-community-action\\\/napeca-grants\\\/projet-adoptez-une-culture-du-desert-de-sonora-preservation-de-lagrobiodiversite-grace-a-une-participation-citoyenne\\\/\"]}]},{\"@type\":\"ImageObject\",\"inLanguage\":\"fr-FR\",\"@id\":\"https:\\\/\\\/www.cec.org\\\/fr\\\/north-american-partnership-for-environmental-community-action\\\/napeca-grants\\\/projet-adoptez-une-culture-du-desert-de-sonora-preservation-de-lagrobiodiversite-grace-a-une-participation-citoyenne\\\/#primaryimage\",\"url\":\"https:\\\/\\\/www.cec.org\\\/wp-content\\\/uploads\\\/2019\\\/09\\\/pr14-adopt-sonoran-desert-crop.jpg\",\"contentUrl\":\"https:\\\/\\\/www.cec.org\\\/wp-content\\\/uploads\\\/2019\\\/09\\\/pr14-adopt-sonoran-desert-crop.jpg\",\"width\":600,\"height\":400,\"caption\":\"Preserving Agro-Biodiversity - NAPECA\"},{\"@type\":\"BreadcrumbList\",\"@id\":\"https:\\\/\\\/www.cec.org\\\/fr\\\/north-american-partnership-for-environmental-community-action\\\/napeca-grants\\\/projet-adoptez-une-culture-du-desert-de-sonora-preservation-de-lagrobiodiversite-grace-a-une-participation-citoyenne\\\/#breadcrumb\",\"itemListElement\":[{\"@type\":\"ListItem\",\"position\":1,\"name\":\"Accueil\",\"item\":\"https:\\\/\\\/www.cec.org\\\/fr\\\/\"},{\"@type\":\"ListItem\",\"position\":2,\"name\":\"Projet \u00ab Adoptez une culture du d\u00e9sert de Sonora \u00bb : pr\u00e9servation de l\u2019agrobiodiversit\u00e9 gr\u00e2ce \u00e0 une participation citoyenne\"}]},{\"@type\":\"WebSite\",\"@id\":\"https:\\\/\\\/www.cec.org\\\/fr\\\/#website\",\"url\":\"https:\\\/\\\/www.cec.org\\\/fr\\\/\",\"name\":\"Commission for Environmental Cooperation\",\"description\":\"Three countries working together to protect our shared environment\",\"alternateName\":\"CEC - CCA -CCE\",\"potentialAction\":[{\"@type\":\"SearchAction\",\"target\":{\"@type\":\"EntryPoint\",\"urlTemplate\":\"https:\\\/\\\/www.cec.org\\\/fr\\\/?s={search_term_string}\"},\"query-input\":{\"@type\":\"PropertyValueSpecification\",\"valueRequired\":true,\"valueName\":\"search_term_string\"}}],\"inLanguage\":\"fr-FR\"}]}<\/script>\n<!-- \/ Yoast SEO Premium plugin. -->","yoast_head_json":{"title":"Projet \u00ab Adoptez une culture du d\u00e9sert de Sonora \u00bb : pr\u00e9servation de l\u2019agrobiodiversit\u00e9 gr\u00e2ce \u00e0 une participation citoyenne","description":"Description du probl\u00e8me Puisqu\u2019Ajo est une collectivit\u00e9 \u00e9loign\u00e9e o\u00f9 les conditions de culture sont extr\u00eamement d\u00e9sertiques, il est essentiel de","robots":{"index":"index","follow":"follow","max-snippet":"max-snippet:-1","max-image-preview":"max-image-preview:large","max-video-preview":"max-video-preview:-1"},"canonical":"https:\/\/www.cec.org\/fr\/north-american-partnership-for-environmental-community-action\/napeca-grants\/projet-adoptez-une-culture-du-desert-de-sonora-preservation-de-lagrobiodiversite-grace-a-une-participation-citoyenne\/","og_locale":"fr_FR","og_type":"article","og_title":"Projet \u00ab Adoptez une culture du d\u00e9sert de Sonora \u00bb : pr\u00e9servation de l\u2019agrobiodiversit\u00e9 gr\u00e2ce \u00e0 une participation citoyenne","og_description":"Description du probl\u00e8me Puisqu\u2019Ajo est une collectivit\u00e9 \u00e9loign\u00e9e o\u00f9 les conditions de culture sont extr\u00eamement d\u00e9sertiques, il est essentiel de","og_url":"https:\/\/www.cec.org\/fr\/north-american-partnership-for-environmental-community-action\/napeca-grants\/projet-adoptez-une-culture-du-desert-de-sonora-preservation-de-lagrobiodiversite-grace-a-une-participation-citoyenne\/","og_site_name":"Commission de coop\u00e9ration environnementale","article_publisher":"https:\/\/www.facebook.com\/CECconnect","article_modified_time":"2024-06-22T16:29:12+00:00","og_image":[{"width":600,"height":400,"url":"https:\/\/www.cec.org\/wp-content\/uploads\/2019\/09\/pr14-adopt-sonoran-desert-crop.jpg","type":"image\/jpeg"}],"twitter_card":"summary_large_image","twitter_site":"@CECweb","schema":{"@context":"https:\/\/schema.org","@graph":[{"@type":"WebPage","@id":"https:\/\/www.cec.org\/fr\/north-american-partnership-for-environmental-community-action\/napeca-grants\/projet-adoptez-une-culture-du-desert-de-sonora-preservation-de-lagrobiodiversite-grace-a-une-participation-citoyenne\/","url":"https:\/\/www.cec.org\/fr\/north-american-partnership-for-environmental-community-action\/napeca-grants\/projet-adoptez-une-culture-du-desert-de-sonora-preservation-de-lagrobiodiversite-grace-a-une-participation-citoyenne\/","name":"Projet \u00ab Adoptez une culture du d\u00e9sert de Sonora \u00bb : pr\u00e9servation de l\u2019agrobiodiversit\u00e9 gr\u00e2ce \u00e0 une participation citoyenne","isPartOf":{"@id":"https:\/\/www.cec.org\/fr\/#website"},"primaryImageOfPage":{"@id":"https:\/\/www.cec.org\/fr\/north-american-partnership-for-environmental-community-action\/napeca-grants\/projet-adoptez-une-culture-du-desert-de-sonora-preservation-de-lagrobiodiversite-grace-a-une-participation-citoyenne\/#primaryimage"},"image":{"@id":"https:\/\/www.cec.org\/fr\/north-american-partnership-for-environmental-community-action\/napeca-grants\/projet-adoptez-une-culture-du-desert-de-sonora-preservation-de-lagrobiodiversite-grace-a-une-participation-citoyenne\/#primaryimage"},"thumbnailUrl":"https:\/\/www.cec.org\/wp-content\/uploads\/2019\/09\/pr14-adopt-sonoran-desert-crop.jpg","datePublished":"2015-12-02T23:25:02+00:00","dateModified":"2024-06-22T16:29:12+00:00","description":"Description du probl\u00e8me Puisqu\u2019Ajo est une collectivit\u00e9 \u00e9loign\u00e9e o\u00f9 les conditions de culture sont extr\u00eamement d\u00e9sertiques, il est essentiel de","breadcrumb":{"@id":"https:\/\/www.cec.org\/fr\/north-american-partnership-for-environmental-community-action\/napeca-grants\/projet-adoptez-une-culture-du-desert-de-sonora-preservation-de-lagrobiodiversite-grace-a-une-participation-citoyenne\/#breadcrumb"},"inLanguage":"fr-FR","potentialAction":[{"@type":"ReadAction","target":["https:\/\/www.cec.org\/fr\/north-american-partnership-for-environmental-community-action\/napeca-grants\/projet-adoptez-une-culture-du-desert-de-sonora-preservation-de-lagrobiodiversite-grace-a-une-participation-citoyenne\/"]}]},{"@type":"ImageObject","inLanguage":"fr-FR","@id":"https:\/\/www.cec.org\/fr\/north-american-partnership-for-environmental-community-action\/napeca-grants\/projet-adoptez-une-culture-du-desert-de-sonora-preservation-de-lagrobiodiversite-grace-a-une-participation-citoyenne\/#primaryimage","url":"https:\/\/www.cec.org\/wp-content\/uploads\/2019\/09\/pr14-adopt-sonoran-desert-crop.jpg","contentUrl":"https:\/\/www.cec.org\/wp-content\/uploads\/2019\/09\/pr14-adopt-sonoran-desert-crop.jpg","width":600,"height":400,"caption":"Preserving Agro-Biodiversity - NAPECA"},{"@type":"BreadcrumbList","@id":"https:\/\/www.cec.org\/fr\/north-american-partnership-for-environmental-community-action\/napeca-grants\/projet-adoptez-une-culture-du-desert-de-sonora-preservation-de-lagrobiodiversite-grace-a-une-participation-citoyenne\/#breadcrumb","itemListElement":[{"@type":"ListItem","position":1,"name":"Accueil","item":"https:\/\/www.cec.org\/fr\/"},{"@type":"ListItem","position":2,"name":"Projet \u00ab Adoptez une culture du d\u00e9sert de Sonora \u00bb : pr\u00e9servation de l\u2019agrobiodiversit\u00e9 gr\u00e2ce \u00e0 une participation citoyenne"}]},{"@type":"WebSite","@id":"https:\/\/www.cec.org\/fr\/#website","url":"https:\/\/www.cec.org\/fr\/","name":"Commission for Environmental Cooperation","description":"Three countries working together to protect our shared environment","alternateName":"CEC - CCA -CCE","potentialAction":[{"@type":"SearchAction","target":{"@type":"EntryPoint","urlTemplate":"https:\/\/www.cec.org\/fr\/?s={search_term_string}"},"query-input":{"@type":"PropertyValueSpecification","valueRequired":true,"valueName":"search_term_string"}}],"inLanguage":"fr-FR"}]}},"_links":{"self":[{"href":"https:\/\/www.cec.org\/fr\/wp-json\/wp\/v2\/grants\/11306","targetHints":{"allow":["GET"]}}],"collection":[{"href":"https:\/\/www.cec.org\/fr\/wp-json\/wp\/v2\/grants"}],"about":[{"href":"https:\/\/www.cec.org\/fr\/wp-json\/wp\/v2\/types\/grants"}],"wp:featuredmedia":[{"embeddable":true,"href":"https:\/\/www.cec.org\/fr\/wp-json\/wp\/v2\/media\/3007"}],"wp:attachment":[{"href":"https:\/\/www.cec.org\/fr\/wp-json\/wp\/v2\/media?parent=11306"}],"curies":[{"name":"wp","href":"https:\/\/api.w.org\/{rel}","templated":true}]}}