{"id":57097,"date":"2024-11-15T20:27:55","date_gmt":"2024-11-16T01:27:55","guid":{"rendered":"http:\/\/www.cec.org\/gelp\/programme-generation-de-leaders-de-lenvironnement-2024\/"},"modified":"2025-02-21T13:49:18","modified_gmt":"2025-02-21T18:49:18","slug":"programme-generation-de-leaders-de-lenvironnement-2024","status":"publish","type":"gelp","link":"https:\/\/www.cec.org\/fr\/gelp\/programme-generation-de-leaders-de-lenvironnement-2024\/","title":{"rendered":"Programme G\u00e9n\u00e9ration de leaders de l\u2019environnement 2024"},"content":{"rendered":"<p><strong>Voici les \u00e9quipes laur\u00e9ates du PGLE de 2024!<\/strong><\/p>\n<p>\"Nous sommes incroyablement fiers des \u00e9quipes talentueuses et des jeunes leaders du Canada, des \u00c9tats-Unis et du Mexique qui ont propos\u00e9 leurs solutions percutantes aux d\u00e9fis environnementaux. Leur d\u00e9vouement et leur cr\u00e9ativit\u00e9 sont v\u00e9ritablement inspirants, et ils exemplifient le potentiel de la jeunesse \u00e0 impulser des changements significatifs. Nous avons h\u00e2te de voir l'impact positif que leurs id\u00e9es auront sur les communaut\u00e9s nord-am\u00e9ricaines,\" Jorge Daniel Taillant, Directeur ex\u00e9cutif de la CCE.<\/p>\n","protected":false},"excerpt":{"rendered":"<p>Voici les \u00e9quipes laur\u00e9ates du PGLE de 2024! \u00ab\u00a0Nous sommes incroyablement fiers des \u00e9quipes talentueuses et des jeunes leaders du Canada, des \u00c9tats-Unis et du Mexique qui ont propos\u00e9 leurs solutions percutantes aux d\u00e9fis environnementaux. Leur d\u00e9vouement et leur cr\u00e9ativit\u00e9 sont v\u00e9ritablement inspirants, et ils exemplifient le potentiel de la jeunesse \u00e0 impulser des changements [&hellip;]<\/p>\n","protected":false},"featured_media":55749,"template":"","class_list":["post-57097","gelp","type-gelp","status-publish","has-post-thumbnail","hentry"],"acf":[],"yoast_head":"<!-- This site is optimized with the Yoast SEO Premium plugin v27.4 (Yoast SEO v27.4) - https:\/\/yoast.com\/product\/yoast-seo-premium-wordpress\/ -->\n<title>Voici les \u00e9quipes laur\u00e9ates du PGLE de 2024!<\/title>\n<meta name=\"description\" content=\"Le jury a s\u00e9lectionn\u00e9 les \u00e9quipes de jeunes qui ont propos\u00e9 d\u2019audacieuses solutions dans le cadre du Programme G\u00e9n\u00e9ration...\" \/>\n<meta name=\"robots\" content=\"index, follow, max-snippet:-1, max-image-preview:large, max-video-preview:-1\" \/>\n<link rel=\"canonical\" href=\"https:\/\/www.cec.org\/fr\/gelp\/programme-generation-de-leaders-de-lenvironnement-2024\/\" \/>\n<meta property=\"og:locale\" content=\"fr_FR\" \/>\n<meta property=\"og:type\" content=\"article\" \/>\n<meta property=\"og:title\" content=\"Programme G\u00e9n\u00e9ration de leaders de l\u2019environnement 2024\" \/>\n<meta property=\"og:description\" content=\"Le jury a s\u00e9lectionn\u00e9 les \u00e9quipes de jeunes qui ont propos\u00e9 d\u2019audacieuses solutions dans le cadre du Programme G\u00e9n\u00e9ration...\" \/>\n<meta property=\"og:url\" content=\"https:\/\/www.cec.org\/fr\/gelp\/programme-generation-de-leaders-de-lenvironnement-2024\/\" \/>\n<meta property=\"og:site_name\" content=\"Commission de coop\u00e9ration environnementale\" \/>\n<meta property=\"article:publisher\" content=\"https:\/\/www.facebook.com\/CECconnect\" \/>\n<meta property=\"article:modified_time\" content=\"2025-02-21T18:49:18+00:00\" \/>\n<meta property=\"og:image\" content=\"https:\/\/www.cec.org\/wp-content\/uploads\/GELp-Meet_-FR.webp\" \/>\n\t<meta property=\"og:image:width\" content=\"1200\" \/>\n\t<meta property=\"og:image:height\" content=\"684\" \/>\n\t<meta property=\"og:image:type\" content=\"image\/webp\" \/>\n<meta name=\"twitter:card\" content=\"summary_large_image\" \/>\n<meta name=\"twitter:site\" content=\"@CECweb\" \/>\n<script type=\"application\/ld+json\" class=\"yoast-schema-graph\">{\"@context\":\"https:\\\/\\\/schema.org\",\"@graph\":[{\"@type\":\"WebPage\",\"@id\":\"https:\\\/\\\/www.cec.org\\\/fr\\\/gelp\\\/programme-generation-de-leaders-de-lenvironnement-2024\\\/\",\"url\":\"https:\\\/\\\/www.cec.org\\\/fr\\\/gelp\\\/programme-generation-de-leaders-de-lenvironnement-2024\\\/\",\"name\":\"Voici les \u00e9quipes laur\u00e9ates du PGLE de 2024!\",\"isPartOf\":{\"@id\":\"https:\\\/\\\/www.cec.org\\\/fr\\\/#website\"},\"primaryImageOfPage\":{\"@id\":\"https:\\\/\\\/www.cec.org\\\/fr\\\/gelp\\\/programme-generation-de-leaders-de-lenvironnement-2024\\\/#primaryimage\"},\"image\":{\"@id\":\"https:\\\/\\\/www.cec.org\\\/fr\\\/gelp\\\/programme-generation-de-leaders-de-lenvironnement-2024\\\/#primaryimage\"},\"thumbnailUrl\":\"https:\\\/\\\/www.cec.org\\\/wp-content\\\/uploads\\\/GELp-Meet_-FR.webp\",\"datePublished\":\"2024-11-16T01:27:55+00:00\",\"dateModified\":\"2025-02-21T18:49:18+00:00\",\"description\":\"Le jury a s\u00e9lectionn\u00e9 les \u00e9quipes de jeunes qui ont propos\u00e9 d\u2019audacieuses solutions dans le cadre du Programme G\u00e9n\u00e9ration...\",\"breadcrumb\":{\"@id\":\"https:\\\/\\\/www.cec.org\\\/fr\\\/gelp\\\/programme-generation-de-leaders-de-lenvironnement-2024\\\/#breadcrumb\"},\"inLanguage\":\"fr-FR\",\"potentialAction\":[{\"@type\":\"ReadAction\",\"target\":[\"https:\\\/\\\/www.cec.org\\\/fr\\\/gelp\\\/programme-generation-de-leaders-de-lenvironnement-2024\\\/\"]}]},{\"@type\":\"ImageObject\",\"inLanguage\":\"fr-FR\",\"@id\":\"https:\\\/\\\/www.cec.org\\\/fr\\\/gelp\\\/programme-generation-de-leaders-de-lenvironnement-2024\\\/#primaryimage\",\"url\":\"https:\\\/\\\/www.cec.org\\\/wp-content\\\/uploads\\\/GELp-Meet_-FR.webp\",\"contentUrl\":\"https:\\\/\\\/www.cec.org\\\/wp-content\\\/uploads\\\/GELp-Meet_-FR.webp\",\"width\":1200,\"height\":684,\"caption\":\"PGLE 2024\"},{\"@type\":\"BreadcrumbList\",\"@id\":\"https:\\\/\\\/www.cec.org\\\/fr\\\/gelp\\\/programme-generation-de-leaders-de-lenvironnement-2024\\\/#breadcrumb\",\"itemListElement\":[{\"@type\":\"ListItem\",\"position\":1,\"name\":\"Accueil\",\"item\":\"https:\\\/\\\/www.cec.org\\\/fr\\\/\"},{\"@type\":\"ListItem\",\"position\":2,\"name\":\"Programme G\u00e9n\u00e9ration de leaders de l\u2019environnement 2024\"}]},{\"@type\":\"WebSite\",\"@id\":\"https:\\\/\\\/www.cec.org\\\/fr\\\/#website\",\"url\":\"https:\\\/\\\/www.cec.org\\\/fr\\\/\",\"name\":\"Commission for Environmental Cooperation\",\"description\":\"Three countries working together to protect our shared environment\",\"alternateName\":\"CEC - CCA -CCE\",\"potentialAction\":[{\"@type\":\"SearchAction\",\"target\":{\"@type\":\"EntryPoint\",\"urlTemplate\":\"https:\\\/\\\/www.cec.org\\\/fr\\\/?s={search_term_string}\"},\"query-input\":{\"@type\":\"PropertyValueSpecification\",\"valueRequired\":true,\"valueName\":\"search_term_string\"}}],\"inLanguage\":\"fr-FR\"}]}<\/script>\n<!-- \/ Yoast SEO Premium plugin. -->","yoast_head_json":{"title":"Voici les \u00e9quipes laur\u00e9ates du PGLE de 2024!","description":"Le jury a s\u00e9lectionn\u00e9 les \u00e9quipes de jeunes qui ont propos\u00e9 d\u2019audacieuses solutions dans le cadre du Programme G\u00e9n\u00e9ration...","robots":{"index":"index","follow":"follow","max-snippet":"max-snippet:-1","max-image-preview":"max-image-preview:large","max-video-preview":"max-video-preview:-1"},"canonical":"https:\/\/www.cec.org\/fr\/gelp\/programme-generation-de-leaders-de-lenvironnement-2024\/","og_locale":"fr_FR","og_type":"article","og_title":"Programme G\u00e9n\u00e9ration de leaders de l\u2019environnement 2024","og_description":"Le jury a s\u00e9lectionn\u00e9 les \u00e9quipes de jeunes qui ont propos\u00e9 d\u2019audacieuses solutions dans le cadre du Programme G\u00e9n\u00e9ration...","og_url":"https:\/\/www.cec.org\/fr\/gelp\/programme-generation-de-leaders-de-lenvironnement-2024\/","og_site_name":"Commission de coop\u00e9ration environnementale","article_publisher":"https:\/\/www.facebook.com\/CECconnect","article_modified_time":"2025-02-21T18:49:18+00:00","og_image":[{"width":1200,"height":684,"url":"https:\/\/www.cec.org\/wp-content\/uploads\/GELp-Meet_-FR.webp","type":"image\/webp"}],"twitter_card":"summary_large_image","twitter_site":"@CECweb","schema":{"@context":"https:\/\/schema.org","@graph":[{"@type":"WebPage","@id":"https:\/\/www.cec.org\/fr\/gelp\/programme-generation-de-leaders-de-lenvironnement-2024\/","url":"https:\/\/www.cec.org\/fr\/gelp\/programme-generation-de-leaders-de-lenvironnement-2024\/","name":"Voici les \u00e9quipes laur\u00e9ates du PGLE de 2024!","isPartOf":{"@id":"https:\/\/www.cec.org\/fr\/#website"},"primaryImageOfPage":{"@id":"https:\/\/www.cec.org\/fr\/gelp\/programme-generation-de-leaders-de-lenvironnement-2024\/#primaryimage"},"image":{"@id":"https:\/\/www.cec.org\/fr\/gelp\/programme-generation-de-leaders-de-lenvironnement-2024\/#primaryimage"},"thumbnailUrl":"https:\/\/www.cec.org\/wp-content\/uploads\/GELp-Meet_-FR.webp","datePublished":"2024-11-16T01:27:55+00:00","dateModified":"2025-02-21T18:49:18+00:00","description":"Le jury a s\u00e9lectionn\u00e9 les \u00e9quipes de jeunes qui ont propos\u00e9 d\u2019audacieuses solutions dans le cadre du Programme G\u00e9n\u00e9ration...","breadcrumb":{"@id":"https:\/\/www.cec.org\/fr\/gelp\/programme-generation-de-leaders-de-lenvironnement-2024\/#breadcrumb"},"inLanguage":"fr-FR","potentialAction":[{"@type":"ReadAction","target":["https:\/\/www.cec.org\/fr\/gelp\/programme-generation-de-leaders-de-lenvironnement-2024\/"]}]},{"@type":"ImageObject","inLanguage":"fr-FR","@id":"https:\/\/www.cec.org\/fr\/gelp\/programme-generation-de-leaders-de-lenvironnement-2024\/#primaryimage","url":"https:\/\/www.cec.org\/wp-content\/uploads\/GELp-Meet_-FR.webp","contentUrl":"https:\/\/www.cec.org\/wp-content\/uploads\/GELp-Meet_-FR.webp","width":1200,"height":684,"caption":"PGLE 2024"},{"@type":"BreadcrumbList","@id":"https:\/\/www.cec.org\/fr\/gelp\/programme-generation-de-leaders-de-lenvironnement-2024\/#breadcrumb","itemListElement":[{"@type":"ListItem","position":1,"name":"Accueil","item":"https:\/\/www.cec.org\/fr\/"},{"@type":"ListItem","position":2,"name":"Programme G\u00e9n\u00e9ration de leaders de l\u2019environnement 2024"}]},{"@type":"WebSite","@id":"https:\/\/www.cec.org\/fr\/#website","url":"https:\/\/www.cec.org\/fr\/","name":"Commission for Environmental Cooperation","description":"Three countries working together to protect our shared environment","alternateName":"CEC - CCA -CCE","potentialAction":[{"@type":"SearchAction","target":{"@type":"EntryPoint","urlTemplate":"https:\/\/www.cec.org\/fr\/?s={search_term_string}"},"query-input":{"@type":"PropertyValueSpecification","valueRequired":true,"valueName":"search_term_string"}}],"inLanguage":"fr-FR"}]}},"_links":{"self":[{"href":"https:\/\/www.cec.org\/fr\/wp-json\/wp\/v2\/gelp\/57097","targetHints":{"allow":["GET"]}}],"collection":[{"href":"https:\/\/www.cec.org\/fr\/wp-json\/wp\/v2\/gelp"}],"about":[{"href":"https:\/\/www.cec.org\/fr\/wp-json\/wp\/v2\/types\/gelp"}],"wp:featuredmedia":[{"embeddable":true,"href":"https:\/\/www.cec.org\/fr\/wp-json\/wp\/v2\/media\/55749"}],"wp:attachment":[{"href":"https:\/\/www.cec.org\/fr\/wp-json\/wp\/v2\/media?parent=57097"}],"curies":[{"name":"wp","href":"https:\/\/api.w.org\/{rel}","templated":true}]}}