{"id":57879,"date":"2025-03-04T11:48:16","date_gmt":"2025-03-04T16:48:16","guid":{"rendered":"https:\/\/www.cec.org\/events\/rencontre-jeunesse-sur-la-resilience-climatique-amerique-du-nord-2025\/"},"modified":"2025-08-28T14:37:37","modified_gmt":"2025-08-28T18:37:37","slug":"rencontre-jeunesse-sur-la-resilience-climatique-amerique-du-nord-2025","status":"publish","type":"events","link":"https:\/\/www.cec.org\/fr\/activites\/rencontre-jeunesse-sur-la-resilience-climatique-amerique-du-nord-2025\/","title":{"rendered":"Rencontre jeunesse sur la r\u00e9silience climatique | Am\u00e9rique du Nord 2025"},"content":{"rendered":"<p>Comment transformer des id\u00e9es en actions positives de r\u00e9silience climatique? Soyez des n\u00f4tres pour la <strong>rencontre jeunesse<\/strong> <strong>sur la r\u00e9silience climatique<\/strong>, organis\u00e9 par <a href=\"https:\/\/lift360.ca\/\">Lift\u00a0360<\/a>, en collaboration avec la Commission de coop\u00e9ration environnementale\u00a0(CCE). Cet \u00e9v\u00e9nement sera l\u2019occasion d\u2019apprendre aupr\u00e8s d\u2019autres jeunes leaders de l\u2019environnement de partout en Am\u00e9rique du Nord, et de d\u00e9couvrir leur travail marquant en mati\u00e8re de conservation des eaux, d\u2019\u00e9conomie circulaire et de salubrit\u00e9 de l\u2019environnement.<\/p>\n<p>En participant \u00e0 cet \u00e9v\u00e9nement, vous pourrez discuter de moyens et de strat\u00e9gies pour transformer vos id\u00e9es en projets concrets pour promouvoir la r\u00e9silience climatique dans votre communaut\u00e9. Vous pourrez \u00e9galement tisser des liens et cr\u00e9er des r\u00e9seaux pour favoriser un changement. Cet \u00e9v\u00e9nement offrira l\u2019interpr\u00e9tation simultan\u00e9e en fran\u00e7ais, en anglais et en espagnol.<\/p>\n<p>Le nombre de places est limit\u00e9, alors n\u2019attendez plus et r\u00e9servez la v\u00f4tre d\u00e8s aujourd\u2019hui. Inscrivez-vous maintenant pour vous assurer de ne pas rater cette occasion!<\/p>\n<p>Obtenez plus d\u2019information<strong>\u00a0sur les <\/strong><a href=\"https:\/\/www.cec.org\/fr\/sujets\/engagement-jeunesse\/\"><strong>efforts d\u2019engagement jeunesse<\/strong><\/a><strong> de la CCE.<\/strong><\/p>\n","protected":false},"excerpt":{"rendered":"<p>Comment transformer des id\u00e9es en actions positives de r\u00e9silience climatique? Organis\u00e9 par Lift 360 en collaboration avec la Commission de coop\u00e9ration environnementale (CCE), la rencontre jeunesse sur la r\u00e9silience climatique | Am\u00e9rique du Nord 2025 est un \u00e9v\u00e9nement inclusif pour les jeunes. Cet espace virtuel permettra \u00e0 de jeunes leaders de l\u2019environnement du Canada, du Mexique et des \u00c9tats-Unis de tisser des liens, et mettra en vedette les travaux marquants men\u00e9s par des jeunes dans les domaines de la conservation des eaux, de l\u2019\u00e9conomie circulaire et de la salubrit\u00e9 de l\u2019environnement. <\/p>\n<p>Participez \u00e0 la cr\u00e9ation d\u2019un avenir plus r\u00e9silient face aux changements climatiques!<\/p>\n","protected":false},"featured_media":57866,"template":"","class_list":["post-57879","events","type-events","status-publish","has-post-thumbnail","hentry","event_category-reunion-fr","participation-ouvert-au-public-fr","themes-engagement-jeunesse","themes-partenariats"],"acf":[],"yoast_head":"<!-- This site is optimized with the Yoast SEO Premium plugin v27.4 (Yoast SEO v27.4) - https:\/\/yoast.com\/product\/yoast-seo-premium-wordpress\/ -->\n<title>Rencontre jeunesse sur la r\u00e9silience climatique | Am\u00e9rique du Nord 2025<\/title>\n<meta name=\"description\" content=\"Comment transformer des id\u00e9es en actions positives de r\u00e9silience climatique? Organis\u00e9 par Lift 360 en collaboration avec la Commission de coop\u00e9ration environnementale (CCE), la rencontre jeunesse sur la r\u00e9silience climatique | Am\u00e9rique du Nord 2025 est un \u00e9v\u00e9nement inclusif pour les jeunes. Cet espace virtuel permettra \u00e0 de jeunes leaders de l\u2019environnement du Canada, du Mexique et des \u00c9tats-Unis de tisser des liens, et mettra en vedette les travaux marquants men\u00e9s par des jeunes dans les domaines de la conservation des eaux, de l\u2019\u00e9conomie circulaire et de la salubrit\u00e9 de l\u2019environnement.   Participez \u00e0 la cr\u00e9ation d\u2019un avenir plus r\u00e9silient face aux changements climatiques!\" \/>\n<meta name=\"robots\" content=\"index, follow, max-snippet:-1, max-image-preview:large, max-video-preview:-1\" \/>\n<link rel=\"canonical\" href=\"https:\/\/www.cec.org\/fr\/activites\/rencontre-jeunesse-sur-la-resilience-climatique-amerique-du-nord-2025\/\" \/>\n<meta property=\"og:locale\" content=\"fr_FR\" \/>\n<meta property=\"og:type\" content=\"article\" \/>\n<meta property=\"og:title\" content=\"Rencontre jeunesse sur la r\u00e9silience climatique | Am\u00e9rique du Nord 2025\" \/>\n<meta property=\"og:description\" content=\"CEC events range from large public consultations to small, expert meetings on specific environmental issues.\" \/>\n<meta property=\"og:url\" content=\"https:\/\/www.cec.org\/fr\/activites\/rencontre-jeunesse-sur-la-resilience-climatique-amerique-du-nord-2025\/\" \/>\n<meta property=\"og:site_name\" content=\"Commission de coop\u00e9ration environnementale\" \/>\n<meta property=\"article:publisher\" content=\"https:\/\/www.facebook.com\/CECconnect\" \/>\n<meta property=\"article:modified_time\" content=\"2025-08-28T18:37:37+00:00\" \/>\n<meta property=\"og:image\" content=\"https:\/\/www.cec.org\/wp-content\/uploads\/youth-summit-fr.webp\" \/>\n\t<meta property=\"og:image:width\" content=\"1200\" \/>\n\t<meta property=\"og:image:height\" content=\"684\" \/>\n\t<meta property=\"og:image:type\" content=\"image\/webp\" \/>\n<meta name=\"twitter:card\" content=\"summary_large_image\" \/>\n<meta name=\"twitter:site\" content=\"@CECweb\" \/>\n<script type=\"application\/ld+json\" class=\"yoast-schema-graph\">{\"@context\":\"https:\\\/\\\/schema.org\",\"@graph\":[{\"@type\":\"WebPage\",\"@id\":\"https:\\\/\\\/www.cec.org\\\/fr\\\/activites\\\/rencontre-jeunesse-sur-la-resilience-climatique-amerique-du-nord-2025\\\/\",\"url\":\"https:\\\/\\\/www.cec.org\\\/fr\\\/activites\\\/rencontre-jeunesse-sur-la-resilience-climatique-amerique-du-nord-2025\\\/\",\"name\":\"Rencontre jeunesse sur la r\u00e9silience climatique | Am\u00e9rique du Nord 2025\",\"isPartOf\":{\"@id\":\"https:\\\/\\\/www.cec.org\\\/fr\\\/#website\"},\"primaryImageOfPage\":{\"@id\":\"https:\\\/\\\/www.cec.org\\\/fr\\\/activites\\\/rencontre-jeunesse-sur-la-resilience-climatique-amerique-du-nord-2025\\\/#primaryimage\"},\"image\":{\"@id\":\"https:\\\/\\\/www.cec.org\\\/fr\\\/activites\\\/rencontre-jeunesse-sur-la-resilience-climatique-amerique-du-nord-2025\\\/#primaryimage\"},\"thumbnailUrl\":\"https:\\\/\\\/www.cec.org\\\/wp-content\\\/uploads\\\/youth-summit-fr.webp\",\"datePublished\":\"2025-03-04T16:48:16+00:00\",\"dateModified\":\"2025-08-28T18:37:37+00:00\",\"description\":\"Comment transformer des id\u00e9es en actions positives de r\u00e9silience climatique? Organis\u00e9 par Lift 360 en collaboration avec la Commission de coop\u00e9ration environnementale (CCE), la rencontre jeunesse sur la r\u00e9silience climatique | Am\u00e9rique du Nord 2025 est un \u00e9v\u00e9nement inclusif pour les jeunes. Cet espace virtuel permettra \u00e0 de jeunes leaders de l\u2019environnement du Canada, du Mexique et des \u00c9tats-Unis de tisser des liens, et mettra en vedette les travaux marquants men\u00e9s par des jeunes dans les domaines de la conservation des eaux, de l\u2019\u00e9conomie circulaire et de la salubrit\u00e9 de l\u2019environnement. Participez \u00e0 la cr\u00e9ation d\u2019un avenir plus r\u00e9silient face aux changements climatiques!\",\"breadcrumb\":{\"@id\":\"https:\\\/\\\/www.cec.org\\\/fr\\\/activites\\\/rencontre-jeunesse-sur-la-resilience-climatique-amerique-du-nord-2025\\\/#breadcrumb\"},\"inLanguage\":\"fr-FR\",\"potentialAction\":[{\"@type\":\"ReadAction\",\"target\":[\"https:\\\/\\\/www.cec.org\\\/fr\\\/activites\\\/rencontre-jeunesse-sur-la-resilience-climatique-amerique-du-nord-2025\\\/\"]}]},{\"@type\":\"ImageObject\",\"inLanguage\":\"fr-FR\",\"@id\":\"https:\\\/\\\/www.cec.org\\\/fr\\\/activites\\\/rencontre-jeunesse-sur-la-resilience-climatique-amerique-du-nord-2025\\\/#primaryimage\",\"url\":\"https:\\\/\\\/www.cec.org\\\/wp-content\\\/uploads\\\/youth-summit-fr.webp\",\"contentUrl\":\"https:\\\/\\\/www.cec.org\\\/wp-content\\\/uploads\\\/youth-summit-fr.webp\",\"width\":1200,\"height\":684},{\"@type\":\"BreadcrumbList\",\"@id\":\"https:\\\/\\\/www.cec.org\\\/fr\\\/activites\\\/rencontre-jeunesse-sur-la-resilience-climatique-amerique-du-nord-2025\\\/#breadcrumb\",\"itemListElement\":[{\"@type\":\"ListItem\",\"position\":1,\"name\":\"Accueil\",\"item\":\"https:\\\/\\\/www.cec.org\\\/fr\\\/\"},{\"@type\":\"ListItem\",\"position\":2,\"name\":\"Activit\u00e9s\",\"item\":\"https:\\\/\\\/www.cec.org\\\/fr\\\/activites\\\/\"},{\"@type\":\"ListItem\",\"position\":3,\"name\":\"Rencontre jeunesse sur la r\u00e9silience climatique | Am\u00e9rique du Nord 2025\"}]},{\"@type\":\"WebSite\",\"@id\":\"https:\\\/\\\/www.cec.org\\\/fr\\\/#website\",\"url\":\"https:\\\/\\\/www.cec.org\\\/fr\\\/\",\"name\":\"Commission for Environmental Cooperation\",\"description\":\"Three countries working together to protect our shared environment\",\"alternateName\":\"CEC - CCA -CCE\",\"potentialAction\":[{\"@type\":\"SearchAction\",\"target\":{\"@type\":\"EntryPoint\",\"urlTemplate\":\"https:\\\/\\\/www.cec.org\\\/fr\\\/?s={search_term_string}\"},\"query-input\":{\"@type\":\"PropertyValueSpecification\",\"valueRequired\":true,\"valueName\":\"search_term_string\"}}],\"inLanguage\":\"fr-FR\"}]}<\/script>\n<!-- \/ Yoast SEO Premium plugin. -->","yoast_head_json":{"title":"Rencontre jeunesse sur la r\u00e9silience climatique | Am\u00e9rique du Nord 2025","description":"Comment transformer des id\u00e9es en actions positives de r\u00e9silience climatique? Organis\u00e9 par Lift 360 en collaboration avec la Commission de coop\u00e9ration environnementale (CCE), la rencontre jeunesse sur la r\u00e9silience climatique | Am\u00e9rique du Nord 2025 est un \u00e9v\u00e9nement inclusif pour les jeunes. Cet espace virtuel permettra \u00e0 de jeunes leaders de l\u2019environnement du Canada, du Mexique et des \u00c9tats-Unis de tisser des liens, et mettra en vedette les travaux marquants men\u00e9s par des jeunes dans les domaines de la conservation des eaux, de l\u2019\u00e9conomie circulaire et de la salubrit\u00e9 de l\u2019environnement.   Participez \u00e0 la cr\u00e9ation d\u2019un avenir plus r\u00e9silient face aux changements climatiques!","robots":{"index":"index","follow":"follow","max-snippet":"max-snippet:-1","max-image-preview":"max-image-preview:large","max-video-preview":"max-video-preview:-1"},"canonical":"https:\/\/www.cec.org\/fr\/activites\/rencontre-jeunesse-sur-la-resilience-climatique-amerique-du-nord-2025\/","og_locale":"fr_FR","og_type":"article","og_title":"Rencontre jeunesse sur la r\u00e9silience climatique | Am\u00e9rique du Nord 2025","og_description":"CEC events range from large public consultations to small, expert meetings on specific environmental issues.","og_url":"https:\/\/www.cec.org\/fr\/activites\/rencontre-jeunesse-sur-la-resilience-climatique-amerique-du-nord-2025\/","og_site_name":"Commission de coop\u00e9ration environnementale","article_publisher":"https:\/\/www.facebook.com\/CECconnect","article_modified_time":"2025-08-28T18:37:37+00:00","og_image":[{"width":1200,"height":684,"url":"https:\/\/www.cec.org\/wp-content\/uploads\/youth-summit-fr.webp","type":"image\/webp"}],"twitter_card":"summary_large_image","twitter_site":"@CECweb","schema":{"@context":"https:\/\/schema.org","@graph":[{"@type":"WebPage","@id":"https:\/\/www.cec.org\/fr\/activites\/rencontre-jeunesse-sur-la-resilience-climatique-amerique-du-nord-2025\/","url":"https:\/\/www.cec.org\/fr\/activites\/rencontre-jeunesse-sur-la-resilience-climatique-amerique-du-nord-2025\/","name":"Rencontre jeunesse sur la r\u00e9silience climatique | Am\u00e9rique du Nord 2025","isPartOf":{"@id":"https:\/\/www.cec.org\/fr\/#website"},"primaryImageOfPage":{"@id":"https:\/\/www.cec.org\/fr\/activites\/rencontre-jeunesse-sur-la-resilience-climatique-amerique-du-nord-2025\/#primaryimage"},"image":{"@id":"https:\/\/www.cec.org\/fr\/activites\/rencontre-jeunesse-sur-la-resilience-climatique-amerique-du-nord-2025\/#primaryimage"},"thumbnailUrl":"https:\/\/www.cec.org\/wp-content\/uploads\/youth-summit-fr.webp","datePublished":"2025-03-04T16:48:16+00:00","dateModified":"2025-08-28T18:37:37+00:00","description":"Comment transformer des id\u00e9es en actions positives de r\u00e9silience climatique? Organis\u00e9 par Lift 360 en collaboration avec la Commission de coop\u00e9ration environnementale (CCE), la rencontre jeunesse sur la r\u00e9silience climatique | Am\u00e9rique du Nord 2025 est un \u00e9v\u00e9nement inclusif pour les jeunes. Cet espace virtuel permettra \u00e0 de jeunes leaders de l\u2019environnement du Canada, du Mexique et des \u00c9tats-Unis de tisser des liens, et mettra en vedette les travaux marquants men\u00e9s par des jeunes dans les domaines de la conservation des eaux, de l\u2019\u00e9conomie circulaire et de la salubrit\u00e9 de l\u2019environnement. Participez \u00e0 la cr\u00e9ation d\u2019un avenir plus r\u00e9silient face aux changements climatiques!","breadcrumb":{"@id":"https:\/\/www.cec.org\/fr\/activites\/rencontre-jeunesse-sur-la-resilience-climatique-amerique-du-nord-2025\/#breadcrumb"},"inLanguage":"fr-FR","potentialAction":[{"@type":"ReadAction","target":["https:\/\/www.cec.org\/fr\/activites\/rencontre-jeunesse-sur-la-resilience-climatique-amerique-du-nord-2025\/"]}]},{"@type":"ImageObject","inLanguage":"fr-FR","@id":"https:\/\/www.cec.org\/fr\/activites\/rencontre-jeunesse-sur-la-resilience-climatique-amerique-du-nord-2025\/#primaryimage","url":"https:\/\/www.cec.org\/wp-content\/uploads\/youth-summit-fr.webp","contentUrl":"https:\/\/www.cec.org\/wp-content\/uploads\/youth-summit-fr.webp","width":1200,"height":684},{"@type":"BreadcrumbList","@id":"https:\/\/www.cec.org\/fr\/activites\/rencontre-jeunesse-sur-la-resilience-climatique-amerique-du-nord-2025\/#breadcrumb","itemListElement":[{"@type":"ListItem","position":1,"name":"Accueil","item":"https:\/\/www.cec.org\/fr\/"},{"@type":"ListItem","position":2,"name":"Activit\u00e9s","item":"https:\/\/www.cec.org\/fr\/activites\/"},{"@type":"ListItem","position":3,"name":"Rencontre jeunesse sur la r\u00e9silience climatique | Am\u00e9rique du Nord 2025"}]},{"@type":"WebSite","@id":"https:\/\/www.cec.org\/fr\/#website","url":"https:\/\/www.cec.org\/fr\/","name":"Commission for Environmental Cooperation","description":"Three countries working together to protect our shared environment","alternateName":"CEC - CCA -CCE","potentialAction":[{"@type":"SearchAction","target":{"@type":"EntryPoint","urlTemplate":"https:\/\/www.cec.org\/fr\/?s={search_term_string}"},"query-input":{"@type":"PropertyValueSpecification","valueRequired":true,"valueName":"search_term_string"}}],"inLanguage":"fr-FR"}]}},"_links":{"self":[{"href":"https:\/\/www.cec.org\/fr\/wp-json\/wp\/v2\/events\/57879","targetHints":{"allow":["GET"]}}],"collection":[{"href":"https:\/\/www.cec.org\/fr\/wp-json\/wp\/v2\/events"}],"about":[{"href":"https:\/\/www.cec.org\/fr\/wp-json\/wp\/v2\/types\/events"}],"wp:featuredmedia":[{"embeddable":true,"href":"https:\/\/www.cec.org\/fr\/wp-json\/wp\/v2\/media\/57866"}],"wp:attachment":[{"href":"https:\/\/www.cec.org\/fr\/wp-json\/wp\/v2\/media?parent=57879"}],"curies":[{"name":"wp","href":"https:\/\/api.w.org\/{rel}","templated":true}]}}