{"id":51965,"date":"2023-04-05T14:16:28","date_gmt":"2023-04-05T18:16:28","guid":{"rendered":"http:\/\/www.cec.org\/events\/sem-dans-les-ameriques\/"},"modified":"2025-08-28T14:38:27","modified_gmt":"2025-08-28T18:38:27","slug":"sem-dans-les-ameriques","status":"publish","type":"events","link":"https:\/\/www.cec.org\/fr\/activites\/sem-dans-les-ameriques\/","title":{"rendered":"SEM dans les Am\u00e9riques"},"content":{"rendered":"<p>Des repr\u00e9sentants de la CCE, du CAFTA-DR, du SACA-SEEM \u00c9.-U.-P\u00e9rou, du SEEM \u00c9.-U.-Panama et du SEEM \u00c9.-U.-Colombie offriront un espace \u00e0 des membres du public, \u00e0 des auteurs de communication, \u00e0 des universitaires et \u00e0 des personnes-ressources afin de discuter d\u2019exp\u00e9riences communes dans le cadre des processus de pr\u00e9sentation de communications et de leur potentiel \u00e0 promouvoir la participation du public \u00e0 l\u2019application efficace de la l\u00e9gislation de l\u2019environnement dans les Am\u00e9riques.<\/p>\n<ul>\n<li><strong>Dino Delgado<\/strong>, United States Agency for International Development (USAID, <em>Agence am\u00e9ricaine pour le d\u00e9veloppement international<\/em>)<\/li>\n<li><strong>Pablo Pe\u00f1a<\/strong>, Pontificia Universidad Cat\u00f3lica del Per\u00fa (<em>Universit\u00e9 catholique pontificale du P\u00e9rou<\/em>)<\/li>\n<li><strong>Sandra Moguel<\/strong>, Inter-American Association of Environmental Defense (<em>Association interam\u00e9ricaine de d\u00e9fense de l\u2019environnement<\/em>)<\/li>\n<li><strong>Alejandra Aguilar<\/strong>, personne-ressource, minist\u00e8re du Commerce ext\u00e9rieur, Costa Rica. CAFTA-DR<\/li>\n<li><strong>Johanna Hill<\/strong>, repr\u00e9sentante de la soci\u00e9t\u00e9 civile, El Salvador.<\/li>\n<\/ul>\n","protected":false},"excerpt":{"rendered":"<p>Des repr\u00e9sentants de la CCE, du CAFTA-DR, du SACA-SEEM \u00c9.-U.-P\u00e9rou, du SEEM \u00c9.-U.-Panama et du SEEM \u00c9.-U.-Colombie offriront un espace \u00e0 des membres du public, \u00e0 des auteurs de communication, \u00e0 des universitaires et \u00e0 des personnes-ressources afin de discuter d\u2019exp\u00e9riences communes dans le cadre des processus de pr\u00e9sentation de communications et de leur potentiel [&hellip;]<\/p>\n","protected":false},"featured_media":52024,"template":"","class_list":["post-51965","events","type-events","status-publish","has-post-thumbnail","hentry","event_category-webinaire","country-etats-unis","participation-ouvert-au-public-fr","themes-partenariats","themes-sem-fr"],"acf":[],"yoast_head":"<!-- This site is optimized with the Yoast SEO Premium plugin v27.4 (Yoast SEO v27.4) - https:\/\/yoast.com\/product\/yoast-seo-premium-wordpress\/ -->\n<title>SEM dans les Am\u00e9riques<\/title>\n<meta name=\"description\" content=\"Des repr\u00e9sentants de la CCE, du CAFTA-DR, du SACA-SEEM \u00c9.-U.-P\u00e9rou, du SEEM \u00c9.-U.-Panama et du SEEM \u00c9.-U.-Colombie offriront un espace \u00e0 des membres du\" \/>\n<meta name=\"robots\" content=\"index, follow, max-snippet:-1, max-image-preview:large, max-video-preview:-1\" \/>\n<link rel=\"canonical\" href=\"https:\/\/www.cec.org\/fr\/activites\/sem-dans-les-ameriques\/\" \/>\n<meta property=\"og:locale\" content=\"fr_FR\" \/>\n<meta property=\"og:type\" content=\"article\" \/>\n<meta property=\"og:title\" content=\"SEM dans les Am\u00e9riques\" \/>\n<meta property=\"og:description\" content=\"CEC events range from large public consultations to small, expert meetings on specific environmental issues.\" \/>\n<meta property=\"og:url\" content=\"https:\/\/www.cec.org\/fr\/activites\/sem-dans-les-ameriques\/\" \/>\n<meta property=\"og:site_name\" content=\"Commission de coop\u00e9ration environnementale\" \/>\n<meta property=\"article:publisher\" content=\"https:\/\/www.facebook.com\/CECconnect\" \/>\n<meta property=\"article:modified_time\" content=\"2025-08-28T18:38:27+00:00\" \/>\n<meta property=\"og:image\" content=\"https:\/\/www.cec.org\/wp-content\/uploads\/sem-event2023-fr.jpg\" \/>\n\t<meta property=\"og:image:width\" content=\"600\" \/>\n\t<meta property=\"og:image:height\" content=\"342\" \/>\n\t<meta property=\"og:image:type\" content=\"image\/jpeg\" \/>\n<meta name=\"twitter:card\" content=\"summary_large_image\" \/>\n<meta name=\"twitter:site\" content=\"@CECweb\" \/>\n<script type=\"application\/ld+json\" class=\"yoast-schema-graph\">{\"@context\":\"https:\\\/\\\/schema.org\",\"@graph\":[{\"@type\":\"WebPage\",\"@id\":\"https:\\\/\\\/www.cec.org\\\/fr\\\/activites\\\/sem-dans-les-ameriques\\\/\",\"url\":\"https:\\\/\\\/www.cec.org\\\/fr\\\/activites\\\/sem-dans-les-ameriques\\\/\",\"name\":\"SEM dans les Am\u00e9riques\",\"isPartOf\":{\"@id\":\"https:\\\/\\\/www.cec.org\\\/fr\\\/#website\"},\"primaryImageOfPage\":{\"@id\":\"https:\\\/\\\/www.cec.org\\\/fr\\\/activites\\\/sem-dans-les-ameriques\\\/#primaryimage\"},\"image\":{\"@id\":\"https:\\\/\\\/www.cec.org\\\/fr\\\/activites\\\/sem-dans-les-ameriques\\\/#primaryimage\"},\"thumbnailUrl\":\"https:\\\/\\\/www.cec.org\\\/wp-content\\\/uploads\\\/sem-event2023-fr.jpg\",\"datePublished\":\"2023-04-05T18:16:28+00:00\",\"dateModified\":\"2025-08-28T18:38:27+00:00\",\"description\":\"Des repr\u00e9sentants de la CCE, du CAFTA-DR, du SACA-SEEM \u00c9.-U.-P\u00e9rou, du SEEM \u00c9.-U.-Panama et du SEEM \u00c9.-U.-Colombie offriront un espace \u00e0 des membres du\",\"breadcrumb\":{\"@id\":\"https:\\\/\\\/www.cec.org\\\/fr\\\/activites\\\/sem-dans-les-ameriques\\\/#breadcrumb\"},\"inLanguage\":\"fr-FR\",\"potentialAction\":[{\"@type\":\"ReadAction\",\"target\":[\"https:\\\/\\\/www.cec.org\\\/fr\\\/activites\\\/sem-dans-les-ameriques\\\/\"]}]},{\"@type\":\"ImageObject\",\"inLanguage\":\"fr-FR\",\"@id\":\"https:\\\/\\\/www.cec.org\\\/fr\\\/activites\\\/sem-dans-les-ameriques\\\/#primaryimage\",\"url\":\"https:\\\/\\\/www.cec.org\\\/wp-content\\\/uploads\\\/sem-event2023-fr.jpg\",\"contentUrl\":\"https:\\\/\\\/www.cec.org\\\/wp-content\\\/uploads\\\/sem-event2023-fr.jpg\",\"width\":600,\"height\":342},{\"@type\":\"BreadcrumbList\",\"@id\":\"https:\\\/\\\/www.cec.org\\\/fr\\\/activites\\\/sem-dans-les-ameriques\\\/#breadcrumb\",\"itemListElement\":[{\"@type\":\"ListItem\",\"position\":1,\"name\":\"Accueil\",\"item\":\"https:\\\/\\\/www.cec.org\\\/fr\\\/\"},{\"@type\":\"ListItem\",\"position\":2,\"name\":\"Activit\u00e9s\",\"item\":\"https:\\\/\\\/www.cec.org\\\/fr\\\/activites\\\/\"},{\"@type\":\"ListItem\",\"position\":3,\"name\":\"SEM dans les Am\u00e9riques\"}]},{\"@type\":\"WebSite\",\"@id\":\"https:\\\/\\\/www.cec.org\\\/fr\\\/#website\",\"url\":\"https:\\\/\\\/www.cec.org\\\/fr\\\/\",\"name\":\"Commission for Environmental Cooperation\",\"description\":\"Three countries working together to protect our shared environment\",\"alternateName\":\"CEC - CCA -CCE\",\"potentialAction\":[{\"@type\":\"SearchAction\",\"target\":{\"@type\":\"EntryPoint\",\"urlTemplate\":\"https:\\\/\\\/www.cec.org\\\/fr\\\/?s={search_term_string}\"},\"query-input\":{\"@type\":\"PropertyValueSpecification\",\"valueRequired\":true,\"valueName\":\"search_term_string\"}}],\"inLanguage\":\"fr-FR\"}]}<\/script>\n<!-- \/ Yoast SEO Premium plugin. -->","yoast_head_json":{"title":"SEM dans les Am\u00e9riques","description":"Des repr\u00e9sentants de la CCE, du CAFTA-DR, du SACA-SEEM \u00c9.-U.-P\u00e9rou, du SEEM \u00c9.-U.-Panama et du SEEM \u00c9.-U.-Colombie offriront un espace \u00e0 des membres du","robots":{"index":"index","follow":"follow","max-snippet":"max-snippet:-1","max-image-preview":"max-image-preview:large","max-video-preview":"max-video-preview:-1"},"canonical":"https:\/\/www.cec.org\/fr\/activites\/sem-dans-les-ameriques\/","og_locale":"fr_FR","og_type":"article","og_title":"SEM dans les Am\u00e9riques","og_description":"CEC events range from large public consultations to small, expert meetings on specific environmental issues.","og_url":"https:\/\/www.cec.org\/fr\/activites\/sem-dans-les-ameriques\/","og_site_name":"Commission de coop\u00e9ration environnementale","article_publisher":"https:\/\/www.facebook.com\/CECconnect","article_modified_time":"2025-08-28T18:38:27+00:00","og_image":[{"width":600,"height":342,"url":"https:\/\/www.cec.org\/wp-content\/uploads\/sem-event2023-fr.jpg","type":"image\/jpeg"}],"twitter_card":"summary_large_image","twitter_site":"@CECweb","schema":{"@context":"https:\/\/schema.org","@graph":[{"@type":"WebPage","@id":"https:\/\/www.cec.org\/fr\/activites\/sem-dans-les-ameriques\/","url":"https:\/\/www.cec.org\/fr\/activites\/sem-dans-les-ameriques\/","name":"SEM dans les Am\u00e9riques","isPartOf":{"@id":"https:\/\/www.cec.org\/fr\/#website"},"primaryImageOfPage":{"@id":"https:\/\/www.cec.org\/fr\/activites\/sem-dans-les-ameriques\/#primaryimage"},"image":{"@id":"https:\/\/www.cec.org\/fr\/activites\/sem-dans-les-ameriques\/#primaryimage"},"thumbnailUrl":"https:\/\/www.cec.org\/wp-content\/uploads\/sem-event2023-fr.jpg","datePublished":"2023-04-05T18:16:28+00:00","dateModified":"2025-08-28T18:38:27+00:00","description":"Des repr\u00e9sentants de la CCE, du CAFTA-DR, du SACA-SEEM \u00c9.-U.-P\u00e9rou, du SEEM \u00c9.-U.-Panama et du SEEM \u00c9.-U.-Colombie offriront un espace \u00e0 des membres du","breadcrumb":{"@id":"https:\/\/www.cec.org\/fr\/activites\/sem-dans-les-ameriques\/#breadcrumb"},"inLanguage":"fr-FR","potentialAction":[{"@type":"ReadAction","target":["https:\/\/www.cec.org\/fr\/activites\/sem-dans-les-ameriques\/"]}]},{"@type":"ImageObject","inLanguage":"fr-FR","@id":"https:\/\/www.cec.org\/fr\/activites\/sem-dans-les-ameriques\/#primaryimage","url":"https:\/\/www.cec.org\/wp-content\/uploads\/sem-event2023-fr.jpg","contentUrl":"https:\/\/www.cec.org\/wp-content\/uploads\/sem-event2023-fr.jpg","width":600,"height":342},{"@type":"BreadcrumbList","@id":"https:\/\/www.cec.org\/fr\/activites\/sem-dans-les-ameriques\/#breadcrumb","itemListElement":[{"@type":"ListItem","position":1,"name":"Accueil","item":"https:\/\/www.cec.org\/fr\/"},{"@type":"ListItem","position":2,"name":"Activit\u00e9s","item":"https:\/\/www.cec.org\/fr\/activites\/"},{"@type":"ListItem","position":3,"name":"SEM dans les Am\u00e9riques"}]},{"@type":"WebSite","@id":"https:\/\/www.cec.org\/fr\/#website","url":"https:\/\/www.cec.org\/fr\/","name":"Commission for Environmental Cooperation","description":"Three countries working together to protect our shared environment","alternateName":"CEC - CCA -CCE","potentialAction":[{"@type":"SearchAction","target":{"@type":"EntryPoint","urlTemplate":"https:\/\/www.cec.org\/fr\/?s={search_term_string}"},"query-input":{"@type":"PropertyValueSpecification","valueRequired":true,"valueName":"search_term_string"}}],"inLanguage":"fr-FR"}]}},"_links":{"self":[{"href":"https:\/\/www.cec.org\/fr\/wp-json\/wp\/v2\/events\/51965","targetHints":{"allow":["GET"]}}],"collection":[{"href":"https:\/\/www.cec.org\/fr\/wp-json\/wp\/v2\/events"}],"about":[{"href":"https:\/\/www.cec.org\/fr\/wp-json\/wp\/v2\/types\/events"}],"wp:featuredmedia":[{"embeddable":true,"href":"https:\/\/www.cec.org\/fr\/wp-json\/wp\/v2\/media\/52024"}],"wp:attachment":[{"href":"https:\/\/www.cec.org\/fr\/wp-json\/wp\/v2\/media?parent=51965"}],"curies":[{"name":"wp","href":"https:\/\/api.w.org\/{rel}","templated":true}]}}