{"id":14211,"date":"2018-11-06T00:00:00","date_gmt":"2018-11-06T05:00:00","guid":{"rendered":"http:\/\/www.cec.org\/events\/atelier-regional-sur-levaluation-de-la-capacite-didentification-du-bois-lors-de-la-commercialisation-des-essences-prioritaires-listees-par-la-cites\/"},"modified":"2025-06-20T13:05:09","modified_gmt":"2025-06-20T17:05:09","slug":"atelier-regional-sur-levaluation-de-la-capacite-didentification-du-bois-lors-de-la-commercialisation-des-essences-prioritaires-listees-par-la-cites","status":"publish","type":"events","link":"https:\/\/www.cec.org\/fr\/activites\/atelier-regional-sur-levaluation-de-la-capacite-didentification-du-bois-lors-de-la-commercialisation-des-essences-prioritaires-listees-par-la-cites\/","title":{"rendered":"Atelier r\u00e9gional sur l\u2019\u00e9valuation de la capacit\u00e9 d\u2019identification du bois lors de la commercialisation des essences prioritaires list\u00e9es par la CITES"},"content":{"rendered":"<p>Cet atelier r\u00e9unira des agents d\u2019application des lois et r\u00e8glements, les autorit\u00e9s responsables de la CITES, des chercheurs, des sp\u00e9cialistes, des producteurs et des repr\u00e9sentants de l\u2019industrie, qui \u00e9changeront des renseignements et parleront de leur exp\u00e9rience, mais aussi de la base, des m\u00e9thodes et des outils permettant de distinguer le bois des essences jug\u00e9es prioritaires dans le Plan d\u2019action, afin de renforcer l\u2019application des dispositions pertinentes de la CITES et d\u2019autres lois r\u00e9gissant leur commerce dans la r\u00e9gion.<\/p>\n","protected":false},"excerpt":{"rendered":"<p>Cet atelier r\u00e9unira des agents d\u2019application des lois et r\u00e8glements, les autorit\u00e9s responsables de la CITES, des chercheurs, des sp\u00e9cialistes, des producteurs et des repr\u00e9sentants de l\u2019industrie, qui \u00e9changeront des renseignements et parleront de leur exp\u00e9rience, mais aussi de la base, des m\u00e9thodes et des outils permettant de distinguer le bois des essences jug\u00e9es prioritaires [&hellip;]<\/p>\n","protected":false},"featured_media":4518,"template":"","class_list":["post-14211","events","type-events","status-publish","has-post-thumbnail","hentry","event_category-atelier","event_category-reunion-fr","country-mexique","participation-ferme-fr","themes-application-des-lois"],"acf":[],"yoast_head":"<!-- This site is optimized with the Yoast SEO Premium plugin v27.4 (Yoast SEO v27.4) - https:\/\/yoast.com\/product\/yoast-seo-premium-wordpress\/ -->\n<title>Atelier r\u00e9gional sur l\u2019\u00e9valuation de la capacit\u00e9 d\u2019identification du bois lors de la commercialisation des essences prioritaires list\u00e9es par la CITES<\/title>\n<meta name=\"description\" content=\"Cet atelier r\u00e9unira des agents d\u2019application des lois et r\u00e8glements, les autorit\u00e9s responsables de la CITES, des chercheurs, des sp\u00e9cialistes, des\" \/>\n<meta name=\"robots\" content=\"index, follow, max-snippet:-1, max-image-preview:large, max-video-preview:-1\" \/>\n<link rel=\"canonical\" href=\"https:\/\/www.cec.org\/fr\/activites\/atelier-regional-sur-levaluation-de-la-capacite-didentification-du-bois-lors-de-la-commercialisation-des-essences-prioritaires-listees-par-la-cites\/\" \/>\n<meta property=\"og:locale\" content=\"fr_FR\" \/>\n<meta property=\"og:type\" content=\"article\" \/>\n<meta property=\"og:title\" content=\"Atelier r\u00e9gional sur l\u2019\u00e9valuation de la capacit\u00e9 d\u2019identification du bois lors de la commercialisation des essences prioritaires list\u00e9es par la CITES\" \/>\n<meta property=\"og:description\" content=\"CEC events range from large public consultations to small, expert meetings on specific environmental issues.\" \/>\n<meta property=\"og:url\" content=\"https:\/\/www.cec.org\/fr\/activites\/atelier-regional-sur-levaluation-de-la-capacite-didentification-du-bois-lors-de-la-commercialisation-des-essences-prioritaires-listees-par-la-cites\/\" \/>\n<meta property=\"og:site_name\" content=\"Commission de coop\u00e9ration environnementale\" \/>\n<meta property=\"article:publisher\" content=\"https:\/\/www.facebook.com\/CECconnect\" \/>\n<meta property=\"article:modified_time\" content=\"2025-06-20T17:05:09+00:00\" \/>\n<meta property=\"og:image\" content=\"https:\/\/www.cec.org\/wp-content\/uploads\/2019\/10\/cites-image-2017.jpg\" \/>\n\t<meta property=\"og:image:width\" content=\"600\" \/>\n\t<meta property=\"og:image:height\" content=\"342\" \/>\n\t<meta property=\"og:image:type\" content=\"image\/jpeg\" \/>\n<meta name=\"twitter:card\" content=\"summary_large_image\" \/>\n<meta name=\"twitter:site\" content=\"@CECweb\" \/>\n<script type=\"application\/ld+json\" class=\"yoast-schema-graph\">{\"@context\":\"https:\\\/\\\/schema.org\",\"@graph\":[{\"@type\":\"WebPage\",\"@id\":\"https:\\\/\\\/www.cec.org\\\/fr\\\/activites\\\/atelier-regional-sur-levaluation-de-la-capacite-didentification-du-bois-lors-de-la-commercialisation-des-essences-prioritaires-listees-par-la-cites\\\/\",\"url\":\"https:\\\/\\\/www.cec.org\\\/fr\\\/activites\\\/atelier-regional-sur-levaluation-de-la-capacite-didentification-du-bois-lors-de-la-commercialisation-des-essences-prioritaires-listees-par-la-cites\\\/\",\"name\":\"Atelier r\u00e9gional sur l\u2019\u00e9valuation de la capacit\u00e9 d\u2019identification du bois lors de la commercialisation des essences prioritaires list\u00e9es par la CITES\",\"isPartOf\":{\"@id\":\"https:\\\/\\\/www.cec.org\\\/fr\\\/#website\"},\"primaryImageOfPage\":{\"@id\":\"https:\\\/\\\/www.cec.org\\\/fr\\\/activites\\\/atelier-regional-sur-levaluation-de-la-capacite-didentification-du-bois-lors-de-la-commercialisation-des-essences-prioritaires-listees-par-la-cites\\\/#primaryimage\"},\"image\":{\"@id\":\"https:\\\/\\\/www.cec.org\\\/fr\\\/activites\\\/atelier-regional-sur-levaluation-de-la-capacite-didentification-du-bois-lors-de-la-commercialisation-des-essences-prioritaires-listees-par-la-cites\\\/#primaryimage\"},\"thumbnailUrl\":\"https:\\\/\\\/www.cec.org\\\/wp-content\\\/uploads\\\/2019\\\/10\\\/cites-image-2017.jpg\",\"datePublished\":\"2018-11-06T05:00:00+00:00\",\"dateModified\":\"2025-06-20T17:05:09+00:00\",\"description\":\"Cet atelier r\u00e9unira des agents d\u2019application des lois et r\u00e8glements, les autorit\u00e9s responsables de la CITES, des chercheurs, des sp\u00e9cialistes, des\",\"breadcrumb\":{\"@id\":\"https:\\\/\\\/www.cec.org\\\/fr\\\/activites\\\/atelier-regional-sur-levaluation-de-la-capacite-didentification-du-bois-lors-de-la-commercialisation-des-essences-prioritaires-listees-par-la-cites\\\/#breadcrumb\"},\"inLanguage\":\"fr-FR\",\"potentialAction\":[{\"@type\":\"ReadAction\",\"target\":[\"https:\\\/\\\/www.cec.org\\\/fr\\\/activites\\\/atelier-regional-sur-levaluation-de-la-capacite-didentification-du-bois-lors-de-la-commercialisation-des-essences-prioritaires-listees-par-la-cites\\\/\"]}]},{\"@type\":\"ImageObject\",\"inLanguage\":\"fr-FR\",\"@id\":\"https:\\\/\\\/www.cec.org\\\/fr\\\/activites\\\/atelier-regional-sur-levaluation-de-la-capacite-didentification-du-bois-lors-de-la-commercialisation-des-essences-prioritaires-listees-par-la-cites\\\/#primaryimage\",\"url\":\"https:\\\/\\\/www.cec.org\\\/wp-content\\\/uploads\\\/2019\\\/10\\\/cites-image-2017.jpg\",\"contentUrl\":\"https:\\\/\\\/www.cec.org\\\/wp-content\\\/uploads\\\/2019\\\/10\\\/cites-image-2017.jpg\",\"width\":600,\"height\":342,\"caption\":\"CEC Projects - CITES\"},{\"@type\":\"BreadcrumbList\",\"@id\":\"https:\\\/\\\/www.cec.org\\\/fr\\\/activites\\\/atelier-regional-sur-levaluation-de-la-capacite-didentification-du-bois-lors-de-la-commercialisation-des-essences-prioritaires-listees-par-la-cites\\\/#breadcrumb\",\"itemListElement\":[{\"@type\":\"ListItem\",\"position\":1,\"name\":\"Accueil\",\"item\":\"https:\\\/\\\/www.cec.org\\\/fr\\\/\"},{\"@type\":\"ListItem\",\"position\":2,\"name\":\"Activit\u00e9s\",\"item\":\"https:\\\/\\\/www.cec.org\\\/fr\\\/activites\\\/\"},{\"@type\":\"ListItem\",\"position\":3,\"name\":\"Atelier r\u00e9gional sur l\u2019\u00e9valuation de la capacit\u00e9 d\u2019identification du bois lors de la commercialisation des essences prioritaires list\u00e9es par la CITES\"}]},{\"@type\":\"WebSite\",\"@id\":\"https:\\\/\\\/www.cec.org\\\/fr\\\/#website\",\"url\":\"https:\\\/\\\/www.cec.org\\\/fr\\\/\",\"name\":\"Commission for Environmental Cooperation\",\"description\":\"Three countries working together to protect our shared environment\",\"alternateName\":\"CEC - CCA -CCE\",\"potentialAction\":[{\"@type\":\"SearchAction\",\"target\":{\"@type\":\"EntryPoint\",\"urlTemplate\":\"https:\\\/\\\/www.cec.org\\\/fr\\\/?s={search_term_string}\"},\"query-input\":{\"@type\":\"PropertyValueSpecification\",\"valueRequired\":true,\"valueName\":\"search_term_string\"}}],\"inLanguage\":\"fr-FR\"}]}<\/script>\n<!-- \/ Yoast SEO Premium plugin. -->","yoast_head_json":{"title":"Atelier r\u00e9gional sur l\u2019\u00e9valuation de la capacit\u00e9 d\u2019identification du bois lors de la commercialisation des essences prioritaires list\u00e9es par la CITES","description":"Cet atelier r\u00e9unira des agents d\u2019application des lois et r\u00e8glements, les autorit\u00e9s responsables de la CITES, des chercheurs, des sp\u00e9cialistes, des","robots":{"index":"index","follow":"follow","max-snippet":"max-snippet:-1","max-image-preview":"max-image-preview:large","max-video-preview":"max-video-preview:-1"},"canonical":"https:\/\/www.cec.org\/fr\/activites\/atelier-regional-sur-levaluation-de-la-capacite-didentification-du-bois-lors-de-la-commercialisation-des-essences-prioritaires-listees-par-la-cites\/","og_locale":"fr_FR","og_type":"article","og_title":"Atelier r\u00e9gional sur l\u2019\u00e9valuation de la capacit\u00e9 d\u2019identification du bois lors de la commercialisation des essences prioritaires list\u00e9es par la CITES","og_description":"CEC events range from large public consultations to small, expert meetings on specific environmental issues.","og_url":"https:\/\/www.cec.org\/fr\/activites\/atelier-regional-sur-levaluation-de-la-capacite-didentification-du-bois-lors-de-la-commercialisation-des-essences-prioritaires-listees-par-la-cites\/","og_site_name":"Commission de coop\u00e9ration environnementale","article_publisher":"https:\/\/www.facebook.com\/CECconnect","article_modified_time":"2025-06-20T17:05:09+00:00","og_image":[{"width":600,"height":342,"url":"https:\/\/www.cec.org\/wp-content\/uploads\/2019\/10\/cites-image-2017.jpg","type":"image\/jpeg"}],"twitter_card":"summary_large_image","twitter_site":"@CECweb","schema":{"@context":"https:\/\/schema.org","@graph":[{"@type":"WebPage","@id":"https:\/\/www.cec.org\/fr\/activites\/atelier-regional-sur-levaluation-de-la-capacite-didentification-du-bois-lors-de-la-commercialisation-des-essences-prioritaires-listees-par-la-cites\/","url":"https:\/\/www.cec.org\/fr\/activites\/atelier-regional-sur-levaluation-de-la-capacite-didentification-du-bois-lors-de-la-commercialisation-des-essences-prioritaires-listees-par-la-cites\/","name":"Atelier r\u00e9gional sur l\u2019\u00e9valuation de la capacit\u00e9 d\u2019identification du bois lors de la commercialisation des essences prioritaires list\u00e9es par la CITES","isPartOf":{"@id":"https:\/\/www.cec.org\/fr\/#website"},"primaryImageOfPage":{"@id":"https:\/\/www.cec.org\/fr\/activites\/atelier-regional-sur-levaluation-de-la-capacite-didentification-du-bois-lors-de-la-commercialisation-des-essences-prioritaires-listees-par-la-cites\/#primaryimage"},"image":{"@id":"https:\/\/www.cec.org\/fr\/activites\/atelier-regional-sur-levaluation-de-la-capacite-didentification-du-bois-lors-de-la-commercialisation-des-essences-prioritaires-listees-par-la-cites\/#primaryimage"},"thumbnailUrl":"https:\/\/www.cec.org\/wp-content\/uploads\/2019\/10\/cites-image-2017.jpg","datePublished":"2018-11-06T05:00:00+00:00","dateModified":"2025-06-20T17:05:09+00:00","description":"Cet atelier r\u00e9unira des agents d\u2019application des lois et r\u00e8glements, les autorit\u00e9s responsables de la CITES, des chercheurs, des sp\u00e9cialistes, des","breadcrumb":{"@id":"https:\/\/www.cec.org\/fr\/activites\/atelier-regional-sur-levaluation-de-la-capacite-didentification-du-bois-lors-de-la-commercialisation-des-essences-prioritaires-listees-par-la-cites\/#breadcrumb"},"inLanguage":"fr-FR","potentialAction":[{"@type":"ReadAction","target":["https:\/\/www.cec.org\/fr\/activites\/atelier-regional-sur-levaluation-de-la-capacite-didentification-du-bois-lors-de-la-commercialisation-des-essences-prioritaires-listees-par-la-cites\/"]}]},{"@type":"ImageObject","inLanguage":"fr-FR","@id":"https:\/\/www.cec.org\/fr\/activites\/atelier-regional-sur-levaluation-de-la-capacite-didentification-du-bois-lors-de-la-commercialisation-des-essences-prioritaires-listees-par-la-cites\/#primaryimage","url":"https:\/\/www.cec.org\/wp-content\/uploads\/2019\/10\/cites-image-2017.jpg","contentUrl":"https:\/\/www.cec.org\/wp-content\/uploads\/2019\/10\/cites-image-2017.jpg","width":600,"height":342,"caption":"CEC Projects - CITES"},{"@type":"BreadcrumbList","@id":"https:\/\/www.cec.org\/fr\/activites\/atelier-regional-sur-levaluation-de-la-capacite-didentification-du-bois-lors-de-la-commercialisation-des-essences-prioritaires-listees-par-la-cites\/#breadcrumb","itemListElement":[{"@type":"ListItem","position":1,"name":"Accueil","item":"https:\/\/www.cec.org\/fr\/"},{"@type":"ListItem","position":2,"name":"Activit\u00e9s","item":"https:\/\/www.cec.org\/fr\/activites\/"},{"@type":"ListItem","position":3,"name":"Atelier r\u00e9gional sur l\u2019\u00e9valuation de la capacit\u00e9 d\u2019identification du bois lors de la commercialisation des essences prioritaires list\u00e9es par la CITES"}]},{"@type":"WebSite","@id":"https:\/\/www.cec.org\/fr\/#website","url":"https:\/\/www.cec.org\/fr\/","name":"Commission for Environmental Cooperation","description":"Three countries working together to protect our shared environment","alternateName":"CEC - CCA -CCE","potentialAction":[{"@type":"SearchAction","target":{"@type":"EntryPoint","urlTemplate":"https:\/\/www.cec.org\/fr\/?s={search_term_string}"},"query-input":{"@type":"PropertyValueSpecification","valueRequired":true,"valueName":"search_term_string"}}],"inLanguage":"fr-FR"}]}},"_links":{"self":[{"href":"https:\/\/www.cec.org\/fr\/wp-json\/wp\/v2\/events\/14211","targetHints":{"allow":["GET"]}}],"collection":[{"href":"https:\/\/www.cec.org\/fr\/wp-json\/wp\/v2\/events"}],"about":[{"href":"https:\/\/www.cec.org\/fr\/wp-json\/wp\/v2\/types\/events"}],"wp:featuredmedia":[{"embeddable":true,"href":"https:\/\/www.cec.org\/fr\/wp-json\/wp\/v2\/media\/4518"}],"wp:attachment":[{"href":"https:\/\/www.cec.org\/fr\/wp-json\/wp\/v2\/media?parent=14211"}],"curies":[{"name":"wp","href":"https:\/\/api.w.org\/{rel}","templated":true}]}}