{"id":14028,"date":"2010-03-24T00:00:00","date_gmt":"2010-03-24T04:00:00","guid":{"rendered":"http:\/\/www.cec.org\/events\/le-marche-de-lenergie-en-amerique-du-nord-harmonisation-des-politiques-et-gestion-du-carbone\/"},"modified":"2025-06-20T13:16:48","modified_gmt":"2025-06-20T17:16:48","slug":"le-marche-de-lenergie-en-amerique-du-nord-harmonisation-des-politiques-et-gestion-du-carbone","status":"publish","type":"events","link":"https:\/\/www.cec.org\/fr\/activites\/le-marche-de-lenergie-en-amerique-du-nord-harmonisation-des-politiques-et-gestion-du-carbone\/","title":{"rendered":"Le march\u00e9 de l&rsquo;\u00e9nergie en Am\u00e9rique du Nord : harmonisation des politiques et gestion du carbone"},"content":{"rendered":"<p><strong>Le 24 mars<\/strong>, des dirigeants d'entreprise et des sp\u00e9cialistes se sont pench\u00e9s sur les questions que soul\u00e8vent les politiques publiques et les march\u00e9s r\u00e9gionaux de l'\u00e9nergie. En outre, afin d'illustrer les diff\u00e9rends qui peuvent r\u00e9sulter d'une incompatibilit\u00e9 des politiques publiques nationales, des discussions en groupe ont permis d'\u00e9tudier les restrictions qu'impose la Californie dans sa d\u00e9finition des \u00e9nergies renouvelables, laquelle pourrait avoir un effet sur les exportations de certains types d'hydro\u00e9lectricit\u00e9, y compris \u00e0 partir de la Colombie-Britannique.<\/p>\n<p>D'autres discussions en groupe ont eu lieu en apr\u00e8s-midi afin d'examiner les \u00e9l\u00e9ments qui facilitent et entravent le captage et l'entreposage du carbone en Am\u00e9rique du Nord.<\/p>\n<p>Les d\u00e9bats ont \u00e9t\u00e9 diffus\u00e9s en direct.<\/p>\n","protected":false},"excerpt":{"rendered":"<p>Le 24 mars, des dirigeants d&rsquo;entreprise et des sp\u00e9cialistes se sont pench\u00e9s sur les questions que soul\u00e8vent les politiques publiques et les march\u00e9s r\u00e9gionaux de l&rsquo;\u00e9nergie. En outre, afin d&rsquo;illustrer les diff\u00e9rends qui peuvent r\u00e9sulter d&rsquo;une incompatibilit\u00e9 des politiques publiques nationales, des discussions en groupe ont permis d&rsquo;\u00e9tudier les restrictions qu&rsquo;impose la Californie dans sa [&hellip;]<\/p>\n","protected":false},"featured_media":33985,"template":"","class_list":["post-14028","events","type-events","status-publish","has-post-thumbnail","hentry","event_category-session-du-ccpm","country-canada-fr","participation-ouvert-au-public-fr"],"acf":[],"yoast_head":"<!-- This site is optimized with the Yoast SEO Premium plugin v27.4 (Yoast SEO v27.4) - https:\/\/yoast.com\/product\/yoast-seo-premium-wordpress\/ -->\n<title>Le march\u00e9 de l&#039;\u00e9nergie en Am\u00e9rique du Nord : harmonisation des politiques et gestion du carbone<\/title>\n<meta name=\"description\" content=\"Le 24 mars, des dirigeants d&#039;entreprise et des sp\u00e9cialistes se sont pench\u00e9s sur les questions que soul\u00e8vent les politiques publiques et les march\u00e9s\" \/>\n<meta name=\"robots\" content=\"index, follow, max-snippet:-1, max-image-preview:large, max-video-preview:-1\" \/>\n<link rel=\"canonical\" href=\"https:\/\/www.cec.org\/fr\/activites\/le-marche-de-lenergie-en-amerique-du-nord-harmonisation-des-politiques-et-gestion-du-carbone\/\" \/>\n<meta property=\"og:locale\" content=\"fr_FR\" \/>\n<meta property=\"og:type\" content=\"article\" \/>\n<meta property=\"og:title\" content=\"Le march\u00e9 de l&#039;\u00e9nergie en Am\u00e9rique du Nord : harmonisation des politiques et gestion du carbone\" \/>\n<meta property=\"og:description\" content=\"CEC events range from large public consultations to small, expert meetings on specific environmental issues.\" \/>\n<meta property=\"og:url\" content=\"https:\/\/www.cec.org\/fr\/activites\/le-marche-de-lenergie-en-amerique-du-nord-harmonisation-des-politiques-et-gestion-du-carbone\/\" \/>\n<meta property=\"og:site_name\" content=\"Commission de coop\u00e9ration environnementale\" \/>\n<meta property=\"article:publisher\" content=\"https:\/\/www.facebook.com\/CECconnect\" \/>\n<meta property=\"article:modified_time\" content=\"2025-06-20T17:16:48+00:00\" \/>\n<meta property=\"og:image\" content=\"https:\/\/www.cec.org\/wp-content\/uploads\/2020\/11\/event-cover.jpg\" \/>\n\t<meta property=\"og:image:width\" content=\"600\" \/>\n\t<meta property=\"og:image:height\" content=\"400\" \/>\n\t<meta property=\"og:image:type\" content=\"image\/jpeg\" \/>\n<meta name=\"twitter:card\" content=\"summary_large_image\" \/>\n<meta name=\"twitter:site\" content=\"@CECweb\" \/>\n<script type=\"application\/ld+json\" class=\"yoast-schema-graph\">{\"@context\":\"https:\\\/\\\/schema.org\",\"@graph\":[{\"@type\":\"WebPage\",\"@id\":\"https:\\\/\\\/www.cec.org\\\/fr\\\/activites\\\/le-marche-de-lenergie-en-amerique-du-nord-harmonisation-des-politiques-et-gestion-du-carbone\\\/\",\"url\":\"https:\\\/\\\/www.cec.org\\\/fr\\\/activites\\\/le-marche-de-lenergie-en-amerique-du-nord-harmonisation-des-politiques-et-gestion-du-carbone\\\/\",\"name\":\"Le march\u00e9 de l'\u00e9nergie en Am\u00e9rique du Nord : harmonisation des politiques et gestion du carbone\",\"isPartOf\":{\"@id\":\"https:\\\/\\\/www.cec.org\\\/fr\\\/#website\"},\"primaryImageOfPage\":{\"@id\":\"https:\\\/\\\/www.cec.org\\\/fr\\\/activites\\\/le-marche-de-lenergie-en-amerique-du-nord-harmonisation-des-politiques-et-gestion-du-carbone\\\/#primaryimage\"},\"image\":{\"@id\":\"https:\\\/\\\/www.cec.org\\\/fr\\\/activites\\\/le-marche-de-lenergie-en-amerique-du-nord-harmonisation-des-politiques-et-gestion-du-carbone\\\/#primaryimage\"},\"thumbnailUrl\":\"https:\\\/\\\/www.cec.org\\\/wp-content\\\/uploads\\\/2020\\\/11\\\/event-cover.jpg\",\"datePublished\":\"2010-03-24T04:00:00+00:00\",\"dateModified\":\"2025-06-20T17:16:48+00:00\",\"description\":\"Le 24 mars, des dirigeants d'entreprise et des sp\u00e9cialistes se sont pench\u00e9s sur les questions que soul\u00e8vent les politiques publiques et les march\u00e9s\",\"breadcrumb\":{\"@id\":\"https:\\\/\\\/www.cec.org\\\/fr\\\/activites\\\/le-marche-de-lenergie-en-amerique-du-nord-harmonisation-des-politiques-et-gestion-du-carbone\\\/#breadcrumb\"},\"inLanguage\":\"fr-FR\",\"potentialAction\":[{\"@type\":\"ReadAction\",\"target\":[\"https:\\\/\\\/www.cec.org\\\/fr\\\/activites\\\/le-marche-de-lenergie-en-amerique-du-nord-harmonisation-des-politiques-et-gestion-du-carbone\\\/\"]}]},{\"@type\":\"ImageObject\",\"inLanguage\":\"fr-FR\",\"@id\":\"https:\\\/\\\/www.cec.org\\\/fr\\\/activites\\\/le-marche-de-lenergie-en-amerique-du-nord-harmonisation-des-politiques-et-gestion-du-carbone\\\/#primaryimage\",\"url\":\"https:\\\/\\\/www.cec.org\\\/wp-content\\\/uploads\\\/2020\\\/11\\\/event-cover.jpg\",\"contentUrl\":\"https:\\\/\\\/www.cec.org\\\/wp-content\\\/uploads\\\/2020\\\/11\\\/event-cover.jpg\",\"width\":600,\"height\":400,\"caption\":\"Even Cover - Evan Lloyd\"},{\"@type\":\"BreadcrumbList\",\"@id\":\"https:\\\/\\\/www.cec.org\\\/fr\\\/activites\\\/le-marche-de-lenergie-en-amerique-du-nord-harmonisation-des-politiques-et-gestion-du-carbone\\\/#breadcrumb\",\"itemListElement\":[{\"@type\":\"ListItem\",\"position\":1,\"name\":\"Accueil\",\"item\":\"https:\\\/\\\/www.cec.org\\\/fr\\\/\"},{\"@type\":\"ListItem\",\"position\":2,\"name\":\"Activit\u00e9s\",\"item\":\"https:\\\/\\\/www.cec.org\\\/fr\\\/activites\\\/\"},{\"@type\":\"ListItem\",\"position\":3,\"name\":\"Le march\u00e9 de l&#8217;\u00e9nergie en Am\u00e9rique du Nord : harmonisation des politiques et gestion du carbone\"}]},{\"@type\":\"WebSite\",\"@id\":\"https:\\\/\\\/www.cec.org\\\/fr\\\/#website\",\"url\":\"https:\\\/\\\/www.cec.org\\\/fr\\\/\",\"name\":\"Commission for Environmental Cooperation\",\"description\":\"Three countries working together to protect our shared environment\",\"alternateName\":\"CEC - CCA -CCE\",\"potentialAction\":[{\"@type\":\"SearchAction\",\"target\":{\"@type\":\"EntryPoint\",\"urlTemplate\":\"https:\\\/\\\/www.cec.org\\\/fr\\\/?s={search_term_string}\"},\"query-input\":{\"@type\":\"PropertyValueSpecification\",\"valueRequired\":true,\"valueName\":\"search_term_string\"}}],\"inLanguage\":\"fr-FR\"}]}<\/script>\n<!-- \/ Yoast SEO Premium plugin. -->","yoast_head_json":{"title":"Le march\u00e9 de l'\u00e9nergie en Am\u00e9rique du Nord : harmonisation des politiques et gestion du carbone","description":"Le 24 mars, des dirigeants d'entreprise et des sp\u00e9cialistes se sont pench\u00e9s sur les questions que soul\u00e8vent les politiques publiques et les march\u00e9s","robots":{"index":"index","follow":"follow","max-snippet":"max-snippet:-1","max-image-preview":"max-image-preview:large","max-video-preview":"max-video-preview:-1"},"canonical":"https:\/\/www.cec.org\/fr\/activites\/le-marche-de-lenergie-en-amerique-du-nord-harmonisation-des-politiques-et-gestion-du-carbone\/","og_locale":"fr_FR","og_type":"article","og_title":"Le march\u00e9 de l'\u00e9nergie en Am\u00e9rique du Nord : harmonisation des politiques et gestion du carbone","og_description":"CEC events range from large public consultations to small, expert meetings on specific environmental issues.","og_url":"https:\/\/www.cec.org\/fr\/activites\/le-marche-de-lenergie-en-amerique-du-nord-harmonisation-des-politiques-et-gestion-du-carbone\/","og_site_name":"Commission de coop\u00e9ration environnementale","article_publisher":"https:\/\/www.facebook.com\/CECconnect","article_modified_time":"2025-06-20T17:16:48+00:00","og_image":[{"width":600,"height":400,"url":"https:\/\/www.cec.org\/wp-content\/uploads\/2020\/11\/event-cover.jpg","type":"image\/jpeg"}],"twitter_card":"summary_large_image","twitter_site":"@CECweb","schema":{"@context":"https:\/\/schema.org","@graph":[{"@type":"WebPage","@id":"https:\/\/www.cec.org\/fr\/activites\/le-marche-de-lenergie-en-amerique-du-nord-harmonisation-des-politiques-et-gestion-du-carbone\/","url":"https:\/\/www.cec.org\/fr\/activites\/le-marche-de-lenergie-en-amerique-du-nord-harmonisation-des-politiques-et-gestion-du-carbone\/","name":"Le march\u00e9 de l'\u00e9nergie en Am\u00e9rique du Nord : harmonisation des politiques et gestion du carbone","isPartOf":{"@id":"https:\/\/www.cec.org\/fr\/#website"},"primaryImageOfPage":{"@id":"https:\/\/www.cec.org\/fr\/activites\/le-marche-de-lenergie-en-amerique-du-nord-harmonisation-des-politiques-et-gestion-du-carbone\/#primaryimage"},"image":{"@id":"https:\/\/www.cec.org\/fr\/activites\/le-marche-de-lenergie-en-amerique-du-nord-harmonisation-des-politiques-et-gestion-du-carbone\/#primaryimage"},"thumbnailUrl":"https:\/\/www.cec.org\/wp-content\/uploads\/2020\/11\/event-cover.jpg","datePublished":"2010-03-24T04:00:00+00:00","dateModified":"2025-06-20T17:16:48+00:00","description":"Le 24 mars, des dirigeants d'entreprise et des sp\u00e9cialistes se sont pench\u00e9s sur les questions que soul\u00e8vent les politiques publiques et les march\u00e9s","breadcrumb":{"@id":"https:\/\/www.cec.org\/fr\/activites\/le-marche-de-lenergie-en-amerique-du-nord-harmonisation-des-politiques-et-gestion-du-carbone\/#breadcrumb"},"inLanguage":"fr-FR","potentialAction":[{"@type":"ReadAction","target":["https:\/\/www.cec.org\/fr\/activites\/le-marche-de-lenergie-en-amerique-du-nord-harmonisation-des-politiques-et-gestion-du-carbone\/"]}]},{"@type":"ImageObject","inLanguage":"fr-FR","@id":"https:\/\/www.cec.org\/fr\/activites\/le-marche-de-lenergie-en-amerique-du-nord-harmonisation-des-politiques-et-gestion-du-carbone\/#primaryimage","url":"https:\/\/www.cec.org\/wp-content\/uploads\/2020\/11\/event-cover.jpg","contentUrl":"https:\/\/www.cec.org\/wp-content\/uploads\/2020\/11\/event-cover.jpg","width":600,"height":400,"caption":"Even Cover - Evan Lloyd"},{"@type":"BreadcrumbList","@id":"https:\/\/www.cec.org\/fr\/activites\/le-marche-de-lenergie-en-amerique-du-nord-harmonisation-des-politiques-et-gestion-du-carbone\/#breadcrumb","itemListElement":[{"@type":"ListItem","position":1,"name":"Accueil","item":"https:\/\/www.cec.org\/fr\/"},{"@type":"ListItem","position":2,"name":"Activit\u00e9s","item":"https:\/\/www.cec.org\/fr\/activites\/"},{"@type":"ListItem","position":3,"name":"Le march\u00e9 de l&#8217;\u00e9nergie en Am\u00e9rique du Nord : harmonisation des politiques et gestion du carbone"}]},{"@type":"WebSite","@id":"https:\/\/www.cec.org\/fr\/#website","url":"https:\/\/www.cec.org\/fr\/","name":"Commission for Environmental Cooperation","description":"Three countries working together to protect our shared environment","alternateName":"CEC - CCA -CCE","potentialAction":[{"@type":"SearchAction","target":{"@type":"EntryPoint","urlTemplate":"https:\/\/www.cec.org\/fr\/?s={search_term_string}"},"query-input":{"@type":"PropertyValueSpecification","valueRequired":true,"valueName":"search_term_string"}}],"inLanguage":"fr-FR"}]}},"_links":{"self":[{"href":"https:\/\/www.cec.org\/fr\/wp-json\/wp\/v2\/events\/14028","targetHints":{"allow":["GET"]}}],"collection":[{"href":"https:\/\/www.cec.org\/fr\/wp-json\/wp\/v2\/events"}],"about":[{"href":"https:\/\/www.cec.org\/fr\/wp-json\/wp\/v2\/types\/events"}],"wp:featuredmedia":[{"embeddable":true,"href":"https:\/\/www.cec.org\/fr\/wp-json\/wp\/v2\/media\/33985"}],"wp:attachment":[{"href":"https:\/\/www.cec.org\/fr\/wp-json\/wp\/v2\/media?parent=14028"}],"curies":[{"name":"wp","href":"https:\/\/api.w.org\/{rel}","templated":true}]}}