{"id":47732,"date":"2022-03-17T12:59:18","date_gmt":"2022-03-17T16:59:18","guid":{"rendered":"http:\/\/www.cec.org\/ej4climate\/ej4climate-grants\/restauration-communautaire-des-mangroves-et-ecotourisme-regenerateur\/"},"modified":"2024-07-11T14:10:53","modified_gmt":"2024-07-11T18:10:53","slug":"restauration-communautaire-des-mangroves-et-ecotourisme-regenerateur","status":"publish","type":"ej4climate","link":"https:\/\/www.cec.org\/fr\/ej4climate\/subventions-ej4climate\/restauration-communautaire-des-mangroves-et-ecotourisme-regenerateur\/","title":{"rendered":"Restauration communautaire des mangroves et \u00e9cotourisme r\u00e9g\u00e9n\u00e9rateur"},"content":{"rendered":"<h4>Contexte<\/h4>\n<p>L&rsquo;\u00c9tat d&rsquo;Oaxaca est le plus vuln\u00e9rable du Mexique aux  ph\u00e9nom\u00e8nes associ\u00e9s aux changements climatiques de par sa situation  g\u00e9ographique, \u00e0 savoir entre l&rsquo;oc\u00e9an Pacifique et le golfe du Mexique.<\/p>\n<p>En  2012, l&rsquo;ouragan Carlotta a an\u00e9anti pr\u00e8s de 80 % de la mangrove situ\u00e9e sur la  lagune de Ventanilla, privant la population de sa principale source de revenus,  l&rsquo;\u00e9cotourisme, de m\u00eame que de revenus de p\u00eache, laissant la collectivit\u00e9 au  d\u00e9pourvu et entra\u00eenant la perte de biodiversit\u00e9. Les membres de la coop\u00e9rative  Lagarto Real ont donc entrepris l'exigeante t\u00e2che consistant \u00e0 restaurer le  syst\u00e8me lagunaire, qui est dans un \u00e9tat pr\u00e9caire, en cultivant des pal\u00e9tuviers  rouges pour reboiser la mangrove.<\/p>\n<p>  En 2016, ils ont r\u00e9ussi \u00e0 faire approuver par le  gouvernement mexicain un plan de gestion pour le reboisement communautaire de  57 hectares (ha) de mangrove.<\/p>\n<p>  Le  projet vise \u00e0 augmenter de 2 ha la superficie de reboisement et \u00e0 lier cette  activit\u00e9 \u00e0 la mise sur pied d&rsquo;activit\u00e9s d&rsquo;\u00e9cotourisme communautaire telles que  le tourisme ornithologique et le reboisement de la lagune.<\/p>\n<h4>Objectifs<\/h4>\n<ul>\n<li>Restaurer  la biodiversit\u00e9 dans la lagune de Ventanilla.    <\/li>\n<li> Cr\u00e9er  un module de sensibilisation \u00e0 l&rsquo;environnement sur les cons\u00e9quences des  changements climatiques et l&rsquo;importance des zones humides c\u00f4ti\u00e8res.    <\/li>\n<li>Mettre  au point une offre touristique permettant de poursuivre les activit\u00e9s de  reboisement et de conservation de la biodiversit\u00e9.    <\/li>\n<li>Tenir  un registre de la faune et de la flore sauvages locales.<\/li>\n<\/ul>\n<h4>Principales activit\u00e9s<\/h4>\n<ul>\n<li>La  localisation d&rsquo;emplacements propices au reboisement de 2,4 ha avec des  pal\u00e9tuviers rouges.    <\/li>\n<li> La  production de 1 582 plantules de pal\u00e9tuvier rouge.  <\/li>\n<li>    L&rsquo;installation  de coupe-feux.    <\/li>\n<li>Le  r\u00e9am\u00e9nagement de canaux.    <\/li>\n<li>Le  reboisement de 2,4 ha avec des pal\u00e9tuviers rouges.    <\/li>\n<li>La  formation en tourisme ornithologique et en baguage d&rsquo;oiseaux.  <\/li>\n<li>    L&rsquo;installation  de cam\u00e9ras pour exercer un suivi.<\/li>\n<\/ul>\n<h4>R\u00e9sultats<\/h4>\n<ul>\n<li>Le  reboisement de 2,4 ha avec des pal\u00e9tuviers rouges par les gardes forestiers  communautaires.    <\/li>\n<li>La  production des 1 582 plantules dans une p\u00e9pini\u00e8re communautaire par les gardes  forestiers communautaires.    <\/li>\n<li>La  formation des gardes forestiers communautaires \u00e0 l&rsquo;observation des oiseaux  end\u00e9miques et migrateurs.    <\/li>\n<li>La  r\u00e9alisation d&rsquo;activit\u00e9s \u00e9ducatives sur les cons\u00e9quences des changements  climatiques et l&rsquo;importance des zones humides c\u00f4ti\u00e8res.    <\/li>\n<li>La  diminution des feux de for\u00eat et la protection de la biodiversit\u00e9.    <\/li>\n<li>La  tenue du festival de la mangrove avec la participation de diverses  collectivit\u00e9s et de sp\u00e9cialistes en la mati\u00e8re.<\/li>\n<\/ul>\n","protected":false},"excerpt":{"rendered":"<p>Contexte L&rsquo;\u00c9tat d&rsquo;Oaxaca est le plus vuln\u00e9rable du Mexique aux ph\u00e9nom\u00e8nes associ\u00e9s aux changements climatiques de par sa situation g\u00e9ographique, \u00e0 savoir entre l&rsquo;oc\u00e9an Pacifique et le golfe du Mexique. En 2012, l&rsquo;ouragan Carlotta a an\u00e9anti pr\u00e8s de 80 % de la mangrove situ\u00e9e sur la lagune de Ventanilla, privant la population de sa principale [&hellip;]<\/p>\n","protected":false},"featured_media":47636,"template":"","class_list":["post-47732","ej4climate","type-ej4climate","status-publish","has-post-thumbnail","hentry","country-mexique","status-conclu"],"acf":[],"yoast_head":"<!-- This site is optimized with the Yoast SEO Premium plugin v27.4 (Yoast SEO v27.4) - https:\/\/yoast.com\/product\/yoast-seo-premium-wordpress\/ -->\n<title>Restauration communautaire des mangroves et \u00e9cotourisme r\u00e9g\u00e9n\u00e9rateur<\/title>\n<meta name=\"description\" content=\"Contexte L&rsquo;\u00c9tat d&rsquo;Oaxaca est le plus vuln\u00e9rable du Mexique aux ph\u00e9nom\u00e8nes associ\u00e9s aux changements climatiques de par sa situation\" \/>\n<meta name=\"robots\" content=\"index, follow, max-snippet:-1, max-image-preview:large, max-video-preview:-1\" \/>\n<link rel=\"canonical\" href=\"https:\/\/www.cec.org\/fr\/ej4climate\/subventions-ej4climate\/restauration-communautaire-des-mangroves-et-ecotourisme-regenerateur\/\" \/>\n<meta property=\"og:locale\" content=\"fr_FR\" \/>\n<meta property=\"og:type\" content=\"article\" \/>\n<meta property=\"og:title\" content=\"Restauration communautaire des mangroves et \u00e9cotourisme r\u00e9g\u00e9n\u00e9rateur\" \/>\n<meta property=\"og:description\" content=\"Contexte L&rsquo;\u00c9tat d&rsquo;Oaxaca est le plus vuln\u00e9rable du Mexique aux ph\u00e9nom\u00e8nes associ\u00e9s aux changements climatiques de par sa situation\" \/>\n<meta property=\"og:url\" content=\"https:\/\/www.cec.org\/fr\/ej4climate\/subventions-ej4climate\/restauration-communautaire-des-mangroves-et-ecotourisme-regenerateur\/\" \/>\n<meta property=\"og:site_name\" content=\"Commission de coop\u00e9ration environnementale\" \/>\n<meta property=\"article:publisher\" content=\"https:\/\/www.facebook.com\/CECconnect\" \/>\n<meta property=\"article:modified_time\" content=\"2024-07-11T18:10:53+00:00\" \/>\n<meta property=\"og:image\" content=\"https:\/\/www.cec.org\/wp-content\/uploads\/Fondo-Oaxaqueno-para-la-Conservacion-de-la-Naturaleza.jpg\" \/>\n\t<meta property=\"og:image:width\" content=\"600\" \/>\n\t<meta property=\"og:image:height\" content=\"342\" \/>\n\t<meta property=\"og:image:type\" content=\"image\/jpeg\" \/>\n<meta name=\"twitter:card\" content=\"summary_large_image\" \/>\n<meta name=\"twitter:site\" content=\"@CECweb\" \/>\n<script type=\"application\/ld+json\" class=\"yoast-schema-graph\">{\"@context\":\"https:\\\/\\\/schema.org\",\"@graph\":[{\"@type\":\"WebPage\",\"@id\":\"https:\\\/\\\/www.cec.org\\\/fr\\\/ej4climate\\\/subventions-ej4climate\\\/restauration-communautaire-des-mangroves-et-ecotourisme-regenerateur\\\/\",\"url\":\"https:\\\/\\\/www.cec.org\\\/fr\\\/ej4climate\\\/subventions-ej4climate\\\/restauration-communautaire-des-mangroves-et-ecotourisme-regenerateur\\\/\",\"name\":\"Restauration communautaire des mangroves et \u00e9cotourisme r\u00e9g\u00e9n\u00e9rateur\",\"isPartOf\":{\"@id\":\"https:\\\/\\\/www.cec.org\\\/fr\\\/#website\"},\"primaryImageOfPage\":{\"@id\":\"https:\\\/\\\/www.cec.org\\\/fr\\\/ej4climate\\\/subventions-ej4climate\\\/restauration-communautaire-des-mangroves-et-ecotourisme-regenerateur\\\/#primaryimage\"},\"image\":{\"@id\":\"https:\\\/\\\/www.cec.org\\\/fr\\\/ej4climate\\\/subventions-ej4climate\\\/restauration-communautaire-des-mangroves-et-ecotourisme-regenerateur\\\/#primaryimage\"},\"thumbnailUrl\":\"https:\\\/\\\/www.cec.org\\\/wp-content\\\/uploads\\\/Fondo-Oaxaqueno-para-la-Conservacion-de-la-Naturaleza.jpg\",\"datePublished\":\"2022-03-17T16:59:18+00:00\",\"dateModified\":\"2024-07-11T18:10:53+00:00\",\"description\":\"Contexte L&rsquo;\u00c9tat d&rsquo;Oaxaca est le plus vuln\u00e9rable du Mexique aux ph\u00e9nom\u00e8nes associ\u00e9s aux changements climatiques de par sa situation\",\"breadcrumb\":{\"@id\":\"https:\\\/\\\/www.cec.org\\\/fr\\\/ej4climate\\\/subventions-ej4climate\\\/restauration-communautaire-des-mangroves-et-ecotourisme-regenerateur\\\/#breadcrumb\"},\"inLanguage\":\"fr-FR\",\"potentialAction\":[{\"@type\":\"ReadAction\",\"target\":[\"https:\\\/\\\/www.cec.org\\\/fr\\\/ej4climate\\\/subventions-ej4climate\\\/restauration-communautaire-des-mangroves-et-ecotourisme-regenerateur\\\/\"]}]},{\"@type\":\"ImageObject\",\"inLanguage\":\"fr-FR\",\"@id\":\"https:\\\/\\\/www.cec.org\\\/fr\\\/ej4climate\\\/subventions-ej4climate\\\/restauration-communautaire-des-mangroves-et-ecotourisme-regenerateur\\\/#primaryimage\",\"url\":\"https:\\\/\\\/www.cec.org\\\/wp-content\\\/uploads\\\/Fondo-Oaxaqueno-para-la-Conservacion-de-la-Naturaleza.jpg\",\"contentUrl\":\"https:\\\/\\\/www.cec.org\\\/wp-content\\\/uploads\\\/Fondo-Oaxaqueno-para-la-Conservacion-de-la-Naturaleza.jpg\",\"width\":600,\"height\":342,\"caption\":\"\u00a9 Fondo Oaxaque\u00f1o para la Conservaci\u00f3n de la Naturaleza\"},{\"@type\":\"BreadcrumbList\",\"@id\":\"https:\\\/\\\/www.cec.org\\\/fr\\\/ej4climate\\\/subventions-ej4climate\\\/restauration-communautaire-des-mangroves-et-ecotourisme-regenerateur\\\/#breadcrumb\",\"itemListElement\":[{\"@type\":\"ListItem\",\"position\":1,\"name\":\"Accueil\",\"item\":\"https:\\\/\\\/www.cec.org\\\/fr\\\/\"},{\"@type\":\"ListItem\",\"position\":2,\"name\":\"Restauration communautaire des mangroves et \u00e9cotourisme r\u00e9g\u00e9n\u00e9rateur\"}]},{\"@type\":\"WebSite\",\"@id\":\"https:\\\/\\\/www.cec.org\\\/fr\\\/#website\",\"url\":\"https:\\\/\\\/www.cec.org\\\/fr\\\/\",\"name\":\"Commission for Environmental Cooperation\",\"description\":\"Three countries working together to protect our shared environment\",\"alternateName\":\"CEC - CCA -CCE\",\"potentialAction\":[{\"@type\":\"SearchAction\",\"target\":{\"@type\":\"EntryPoint\",\"urlTemplate\":\"https:\\\/\\\/www.cec.org\\\/fr\\\/?s={search_term_string}\"},\"query-input\":{\"@type\":\"PropertyValueSpecification\",\"valueRequired\":true,\"valueName\":\"search_term_string\"}}],\"inLanguage\":\"fr-FR\"}]}<\/script>\n<!-- \/ Yoast SEO Premium plugin. -->","yoast_head_json":{"title":"Restauration communautaire des mangroves et \u00e9cotourisme r\u00e9g\u00e9n\u00e9rateur","description":"Contexte L&rsquo;\u00c9tat d&rsquo;Oaxaca est le plus vuln\u00e9rable du Mexique aux ph\u00e9nom\u00e8nes associ\u00e9s aux changements climatiques de par sa situation","robots":{"index":"index","follow":"follow","max-snippet":"max-snippet:-1","max-image-preview":"max-image-preview:large","max-video-preview":"max-video-preview:-1"},"canonical":"https:\/\/www.cec.org\/fr\/ej4climate\/subventions-ej4climate\/restauration-communautaire-des-mangroves-et-ecotourisme-regenerateur\/","og_locale":"fr_FR","og_type":"article","og_title":"Restauration communautaire des mangroves et \u00e9cotourisme r\u00e9g\u00e9n\u00e9rateur","og_description":"Contexte L&rsquo;\u00c9tat d&rsquo;Oaxaca est le plus vuln\u00e9rable du Mexique aux ph\u00e9nom\u00e8nes associ\u00e9s aux changements climatiques de par sa situation","og_url":"https:\/\/www.cec.org\/fr\/ej4climate\/subventions-ej4climate\/restauration-communautaire-des-mangroves-et-ecotourisme-regenerateur\/","og_site_name":"Commission de coop\u00e9ration environnementale","article_publisher":"https:\/\/www.facebook.com\/CECconnect","article_modified_time":"2024-07-11T18:10:53+00:00","og_image":[{"width":600,"height":342,"url":"https:\/\/www.cec.org\/wp-content\/uploads\/Fondo-Oaxaqueno-para-la-Conservacion-de-la-Naturaleza.jpg","type":"image\/jpeg"}],"twitter_card":"summary_large_image","twitter_site":"@CECweb","schema":{"@context":"https:\/\/schema.org","@graph":[{"@type":"WebPage","@id":"https:\/\/www.cec.org\/fr\/ej4climate\/subventions-ej4climate\/restauration-communautaire-des-mangroves-et-ecotourisme-regenerateur\/","url":"https:\/\/www.cec.org\/fr\/ej4climate\/subventions-ej4climate\/restauration-communautaire-des-mangroves-et-ecotourisme-regenerateur\/","name":"Restauration communautaire des mangroves et \u00e9cotourisme r\u00e9g\u00e9n\u00e9rateur","isPartOf":{"@id":"https:\/\/www.cec.org\/fr\/#website"},"primaryImageOfPage":{"@id":"https:\/\/www.cec.org\/fr\/ej4climate\/subventions-ej4climate\/restauration-communautaire-des-mangroves-et-ecotourisme-regenerateur\/#primaryimage"},"image":{"@id":"https:\/\/www.cec.org\/fr\/ej4climate\/subventions-ej4climate\/restauration-communautaire-des-mangroves-et-ecotourisme-regenerateur\/#primaryimage"},"thumbnailUrl":"https:\/\/www.cec.org\/wp-content\/uploads\/Fondo-Oaxaqueno-para-la-Conservacion-de-la-Naturaleza.jpg","datePublished":"2022-03-17T16:59:18+00:00","dateModified":"2024-07-11T18:10:53+00:00","description":"Contexte L&rsquo;\u00c9tat d&rsquo;Oaxaca est le plus vuln\u00e9rable du Mexique aux ph\u00e9nom\u00e8nes associ\u00e9s aux changements climatiques de par sa situation","breadcrumb":{"@id":"https:\/\/www.cec.org\/fr\/ej4climate\/subventions-ej4climate\/restauration-communautaire-des-mangroves-et-ecotourisme-regenerateur\/#breadcrumb"},"inLanguage":"fr-FR","potentialAction":[{"@type":"ReadAction","target":["https:\/\/www.cec.org\/fr\/ej4climate\/subventions-ej4climate\/restauration-communautaire-des-mangroves-et-ecotourisme-regenerateur\/"]}]},{"@type":"ImageObject","inLanguage":"fr-FR","@id":"https:\/\/www.cec.org\/fr\/ej4climate\/subventions-ej4climate\/restauration-communautaire-des-mangroves-et-ecotourisme-regenerateur\/#primaryimage","url":"https:\/\/www.cec.org\/wp-content\/uploads\/Fondo-Oaxaqueno-para-la-Conservacion-de-la-Naturaleza.jpg","contentUrl":"https:\/\/www.cec.org\/wp-content\/uploads\/Fondo-Oaxaqueno-para-la-Conservacion-de-la-Naturaleza.jpg","width":600,"height":342,"caption":"\u00a9 Fondo Oaxaque\u00f1o para la Conservaci\u00f3n de la Naturaleza"},{"@type":"BreadcrumbList","@id":"https:\/\/www.cec.org\/fr\/ej4climate\/subventions-ej4climate\/restauration-communautaire-des-mangroves-et-ecotourisme-regenerateur\/#breadcrumb","itemListElement":[{"@type":"ListItem","position":1,"name":"Accueil","item":"https:\/\/www.cec.org\/fr\/"},{"@type":"ListItem","position":2,"name":"Restauration communautaire des mangroves et \u00e9cotourisme r\u00e9g\u00e9n\u00e9rateur"}]},{"@type":"WebSite","@id":"https:\/\/www.cec.org\/fr\/#website","url":"https:\/\/www.cec.org\/fr\/","name":"Commission for Environmental Cooperation","description":"Three countries working together to protect our shared environment","alternateName":"CEC - CCA -CCE","potentialAction":[{"@type":"SearchAction","target":{"@type":"EntryPoint","urlTemplate":"https:\/\/www.cec.org\/fr\/?s={search_term_string}"},"query-input":{"@type":"PropertyValueSpecification","valueRequired":true,"valueName":"search_term_string"}}],"inLanguage":"fr-FR"}]}},"_links":{"self":[{"href":"https:\/\/www.cec.org\/fr\/wp-json\/wp\/v2\/ej4climate\/47732","targetHints":{"allow":["GET"]}}],"collection":[{"href":"https:\/\/www.cec.org\/fr\/wp-json\/wp\/v2\/ej4climate"}],"about":[{"href":"https:\/\/www.cec.org\/fr\/wp-json\/wp\/v2\/types\/ej4climate"}],"wp:featuredmedia":[{"embeddable":true,"href":"https:\/\/www.cec.org\/fr\/wp-json\/wp\/v2\/media\/47636"}],"wp:attachment":[{"href":"https:\/\/www.cec.org\/fr\/wp-json\/wp\/v2\/media?parent=47732"}],"curies":[{"name":"wp","href":"https:\/\/api.w.org\/{rel}","templated":true}]}}