{"id":27838,"date":"2003-06-25T00:00:00","date_gmt":"2003-06-25T04:00:00","guid":{"rendered":"http:\/\/www.cec.org\/documents\/resolution-du-conseil-03-07\/"},"modified":"2024-07-11T16:22:31","modified_gmt":"2024-07-11T20:22:31","slug":"resolution-du-conseil-03-07","status":"publish","type":"documents","link":"https:\/\/www.cec.org\/fr\/documents\/resolution-du-conseil-03-07\/","title":{"rendered":"R\u00e9solution du Conseil 03-07"},"content":{"rendered":"<p align=\"right\" style=\"font-size: 14px; color: rgb(102, 102, 102); font-family: 'Open Sans', sans-serif; line-height: normal;\">Distribution : G\u00e9n\u00e9rale<\/p>\n<p align=\"right\" style=\"font-size: 14px; color: rgb(102, 102, 102); font-family: 'Open Sans', sans-serif; line-height: normal;\">C\/C.01\/03-00\/RES\/07\/Finale<\/p>\n<p align=\"right\" style=\"font-size: 14px; color: rgb(102, 102, 102); font-family: 'Open Sans', sans-serif; line-height: normal;\">ORIGINAL : ANGLAIS<\/p>\n<p style=\"font-size: 14px; color: rgb(102, 102, 102); font-family: 'Open Sans', sans-serif; line-height: normal;\">Washington, D.C., le 25 juin 2003<\/p>\n<p align=\"left\" style=\"font-size: 14px; color: rgb(102, 102, 102); font-family: 'Open Sans', sans-serif; line-height: normal;\"><strong>Adoption du Plan strat\u00e9gique concert\u00e9 pour la conservation de la biodiversit\u00e9 en Am\u00e9rique du Nord, \u00e9labor\u00e9 par la Commission de coop\u00e9ration environnementale<\/strong><\/p>\n<p style=\"font-size: 14px; color: rgb(102, 102, 102); font-family: 'Open Sans', sans-serif; line-height: normal;\">LE CONSEIL&nbsp;:<\/p>\n<p style=\"font-size: 14px; color: rgb(102, 102, 102); font-family: 'Open Sans', sans-serif; line-height: normal;\">RECONNAISSANT que les milieux de vie du Canada, du Mexique et des \u00c9tats-Unis sont \u00e0 la fois \u00e9troitement li\u00e9s et interd\u00e9pendants en raison des esp\u00e8ces migratrices et des \u00e9cosyst\u00e8mes transfrontaliers que ces trois pays partagent;<\/p>\n<p style=\"font-size: 14px; color: rgb(102, 102, 102); font-family: 'Open Sans', sans-serif; line-height: normal;\">CONSCIENT que la diminution de la biodiversit\u00e9 en g\u00e9n\u00e9ral a des r\u00e9percussions en cascade sur les esp\u00e8ces, les \u00e9cosyst\u00e8mes et l'\u00e9conomie, en premier lieu \u00e0 l'\u00e9chelle locale et ensuite aux \u00e9chelles nationale et continentale;<\/p>\n<p style=\"font-size: 14px; color: rgb(102, 102, 102); font-family: 'Open Sans', sans-serif; line-height: normal;\">FAISANT VALOIR les objectifs \u00e9nonc\u00e9s aux alin\u00e9as 1<em>c<\/em>) et 1<em>f<\/em>) de l'<em>Accord nord\u2011am\u00e9ricain de coop\u00e9ration dans le domaine de l'environnement&nbsp;<\/em>(ANACDE), soit \u00ab&nbsp;intensifier la coop\u00e9ration entre les Parties en vue de mieux assurer la conservation, la protection et l'am\u00e9lioration de l'environnement, y compris la flore et la faune sauvages&nbsp;\u00bb et \u00ab&nbsp;renforcer la coop\u00e9ration en vue de l'\u00e9laboration et de l'am\u00e9lioration des lois, r\u00e9glementations, proc\u00e9dures, politiques et pratiques environnementales&nbsp;\u00bb;<\/p>\n<p style=\"font-size: 14px; color: rgb(102, 102, 102); font-family: 'Open Sans', sans-serif; line-height: normal;\">CONSTATANT la n\u00e9cessit\u00e9 d'instaurer une strat\u00e9gie nord-am\u00e9ricaine \u00e0 long terme, globale et concert\u00e9e en vue de conserver la biodiversit\u00e9 et de veiller \u00e0 ce qu'elle soit utilis\u00e9e de fa\u00e7on durable;<\/p>\n<p style=\"font-size: 14px; color: rgb(102, 102, 102); font-family: 'Open Sans', sans-serif; line-height: normal;\">RECONNAISSANT EN OUTRE que le Plan strat\u00e9gique concert\u00e9 pour la conservation de la biodiversit\u00e9 en Am\u00e9rique du Nord, \u00e9labor\u00e9e par la Commission de coop\u00e9ration environnementale (CCE) (\u00ab&nbsp;le Plan strat\u00e9gique de la CCE sur la biodiversit\u00e9&nbsp;\u00bb), servira \u00e0 orienter le Conseil et les responsables du secteur de programme connexe de la Commission;<\/p>\n<p style=\"font-size: 14px; color: rgb(102, 102, 102); font-family: 'Open Sans', sans-serif; line-height: normal;\">NOTANT les efforts que d\u00e9ploient les Parties en collaborant \u00e0 des activit\u00e9s concert\u00e9es de conservation de la biodiversit\u00e9 et le bien-fond\u00e9 de prendre des mesures fructueuses dans ce sens \u00e0 l'\u00e9chelle continentale;<\/p>\n<p style=\"font-size: 14px; color: rgb(102, 102, 102); font-family: 'Open Sans', sans-serif; line-height: normal;\">TENANT COMPTE des activit\u00e9s ant\u00e9rieures et actuelles de la CCE, des accords bilat\u00e9raux entre les Parties, des accords multilat\u00e9raux auxquels le Canada, le Mexique et les \u00c9tats-Unis sont parties, ainsi que des travaux que m\u00e8nent des organismes internationaux et nationaux comp\u00e9tents afin de renforcer la coop\u00e9ration en mati\u00e8re de conservation de la biodiversit\u00e9;<\/p>\n<p style=\"font-size: 14px; color: rgb(102, 102, 102); font-family: 'Open Sans', sans-serif; line-height: normal;\">RECONNAISSANT les conseils \u00e9clair\u00e9s du Groupe de travail sur la conservation de la biodiversit\u00e9 (GTCB) dans l'\u00e9tablissement du Plan strat\u00e9gique de la CCE sur la biodiversit\u00e9 et l'utile contribution d'organismes gouvernementaux et non gouvernementaux, de collectivit\u00e9s autochtones et locales, du milieu universitaire et du secteur priv\u00e9;<\/p>\n<p style=\"font-size: 14px; color: rgb(102, 102, 102); font-family: 'Open Sans', sans-serif; line-height: normal;\">CONSID\u00c9RANT la possibilit\u00e9 que l'Am\u00e9rique du Nord joue un r\u00f4le de chef de file mondial en \u00e9laborant des approches concert\u00e9es afin de donner suite aux pr\u00e9occupations qu'\u00e9prouvent collectivement les trois pays \u00e0 l'\u00e9gard de la biodiversit\u00e9;<\/p>\n<p style=\"font-size: 14px; color: rgb(102, 102, 102); font-family: 'Open Sans', sans-serif; line-height: normal;\">PAR LES PR\u00c9SENTES :<\/p>\n<p style=\"font-size: 14px; color: rgb(102, 102, 102); font-family: 'Open Sans', sans-serif; line-height: normal;\">ADOPTE le Plan strat\u00e9gique de la CCE sur la biodiversit\u00e9, qui inclut le mandat du GTCB, dans l'intention de favoriser une optique continentale int\u00e9gr\u00e9e et concert\u00e9e de conservation et d'utilisation durable des ressources biologiques; de contribuer au maintien de l'int\u00e9grit\u00e9 des \u00e9cor\u00e9gions de l'Am\u00e9rique du Nord; de promouvoir, dans les trois pays, des moyens de conservation de la biodiversit\u00e9 ainsi que des activit\u00e9s intersectorielles concert\u00e9es qui contribuent \u00e0 r\u00e9duire et \u00e0 att\u00e9nuer les menaces auxquelles font face les esp\u00e8ces et les \u00e9cosyst\u00e8mes que ces pays partagent \u00e0 l'\u00e9chelle du continent;<\/p>\n<p style=\"font-size: 14px; color: rgb(102, 102, 102); font-family: 'Open Sans', sans-serif; line-height: normal;\">APPUIE les efforts concert\u00e9s que pr\u00e9voit le Plan strat\u00e9gique de la CCE sur la biodiversit\u00e9 dans le cadre des six objectifs suivants :<\/p>\n<ol>\n<li style=\"font-size: 14px; color: rgb(102, 102, 102); font-family: 'Open Sans', sans-serif; line-height: normal;\">Promouvoir la conservation et la gestion concert\u00e9es des r\u00e9gions ayant une importance \u00e9cologique en Am\u00e9rique du Nord.<\/li>\n<li style=\"font-size: 14px; color: rgb(102, 102, 102); font-family: 'Open Sans', sans-serif; line-height: normal;\">Promouvoir la conservation des esp\u00e8ces migratrices et transfrontali\u00e8res et d'autres esp\u00e8ces nord\u2011am\u00e9ricaines d\u00e9sign\u00e9es par les Parties.<\/li>\n<li style=\"font-size: 14px; color: rgb(102, 102, 102); font-family: 'Open Sans', sans-serif; line-height: normal;\">Faciliter la mise en commun des donn\u00e9es et des informations \u00e0 l'\u00e9chelle continentale et promouvoir la surveillance et l'\u00e9valuation int\u00e9gr\u00e9es afin de mieux comprendre l'\u00e9tat de la biodiversit\u00e9 en Am\u00e9rique du Nord.<\/li>\n<li style=\"font-size: 14px; color: rgb(102, 102, 102); font-family: 'Open Sans', sans-serif; line-height: normal;\">Faciliter la communication et le r\u00e9seautage, de m\u00eame que la d\u00e9termination et le partage des pratiques exemplaires, des priorit\u00e9s et des occasions de sensibilisation et de formation.<\/li>\n<li style=\"font-size: 14px; color: rgb(102, 102, 102); font-family: 'Open Sans', sans-serif; line-height: normal;\">Promouvoir des mesures concert\u00e9es en vue de contrer les menaces qui p\u00e8sent sur les \u00e9cosyst\u00e8mes, les habitats et les esp\u00e8ces de l'Am\u00e9rique du Nord.<\/li>\n<li style=\"font-size: 14px; color: rgb(102, 102, 102); font-family: 'Open Sans', sans-serif; line-height: normal;\">Recenser et \u00e9valuer les occasions que pr\u00e9sente le commerce r\u00e9gional au plan de la collaboration en faveur de la conservation de la biodiversit\u00e9 et de l'utilisation durable des ressources biologiques.<\/li>\n<\/ol>\n<p style=\"font-size: 14px; color: rgb(102, 102, 102); font-family: 'Open Sans', sans-serif; line-height: normal;\">PRESCRIT au Secr\u00e9tariat de la CCE de coordonner la recherche de partenaires, de fonds suppl\u00e9mentaires et d'opinions diverses en vue de la mise en \u0153uvre du Plan strat\u00e9gique, tout en tenant le GTCB au courant des progr\u00e8s qu'il accomplit \u00e0 tous ces \u00e9gards;<\/p>\n<p style=\"font-size: 14px; color: rgb(102, 102, 102); font-family: 'Open Sans', sans-serif; line-height: normal;\">RECONNA\u00ceT l'importance des connaissances des collectivit\u00e9s autochtones et locales, de m\u00eame que du r\u00f4le de ces collectivit\u00e9s en ce qui a trait \u00e0 la mise en \u0153uvre du Plan strat\u00e9gique de la CCE sur la biodiversit\u00e9, et encourage le Secr\u00e9tariat de la CCE et le GTCB \u00e0 examiner des m\u00e9canismes novateurs qui concilient la conservation de la biodiversit\u00e9 et les modes de vie traditionnels et les besoins de ces collectivit\u00e9s.<\/p>\n<p style=\"font-size: 14px; color: rgb(102, 102, 102); font-family: 'Open Sans', sans-serif; line-height: normal;\">ADOPT\u00c9E PAR LE CONSEIL :<\/p>\n<p style=\"font-size: 14px; color: rgb(102, 102, 102); font-family: 'Open Sans', sans-serif; line-height: normal;\">&nbsp;<\/p>\n<p style=\"font-size: 14px; color: rgb(102, 102, 102); font-family: 'Open Sans', sans-serif; line-height: normal;\">________________________________<\/p>\n<p style=\"font-size: 14px; color: rgb(102, 102, 102); font-family: 'Open Sans', sans-serif; line-height: normal;\">David Anderson<\/p>\n<p style=\"font-size: 14px; color: rgb(102, 102, 102); font-family: 'Open Sans', sans-serif; line-height: normal;\">Gouvernement du Canada<\/p>\n<p style=\"font-size: 14px; color: rgb(102, 102, 102); font-family: 'Open Sans', sans-serif; line-height: normal;\">&nbsp;<\/p>\n<p style=\"font-size: 14px; color: rgb(102, 102, 102); font-family: 'Open Sans', sans-serif; line-height: normal;\">________________________________<\/p>\n<p style=\"font-size: 14px; color: rgb(102, 102, 102); font-family: 'Open Sans', sans-serif; line-height: normal;\">Victor Lichtinger<\/p>\n<p style=\"font-size: 14px; color: rgb(102, 102, 102); font-family: 'Open Sans', sans-serif; line-height: normal;\">Gouvernement des \u00c9tats-Unis du Mexique<\/p>\n<p style=\"font-size: 14px; color: rgb(102, 102, 102); font-family: 'Open Sans', sans-serif; line-height: normal;\">&nbsp;<\/p>\n<p style=\"font-size: 14px; color: rgb(102, 102, 102); font-family: 'Open Sans', sans-serif; line-height: normal;\">________________________________<\/p>\n<p style=\"font-size: 14px; color: rgb(102, 102, 102); font-family: 'Open Sans', sans-serif; line-height: normal;\">Christine Todd Whitman<\/p>\n<p style=\"font-size: 14px; color: rgb(102, 102, 102); font-family: 'Open Sans', sans-serif; line-height: normal;\">Gouvernement des \u00c9tats-Unis d'Am\u00e9rique<\/p>\n<p><span style=\"color: rgb(102, 102, 102); font-family: 'Open Sans', sans-serif; font-size: 12px; line-height: normal;\">Adoption du Plan strat\u00e9gique concert\u00e9 pour la conservation de la biodiversit\u00e9 en Am\u00e9rique du Nord, \u00e9labor\u00e9 par la Commission de coop\u00e9ration environnementale<\/span><\/p>\n","protected":false},"excerpt":{"rendered":"<p>Distribution : G\u00e9n\u00e9rale C\/C.01\/03-00\/RES\/07\/Finale ORIGINAL : ANGLAIS Washington, D.C., le 25 juin 2003 Adoption du Plan strat\u00e9gique concert\u00e9 pour la conservation de la biodiversit\u00e9 en Am\u00e9rique du Nord, \u00e9labor\u00e9 par la Commission de coop\u00e9ration environnementale LE CONSEIL&nbsp;: RECONNAISSANT que les milieux de vie du Canada, du Mexique et des \u00c9tats-Unis sont \u00e0 la fois \u00e9troitement [&hellip;]<\/p>\n","protected":false},"featured_media":0,"template":"","class_list":["post-27838","documents","type-documents","status-publish","hentry","document_category-resolution-du-conseil"],"acf":[],"yoast_head":"<!-- This site is optimized with the Yoast SEO Premium plugin v27.4 (Yoast SEO v27.4) - https:\/\/yoast.com\/product\/yoast-seo-premium-wordpress\/ -->\n<title>R\u00e9solution du Conseil 03-07<\/title>\n<meta name=\"robots\" content=\"noindex, follow\" \/>\n<meta property=\"og:locale\" content=\"fr_FR\" \/>\n<meta property=\"og:type\" content=\"article\" \/>\n<meta property=\"og:title\" content=\"R\u00e9solution du Conseil 03-07\" \/>\n<meta property=\"og:description\" content=\"Distribution : G\u00e9n\u00e9rale C\/C.01\/03-00\/RES\/07\/Finale ORIGINAL : ANGLAIS Washington, D.C., le 25 juin 2003 Adoption du Plan strat\u00e9gique concert\u00e9 pour la conservation de la biodiversit\u00e9 en Am\u00e9rique du Nord, \u00e9labor\u00e9 par la Commission de coop\u00e9ration environnementale LE CONSEIL&nbsp;: RECONNAISSANT que les milieux de vie du Canada, du Mexique et des \u00c9tats-Unis sont \u00e0 la fois \u00e9troitement [&hellip;]\" \/>\n<meta property=\"og:url\" content=\"https:\/\/www.cec.org\/fr\/documents\/resolution-du-conseil-03-07\/\" \/>\n<meta property=\"og:site_name\" content=\"Commission de coop\u00e9ration environnementale\" \/>\n<meta property=\"article:publisher\" content=\"https:\/\/www.facebook.com\/CECconnect\" \/>\n<meta property=\"article:modified_time\" content=\"2024-07-11T20:22:31+00:00\" \/>\n<meta property=\"og:image\" content=\"https:\/\/www.cec.org\/wp-content\/uploads\/cec-cover2023.webp\" \/>\n\t<meta property=\"og:image:width\" content=\"1200\" \/>\n\t<meta property=\"og:image:height\" content=\"630\" \/>\n\t<meta property=\"og:image:type\" content=\"image\/webp\" \/>\n<meta name=\"twitter:card\" content=\"summary_large_image\" \/>\n<meta name=\"twitter:site\" content=\"@CECweb\" \/>\n<script type=\"application\/ld+json\" class=\"yoast-schema-graph\">{\"@context\":\"https:\\\/\\\/schema.org\",\"@graph\":[{\"@type\":\"WebPage\",\"@id\":\"https:\\\/\\\/www.cec.org\\\/fr\\\/documents\\\/resolution-du-conseil-03-07\\\/\",\"url\":\"https:\\\/\\\/www.cec.org\\\/fr\\\/documents\\\/resolution-du-conseil-03-07\\\/\",\"name\":\"R\u00e9solution du Conseil 03-07\",\"isPartOf\":{\"@id\":\"https:\\\/\\\/www.cec.org\\\/fr\\\/#website\"},\"datePublished\":\"2003-06-25T04:00:00+00:00\",\"dateModified\":\"2024-07-11T20:22:31+00:00\",\"breadcrumb\":{\"@id\":\"https:\\\/\\\/www.cec.org\\\/fr\\\/documents\\\/resolution-du-conseil-03-07\\\/#breadcrumb\"},\"inLanguage\":\"fr-FR\",\"potentialAction\":[{\"@type\":\"ReadAction\",\"target\":[\"https:\\\/\\\/www.cec.org\\\/fr\\\/documents\\\/resolution-du-conseil-03-07\\\/\"]}]},{\"@type\":\"BreadcrumbList\",\"@id\":\"https:\\\/\\\/www.cec.org\\\/fr\\\/documents\\\/resolution-du-conseil-03-07\\\/#breadcrumb\",\"itemListElement\":[{\"@type\":\"ListItem\",\"position\":1,\"name\":\"Accueil\",\"item\":\"https:\\\/\\\/www.cec.org\\\/fr\\\/\"},{\"@type\":\"ListItem\",\"position\":2,\"name\":\"Documents\",\"item\":\"https:\\\/\\\/www.cec.org\\\/fr\\\/documents\\\/\"},{\"@type\":\"ListItem\",\"position\":3,\"name\":\"R\u00e9solution du Conseil 03-07\"}]},{\"@type\":\"WebSite\",\"@id\":\"https:\\\/\\\/www.cec.org\\\/fr\\\/#website\",\"url\":\"https:\\\/\\\/www.cec.org\\\/fr\\\/\",\"name\":\"Commission for Environmental Cooperation\",\"description\":\"Three countries working together to protect our shared environment\",\"alternateName\":\"CEC - CCA -CCE\",\"potentialAction\":[{\"@type\":\"SearchAction\",\"target\":{\"@type\":\"EntryPoint\",\"urlTemplate\":\"https:\\\/\\\/www.cec.org\\\/fr\\\/?s={search_term_string}\"},\"query-input\":{\"@type\":\"PropertyValueSpecification\",\"valueRequired\":true,\"valueName\":\"search_term_string\"}}],\"inLanguage\":\"fr-FR\"}]}<\/script>\n<!-- \/ Yoast SEO Premium plugin. -->","yoast_head_json":{"title":"R\u00e9solution du Conseil 03-07","robots":{"index":"noindex","follow":"follow"},"og_locale":"fr_FR","og_type":"article","og_title":"R\u00e9solution du Conseil 03-07","og_description":"Distribution : G\u00e9n\u00e9rale C\/C.01\/03-00\/RES\/07\/Finale ORIGINAL : ANGLAIS Washington, D.C., le 25 juin 2003 Adoption du Plan strat\u00e9gique concert\u00e9 pour la conservation de la biodiversit\u00e9 en Am\u00e9rique du Nord, \u00e9labor\u00e9 par la Commission de coop\u00e9ration environnementale LE CONSEIL&nbsp;: RECONNAISSANT que les milieux de vie du Canada, du Mexique et des \u00c9tats-Unis sont \u00e0 la fois \u00e9troitement [&hellip;]","og_url":"https:\/\/www.cec.org\/fr\/documents\/resolution-du-conseil-03-07\/","og_site_name":"Commission de coop\u00e9ration environnementale","article_publisher":"https:\/\/www.facebook.com\/CECconnect","article_modified_time":"2024-07-11T20:22:31+00:00","og_image":[{"width":1200,"height":630,"url":"https:\/\/www.cec.org\/wp-content\/uploads\/cec-cover2023.webp","type":"image\/webp"}],"twitter_card":"summary_large_image","twitter_site":"@CECweb","schema":{"@context":"https:\/\/schema.org","@graph":[{"@type":"WebPage","@id":"https:\/\/www.cec.org\/fr\/documents\/resolution-du-conseil-03-07\/","url":"https:\/\/www.cec.org\/fr\/documents\/resolution-du-conseil-03-07\/","name":"R\u00e9solution du Conseil 03-07","isPartOf":{"@id":"https:\/\/www.cec.org\/fr\/#website"},"datePublished":"2003-06-25T04:00:00+00:00","dateModified":"2024-07-11T20:22:31+00:00","breadcrumb":{"@id":"https:\/\/www.cec.org\/fr\/documents\/resolution-du-conseil-03-07\/#breadcrumb"},"inLanguage":"fr-FR","potentialAction":[{"@type":"ReadAction","target":["https:\/\/www.cec.org\/fr\/documents\/resolution-du-conseil-03-07\/"]}]},{"@type":"BreadcrumbList","@id":"https:\/\/www.cec.org\/fr\/documents\/resolution-du-conseil-03-07\/#breadcrumb","itemListElement":[{"@type":"ListItem","position":1,"name":"Accueil","item":"https:\/\/www.cec.org\/fr\/"},{"@type":"ListItem","position":2,"name":"Documents","item":"https:\/\/www.cec.org\/fr\/documents\/"},{"@type":"ListItem","position":3,"name":"R\u00e9solution du Conseil 03-07"}]},{"@type":"WebSite","@id":"https:\/\/www.cec.org\/fr\/#website","url":"https:\/\/www.cec.org\/fr\/","name":"Commission for Environmental Cooperation","description":"Three countries working together to protect our shared environment","alternateName":"CEC - CCA -CCE","potentialAction":[{"@type":"SearchAction","target":{"@type":"EntryPoint","urlTemplate":"https:\/\/www.cec.org\/fr\/?s={search_term_string}"},"query-input":{"@type":"PropertyValueSpecification","valueRequired":true,"valueName":"search_term_string"}}],"inLanguage":"fr-FR"}]}},"_links":{"self":[{"href":"https:\/\/www.cec.org\/fr\/wp-json\/wp\/v2\/documents\/27838","targetHints":{"allow":["GET"]}}],"collection":[{"href":"https:\/\/www.cec.org\/fr\/wp-json\/wp\/v2\/documents"}],"about":[{"href":"https:\/\/www.cec.org\/fr\/wp-json\/wp\/v2\/types\/documents"}],"wp:attachment":[{"href":"https:\/\/www.cec.org\/fr\/wp-json\/wp\/v2\/media?parent=27838"}],"curies":[{"name":"wp","href":"https:\/\/api.w.org\/{rel}","templated":true}]}}