{"id":59261,"date":"2025-06-20T15:49:08","date_gmt":"2025-06-20T19:49:08","guid":{"rendered":"https:\/\/www.cec.org\/speaker\/marisol-guerrero\/"},"modified":"2025-06-20T15:49:08","modified_gmt":"2025-06-20T19:49:08","slug":"marisol-guerrero","status":"publish","type":"speaker","link":"https:\/\/www.cec.org\/es\/speaker\/marisol-guerrero\/","title":{"rendered":"Marisol Guerrero"},"content":{"rendered":"<p>Ingeniera industrial, egresada del Instituto Tecnol\u00f3gico de Quer\u00e9taro, con diplomados en gesti\u00f3n ambiental (por el Instituto Tecnol\u00f3gico y de Estudios Superiores de Monterrey, ITESM), gesti\u00f3n basada en resultados (por la Universidad Nacional Aut\u00f3noma de M\u00e9xico, UNAM) y desarrollo de habilidades administrativas (por el gobierno de Quer\u00e9taro), Marisol Guerrero tiene una larga experiencia profesional (de m\u00e1s de 30 a\u00f1os) en materia ambiental. Se ha desempe\u00f1ado tanto en el sector p\u00fablico como en el privado, y actualmente colabora con el Cluster Automotriz de Quer\u00e9taro, como coordinadora del Comit\u00e9 de Sustentabilidad Ambiental y tambi\u00e9n como directora del Sistema de Econom\u00eda Circular Quer\u00e9taro.<\/p>\n<p>En el sector gubernamental, ha fungido como directora de control ambiental de la Secretar\u00eda de Desarrollo Sustentable del estado de Quer\u00e9taro, y ha estado a cargo de proyectos entre los que figuran: el Programa de Verificaci\u00f3n Vehicular y la Red de Monitoreo de la Calidad del Aire de Quer\u00e9taro; el Programa de Liderazgo Ambiental para la Competitividad; el desarrollo de diversos instrumentos estatales de regulaci\u00f3n industrial: licencia ambiental, c\u00e9dula de operaci\u00f3n anual (COA) y plan de manejo de residuos de manejo especial; un estudio de caso para el Registro de Emisiones y Transferencia de Contaminantes (<em>RETC<\/em>) mexicano, y el proyecto piloto de \u201cindustria m\u00e1s limpia\u201d para los sectores de fundici\u00f3n e industria qu\u00edmica. En el marco de la iniciativa \u201cCiudades por el Clima\u201d, ha colaborado con la Red ICLEI: Gobiernos Locales por la Sustentabilidad en el establecimiento de estrategias para la reducci\u00f3n de emisiones de gases de efecto invernadero (GEI) en diferentes sectores industriales y econ\u00f3micos.<\/p>\n<p>Asimismo, adem\u00e1s de haber tomado parte en el curso: \u201cGesti\u00f3n integral de residuos en Jap\u00f3n\u201d, ofrecido por la Agencia Internacional de Cooperaci\u00f3n de Jap\u00f3n, ha participado como ponente en diversos foros, tanto internacionales como en el \u00e1mbito nacional.<\/p>\n<p class=\"ai-optimize-10\"><a href=\"https:\/\/www.linkedin.com\/posts\/sistema-de-econom%C3%ADa-circular-quer%C3%A9taro_sistemaeconom%C3%ADacircularqueretaro-secq-activity-7331496823913693184-fcjm\/?originalSubdomain=es\">LinkedIn<\/a> | <a href=\"https:\/\/x.com\/Circular_Qro\">X<\/a><\/p>\n","protected":false},"excerpt":{"rendered":"<p>Ingeniera industrial, egresada del Instituto Tecnol\u00f3gico de Quer\u00e9taro, con diplomados en gesti\u00f3n ambiental (por el Instituto Tecnol\u00f3gico y de Estudios Superiores de Monterrey, ITESM), gesti\u00f3n basada en resultados (por la Universidad Nacional Aut\u00f3noma de M\u00e9xico, UNAM) y desarrollo de habilidades administrativas (por el gobierno de Quer\u00e9taro), Marisol Guerrero tiene una larga experiencia profesional (de m\u00e1s [&hellip;]<\/p>\n","protected":false},"featured_media":59260,"template":"","class_list":["post-59261","speaker","type-speaker","status-publish","has-post-thumbnail","hentry"],"acf":[],"yoast_head":"<!-- This site is optimized with the Yoast SEO Premium plugin v27.4 (Yoast SEO v27.4) - https:\/\/yoast.com\/product\/yoast-seo-premium-wordpress\/ -->\n<title>Marisol Guerrero &#8211; Comisi\u00f3n para la Cooperaci\u00f3n Ambiental<\/title>\n<meta name=\"robots\" content=\"noindex, follow\" \/>\n<meta property=\"og:locale\" content=\"es_ES\" \/>\n<meta property=\"og:type\" content=\"article\" \/>\n<meta property=\"og:title\" content=\"Marisol Guerrero\" \/>\n<meta property=\"og:description\" content=\"Ingeniera industrial, egresada del Instituto Tecnol\u00f3gico de Quer\u00e9taro, con diplomados en gesti\u00f3n ambiental (por el Instituto Tecnol\u00f3gico y de Estudios Superiores de Monterrey, ITESM), gesti\u00f3n basada en resultados (por la Universidad Nacional Aut\u00f3noma de M\u00e9xico, UNAM) y desarrollo de habilidades administrativas (por el gobierno de Quer\u00e9taro), Marisol Guerrero tiene una larga experiencia profesional (de m\u00e1s [&hellip;]\" \/>\n<meta property=\"og:url\" content=\"https:\/\/www.cec.org\/es\/speaker\/marisol-guerrero\/\" \/>\n<meta property=\"og:site_name\" content=\"Comisi\u00f3n para la Cooperaci\u00f3n Ambiental\" \/>\n<meta property=\"article:publisher\" content=\"https:\/\/www.facebook.com\/CECconnect\" \/>\n<meta property=\"og:image\" content=\"https:\/\/www.cec.org\/wp-content\/uploads\/Marisol-Guerrero.webp\" \/>\n\t<meta property=\"og:image:width\" content=\"300\" \/>\n\t<meta property=\"og:image:height\" content=\"300\" \/>\n\t<meta property=\"og:image:type\" content=\"image\/webp\" \/>\n<meta name=\"twitter:card\" content=\"summary_large_image\" \/>\n<meta name=\"twitter:site\" content=\"@CECweb\" \/>\n<script type=\"application\/ld+json\" class=\"yoast-schema-graph\">{\"@context\":\"https:\\\/\\\/schema.org\",\"@graph\":[{\"@type\":\"WebPage\",\"@id\":\"https:\\\/\\\/www.cec.org\\\/es\\\/speaker\\\/marisol-guerrero\\\/\",\"url\":\"https:\\\/\\\/www.cec.org\\\/es\\\/speaker\\\/marisol-guerrero\\\/\",\"name\":\"Marisol Guerrero &#8211; Comisi\u00f3n para la Cooperaci\u00f3n Ambiental\",\"isPartOf\":{\"@id\":\"https:\\\/\\\/www.cec.org\\\/es\\\/#website\"},\"primaryImageOfPage\":{\"@id\":\"https:\\\/\\\/www.cec.org\\\/es\\\/speaker\\\/marisol-guerrero\\\/#primaryimage\"},\"image\":{\"@id\":\"https:\\\/\\\/www.cec.org\\\/es\\\/speaker\\\/marisol-guerrero\\\/#primaryimage\"},\"thumbnailUrl\":\"https:\\\/\\\/www.cec.org\\\/wp-content\\\/uploads\\\/Marisol-Guerrero.webp\",\"datePublished\":\"2025-06-20T19:49:08+00:00\",\"breadcrumb\":{\"@id\":\"https:\\\/\\\/www.cec.org\\\/es\\\/speaker\\\/marisol-guerrero\\\/#breadcrumb\"},\"inLanguage\":\"es\",\"potentialAction\":[{\"@type\":\"ReadAction\",\"target\":[\"https:\\\/\\\/www.cec.org\\\/es\\\/speaker\\\/marisol-guerrero\\\/\"]}]},{\"@type\":\"ImageObject\",\"inLanguage\":\"es\",\"@id\":\"https:\\\/\\\/www.cec.org\\\/es\\\/speaker\\\/marisol-guerrero\\\/#primaryimage\",\"url\":\"https:\\\/\\\/www.cec.org\\\/wp-content\\\/uploads\\\/Marisol-Guerrero.webp\",\"contentUrl\":\"https:\\\/\\\/www.cec.org\\\/wp-content\\\/uploads\\\/Marisol-Guerrero.webp\",\"width\":300,\"height\":300},{\"@type\":\"BreadcrumbList\",\"@id\":\"https:\\\/\\\/www.cec.org\\\/es\\\/speaker\\\/marisol-guerrero\\\/#breadcrumb\",\"itemListElement\":[{\"@type\":\"ListItem\",\"position\":1,\"name\":\"Inicio\",\"item\":\"https:\\\/\\\/www.cec.org\\\/es\\\/\"},{\"@type\":\"ListItem\",\"position\":2,\"name\":\"Marisol Guerrero\"}]},{\"@type\":\"WebSite\",\"@id\":\"https:\\\/\\\/www.cec.org\\\/es\\\/#website\",\"url\":\"https:\\\/\\\/www.cec.org\\\/es\\\/\",\"name\":\"Commission for Environmental Cooperation\",\"description\":\"Three countries working together to protect our shared environment\",\"alternateName\":\"CEC - CCA -CCE\",\"potentialAction\":[{\"@type\":\"SearchAction\",\"target\":{\"@type\":\"EntryPoint\",\"urlTemplate\":\"https:\\\/\\\/www.cec.org\\\/es\\\/?s={search_term_string}\"},\"query-input\":{\"@type\":\"PropertyValueSpecification\",\"valueRequired\":true,\"valueName\":\"search_term_string\"}}],\"inLanguage\":\"es\"}]}<\/script>\n<!-- \/ Yoast SEO Premium plugin. -->","yoast_head_json":{"title":"Marisol Guerrero &#8211; Comisi\u00f3n para la Cooperaci\u00f3n Ambiental","robots":{"index":"noindex","follow":"follow"},"og_locale":"es_ES","og_type":"article","og_title":"Marisol Guerrero","og_description":"Ingeniera industrial, egresada del Instituto Tecnol\u00f3gico de Quer\u00e9taro, con diplomados en gesti\u00f3n ambiental (por el Instituto Tecnol\u00f3gico y de Estudios Superiores de Monterrey, ITESM), gesti\u00f3n basada en resultados (por la Universidad Nacional Aut\u00f3noma de M\u00e9xico, UNAM) y desarrollo de habilidades administrativas (por el gobierno de Quer\u00e9taro), Marisol Guerrero tiene una larga experiencia profesional (de m\u00e1s [&hellip;]","og_url":"https:\/\/www.cec.org\/es\/speaker\/marisol-guerrero\/","og_site_name":"Comisi\u00f3n para la Cooperaci\u00f3n Ambiental","article_publisher":"https:\/\/www.facebook.com\/CECconnect","og_image":[{"width":300,"height":300,"url":"https:\/\/www.cec.org\/wp-content\/uploads\/Marisol-Guerrero.webp","type":"image\/webp"}],"twitter_card":"summary_large_image","twitter_site":"@CECweb","schema":{"@context":"https:\/\/schema.org","@graph":[{"@type":"WebPage","@id":"https:\/\/www.cec.org\/es\/speaker\/marisol-guerrero\/","url":"https:\/\/www.cec.org\/es\/speaker\/marisol-guerrero\/","name":"Marisol Guerrero &#8211; Comisi\u00f3n para la Cooperaci\u00f3n Ambiental","isPartOf":{"@id":"https:\/\/www.cec.org\/es\/#website"},"primaryImageOfPage":{"@id":"https:\/\/www.cec.org\/es\/speaker\/marisol-guerrero\/#primaryimage"},"image":{"@id":"https:\/\/www.cec.org\/es\/speaker\/marisol-guerrero\/#primaryimage"},"thumbnailUrl":"https:\/\/www.cec.org\/wp-content\/uploads\/Marisol-Guerrero.webp","datePublished":"2025-06-20T19:49:08+00:00","breadcrumb":{"@id":"https:\/\/www.cec.org\/es\/speaker\/marisol-guerrero\/#breadcrumb"},"inLanguage":"es","potentialAction":[{"@type":"ReadAction","target":["https:\/\/www.cec.org\/es\/speaker\/marisol-guerrero\/"]}]},{"@type":"ImageObject","inLanguage":"es","@id":"https:\/\/www.cec.org\/es\/speaker\/marisol-guerrero\/#primaryimage","url":"https:\/\/www.cec.org\/wp-content\/uploads\/Marisol-Guerrero.webp","contentUrl":"https:\/\/www.cec.org\/wp-content\/uploads\/Marisol-Guerrero.webp","width":300,"height":300},{"@type":"BreadcrumbList","@id":"https:\/\/www.cec.org\/es\/speaker\/marisol-guerrero\/#breadcrumb","itemListElement":[{"@type":"ListItem","position":1,"name":"Inicio","item":"https:\/\/www.cec.org\/es\/"},{"@type":"ListItem","position":2,"name":"Marisol Guerrero"}]},{"@type":"WebSite","@id":"https:\/\/www.cec.org\/es\/#website","url":"https:\/\/www.cec.org\/es\/","name":"Commission for Environmental Cooperation","description":"Three countries working together to protect our shared environment","alternateName":"CEC - CCA -CCE","potentialAction":[{"@type":"SearchAction","target":{"@type":"EntryPoint","urlTemplate":"https:\/\/www.cec.org\/es\/?s={search_term_string}"},"query-input":{"@type":"PropertyValueSpecification","valueRequired":true,"valueName":"search_term_string"}}],"inLanguage":"es"}]}},"_links":{"self":[{"href":"https:\/\/www.cec.org\/es\/wp-json\/wp\/v2\/speaker\/59261","targetHints":{"allow":["GET"]}}],"collection":[{"href":"https:\/\/www.cec.org\/es\/wp-json\/wp\/v2\/speaker"}],"about":[{"href":"https:\/\/www.cec.org\/es\/wp-json\/wp\/v2\/types\/speaker"}],"wp:featuredmedia":[{"embeddable":true,"href":"https:\/\/www.cec.org\/es\/wp-json\/wp\/v2\/media\/59260"}],"wp:attachment":[{"href":"https:\/\/www.cec.org\/es\/wp-json\/wp\/v2\/media?parent=59261"}],"curies":[{"name":"wp","href":"https:\/\/api.w.org\/{rel}","templated":true}]}}