{"id":59011,"date":"2025-05-23T17:19:49","date_gmt":"2025-05-23T21:19:49","guid":{"rendered":"https:\/\/www.cec.org\/speaker\/anne-raphaelle-audouin\/"},"modified":"2025-05-23T17:19:49","modified_gmt":"2025-05-23T21:19:49","slug":"anne-raphaelle-audouin","status":"publish","type":"speaker","link":"https:\/\/www.cec.org\/es\/speaker\/anne-raphaelle-audouin\/","title":{"rendered":"Anne-Rapha\u00eblle Audouin"},"content":{"rendered":"<p>Ejecutiva experimentada con m\u00e1s de 15 a\u00f1os de liderazgo demostrado en los sectores energ\u00e9tico y de los recursos naturales , Anne-Rapha\u00eblle Audouin se desempe\u00f1a actualmente como directora ejecutiva de la empresa Nukik Corporation, desde donde promueve el desarrollo de importantes infraestructuras en la regi\u00f3n de Kivalliq \u2014territorio canadiense de Nunavut\u2014 y lidera la adopci\u00f3n a gran escala de energ\u00edas renovables y tambi\u00e9n de la conectividad de banda ancha. Gracias a la supervisi\u00f3n estrat\u00e9gica de Audouin, la iniciativa multimillonaria Kivalliq Hydro-Fibre Link est\u00e1 en condiciones de generar un inmenso valor tanto para la regi\u00f3n como para Canad\u00e1 en su conjunto. Adem\u00e1s, con su experiencia en modelizaci\u00f3n financiera, aprobaci\u00f3n de proyectos y ejecuci\u00f3n de obras de infraestructuras a gran escala, Nukik Corporation est\u00e1 impulsando un cambio decisivo en el \u00c1rtico canadiense.<\/p>\n<p>En su anterior cargo, como presidenta y directora ejecutiva de WaterPower Canada, Audouin dirigi\u00f3 la asociaci\u00f3n nacional m\u00e1s importante en representaci\u00f3n del sector de generaci\u00f3n el\u00e9ctrica de Canad\u00e1. Esta labor se tradujo en un aumento significativo de los ingresos de la asociaci\u00f3n; la celebraci\u00f3n de la primera conferencia y feria del sector a escala nacional, y un marcado aumento en el n\u00famero de integrantes, lo que mejor\u00f3 la visibilidad y la influencia de la organizaci\u00f3n en todo el sector. Asimismo, su trayectoria profesional incluye su desempe\u00f1o como especialista en gesti\u00f3n de impactos ambientales y sociales en la empresa Hatch Ltd., donde trabaj\u00f3 en proyectos relacionados con la energ\u00eda y el sector minero.<\/p>\n<p>Anne-Rapha\u00eblle Audouin destaca por su gran capacidad para desenvolverse en entornos complejos con m\u00faltiples partes interesadas; conseguir alianzas estrat\u00e9gicas, e impulsar el consenso a escalas regional, provincial y federal. Adem\u00e1s, puesto que es reconocida como l\u00edder intelectual, se la suele citar en los medios de comunicaci\u00f3n nacionales y forma parte de varias juntas directivas.<\/p>\n<p>En 2019, fue designada por el Gobernador en Consejo para formar parte del Comit\u00e9 Consultivo P\u00fablico Conjunto (CCPC) de la Comisi\u00f3n para la Cooperaci\u00f3n Ambiental (CCA), desde donde fomenta el desarrollo sustentable y la protecci\u00f3n de los ecosistemas en Canad\u00e1, Estados Unidos y M\u00e9xico. En 2022, el gobierno federal reiter\u00f3 su nombramiento por un nuevo periodo de cuatro a\u00f1os.<\/p>\n<p>Audouin es licenciada en administraci\u00f3n de empresas por la Universidad de Nantes (Francia) y en derecho civil y consuetudinario por la Universidad de Ottawa, y cuenta con maestr\u00eda en gesti\u00f3n ambiental y de recursos naturales por la Universidad de Dalhousie. En 2021 obtuvo un certificado ejecutivo en sustentabilidad empresarial por la Escuela de Administraci\u00f3n de Yale. Habla con fluidez franc\u00e9s, ingl\u00e9s y espa\u00f1ol, y cuenta tambi\u00e9n con certificaci\u00f3n en planificaci\u00f3n y control de proyectos.<\/p>\n","protected":false},"excerpt":{"rendered":"<p>Ejecutiva experimentada con m\u00e1s de 15 a\u00f1os de liderazgo demostrado en los sectores energ\u00e9tico y de los recursos naturales , Anne-Rapha\u00eblle Audouin se desempe\u00f1a actualmente como directora ejecutiva de la empresa Nukik Corporation, desde donde promueve el desarrollo de importantes infraestructuras en la regi\u00f3n de Kivalliq \u2014territorio canadiense de Nunavut\u2014 y lidera la adopci\u00f3n a [&hellip;]<\/p>\n","protected":false},"featured_media":57516,"template":"","class_list":["post-59011","speaker","type-speaker","status-publish","has-post-thumbnail","hentry","speakertype-presidenta-del-ccpc"],"acf":[],"yoast_head":"<!-- This site is optimized with the Yoast SEO Premium plugin v27.4 (Yoast SEO v27.4) - https:\/\/yoast.com\/product\/yoast-seo-premium-wordpress\/ -->\n<title>Anne-Rapha\u00eblle Audouin &#8211; Comisi\u00f3n para la Cooperaci\u00f3n Ambiental<\/title>\n<meta name=\"robots\" content=\"noindex, follow\" \/>\n<meta property=\"og:locale\" content=\"es_ES\" \/>\n<meta property=\"og:type\" content=\"article\" \/>\n<meta property=\"og:title\" content=\"Anne-Rapha\u00eblle Audouin\" \/>\n<meta property=\"og:description\" content=\"Ejecutiva experimentada con m\u00e1s de 15 a\u00f1os de liderazgo demostrado en los sectores energ\u00e9tico y de los recursos naturales , Anne-Rapha\u00eblle Audouin se desempe\u00f1a actualmente como directora ejecutiva de la empresa Nukik Corporation, desde donde promueve el desarrollo de importantes infraestructuras en la regi\u00f3n de Kivalliq \u2014territorio canadiense de Nunavut\u2014 y lidera la adopci\u00f3n a [&hellip;]\" \/>\n<meta property=\"og:url\" content=\"https:\/\/www.cec.org\/es\/speaker\/anne-raphaelle-audouin\/\" \/>\n<meta property=\"og:site_name\" content=\"Comisi\u00f3n para la Cooperaci\u00f3n Ambiental\" \/>\n<meta property=\"article:publisher\" content=\"https:\/\/www.facebook.com\/CECconnect\" \/>\n<meta property=\"og:image\" content=\"https:\/\/www.cec.org\/wp-content\/uploads\/Anne-Raphaelle-Audouin.webp\" \/>\n\t<meta property=\"og:image:width\" content=\"600\" \/>\n\t<meta property=\"og:image:height\" content=\"600\" \/>\n\t<meta property=\"og:image:type\" content=\"image\/webp\" \/>\n<meta name=\"twitter:card\" content=\"summary_large_image\" \/>\n<meta name=\"twitter:site\" content=\"@CECweb\" \/>\n<script type=\"application\/ld+json\" class=\"yoast-schema-graph\">{\"@context\":\"https:\\\/\\\/schema.org\",\"@graph\":[{\"@type\":\"WebPage\",\"@id\":\"https:\\\/\\\/www.cec.org\\\/es\\\/speaker\\\/anne-raphaelle-audouin\\\/\",\"url\":\"https:\\\/\\\/www.cec.org\\\/es\\\/speaker\\\/anne-raphaelle-audouin\\\/\",\"name\":\"Anne-Rapha\u00eblle Audouin &#8211; Comisi\u00f3n para la Cooperaci\u00f3n Ambiental\",\"isPartOf\":{\"@id\":\"https:\\\/\\\/www.cec.org\\\/es\\\/#website\"},\"primaryImageOfPage\":{\"@id\":\"https:\\\/\\\/www.cec.org\\\/es\\\/speaker\\\/anne-raphaelle-audouin\\\/#primaryimage\"},\"image\":{\"@id\":\"https:\\\/\\\/www.cec.org\\\/es\\\/speaker\\\/anne-raphaelle-audouin\\\/#primaryimage\"},\"thumbnailUrl\":\"https:\\\/\\\/www.cec.org\\\/wp-content\\\/uploads\\\/Anne-Raphaelle-Audouin.webp\",\"datePublished\":\"2025-05-23T21:19:49+00:00\",\"breadcrumb\":{\"@id\":\"https:\\\/\\\/www.cec.org\\\/es\\\/speaker\\\/anne-raphaelle-audouin\\\/#breadcrumb\"},\"inLanguage\":\"es\",\"potentialAction\":[{\"@type\":\"ReadAction\",\"target\":[\"https:\\\/\\\/www.cec.org\\\/es\\\/speaker\\\/anne-raphaelle-audouin\\\/\"]}]},{\"@type\":\"ImageObject\",\"inLanguage\":\"es\",\"@id\":\"https:\\\/\\\/www.cec.org\\\/es\\\/speaker\\\/anne-raphaelle-audouin\\\/#primaryimage\",\"url\":\"https:\\\/\\\/www.cec.org\\\/wp-content\\\/uploads\\\/Anne-Raphaelle-Audouin.webp\",\"contentUrl\":\"https:\\\/\\\/www.cec.org\\\/wp-content\\\/uploads\\\/Anne-Raphaelle-Audouin.webp\",\"width\":600,\"height\":600,\"caption\":\"JPAC Member\"},{\"@type\":\"BreadcrumbList\",\"@id\":\"https:\\\/\\\/www.cec.org\\\/es\\\/speaker\\\/anne-raphaelle-audouin\\\/#breadcrumb\",\"itemListElement\":[{\"@type\":\"ListItem\",\"position\":1,\"name\":\"Inicio\",\"item\":\"https:\\\/\\\/www.cec.org\\\/es\\\/\"},{\"@type\":\"ListItem\",\"position\":2,\"name\":\"Anne-Rapha\u00eblle Audouin\"}]},{\"@type\":\"WebSite\",\"@id\":\"https:\\\/\\\/www.cec.org\\\/es\\\/#website\",\"url\":\"https:\\\/\\\/www.cec.org\\\/es\\\/\",\"name\":\"Commission for Environmental Cooperation\",\"description\":\"Three countries working together to protect our shared environment\",\"alternateName\":\"CEC - CCA -CCE\",\"potentialAction\":[{\"@type\":\"SearchAction\",\"target\":{\"@type\":\"EntryPoint\",\"urlTemplate\":\"https:\\\/\\\/www.cec.org\\\/es\\\/?s={search_term_string}\"},\"query-input\":{\"@type\":\"PropertyValueSpecification\",\"valueRequired\":true,\"valueName\":\"search_term_string\"}}],\"inLanguage\":\"es\"}]}<\/script>\n<!-- \/ Yoast SEO Premium plugin. -->","yoast_head_json":{"title":"Anne-Rapha\u00eblle Audouin &#8211; Comisi\u00f3n para la Cooperaci\u00f3n Ambiental","robots":{"index":"noindex","follow":"follow"},"og_locale":"es_ES","og_type":"article","og_title":"Anne-Rapha\u00eblle Audouin","og_description":"Ejecutiva experimentada con m\u00e1s de 15 a\u00f1os de liderazgo demostrado en los sectores energ\u00e9tico y de los recursos naturales , Anne-Rapha\u00eblle Audouin se desempe\u00f1a actualmente como directora ejecutiva de la empresa Nukik Corporation, desde donde promueve el desarrollo de importantes infraestructuras en la regi\u00f3n de Kivalliq \u2014territorio canadiense de Nunavut\u2014 y lidera la adopci\u00f3n a [&hellip;]","og_url":"https:\/\/www.cec.org\/es\/speaker\/anne-raphaelle-audouin\/","og_site_name":"Comisi\u00f3n para la Cooperaci\u00f3n Ambiental","article_publisher":"https:\/\/www.facebook.com\/CECconnect","og_image":[{"width":600,"height":600,"url":"https:\/\/www.cec.org\/wp-content\/uploads\/Anne-Raphaelle-Audouin.webp","type":"image\/webp"}],"twitter_card":"summary_large_image","twitter_site":"@CECweb","schema":{"@context":"https:\/\/schema.org","@graph":[{"@type":"WebPage","@id":"https:\/\/www.cec.org\/es\/speaker\/anne-raphaelle-audouin\/","url":"https:\/\/www.cec.org\/es\/speaker\/anne-raphaelle-audouin\/","name":"Anne-Rapha\u00eblle Audouin &#8211; Comisi\u00f3n para la Cooperaci\u00f3n Ambiental","isPartOf":{"@id":"https:\/\/www.cec.org\/es\/#website"},"primaryImageOfPage":{"@id":"https:\/\/www.cec.org\/es\/speaker\/anne-raphaelle-audouin\/#primaryimage"},"image":{"@id":"https:\/\/www.cec.org\/es\/speaker\/anne-raphaelle-audouin\/#primaryimage"},"thumbnailUrl":"https:\/\/www.cec.org\/wp-content\/uploads\/Anne-Raphaelle-Audouin.webp","datePublished":"2025-05-23T21:19:49+00:00","breadcrumb":{"@id":"https:\/\/www.cec.org\/es\/speaker\/anne-raphaelle-audouin\/#breadcrumb"},"inLanguage":"es","potentialAction":[{"@type":"ReadAction","target":["https:\/\/www.cec.org\/es\/speaker\/anne-raphaelle-audouin\/"]}]},{"@type":"ImageObject","inLanguage":"es","@id":"https:\/\/www.cec.org\/es\/speaker\/anne-raphaelle-audouin\/#primaryimage","url":"https:\/\/www.cec.org\/wp-content\/uploads\/Anne-Raphaelle-Audouin.webp","contentUrl":"https:\/\/www.cec.org\/wp-content\/uploads\/Anne-Raphaelle-Audouin.webp","width":600,"height":600,"caption":"JPAC Member"},{"@type":"BreadcrumbList","@id":"https:\/\/www.cec.org\/es\/speaker\/anne-raphaelle-audouin\/#breadcrumb","itemListElement":[{"@type":"ListItem","position":1,"name":"Inicio","item":"https:\/\/www.cec.org\/es\/"},{"@type":"ListItem","position":2,"name":"Anne-Rapha\u00eblle Audouin"}]},{"@type":"WebSite","@id":"https:\/\/www.cec.org\/es\/#website","url":"https:\/\/www.cec.org\/es\/","name":"Commission for Environmental Cooperation","description":"Three countries working together to protect our shared environment","alternateName":"CEC - CCA -CCE","potentialAction":[{"@type":"SearchAction","target":{"@type":"EntryPoint","urlTemplate":"https:\/\/www.cec.org\/es\/?s={search_term_string}"},"query-input":{"@type":"PropertyValueSpecification","valueRequired":true,"valueName":"search_term_string"}}],"inLanguage":"es"}]}},"_links":{"self":[{"href":"https:\/\/www.cec.org\/es\/wp-json\/wp\/v2\/speaker\/59011","targetHints":{"allow":["GET"]}}],"collection":[{"href":"https:\/\/www.cec.org\/es\/wp-json\/wp\/v2\/speaker"}],"about":[{"href":"https:\/\/www.cec.org\/es\/wp-json\/wp\/v2\/types\/speaker"}],"wp:featuredmedia":[{"embeddable":true,"href":"https:\/\/www.cec.org\/es\/wp-json\/wp\/v2\/media\/57516"}],"wp:attachment":[{"href":"https:\/\/www.cec.org\/es\/wp-json\/wp\/v2\/media?parent=59011"}],"curies":[{"name":"wp","href":"https:\/\/api.w.org\/{rel}","templated":true}]}}