{"id":58666,"date":"2025-05-12T13:33:59","date_gmt":"2025-05-12T17:33:59","guid":{"rendered":"https:\/\/www.cec.org\/speaker\/celia-pigueron-wirz\/"},"modified":"2025-05-13T14:41:27","modified_gmt":"2025-05-13T18:41:27","slug":"celia-pigueron-wirz","status":"publish","type":"speaker","link":"https:\/\/www.cec.org\/es\/speaker\/celia-pigueron-wirz\/","title":{"rendered":"Celia Pigueron Wirz"},"content":{"rendered":"<p>Licenciada en ciencias sociales por el Instituto Tecnol\u00f3gico Aut\u00f3nomo de M\u00e9xico (ITAM), y maestra en pol\u00edticas p\u00fablicas por la Facultad Latinoamericana de Ciencias Sociales (FLACSO), Celia Pigueron Wirz cuenta con m\u00e1s de 20 a\u00f1os de experiencia en pol\u00edticas p\u00fablicas ambientales, con atenci\u00f3n centrada en biodiversidad, cambio clim\u00e1tico y financiamiento verde. Ha contribuido al fortalecimiento de instituciones como la Comisi\u00f3n Nacional de \u00c1reas Naturales Protegidas (CONANP) y liderado programas como el Programa Especial de Cambio Clim\u00e1tico (PECC) de M\u00e9xico. Su experiencia incluye trabajo de campo en las selvas Maya y Lacandona, as\u00ed como en el golfo de California, adem\u00e1s del dise\u00f1o de mecanismos financieros para la conservaci\u00f3n. Actualmente se desempe\u00f1a como coordinadora general de adaptaci\u00f3n y ecolog\u00eda en el Instituto Nacional de Ecolog\u00eda y Cambio Clim\u00e1tico (INECC), SEMARNAT.<\/p>\n","protected":false},"excerpt":{"rendered":"<p>Licenciada en ciencias sociales por el Instituto Tecnol\u00f3gico Aut\u00f3nomo de M\u00e9xico (ITAM), y maestra en pol\u00edticas p\u00fablicas por la Facultad Latinoamericana de Ciencias Sociales (FLACSO), Celia Pigueron Wirz cuenta con m\u00e1s de 20 a\u00f1os de experiencia en pol\u00edticas p\u00fablicas ambientales, con atenci\u00f3n centrada en biodiversidad, cambio clim\u00e1tico y financiamiento verde. Ha contribuido al fortalecimiento de [&hellip;]<\/p>\n","protected":false},"featured_media":58626,"template":"","class_list":["post-58666","speaker","type-speaker","status-publish","has-post-thumbnail","hentry","country-mexico-es"],"acf":[],"yoast_head":"<!-- This site is optimized with the Yoast SEO Premium plugin v27.4 (Yoast SEO v27.4) - https:\/\/yoast.com\/product\/yoast-seo-premium-wordpress\/ -->\n<title>Celia Pigueron Wirz &#8211; Comisi\u00f3n para la Cooperaci\u00f3n Ambiental<\/title>\n<meta name=\"robots\" content=\"noindex, follow\" \/>\n<meta property=\"og:locale\" content=\"es_ES\" \/>\n<meta property=\"og:type\" content=\"article\" \/>\n<meta property=\"og:title\" content=\"Celia Pigueron Wirz\" \/>\n<meta property=\"og:description\" content=\"Licenciada en ciencias sociales por el Instituto Tecnol\u00f3gico Aut\u00f3nomo de M\u00e9xico (ITAM), y maestra en pol\u00edticas p\u00fablicas por la Facultad Latinoamericana de Ciencias Sociales (FLACSO), Celia Pigueron Wirz cuenta con m\u00e1s de 20 a\u00f1os de experiencia en pol\u00edticas p\u00fablicas ambientales, con atenci\u00f3n centrada en biodiversidad, cambio clim\u00e1tico y financiamiento verde. Ha contribuido al fortalecimiento de [&hellip;]\" \/>\n<meta property=\"og:url\" content=\"https:\/\/www.cec.org\/es\/speaker\/celia-pigueron-wirz\/\" \/>\n<meta property=\"og:site_name\" content=\"Comisi\u00f3n para la Cooperaci\u00f3n Ambiental\" \/>\n<meta property=\"article:publisher\" content=\"https:\/\/www.facebook.com\/CECconnect\" \/>\n<meta property=\"article:modified_time\" content=\"2025-05-13T18:41:27+00:00\" \/>\n<meta property=\"og:image\" content=\"https:\/\/www.cec.org\/wp-content\/uploads\/Celia.webp\" \/>\n\t<meta property=\"og:image:width\" content=\"300\" \/>\n\t<meta property=\"og:image:height\" content=\"300\" \/>\n\t<meta property=\"og:image:type\" content=\"image\/webp\" \/>\n<meta name=\"twitter:card\" content=\"summary_large_image\" \/>\n<meta name=\"twitter:site\" content=\"@CECweb\" \/>\n<script type=\"application\/ld+json\" class=\"yoast-schema-graph\">{\"@context\":\"https:\\\/\\\/schema.org\",\"@graph\":[{\"@type\":\"WebPage\",\"@id\":\"https:\\\/\\\/www.cec.org\\\/es\\\/speaker\\\/celia-pigueron-wirz\\\/\",\"url\":\"https:\\\/\\\/www.cec.org\\\/es\\\/speaker\\\/celia-pigueron-wirz\\\/\",\"name\":\"Celia Pigueron Wirz &#8211; Comisi\u00f3n para la Cooperaci\u00f3n Ambiental\",\"isPartOf\":{\"@id\":\"https:\\\/\\\/www.cec.org\\\/es\\\/#website\"},\"primaryImageOfPage\":{\"@id\":\"https:\\\/\\\/www.cec.org\\\/es\\\/speaker\\\/celia-pigueron-wirz\\\/#primaryimage\"},\"image\":{\"@id\":\"https:\\\/\\\/www.cec.org\\\/es\\\/speaker\\\/celia-pigueron-wirz\\\/#primaryimage\"},\"thumbnailUrl\":\"https:\\\/\\\/www.cec.org\\\/wp-content\\\/uploads\\\/Celia.webp\",\"datePublished\":\"2025-05-12T17:33:59+00:00\",\"dateModified\":\"2025-05-13T18:41:27+00:00\",\"breadcrumb\":{\"@id\":\"https:\\\/\\\/www.cec.org\\\/es\\\/speaker\\\/celia-pigueron-wirz\\\/#breadcrumb\"},\"inLanguage\":\"es\",\"potentialAction\":[{\"@type\":\"ReadAction\",\"target\":[\"https:\\\/\\\/www.cec.org\\\/es\\\/speaker\\\/celia-pigueron-wirz\\\/\"]}]},{\"@type\":\"ImageObject\",\"inLanguage\":\"es\",\"@id\":\"https:\\\/\\\/www.cec.org\\\/es\\\/speaker\\\/celia-pigueron-wirz\\\/#primaryimage\",\"url\":\"https:\\\/\\\/www.cec.org\\\/wp-content\\\/uploads\\\/Celia.webp\",\"contentUrl\":\"https:\\\/\\\/www.cec.org\\\/wp-content\\\/uploads\\\/Celia.webp\",\"width\":300,\"height\":300},{\"@type\":\"BreadcrumbList\",\"@id\":\"https:\\\/\\\/www.cec.org\\\/es\\\/speaker\\\/celia-pigueron-wirz\\\/#breadcrumb\",\"itemListElement\":[{\"@type\":\"ListItem\",\"position\":1,\"name\":\"Inicio\",\"item\":\"https:\\\/\\\/www.cec.org\\\/es\\\/\"},{\"@type\":\"ListItem\",\"position\":2,\"name\":\"Celia Pigueron Wirz\"}]},{\"@type\":\"WebSite\",\"@id\":\"https:\\\/\\\/www.cec.org\\\/es\\\/#website\",\"url\":\"https:\\\/\\\/www.cec.org\\\/es\\\/\",\"name\":\"Commission for Environmental Cooperation\",\"description\":\"Three countries working together to protect our shared environment\",\"alternateName\":\"CEC - CCA -CCE\",\"potentialAction\":[{\"@type\":\"SearchAction\",\"target\":{\"@type\":\"EntryPoint\",\"urlTemplate\":\"https:\\\/\\\/www.cec.org\\\/es\\\/?s={search_term_string}\"},\"query-input\":{\"@type\":\"PropertyValueSpecification\",\"valueRequired\":true,\"valueName\":\"search_term_string\"}}],\"inLanguage\":\"es\"}]}<\/script>\n<!-- \/ Yoast SEO Premium plugin. -->","yoast_head_json":{"title":"Celia Pigueron Wirz &#8211; Comisi\u00f3n para la Cooperaci\u00f3n Ambiental","robots":{"index":"noindex","follow":"follow"},"og_locale":"es_ES","og_type":"article","og_title":"Celia Pigueron Wirz","og_description":"Licenciada en ciencias sociales por el Instituto Tecnol\u00f3gico Aut\u00f3nomo de M\u00e9xico (ITAM), y maestra en pol\u00edticas p\u00fablicas por la Facultad Latinoamericana de Ciencias Sociales (FLACSO), Celia Pigueron Wirz cuenta con m\u00e1s de 20 a\u00f1os de experiencia en pol\u00edticas p\u00fablicas ambientales, con atenci\u00f3n centrada en biodiversidad, cambio clim\u00e1tico y financiamiento verde. Ha contribuido al fortalecimiento de [&hellip;]","og_url":"https:\/\/www.cec.org\/es\/speaker\/celia-pigueron-wirz\/","og_site_name":"Comisi\u00f3n para la Cooperaci\u00f3n Ambiental","article_publisher":"https:\/\/www.facebook.com\/CECconnect","article_modified_time":"2025-05-13T18:41:27+00:00","og_image":[{"width":300,"height":300,"url":"https:\/\/www.cec.org\/wp-content\/uploads\/Celia.webp","type":"image\/webp"}],"twitter_card":"summary_large_image","twitter_site":"@CECweb","schema":{"@context":"https:\/\/schema.org","@graph":[{"@type":"WebPage","@id":"https:\/\/www.cec.org\/es\/speaker\/celia-pigueron-wirz\/","url":"https:\/\/www.cec.org\/es\/speaker\/celia-pigueron-wirz\/","name":"Celia Pigueron Wirz &#8211; Comisi\u00f3n para la Cooperaci\u00f3n Ambiental","isPartOf":{"@id":"https:\/\/www.cec.org\/es\/#website"},"primaryImageOfPage":{"@id":"https:\/\/www.cec.org\/es\/speaker\/celia-pigueron-wirz\/#primaryimage"},"image":{"@id":"https:\/\/www.cec.org\/es\/speaker\/celia-pigueron-wirz\/#primaryimage"},"thumbnailUrl":"https:\/\/www.cec.org\/wp-content\/uploads\/Celia.webp","datePublished":"2025-05-12T17:33:59+00:00","dateModified":"2025-05-13T18:41:27+00:00","breadcrumb":{"@id":"https:\/\/www.cec.org\/es\/speaker\/celia-pigueron-wirz\/#breadcrumb"},"inLanguage":"es","potentialAction":[{"@type":"ReadAction","target":["https:\/\/www.cec.org\/es\/speaker\/celia-pigueron-wirz\/"]}]},{"@type":"ImageObject","inLanguage":"es","@id":"https:\/\/www.cec.org\/es\/speaker\/celia-pigueron-wirz\/#primaryimage","url":"https:\/\/www.cec.org\/wp-content\/uploads\/Celia.webp","contentUrl":"https:\/\/www.cec.org\/wp-content\/uploads\/Celia.webp","width":300,"height":300},{"@type":"BreadcrumbList","@id":"https:\/\/www.cec.org\/es\/speaker\/celia-pigueron-wirz\/#breadcrumb","itemListElement":[{"@type":"ListItem","position":1,"name":"Inicio","item":"https:\/\/www.cec.org\/es\/"},{"@type":"ListItem","position":2,"name":"Celia Pigueron Wirz"}]},{"@type":"WebSite","@id":"https:\/\/www.cec.org\/es\/#website","url":"https:\/\/www.cec.org\/es\/","name":"Commission for Environmental Cooperation","description":"Three countries working together to protect our shared environment","alternateName":"CEC - CCA -CCE","potentialAction":[{"@type":"SearchAction","target":{"@type":"EntryPoint","urlTemplate":"https:\/\/www.cec.org\/es\/?s={search_term_string}"},"query-input":{"@type":"PropertyValueSpecification","valueRequired":true,"valueName":"search_term_string"}}],"inLanguage":"es"}]}},"_links":{"self":[{"href":"https:\/\/www.cec.org\/es\/wp-json\/wp\/v2\/speaker\/58666","targetHints":{"allow":["GET"]}}],"collection":[{"href":"https:\/\/www.cec.org\/es\/wp-json\/wp\/v2\/speaker"}],"about":[{"href":"https:\/\/www.cec.org\/es\/wp-json\/wp\/v2\/types\/speaker"}],"wp:featuredmedia":[{"embeddable":true,"href":"https:\/\/www.cec.org\/es\/wp-json\/wp\/v2\/media\/58626"}],"wp:attachment":[{"href":"https:\/\/www.cec.org\/es\/wp-json\/wp\/v2\/media?parent=58666"}],"curies":[{"name":"wp","href":"https:\/\/api.w.org\/{rel}","templated":true}]}}