{"id":55509,"date":"2024-06-10T17:24:45","date_gmt":"2024-06-10T21:24:45","guid":{"rendered":"http:\/\/www.cec.org\/speaker\/josefa-sanchez-contreras\/"},"modified":"2024-07-11T14:45:36","modified_gmt":"2024-07-11T18:45:36","slug":"josefa-sanchez-contreras","status":"publish","type":"speaker","link":"https:\/\/www.cec.org\/es\/speaker\/josefa-sanchez-contreras\/","title":{"rendered":"Josefa S\u00e1nchez Contreras"},"content":{"rendered":"<p>Ind\u00edgena zoque de Chimalapa, Oaxaca, M\u00e9xico, licenciada en sociolog\u00eda por la Universidad Aut\u00f3noma Metropolitana (UAM) y maestra en estudios latinoamericanos por la Universidad Nacional Aut\u00f3noma de M\u00e9xico (UNAM), contratada temporalmente como investigadora en el Departamento de Sociolog\u00eda de la Universidad de Granada, Josefa S\u00e1nchez Contreras es actualmente profesora visitante en el Centro de Estudios de Am\u00e9rica Latina en la Universidad de Cambridge, Reino Unido.<\/p>\n<p>En su labor acad\u00e9mica, S\u00e1nchez Contreras colabora en diversos proyectos sobre transici\u00f3n energ\u00e9tica. Es coautora del libro <em>Colonialismo energ\u00e9tico<\/em>: <em>territorios de sacrificio para la transici\u00f3n energ\u00e9tica en Espa\u00f1a, M\u00e9xico, Noruega y el Sahara Occidental <\/em>(Icaira, 2023) y coordinadora del libro <em>Cada vez m\u00e1s M\u00f6kayas: pensares y sentires de zoques contempor\u00e1neos<\/em> (Ce-Acatl, 2022). Asimismo, forma parte del Colectivo Matza, integrado por ind\u00edgenas zoques que defienden los r\u00edos y el territorio de la selva Chimalapas.<\/p>\n","protected":false},"excerpt":{"rendered":"<p>Ind\u00edgena zoque de Chimalapa, Oaxaca, M\u00e9xico, licenciada en sociolog\u00eda por la Universidad Aut\u00f3noma Metropolitana (UAM) y maestra en estudios latinoamericanos por la Universidad Nacional Aut\u00f3noma de M\u00e9xico (UNAM), contratada temporalmente como investigadora en el Departamento de Sociolog\u00eda de la Universidad de Granada, Josefa S\u00e1nchez Contreras es actualmente profesora visitante en el Centro de Estudios de [&hellip;]<\/p>\n","protected":false},"featured_media":55552,"template":"","class_list":["post-55509","speaker","type-speaker","status-publish","has-post-thumbnail","hentry","country-mexico-es"],"acf":[],"yoast_head":"<!-- This site is optimized with the Yoast SEO Premium plugin v27.4 (Yoast SEO v27.4) - https:\/\/yoast.com\/product\/yoast-seo-premium-wordpress\/ -->\n<title>Josefa S\u00e1nchez Contreras &#8211; Comisi\u00f3n para la Cooperaci\u00f3n Ambiental<\/title>\n<meta name=\"robots\" content=\"noindex, follow\" \/>\n<meta property=\"og:locale\" content=\"es_ES\" \/>\n<meta property=\"og:type\" content=\"article\" \/>\n<meta property=\"og:title\" content=\"Josefa S\u00e1nchez Contreras\" \/>\n<meta property=\"og:description\" content=\"Ind\u00edgena zoque de Chimalapa, Oaxaca, M\u00e9xico, licenciada en sociolog\u00eda por la Universidad Aut\u00f3noma Metropolitana (UAM) y maestra en estudios latinoamericanos por la Universidad Nacional Aut\u00f3noma de M\u00e9xico (UNAM), contratada temporalmente como investigadora en el Departamento de Sociolog\u00eda de la Universidad de Granada, Josefa S\u00e1nchez Contreras es actualmente profesora visitante en el Centro de Estudios de [&hellip;]\" \/>\n<meta property=\"og:url\" content=\"https:\/\/www.cec.org\/es\/speaker\/josefa-sanchez-contreras\/\" \/>\n<meta property=\"og:site_name\" content=\"Comisi\u00f3n para la Cooperaci\u00f3n Ambiental\" \/>\n<meta property=\"article:publisher\" content=\"https:\/\/www.facebook.com\/CECconnect\" \/>\n<meta property=\"article:modified_time\" content=\"2024-07-11T18:45:36+00:00\" \/>\n<meta property=\"og:image\" content=\"https:\/\/www.cec.org\/wp-content\/uploads\/JPAC_Forum_Wilmington_Speaker_Session_3_Photo_Josefa-Sanchez.webp\" \/>\n\t<meta property=\"og:image:width\" content=\"600\" \/>\n\t<meta property=\"og:image:height\" content=\"600\" \/>\n\t<meta property=\"og:image:type\" content=\"image\/webp\" \/>\n<meta name=\"twitter:card\" content=\"summary_large_image\" \/>\n<meta name=\"twitter:site\" content=\"@CECweb\" \/>\n<script type=\"application\/ld+json\" class=\"yoast-schema-graph\">{\"@context\":\"https:\\\/\\\/schema.org\",\"@graph\":[{\"@type\":\"WebPage\",\"@id\":\"https:\\\/\\\/www.cec.org\\\/es\\\/speaker\\\/josefa-sanchez-contreras\\\/\",\"url\":\"https:\\\/\\\/www.cec.org\\\/es\\\/speaker\\\/josefa-sanchez-contreras\\\/\",\"name\":\"Josefa S\u00e1nchez Contreras &#8211; Comisi\u00f3n para la Cooperaci\u00f3n Ambiental\",\"isPartOf\":{\"@id\":\"https:\\\/\\\/www.cec.org\\\/es\\\/#website\"},\"primaryImageOfPage\":{\"@id\":\"https:\\\/\\\/www.cec.org\\\/es\\\/speaker\\\/josefa-sanchez-contreras\\\/#primaryimage\"},\"image\":{\"@id\":\"https:\\\/\\\/www.cec.org\\\/es\\\/speaker\\\/josefa-sanchez-contreras\\\/#primaryimage\"},\"thumbnailUrl\":\"https:\\\/\\\/www.cec.org\\\/wp-content\\\/uploads\\\/JPAC_Forum_Wilmington_Speaker_Session_3_Photo_Josefa-Sanchez.webp\",\"datePublished\":\"2024-06-10T21:24:45+00:00\",\"dateModified\":\"2024-07-11T18:45:36+00:00\",\"breadcrumb\":{\"@id\":\"https:\\\/\\\/www.cec.org\\\/es\\\/speaker\\\/josefa-sanchez-contreras\\\/#breadcrumb\"},\"inLanguage\":\"es\",\"potentialAction\":[{\"@type\":\"ReadAction\",\"target\":[\"https:\\\/\\\/www.cec.org\\\/es\\\/speaker\\\/josefa-sanchez-contreras\\\/\"]}]},{\"@type\":\"ImageObject\",\"inLanguage\":\"es\",\"@id\":\"https:\\\/\\\/www.cec.org\\\/es\\\/speaker\\\/josefa-sanchez-contreras\\\/#primaryimage\",\"url\":\"https:\\\/\\\/www.cec.org\\\/wp-content\\\/uploads\\\/JPAC_Forum_Wilmington_Speaker_Session_3_Photo_Josefa-Sanchez.webp\",\"contentUrl\":\"https:\\\/\\\/www.cec.org\\\/wp-content\\\/uploads\\\/JPAC_Forum_Wilmington_Speaker_Session_3_Photo_Josefa-Sanchez.webp\",\"width\":600,\"height\":600},{\"@type\":\"BreadcrumbList\",\"@id\":\"https:\\\/\\\/www.cec.org\\\/es\\\/speaker\\\/josefa-sanchez-contreras\\\/#breadcrumb\",\"itemListElement\":[{\"@type\":\"ListItem\",\"position\":1,\"name\":\"Inicio\",\"item\":\"https:\\\/\\\/www.cec.org\\\/es\\\/\"},{\"@type\":\"ListItem\",\"position\":2,\"name\":\"Josefa S\u00e1nchez Contreras\"}]},{\"@type\":\"WebSite\",\"@id\":\"https:\\\/\\\/www.cec.org\\\/es\\\/#website\",\"url\":\"https:\\\/\\\/www.cec.org\\\/es\\\/\",\"name\":\"Commission for Environmental Cooperation\",\"description\":\"Three countries working together to protect our shared environment\",\"alternateName\":\"CEC - CCA -CCE\",\"potentialAction\":[{\"@type\":\"SearchAction\",\"target\":{\"@type\":\"EntryPoint\",\"urlTemplate\":\"https:\\\/\\\/www.cec.org\\\/es\\\/?s={search_term_string}\"},\"query-input\":{\"@type\":\"PropertyValueSpecification\",\"valueRequired\":true,\"valueName\":\"search_term_string\"}}],\"inLanguage\":\"es\"}]}<\/script>\n<!-- \/ Yoast SEO Premium plugin. -->","yoast_head_json":{"title":"Josefa S\u00e1nchez Contreras &#8211; Comisi\u00f3n para la Cooperaci\u00f3n Ambiental","robots":{"index":"noindex","follow":"follow"},"og_locale":"es_ES","og_type":"article","og_title":"Josefa S\u00e1nchez Contreras","og_description":"Ind\u00edgena zoque de Chimalapa, Oaxaca, M\u00e9xico, licenciada en sociolog\u00eda por la Universidad Aut\u00f3noma Metropolitana (UAM) y maestra en estudios latinoamericanos por la Universidad Nacional Aut\u00f3noma de M\u00e9xico (UNAM), contratada temporalmente como investigadora en el Departamento de Sociolog\u00eda de la Universidad de Granada, Josefa S\u00e1nchez Contreras es actualmente profesora visitante en el Centro de Estudios de [&hellip;]","og_url":"https:\/\/www.cec.org\/es\/speaker\/josefa-sanchez-contreras\/","og_site_name":"Comisi\u00f3n para la Cooperaci\u00f3n Ambiental","article_publisher":"https:\/\/www.facebook.com\/CECconnect","article_modified_time":"2024-07-11T18:45:36+00:00","og_image":[{"width":600,"height":600,"url":"https:\/\/www.cec.org\/wp-content\/uploads\/JPAC_Forum_Wilmington_Speaker_Session_3_Photo_Josefa-Sanchez.webp","type":"image\/webp"}],"twitter_card":"summary_large_image","twitter_site":"@CECweb","schema":{"@context":"https:\/\/schema.org","@graph":[{"@type":"WebPage","@id":"https:\/\/www.cec.org\/es\/speaker\/josefa-sanchez-contreras\/","url":"https:\/\/www.cec.org\/es\/speaker\/josefa-sanchez-contreras\/","name":"Josefa S\u00e1nchez Contreras &#8211; Comisi\u00f3n para la Cooperaci\u00f3n Ambiental","isPartOf":{"@id":"https:\/\/www.cec.org\/es\/#website"},"primaryImageOfPage":{"@id":"https:\/\/www.cec.org\/es\/speaker\/josefa-sanchez-contreras\/#primaryimage"},"image":{"@id":"https:\/\/www.cec.org\/es\/speaker\/josefa-sanchez-contreras\/#primaryimage"},"thumbnailUrl":"https:\/\/www.cec.org\/wp-content\/uploads\/JPAC_Forum_Wilmington_Speaker_Session_3_Photo_Josefa-Sanchez.webp","datePublished":"2024-06-10T21:24:45+00:00","dateModified":"2024-07-11T18:45:36+00:00","breadcrumb":{"@id":"https:\/\/www.cec.org\/es\/speaker\/josefa-sanchez-contreras\/#breadcrumb"},"inLanguage":"es","potentialAction":[{"@type":"ReadAction","target":["https:\/\/www.cec.org\/es\/speaker\/josefa-sanchez-contreras\/"]}]},{"@type":"ImageObject","inLanguage":"es","@id":"https:\/\/www.cec.org\/es\/speaker\/josefa-sanchez-contreras\/#primaryimage","url":"https:\/\/www.cec.org\/wp-content\/uploads\/JPAC_Forum_Wilmington_Speaker_Session_3_Photo_Josefa-Sanchez.webp","contentUrl":"https:\/\/www.cec.org\/wp-content\/uploads\/JPAC_Forum_Wilmington_Speaker_Session_3_Photo_Josefa-Sanchez.webp","width":600,"height":600},{"@type":"BreadcrumbList","@id":"https:\/\/www.cec.org\/es\/speaker\/josefa-sanchez-contreras\/#breadcrumb","itemListElement":[{"@type":"ListItem","position":1,"name":"Inicio","item":"https:\/\/www.cec.org\/es\/"},{"@type":"ListItem","position":2,"name":"Josefa S\u00e1nchez Contreras"}]},{"@type":"WebSite","@id":"https:\/\/www.cec.org\/es\/#website","url":"https:\/\/www.cec.org\/es\/","name":"Commission for Environmental Cooperation","description":"Three countries working together to protect our shared environment","alternateName":"CEC - CCA -CCE","potentialAction":[{"@type":"SearchAction","target":{"@type":"EntryPoint","urlTemplate":"https:\/\/www.cec.org\/es\/?s={search_term_string}"},"query-input":{"@type":"PropertyValueSpecification","valueRequired":true,"valueName":"search_term_string"}}],"inLanguage":"es"}]}},"_links":{"self":[{"href":"https:\/\/www.cec.org\/es\/wp-json\/wp\/v2\/speaker\/55509","targetHints":{"allow":["GET"]}}],"collection":[{"href":"https:\/\/www.cec.org\/es\/wp-json\/wp\/v2\/speaker"}],"about":[{"href":"https:\/\/www.cec.org\/es\/wp-json\/wp\/v2\/types\/speaker"}],"wp:featuredmedia":[{"embeddable":true,"href":"https:\/\/www.cec.org\/es\/wp-json\/wp\/v2\/media\/55552"}],"wp:attachment":[{"href":"https:\/\/www.cec.org\/es\/wp-json\/wp\/v2\/media?parent=55509"}],"curies":[{"name":"wp","href":"https:\/\/api.w.org\/{rel}","templated":true}]}}