{"id":55507,"date":"2024-06-10T17:20:10","date_gmt":"2024-06-10T21:20:10","guid":{"rendered":"http:\/\/www.cec.org\/speaker\/amanda-m-hauff\/"},"modified":"2024-07-11T14:45:38","modified_gmt":"2024-07-11T18:45:38","slug":"amanda-m-hauff","status":"publish","type":"speaker","link":"https:\/\/www.cec.org\/es\/speaker\/amanda-m-hauff\/","title":{"rendered":"Amanda M. Hauff"},"content":{"rendered":"<p>Consejera principal sobre justicia ambiental en la Oficina de Asuntos Internacionales y Tribales de la Agencia de Protecci\u00f3n Ambiental (<em>Office of International and Tribal Affairs, Environmental Protection Agency<\/em>, EPA) de Estados Unidos, Amanda M. Hauff se ha encargado, a lo largo de su carrera, de gestionar para esta dependencia programas relacionados con asuntos tribales, internacionales, de salud infantil y de justicia ambiental. Fue la responsable de elaborar el primer plan estrat\u00e9gico del Grupo de Trabajo Federal Interinstitucional sobre Justicia Ambiental, con el que se busc\u00f3 establecer un marco de rendici\u00f3n de cuentas a fin de mejorar la salud, la calidad de vida y las oportunidades econ\u00f3micas de las comunidades sobrecargadas (afectadas en forma desproporcionada). Tambi\u00e9n impuls\u00f3 la labor y avance de la EPA en materia de equidad y justicia ambiental mediante la formulaci\u00f3n de pol\u00edticas, programas, modelos conceptuales cient\u00edficos e indicadores de alcance federal con miras a aplicar los principios de la justicia ambiental en el quehacer de la instituci\u00f3n.<\/p>\n","protected":false},"excerpt":{"rendered":"<p>Consejera principal sobre justicia ambiental en la Oficina de Asuntos Internacionales y Tribales de la Agencia de Protecci\u00f3n Ambiental (Office of International and Tribal Affairs, Environmental Protection Agency, EPA) de Estados Unidos, Amanda M. Hauff se ha encargado, a lo largo de su carrera, de gestionar para esta dependencia programas relacionados con asuntos tribales, internacionales, [&hellip;]<\/p>\n","protected":false},"featured_media":55540,"template":"","class_list":["post-55507","speaker","type-speaker","status-publish","has-post-thumbnail","hentry","country-estados-unidos"],"acf":[],"yoast_head":"<!-- This site is optimized with the Yoast SEO Premium plugin v27.4 (Yoast SEO v27.4) - https:\/\/yoast.com\/product\/yoast-seo-premium-wordpress\/ -->\n<title>Amanda M. Hauff &#8211; Comisi\u00f3n para la Cooperaci\u00f3n Ambiental<\/title>\n<meta name=\"robots\" content=\"noindex, follow\" \/>\n<meta property=\"og:locale\" content=\"es_ES\" \/>\n<meta property=\"og:type\" content=\"article\" \/>\n<meta property=\"og:title\" content=\"Amanda M. Hauff\" \/>\n<meta property=\"og:description\" content=\"Consejera principal sobre justicia ambiental en la Oficina de Asuntos Internacionales y Tribales de la Agencia de Protecci\u00f3n Ambiental (Office of International and Tribal Affairs, Environmental Protection Agency, EPA) de Estados Unidos, Amanda M. Hauff se ha encargado, a lo largo de su carrera, de gestionar para esta dependencia programas relacionados con asuntos tribales, internacionales, [&hellip;]\" \/>\n<meta property=\"og:url\" content=\"https:\/\/www.cec.org\/es\/speaker\/amanda-m-hauff\/\" \/>\n<meta property=\"og:site_name\" content=\"Comisi\u00f3n para la Cooperaci\u00f3n Ambiental\" \/>\n<meta property=\"article:publisher\" content=\"https:\/\/www.facebook.com\/CECconnect\" \/>\n<meta property=\"article:modified_time\" content=\"2024-07-11T18:45:38+00:00\" \/>\n<meta property=\"og:image\" content=\"https:\/\/www.cec.org\/wp-content\/uploads\/JPAC_Forum_Wilmington_Speaker_Session_2_Photo_Amanda_Hauff.webp\" \/>\n\t<meta property=\"og:image:width\" content=\"300\" \/>\n\t<meta property=\"og:image:height\" content=\"300\" \/>\n\t<meta property=\"og:image:type\" content=\"image\/webp\" \/>\n<meta name=\"twitter:card\" content=\"summary_large_image\" \/>\n<meta name=\"twitter:site\" content=\"@CECweb\" \/>\n<script type=\"application\/ld+json\" class=\"yoast-schema-graph\">{\"@context\":\"https:\\\/\\\/schema.org\",\"@graph\":[{\"@type\":\"WebPage\",\"@id\":\"https:\\\/\\\/www.cec.org\\\/es\\\/speaker\\\/amanda-m-hauff\\\/\",\"url\":\"https:\\\/\\\/www.cec.org\\\/es\\\/speaker\\\/amanda-m-hauff\\\/\",\"name\":\"Amanda M. Hauff &#8211; Comisi\u00f3n para la Cooperaci\u00f3n Ambiental\",\"isPartOf\":{\"@id\":\"https:\\\/\\\/www.cec.org\\\/es\\\/#website\"},\"primaryImageOfPage\":{\"@id\":\"https:\\\/\\\/www.cec.org\\\/es\\\/speaker\\\/amanda-m-hauff\\\/#primaryimage\"},\"image\":{\"@id\":\"https:\\\/\\\/www.cec.org\\\/es\\\/speaker\\\/amanda-m-hauff\\\/#primaryimage\"},\"thumbnailUrl\":\"https:\\\/\\\/www.cec.org\\\/wp-content\\\/uploads\\\/JPAC_Forum_Wilmington_Speaker_Session_2_Photo_Amanda_Hauff.webp\",\"datePublished\":\"2024-06-10T21:20:10+00:00\",\"dateModified\":\"2024-07-11T18:45:38+00:00\",\"breadcrumb\":{\"@id\":\"https:\\\/\\\/www.cec.org\\\/es\\\/speaker\\\/amanda-m-hauff\\\/#breadcrumb\"},\"inLanguage\":\"es\",\"potentialAction\":[{\"@type\":\"ReadAction\",\"target\":[\"https:\\\/\\\/www.cec.org\\\/es\\\/speaker\\\/amanda-m-hauff\\\/\"]}]},{\"@type\":\"ImageObject\",\"inLanguage\":\"es\",\"@id\":\"https:\\\/\\\/www.cec.org\\\/es\\\/speaker\\\/amanda-m-hauff\\\/#primaryimage\",\"url\":\"https:\\\/\\\/www.cec.org\\\/wp-content\\\/uploads\\\/JPAC_Forum_Wilmington_Speaker_Session_2_Photo_Amanda_Hauff.webp\",\"contentUrl\":\"https:\\\/\\\/www.cec.org\\\/wp-content\\\/uploads\\\/JPAC_Forum_Wilmington_Speaker_Session_2_Photo_Amanda_Hauff.webp\",\"width\":300,\"height\":300},{\"@type\":\"BreadcrumbList\",\"@id\":\"https:\\\/\\\/www.cec.org\\\/es\\\/speaker\\\/amanda-m-hauff\\\/#breadcrumb\",\"itemListElement\":[{\"@type\":\"ListItem\",\"position\":1,\"name\":\"Inicio\",\"item\":\"https:\\\/\\\/www.cec.org\\\/es\\\/\"},{\"@type\":\"ListItem\",\"position\":2,\"name\":\"Amanda M. Hauff\"}]},{\"@type\":\"WebSite\",\"@id\":\"https:\\\/\\\/www.cec.org\\\/es\\\/#website\",\"url\":\"https:\\\/\\\/www.cec.org\\\/es\\\/\",\"name\":\"Commission for Environmental Cooperation\",\"description\":\"Three countries working together to protect our shared environment\",\"alternateName\":\"CEC - CCA -CCE\",\"potentialAction\":[{\"@type\":\"SearchAction\",\"target\":{\"@type\":\"EntryPoint\",\"urlTemplate\":\"https:\\\/\\\/www.cec.org\\\/es\\\/?s={search_term_string}\"},\"query-input\":{\"@type\":\"PropertyValueSpecification\",\"valueRequired\":true,\"valueName\":\"search_term_string\"}}],\"inLanguage\":\"es\"}]}<\/script>\n<!-- \/ Yoast SEO Premium plugin. -->","yoast_head_json":{"title":"Amanda M. Hauff &#8211; Comisi\u00f3n para la Cooperaci\u00f3n Ambiental","robots":{"index":"noindex","follow":"follow"},"og_locale":"es_ES","og_type":"article","og_title":"Amanda M. Hauff","og_description":"Consejera principal sobre justicia ambiental en la Oficina de Asuntos Internacionales y Tribales de la Agencia de Protecci\u00f3n Ambiental (Office of International and Tribal Affairs, Environmental Protection Agency, EPA) de Estados Unidos, Amanda M. Hauff se ha encargado, a lo largo de su carrera, de gestionar para esta dependencia programas relacionados con asuntos tribales, internacionales, [&hellip;]","og_url":"https:\/\/www.cec.org\/es\/speaker\/amanda-m-hauff\/","og_site_name":"Comisi\u00f3n para la Cooperaci\u00f3n Ambiental","article_publisher":"https:\/\/www.facebook.com\/CECconnect","article_modified_time":"2024-07-11T18:45:38+00:00","og_image":[{"width":300,"height":300,"url":"https:\/\/www.cec.org\/wp-content\/uploads\/JPAC_Forum_Wilmington_Speaker_Session_2_Photo_Amanda_Hauff.webp","type":"image\/webp"}],"twitter_card":"summary_large_image","twitter_site":"@CECweb","schema":{"@context":"https:\/\/schema.org","@graph":[{"@type":"WebPage","@id":"https:\/\/www.cec.org\/es\/speaker\/amanda-m-hauff\/","url":"https:\/\/www.cec.org\/es\/speaker\/amanda-m-hauff\/","name":"Amanda M. Hauff &#8211; Comisi\u00f3n para la Cooperaci\u00f3n Ambiental","isPartOf":{"@id":"https:\/\/www.cec.org\/es\/#website"},"primaryImageOfPage":{"@id":"https:\/\/www.cec.org\/es\/speaker\/amanda-m-hauff\/#primaryimage"},"image":{"@id":"https:\/\/www.cec.org\/es\/speaker\/amanda-m-hauff\/#primaryimage"},"thumbnailUrl":"https:\/\/www.cec.org\/wp-content\/uploads\/JPAC_Forum_Wilmington_Speaker_Session_2_Photo_Amanda_Hauff.webp","datePublished":"2024-06-10T21:20:10+00:00","dateModified":"2024-07-11T18:45:38+00:00","breadcrumb":{"@id":"https:\/\/www.cec.org\/es\/speaker\/amanda-m-hauff\/#breadcrumb"},"inLanguage":"es","potentialAction":[{"@type":"ReadAction","target":["https:\/\/www.cec.org\/es\/speaker\/amanda-m-hauff\/"]}]},{"@type":"ImageObject","inLanguage":"es","@id":"https:\/\/www.cec.org\/es\/speaker\/amanda-m-hauff\/#primaryimage","url":"https:\/\/www.cec.org\/wp-content\/uploads\/JPAC_Forum_Wilmington_Speaker_Session_2_Photo_Amanda_Hauff.webp","contentUrl":"https:\/\/www.cec.org\/wp-content\/uploads\/JPAC_Forum_Wilmington_Speaker_Session_2_Photo_Amanda_Hauff.webp","width":300,"height":300},{"@type":"BreadcrumbList","@id":"https:\/\/www.cec.org\/es\/speaker\/amanda-m-hauff\/#breadcrumb","itemListElement":[{"@type":"ListItem","position":1,"name":"Inicio","item":"https:\/\/www.cec.org\/es\/"},{"@type":"ListItem","position":2,"name":"Amanda M. Hauff"}]},{"@type":"WebSite","@id":"https:\/\/www.cec.org\/es\/#website","url":"https:\/\/www.cec.org\/es\/","name":"Commission for Environmental Cooperation","description":"Three countries working together to protect our shared environment","alternateName":"CEC - CCA -CCE","potentialAction":[{"@type":"SearchAction","target":{"@type":"EntryPoint","urlTemplate":"https:\/\/www.cec.org\/es\/?s={search_term_string}"},"query-input":{"@type":"PropertyValueSpecification","valueRequired":true,"valueName":"search_term_string"}}],"inLanguage":"es"}]}},"_links":{"self":[{"href":"https:\/\/www.cec.org\/es\/wp-json\/wp\/v2\/speaker\/55507","targetHints":{"allow":["GET"]}}],"collection":[{"href":"https:\/\/www.cec.org\/es\/wp-json\/wp\/v2\/speaker"}],"about":[{"href":"https:\/\/www.cec.org\/es\/wp-json\/wp\/v2\/types\/speaker"}],"wp:featuredmedia":[{"embeddable":true,"href":"https:\/\/www.cec.org\/es\/wp-json\/wp\/v2\/media\/55540"}],"wp:attachment":[{"href":"https:\/\/www.cec.org\/es\/wp-json\/wp\/v2\/media?parent=55507"}],"curies":[{"name":"wp","href":"https:\/\/api.w.org\/{rel}","templated":true}]}}