{"id":55506,"date":"2024-06-10T17:14:00","date_gmt":"2024-06-10T21:14:00","guid":{"rendered":"http:\/\/www.cec.org\/speaker\/erika-hernandez-mariaca\/"},"modified":"2024-07-11T14:45:38","modified_gmt":"2024-07-11T18:45:38","slug":"erika-hernandez-mariaca","status":"publish","type":"speaker","link":"https:\/\/www.cec.org\/es\/speaker\/erika-hernandez-mariaca\/","title":{"rendered":"Erika Hern\u00e1ndez Mariaca"},"content":{"rendered":"<p>Ind\u00edgena nahua de Cuentepec, Morelos, M\u00e9xico, activista e integrante de la red Futuros Ind\u00edgenas, que trabaja en pro de la construcci\u00f3n y la comunicaci\u00f3n de narrativas en torno a la crisis clim\u00e1tica, \u00c9rika Hern\u00e1ndez Mariaca es licenciada en trabajo social por la Universidad Aut\u00f3noma del Estado de Morelos, especializada en educaci\u00f3n ambiental popular con perspectiva intercultural. Su labor se orienta, asimismo, al fortalecimiento de la lengua n\u00e1huatl. Es cofundadora de Cuentepec Tosepan, colectivo dedicado a la defensa del territorio, y forma parte tambi\u00e9n de la Unificaci\u00f3n de Pueblos y Colonias contra la Miner\u00eda en Morelos.<\/p>\n","protected":false},"excerpt":{"rendered":"<p>Ind\u00edgena nahua de Cuentepec, Morelos, M\u00e9xico, activista e integrante de la red Futuros Ind\u00edgenas, que trabaja en pro de la construcci\u00f3n y la comunicaci\u00f3n de narrativas en torno a la crisis clim\u00e1tica, \u00c9rika Hern\u00e1ndez Mariaca es licenciada en trabajo social por la Universidad Aut\u00f3noma del Estado de Morelos, especializada en educaci\u00f3n ambiental popular con perspectiva [&hellip;]<\/p>\n","protected":false},"featured_media":55543,"template":"","class_list":["post-55506","speaker","type-speaker","status-publish","has-post-thumbnail","hentry","country-mexico-es"],"acf":[],"yoast_head":"<!-- This site is optimized with the Yoast SEO Premium plugin v27.4 (Yoast SEO v27.4) - https:\/\/yoast.com\/product\/yoast-seo-premium-wordpress\/ -->\n<title>Erika Hern\u00e1ndez Mariaca &#8211; Comisi\u00f3n para la Cooperaci\u00f3n Ambiental<\/title>\n<meta name=\"robots\" content=\"noindex, follow\" \/>\n<meta property=\"og:locale\" content=\"es_ES\" \/>\n<meta property=\"og:type\" content=\"article\" \/>\n<meta property=\"og:title\" content=\"Erika Hern\u00e1ndez Mariaca\" \/>\n<meta property=\"og:description\" content=\"Ind\u00edgena nahua de Cuentepec, Morelos, M\u00e9xico, activista e integrante de la red Futuros Ind\u00edgenas, que trabaja en pro de la construcci\u00f3n y la comunicaci\u00f3n de narrativas en torno a la crisis clim\u00e1tica, \u00c9rika Hern\u00e1ndez Mariaca es licenciada en trabajo social por la Universidad Aut\u00f3noma del Estado de Morelos, especializada en educaci\u00f3n ambiental popular con perspectiva [&hellip;]\" \/>\n<meta property=\"og:url\" content=\"https:\/\/www.cec.org\/es\/speaker\/erika-hernandez-mariaca\/\" \/>\n<meta property=\"og:site_name\" content=\"Comisi\u00f3n para la Cooperaci\u00f3n Ambiental\" \/>\n<meta property=\"article:publisher\" content=\"https:\/\/www.facebook.com\/CECconnect\" \/>\n<meta property=\"article:modified_time\" content=\"2024-07-11T18:45:38+00:00\" \/>\n<meta property=\"og:image\" content=\"https:\/\/www.cec.org\/wp-content\/uploads\/JPAC_Forum_Wilmington_Speaker_Session_2_Photo_Erika-Hernandez.webp\" \/>\n\t<meta property=\"og:image:width\" content=\"600\" \/>\n\t<meta property=\"og:image:height\" content=\"600\" \/>\n\t<meta property=\"og:image:type\" content=\"image\/webp\" \/>\n<meta name=\"twitter:card\" content=\"summary_large_image\" \/>\n<meta name=\"twitter:site\" content=\"@CECweb\" \/>\n<script type=\"application\/ld+json\" class=\"yoast-schema-graph\">{\"@context\":\"https:\\\/\\\/schema.org\",\"@graph\":[{\"@type\":\"WebPage\",\"@id\":\"https:\\\/\\\/www.cec.org\\\/es\\\/speaker\\\/erika-hernandez-mariaca\\\/\",\"url\":\"https:\\\/\\\/www.cec.org\\\/es\\\/speaker\\\/erika-hernandez-mariaca\\\/\",\"name\":\"Erika Hern\u00e1ndez Mariaca &#8211; Comisi\u00f3n para la Cooperaci\u00f3n Ambiental\",\"isPartOf\":{\"@id\":\"https:\\\/\\\/www.cec.org\\\/es\\\/#website\"},\"primaryImageOfPage\":{\"@id\":\"https:\\\/\\\/www.cec.org\\\/es\\\/speaker\\\/erika-hernandez-mariaca\\\/#primaryimage\"},\"image\":{\"@id\":\"https:\\\/\\\/www.cec.org\\\/es\\\/speaker\\\/erika-hernandez-mariaca\\\/#primaryimage\"},\"thumbnailUrl\":\"https:\\\/\\\/www.cec.org\\\/wp-content\\\/uploads\\\/JPAC_Forum_Wilmington_Speaker_Session_2_Photo_Erika-Hernandez.webp\",\"datePublished\":\"2024-06-10T21:14:00+00:00\",\"dateModified\":\"2024-07-11T18:45:38+00:00\",\"breadcrumb\":{\"@id\":\"https:\\\/\\\/www.cec.org\\\/es\\\/speaker\\\/erika-hernandez-mariaca\\\/#breadcrumb\"},\"inLanguage\":\"es\",\"potentialAction\":[{\"@type\":\"ReadAction\",\"target\":[\"https:\\\/\\\/www.cec.org\\\/es\\\/speaker\\\/erika-hernandez-mariaca\\\/\"]}]},{\"@type\":\"ImageObject\",\"inLanguage\":\"es\",\"@id\":\"https:\\\/\\\/www.cec.org\\\/es\\\/speaker\\\/erika-hernandez-mariaca\\\/#primaryimage\",\"url\":\"https:\\\/\\\/www.cec.org\\\/wp-content\\\/uploads\\\/JPAC_Forum_Wilmington_Speaker_Session_2_Photo_Erika-Hernandez.webp\",\"contentUrl\":\"https:\\\/\\\/www.cec.org\\\/wp-content\\\/uploads\\\/JPAC_Forum_Wilmington_Speaker_Session_2_Photo_Erika-Hernandez.webp\",\"width\":600,\"height\":600},{\"@type\":\"BreadcrumbList\",\"@id\":\"https:\\\/\\\/www.cec.org\\\/es\\\/speaker\\\/erika-hernandez-mariaca\\\/#breadcrumb\",\"itemListElement\":[{\"@type\":\"ListItem\",\"position\":1,\"name\":\"Inicio\",\"item\":\"https:\\\/\\\/www.cec.org\\\/es\\\/\"},{\"@type\":\"ListItem\",\"position\":2,\"name\":\"Erika Hern\u00e1ndez Mariaca\"}]},{\"@type\":\"WebSite\",\"@id\":\"https:\\\/\\\/www.cec.org\\\/es\\\/#website\",\"url\":\"https:\\\/\\\/www.cec.org\\\/es\\\/\",\"name\":\"Commission for Environmental Cooperation\",\"description\":\"Three countries working together to protect our shared environment\",\"alternateName\":\"CEC - CCA -CCE\",\"potentialAction\":[{\"@type\":\"SearchAction\",\"target\":{\"@type\":\"EntryPoint\",\"urlTemplate\":\"https:\\\/\\\/www.cec.org\\\/es\\\/?s={search_term_string}\"},\"query-input\":{\"@type\":\"PropertyValueSpecification\",\"valueRequired\":true,\"valueName\":\"search_term_string\"}}],\"inLanguage\":\"es\"}]}<\/script>\n<!-- \/ Yoast SEO Premium plugin. -->","yoast_head_json":{"title":"Erika Hern\u00e1ndez Mariaca &#8211; Comisi\u00f3n para la Cooperaci\u00f3n Ambiental","robots":{"index":"noindex","follow":"follow"},"og_locale":"es_ES","og_type":"article","og_title":"Erika Hern\u00e1ndez Mariaca","og_description":"Ind\u00edgena nahua de Cuentepec, Morelos, M\u00e9xico, activista e integrante de la red Futuros Ind\u00edgenas, que trabaja en pro de la construcci\u00f3n y la comunicaci\u00f3n de narrativas en torno a la crisis clim\u00e1tica, \u00c9rika Hern\u00e1ndez Mariaca es licenciada en trabajo social por la Universidad Aut\u00f3noma del Estado de Morelos, especializada en educaci\u00f3n ambiental popular con perspectiva [&hellip;]","og_url":"https:\/\/www.cec.org\/es\/speaker\/erika-hernandez-mariaca\/","og_site_name":"Comisi\u00f3n para la Cooperaci\u00f3n Ambiental","article_publisher":"https:\/\/www.facebook.com\/CECconnect","article_modified_time":"2024-07-11T18:45:38+00:00","og_image":[{"width":600,"height":600,"url":"https:\/\/www.cec.org\/wp-content\/uploads\/JPAC_Forum_Wilmington_Speaker_Session_2_Photo_Erika-Hernandez.webp","type":"image\/webp"}],"twitter_card":"summary_large_image","twitter_site":"@CECweb","schema":{"@context":"https:\/\/schema.org","@graph":[{"@type":"WebPage","@id":"https:\/\/www.cec.org\/es\/speaker\/erika-hernandez-mariaca\/","url":"https:\/\/www.cec.org\/es\/speaker\/erika-hernandez-mariaca\/","name":"Erika Hern\u00e1ndez Mariaca &#8211; Comisi\u00f3n para la Cooperaci\u00f3n Ambiental","isPartOf":{"@id":"https:\/\/www.cec.org\/es\/#website"},"primaryImageOfPage":{"@id":"https:\/\/www.cec.org\/es\/speaker\/erika-hernandez-mariaca\/#primaryimage"},"image":{"@id":"https:\/\/www.cec.org\/es\/speaker\/erika-hernandez-mariaca\/#primaryimage"},"thumbnailUrl":"https:\/\/www.cec.org\/wp-content\/uploads\/JPAC_Forum_Wilmington_Speaker_Session_2_Photo_Erika-Hernandez.webp","datePublished":"2024-06-10T21:14:00+00:00","dateModified":"2024-07-11T18:45:38+00:00","breadcrumb":{"@id":"https:\/\/www.cec.org\/es\/speaker\/erika-hernandez-mariaca\/#breadcrumb"},"inLanguage":"es","potentialAction":[{"@type":"ReadAction","target":["https:\/\/www.cec.org\/es\/speaker\/erika-hernandez-mariaca\/"]}]},{"@type":"ImageObject","inLanguage":"es","@id":"https:\/\/www.cec.org\/es\/speaker\/erika-hernandez-mariaca\/#primaryimage","url":"https:\/\/www.cec.org\/wp-content\/uploads\/JPAC_Forum_Wilmington_Speaker_Session_2_Photo_Erika-Hernandez.webp","contentUrl":"https:\/\/www.cec.org\/wp-content\/uploads\/JPAC_Forum_Wilmington_Speaker_Session_2_Photo_Erika-Hernandez.webp","width":600,"height":600},{"@type":"BreadcrumbList","@id":"https:\/\/www.cec.org\/es\/speaker\/erika-hernandez-mariaca\/#breadcrumb","itemListElement":[{"@type":"ListItem","position":1,"name":"Inicio","item":"https:\/\/www.cec.org\/es\/"},{"@type":"ListItem","position":2,"name":"Erika Hern\u00e1ndez Mariaca"}]},{"@type":"WebSite","@id":"https:\/\/www.cec.org\/es\/#website","url":"https:\/\/www.cec.org\/es\/","name":"Commission for Environmental Cooperation","description":"Three countries working together to protect our shared environment","alternateName":"CEC - CCA -CCE","potentialAction":[{"@type":"SearchAction","target":{"@type":"EntryPoint","urlTemplate":"https:\/\/www.cec.org\/es\/?s={search_term_string}"},"query-input":{"@type":"PropertyValueSpecification","valueRequired":true,"valueName":"search_term_string"}}],"inLanguage":"es"}]}},"_links":{"self":[{"href":"https:\/\/www.cec.org\/es\/wp-json\/wp\/v2\/speaker\/55506","targetHints":{"allow":["GET"]}}],"collection":[{"href":"https:\/\/www.cec.org\/es\/wp-json\/wp\/v2\/speaker"}],"about":[{"href":"https:\/\/www.cec.org\/es\/wp-json\/wp\/v2\/types\/speaker"}],"wp:featuredmedia":[{"embeddable":true,"href":"https:\/\/www.cec.org\/es\/wp-json\/wp\/v2\/media\/55543"}],"wp:attachment":[{"href":"https:\/\/www.cec.org\/es\/wp-json\/wp\/v2\/media?parent=55506"}],"curies":[{"name":"wp","href":"https:\/\/api.w.org\/{rel}","templated":true}]}}