{"id":53971,"date":"2023-12-08T17:59:04","date_gmt":"2023-12-08T22:59:04","guid":{"rendered":"http:\/\/www.cec.org\/speaker\/nadir-hernandez-quiroz\/"},"modified":"2024-07-11T14:45:43","modified_gmt":"2024-07-11T18:45:43","slug":"nadir-hernandez-quiroz","status":"publish","type":"speaker","link":"https:\/\/www.cec.org\/es\/speaker\/nadir-hernandez-quiroz\/","title":{"rendered":"Nadir Hern\u00e1ndez Quiroz"},"content":{"rendered":"<p>Colaborador desde 2019 del Centro de Derechos Ind\u00edgenas Flor y Canto, A.C., organizaci\u00f3n que a lo largo de casi dos d\u00e9cadas ha brindado asesoramiento a 16 comunidades zapotecas de la regi\u00f3n Valles Centrales de Oaxaca con miras a garantizar su acceso al agua, Nadir Hern\u00e1ndez Quiroz est\u00e1 actualmente a cargo de coordinar la Escuela del Agua y el Territorio, proyecto que busca fortalecer a comunidades ind\u00edgenas en sus derechos territoriales. Desde hace 20 a\u00f1os ha trabajado en procesos comunitarios como parte de organizaciones no gubernamentales lo mismo mexicanas que internacionales (Save The Children, entre otras), al igual que en instituciones gubernamentales como el Consejo Nacional de Fomento Educativo (Conafe) y el Instituto Nacional de los Pueblos Ind\u00edgenas (INPI).<\/p>\n<ul>\n<li>P\u00e1gina de Fb:\u00a0<a href=\"https:\/\/www.facebook.com\/florycantoac\">Flor y Canto A. C.<\/a><\/li>\n<li>Twitter:\u00a0<a href=\"https:\/\/twitter.com\/FloryCantoac\">@FloryCantoac<\/a><\/li>\n<li>Instagram:\u00a0<a href=\"https:\/\/www.instagram.com\/florycantoac\/\">florycantoac<\/a><\/li>\n<li>TikTok:<a href=\"https:\/\/www.tiktok.com\/@cdiflorycantoac\">@cdiflorycantoac<\/a><\/li>\n<\/ul>\n","protected":false},"excerpt":{"rendered":"<p>Colaborador desde 2019 del Centro de Derechos Ind\u00edgenas Flor y Canto, A.C., organizaci\u00f3n que a lo largo de casi dos d\u00e9cadas ha brindado asesoramiento a 16 comunidades zapotecas de la regi\u00f3n Valles Centrales de Oaxaca con miras a garantizar su acceso al agua, Nadir Hern\u00e1ndez Quiroz est\u00e1 actualmente a cargo de coordinar la Escuela del [&hellip;]<\/p>\n","protected":false},"featured_media":53515,"template":"","class_list":["post-53971","speaker","type-speaker","status-publish","has-post-thumbnail","hentry","country-mexico-es"],"acf":[],"yoast_head":"<!-- This site is optimized with the Yoast SEO Premium plugin v27.4 (Yoast SEO v27.4) - https:\/\/yoast.com\/product\/yoast-seo-premium-wordpress\/ -->\n<title>Nadir Hern\u00e1ndez Quiroz &#8211; Comisi\u00f3n para la Cooperaci\u00f3n Ambiental<\/title>\n<meta name=\"robots\" content=\"noindex, follow\" \/>\n<meta property=\"og:locale\" content=\"es_ES\" \/>\n<meta property=\"og:type\" content=\"article\" \/>\n<meta property=\"og:title\" content=\"Nadir Hern\u00e1ndez Quiroz\" \/>\n<meta property=\"og:description\" content=\"Colaborador desde 2019 del Centro de Derechos Ind\u00edgenas Flor y Canto, A.C., organizaci\u00f3n que a lo largo de casi dos d\u00e9cadas ha brindado asesoramiento a 16 comunidades zapotecas de la regi\u00f3n Valles Centrales de Oaxaca con miras a garantizar su acceso al agua, Nadir Hern\u00e1ndez Quiroz est\u00e1 actualmente a cargo de coordinar la Escuela del [&hellip;]\" \/>\n<meta property=\"og:url\" content=\"https:\/\/www.cec.org\/es\/speaker\/nadir-hernandez-quiroz\/\" \/>\n<meta property=\"og:site_name\" content=\"Comisi\u00f3n para la Cooperaci\u00f3n Ambiental\" \/>\n<meta property=\"article:publisher\" content=\"https:\/\/www.facebook.com\/CECconnect\" \/>\n<meta property=\"article:modified_time\" content=\"2024-07-11T18:45:43+00:00\" \/>\n<meta property=\"og:image\" content=\"https:\/\/www.cec.org\/wp-content\/uploads\/Nadir-Hernandez-Quiroz.webp\" \/>\n\t<meta property=\"og:image:width\" content=\"300\" \/>\n\t<meta property=\"og:image:height\" content=\"300\" \/>\n\t<meta property=\"og:image:type\" content=\"image\/webp\" \/>\n<meta name=\"twitter:card\" content=\"summary_large_image\" \/>\n<meta name=\"twitter:site\" content=\"@CECweb\" \/>\n<script type=\"application\/ld+json\" class=\"yoast-schema-graph\">{\"@context\":\"https:\\\/\\\/schema.org\",\"@graph\":[{\"@type\":\"WebPage\",\"@id\":\"https:\\\/\\\/www.cec.org\\\/es\\\/speaker\\\/nadir-hernandez-quiroz\\\/\",\"url\":\"https:\\\/\\\/www.cec.org\\\/es\\\/speaker\\\/nadir-hernandez-quiroz\\\/\",\"name\":\"Nadir Hern\u00e1ndez Quiroz &#8211; Comisi\u00f3n para la Cooperaci\u00f3n Ambiental\",\"isPartOf\":{\"@id\":\"https:\\\/\\\/www.cec.org\\\/es\\\/#website\"},\"primaryImageOfPage\":{\"@id\":\"https:\\\/\\\/www.cec.org\\\/es\\\/speaker\\\/nadir-hernandez-quiroz\\\/#primaryimage\"},\"image\":{\"@id\":\"https:\\\/\\\/www.cec.org\\\/es\\\/speaker\\\/nadir-hernandez-quiroz\\\/#primaryimage\"},\"thumbnailUrl\":\"https:\\\/\\\/www.cec.org\\\/wp-content\\\/uploads\\\/Nadir-Hernandez-Quiroz.webp\",\"datePublished\":\"2023-12-08T22:59:04+00:00\",\"dateModified\":\"2024-07-11T18:45:43+00:00\",\"breadcrumb\":{\"@id\":\"https:\\\/\\\/www.cec.org\\\/es\\\/speaker\\\/nadir-hernandez-quiroz\\\/#breadcrumb\"},\"inLanguage\":\"es\",\"potentialAction\":[{\"@type\":\"ReadAction\",\"target\":[\"https:\\\/\\\/www.cec.org\\\/es\\\/speaker\\\/nadir-hernandez-quiroz\\\/\"]}]},{\"@type\":\"ImageObject\",\"inLanguage\":\"es\",\"@id\":\"https:\\\/\\\/www.cec.org\\\/es\\\/speaker\\\/nadir-hernandez-quiroz\\\/#primaryimage\",\"url\":\"https:\\\/\\\/www.cec.org\\\/wp-content\\\/uploads\\\/Nadir-Hernandez-Quiroz.webp\",\"contentUrl\":\"https:\\\/\\\/www.cec.org\\\/wp-content\\\/uploads\\\/Nadir-Hernandez-Quiroz.webp\",\"width\":300,\"height\":300},{\"@type\":\"BreadcrumbList\",\"@id\":\"https:\\\/\\\/www.cec.org\\\/es\\\/speaker\\\/nadir-hernandez-quiroz\\\/#breadcrumb\",\"itemListElement\":[{\"@type\":\"ListItem\",\"position\":1,\"name\":\"Inicio\",\"item\":\"https:\\\/\\\/www.cec.org\\\/es\\\/\"},{\"@type\":\"ListItem\",\"position\":2,\"name\":\"Nadir Hern\u00e1ndez Quiroz\"}]},{\"@type\":\"WebSite\",\"@id\":\"https:\\\/\\\/www.cec.org\\\/es\\\/#website\",\"url\":\"https:\\\/\\\/www.cec.org\\\/es\\\/\",\"name\":\"Commission for Environmental Cooperation\",\"description\":\"Three countries working together to protect our shared environment\",\"alternateName\":\"CEC - CCA -CCE\",\"potentialAction\":[{\"@type\":\"SearchAction\",\"target\":{\"@type\":\"EntryPoint\",\"urlTemplate\":\"https:\\\/\\\/www.cec.org\\\/es\\\/?s={search_term_string}\"},\"query-input\":{\"@type\":\"PropertyValueSpecification\",\"valueRequired\":true,\"valueName\":\"search_term_string\"}}],\"inLanguage\":\"es\"}]}<\/script>\n<!-- \/ Yoast SEO Premium plugin. -->","yoast_head_json":{"title":"Nadir Hern\u00e1ndez Quiroz &#8211; Comisi\u00f3n para la Cooperaci\u00f3n Ambiental","robots":{"index":"noindex","follow":"follow"},"og_locale":"es_ES","og_type":"article","og_title":"Nadir Hern\u00e1ndez Quiroz","og_description":"Colaborador desde 2019 del Centro de Derechos Ind\u00edgenas Flor y Canto, A.C., organizaci\u00f3n que a lo largo de casi dos d\u00e9cadas ha brindado asesoramiento a 16 comunidades zapotecas de la regi\u00f3n Valles Centrales de Oaxaca con miras a garantizar su acceso al agua, Nadir Hern\u00e1ndez Quiroz est\u00e1 actualmente a cargo de coordinar la Escuela del [&hellip;]","og_url":"https:\/\/www.cec.org\/es\/speaker\/nadir-hernandez-quiroz\/","og_site_name":"Comisi\u00f3n para la Cooperaci\u00f3n Ambiental","article_publisher":"https:\/\/www.facebook.com\/CECconnect","article_modified_time":"2024-07-11T18:45:43+00:00","og_image":[{"width":300,"height":300,"url":"https:\/\/www.cec.org\/wp-content\/uploads\/Nadir-Hernandez-Quiroz.webp","type":"image\/webp"}],"twitter_card":"summary_large_image","twitter_site":"@CECweb","schema":{"@context":"https:\/\/schema.org","@graph":[{"@type":"WebPage","@id":"https:\/\/www.cec.org\/es\/speaker\/nadir-hernandez-quiroz\/","url":"https:\/\/www.cec.org\/es\/speaker\/nadir-hernandez-quiroz\/","name":"Nadir Hern\u00e1ndez Quiroz &#8211; Comisi\u00f3n para la Cooperaci\u00f3n Ambiental","isPartOf":{"@id":"https:\/\/www.cec.org\/es\/#website"},"primaryImageOfPage":{"@id":"https:\/\/www.cec.org\/es\/speaker\/nadir-hernandez-quiroz\/#primaryimage"},"image":{"@id":"https:\/\/www.cec.org\/es\/speaker\/nadir-hernandez-quiroz\/#primaryimage"},"thumbnailUrl":"https:\/\/www.cec.org\/wp-content\/uploads\/Nadir-Hernandez-Quiroz.webp","datePublished":"2023-12-08T22:59:04+00:00","dateModified":"2024-07-11T18:45:43+00:00","breadcrumb":{"@id":"https:\/\/www.cec.org\/es\/speaker\/nadir-hernandez-quiroz\/#breadcrumb"},"inLanguage":"es","potentialAction":[{"@type":"ReadAction","target":["https:\/\/www.cec.org\/es\/speaker\/nadir-hernandez-quiroz\/"]}]},{"@type":"ImageObject","inLanguage":"es","@id":"https:\/\/www.cec.org\/es\/speaker\/nadir-hernandez-quiroz\/#primaryimage","url":"https:\/\/www.cec.org\/wp-content\/uploads\/Nadir-Hernandez-Quiroz.webp","contentUrl":"https:\/\/www.cec.org\/wp-content\/uploads\/Nadir-Hernandez-Quiroz.webp","width":300,"height":300},{"@type":"BreadcrumbList","@id":"https:\/\/www.cec.org\/es\/speaker\/nadir-hernandez-quiroz\/#breadcrumb","itemListElement":[{"@type":"ListItem","position":1,"name":"Inicio","item":"https:\/\/www.cec.org\/es\/"},{"@type":"ListItem","position":2,"name":"Nadir Hern\u00e1ndez Quiroz"}]},{"@type":"WebSite","@id":"https:\/\/www.cec.org\/es\/#website","url":"https:\/\/www.cec.org\/es\/","name":"Commission for Environmental Cooperation","description":"Three countries working together to protect our shared environment","alternateName":"CEC - CCA -CCE","potentialAction":[{"@type":"SearchAction","target":{"@type":"EntryPoint","urlTemplate":"https:\/\/www.cec.org\/es\/?s={search_term_string}"},"query-input":{"@type":"PropertyValueSpecification","valueRequired":true,"valueName":"search_term_string"}}],"inLanguage":"es"}]}},"_links":{"self":[{"href":"https:\/\/www.cec.org\/es\/wp-json\/wp\/v2\/speaker\/53971","targetHints":{"allow":["GET"]}}],"collection":[{"href":"https:\/\/www.cec.org\/es\/wp-json\/wp\/v2\/speaker"}],"about":[{"href":"https:\/\/www.cec.org\/es\/wp-json\/wp\/v2\/types\/speaker"}],"wp:featuredmedia":[{"embeddable":true,"href":"https:\/\/www.cec.org\/es\/wp-json\/wp\/v2\/media\/53515"}],"wp:attachment":[{"href":"https:\/\/www.cec.org\/es\/wp-json\/wp\/v2\/media?parent=53971"}],"curies":[{"name":"wp","href":"https:\/\/api.w.org\/{rel}","templated":true}]}}