{"id":60413,"date":"2025-11-03T14:33:20","date_gmt":"2025-11-03T19:33:20","guid":{"rendered":"https:\/\/www.cec.org\/aviso-de-grabacion-de-video-audio-y-fotografia\/"},"modified":"2025-11-03T14:33:20","modified_gmt":"2025-11-03T19:33:20","slug":"aviso-de-grabacion-de-video-audio-y-fotografia","status":"publish","type":"page","link":"https:\/\/www.cec.org\/es\/aviso-de-grabacion-de-video-audio-y-fotografia\/","title":{"rendered":"Aviso de grabaci\u00f3n de v\u00eddeo\/audio y fotograf\u00eda"},"content":{"rendered":"<p>Por favor, tenga en cuenta que durante los eventos organizados por la Comisi\u00f3n para la Cooperaci\u00f3n Ambiental pueden ocurrir grabaciones de audio\/video y pueden tomarse fotograf\u00edas.<\/p>\n<p>Es posible que se le fotograf\u00ede, filme y\/o grabe de alguna otra forma, y que su imagen, voz y nombre se utilicen en relaci\u00f3n con las actividades de la Comisi\u00f3n para la Cooperaci\u00f3n Ambiental, especialmente en relaci\u00f3n con este evento. Esto puede incluir, entre otras cosas, el uso de este material audiovisual en p\u00e1ginas web, redes sociales y otras publicaciones. Si tiene alguna pregunta sobre este aviso, comun\u00edquese con <a href=\"mailto:events@cec.org\">events@cec.org<\/a>.<\/p>\n","protected":false},"excerpt":{"rendered":"<p>Por favor, tenga en cuenta que durante los eventos organizados por la Comisi\u00f3n para la Cooperaci\u00f3n Ambiental pueden ocurrir grabaciones de audio\/video y pueden tomarse fotograf\u00edas. Es posible que se le fotograf\u00ede, filme y\/o grabe de alguna otra forma, y que su imagen, voz y nombre se utilicen en relaci\u00f3n con las actividades de la [&hellip;]<\/p>\n","protected":false},"author":1,"featured_media":0,"parent":0,"menu_order":0,"comment_status":"closed","ping_status":"closed","template":"","meta":{"_acf_changed":false,"footnotes":""},"class_list":["post-60413","page","type-page","status-publish","hentry"],"acf":[],"yoast_head":"<!-- This site is optimized with the Yoast SEO Premium plugin v27.4 (Yoast SEO v27.4) - https:\/\/yoast.com\/product\/yoast-seo-premium-wordpress\/ -->\n<title>Aviso de grabaci\u00f3n de v\u00eddeo\/audio y fotograf\u00eda<\/title>\n<meta name=\"description\" content=\"Por favor, tenga en cuenta que durante los eventos organizados por la Comisi\u00f3n para la Cooperaci\u00f3n Ambiental pueden ocurrir grabaciones de audio\/video y\" \/>\n<meta name=\"robots\" content=\"index, follow, max-snippet:-1, max-image-preview:large, max-video-preview:-1\" \/>\n<link rel=\"canonical\" href=\"https:\/\/www.cec.org\/es\/aviso-de-grabacion-de-video-audio-y-fotografia\/\" \/>\n<meta property=\"og:locale\" content=\"es_ES\" \/>\n<meta property=\"og:type\" content=\"article\" \/>\n<meta property=\"og:title\" content=\"Aviso de grabaci\u00f3n de v\u00eddeo\/audio y fotograf\u00eda\" \/>\n<meta property=\"og:description\" content=\"Por favor, tenga en cuenta que durante los eventos organizados por la Comisi\u00f3n para la Cooperaci\u00f3n Ambiental pueden ocurrir grabaciones de audio\/video y\" \/>\n<meta property=\"og:url\" content=\"https:\/\/www.cec.org\/es\/aviso-de-grabacion-de-video-audio-y-fotografia\/\" \/>\n<meta property=\"og:site_name\" content=\"Comisi\u00f3n para la Cooperaci\u00f3n Ambiental\" \/>\n<meta property=\"article:publisher\" content=\"https:\/\/www.facebook.com\/CECconnect\" \/>\n<meta property=\"og:image\" content=\"https:\/\/www.cec.org\/wp-content\/uploads\/cec-cover2023.webp\" \/>\n\t<meta property=\"og:image:width\" content=\"1200\" \/>\n\t<meta property=\"og:image:height\" content=\"630\" \/>\n\t<meta property=\"og:image:type\" content=\"image\/webp\" \/>\n<meta name=\"twitter:card\" content=\"summary_large_image\" \/>\n<meta name=\"twitter:site\" content=\"@CECweb\" \/>\n<script type=\"application\/ld+json\" class=\"yoast-schema-graph\">{\"@context\":\"https:\\\/\\\/schema.org\",\"@graph\":[{\"@type\":\"WebPage\",\"@id\":\"https:\\\/\\\/www.cec.org\\\/es\\\/aviso-de-grabacion-de-video-audio-y-fotografia\\\/\",\"url\":\"https:\\\/\\\/www.cec.org\\\/es\\\/aviso-de-grabacion-de-video-audio-y-fotografia\\\/\",\"name\":\"Aviso de grabaci\u00f3n de v\u00eddeo\\\/audio y fotograf\u00eda\",\"isPartOf\":{\"@id\":\"https:\\\/\\\/www.cec.org\\\/es\\\/#website\"},\"datePublished\":\"2025-11-03T19:33:20+00:00\",\"description\":\"Por favor, tenga en cuenta que durante los eventos organizados por la Comisi\u00f3n para la Cooperaci\u00f3n Ambiental pueden ocurrir grabaciones de audio\\\/video y\",\"breadcrumb\":{\"@id\":\"https:\\\/\\\/www.cec.org\\\/es\\\/aviso-de-grabacion-de-video-audio-y-fotografia\\\/#breadcrumb\"},\"inLanguage\":\"es\",\"potentialAction\":[{\"@type\":\"ReadAction\",\"target\":[\"https:\\\/\\\/www.cec.org\\\/es\\\/aviso-de-grabacion-de-video-audio-y-fotografia\\\/\"]}]},{\"@type\":\"BreadcrumbList\",\"@id\":\"https:\\\/\\\/www.cec.org\\\/es\\\/aviso-de-grabacion-de-video-audio-y-fotografia\\\/#breadcrumb\",\"itemListElement\":[{\"@type\":\"ListItem\",\"position\":1,\"name\":\"Inicio\",\"item\":\"https:\\\/\\\/www.cec.org\\\/es\\\/\"},{\"@type\":\"ListItem\",\"position\":2,\"name\":\"Aviso de grabaci\u00f3n de v\u00eddeo\\\/audio y fotograf\u00eda\"}]},{\"@type\":\"WebSite\",\"@id\":\"https:\\\/\\\/www.cec.org\\\/es\\\/#website\",\"url\":\"https:\\\/\\\/www.cec.org\\\/es\\\/\",\"name\":\"Commission for Environmental Cooperation\",\"description\":\"Three countries working together to protect our shared environment\",\"alternateName\":\"CEC - CCA -CCE\",\"potentialAction\":[{\"@type\":\"SearchAction\",\"target\":{\"@type\":\"EntryPoint\",\"urlTemplate\":\"https:\\\/\\\/www.cec.org\\\/es\\\/?s={search_term_string}\"},\"query-input\":{\"@type\":\"PropertyValueSpecification\",\"valueRequired\":true,\"valueName\":\"search_term_string\"}}],\"inLanguage\":\"es\"}]}<\/script>\n<!-- \/ Yoast SEO Premium plugin. -->","yoast_head_json":{"title":"Aviso de grabaci\u00f3n de v\u00eddeo\/audio y fotograf\u00eda","description":"Por favor, tenga en cuenta que durante los eventos organizados por la Comisi\u00f3n para la Cooperaci\u00f3n Ambiental pueden ocurrir grabaciones de audio\/video y","robots":{"index":"index","follow":"follow","max-snippet":"max-snippet:-1","max-image-preview":"max-image-preview:large","max-video-preview":"max-video-preview:-1"},"canonical":"https:\/\/www.cec.org\/es\/aviso-de-grabacion-de-video-audio-y-fotografia\/","og_locale":"es_ES","og_type":"article","og_title":"Aviso de grabaci\u00f3n de v\u00eddeo\/audio y fotograf\u00eda","og_description":"Por favor, tenga en cuenta que durante los eventos organizados por la Comisi\u00f3n para la Cooperaci\u00f3n Ambiental pueden ocurrir grabaciones de audio\/video y","og_url":"https:\/\/www.cec.org\/es\/aviso-de-grabacion-de-video-audio-y-fotografia\/","og_site_name":"Comisi\u00f3n para la Cooperaci\u00f3n Ambiental","article_publisher":"https:\/\/www.facebook.com\/CECconnect","og_image":[{"width":1200,"height":630,"url":"https:\/\/www.cec.org\/wp-content\/uploads\/cec-cover2023.webp","type":"image\/webp"}],"twitter_card":"summary_large_image","twitter_site":"@CECweb","schema":{"@context":"https:\/\/schema.org","@graph":[{"@type":"WebPage","@id":"https:\/\/www.cec.org\/es\/aviso-de-grabacion-de-video-audio-y-fotografia\/","url":"https:\/\/www.cec.org\/es\/aviso-de-grabacion-de-video-audio-y-fotografia\/","name":"Aviso de grabaci\u00f3n de v\u00eddeo\/audio y fotograf\u00eda","isPartOf":{"@id":"https:\/\/www.cec.org\/es\/#website"},"datePublished":"2025-11-03T19:33:20+00:00","description":"Por favor, tenga en cuenta que durante los eventos organizados por la Comisi\u00f3n para la Cooperaci\u00f3n Ambiental pueden ocurrir grabaciones de audio\/video y","breadcrumb":{"@id":"https:\/\/www.cec.org\/es\/aviso-de-grabacion-de-video-audio-y-fotografia\/#breadcrumb"},"inLanguage":"es","potentialAction":[{"@type":"ReadAction","target":["https:\/\/www.cec.org\/es\/aviso-de-grabacion-de-video-audio-y-fotografia\/"]}]},{"@type":"BreadcrumbList","@id":"https:\/\/www.cec.org\/es\/aviso-de-grabacion-de-video-audio-y-fotografia\/#breadcrumb","itemListElement":[{"@type":"ListItem","position":1,"name":"Inicio","item":"https:\/\/www.cec.org\/es\/"},{"@type":"ListItem","position":2,"name":"Aviso de grabaci\u00f3n de v\u00eddeo\/audio y fotograf\u00eda"}]},{"@type":"WebSite","@id":"https:\/\/www.cec.org\/es\/#website","url":"https:\/\/www.cec.org\/es\/","name":"Commission for Environmental Cooperation","description":"Three countries working together to protect our shared environment","alternateName":"CEC - CCA -CCE","potentialAction":[{"@type":"SearchAction","target":{"@type":"EntryPoint","urlTemplate":"https:\/\/www.cec.org\/es\/?s={search_term_string}"},"query-input":{"@type":"PropertyValueSpecification","valueRequired":true,"valueName":"search_term_string"}}],"inLanguage":"es"}]}},"_links":{"self":[{"href":"https:\/\/www.cec.org\/es\/wp-json\/wp\/v2\/pages\/60413","targetHints":{"allow":["GET"]}}],"collection":[{"href":"https:\/\/www.cec.org\/es\/wp-json\/wp\/v2\/pages"}],"about":[{"href":"https:\/\/www.cec.org\/es\/wp-json\/wp\/v2\/types\/page"}],"author":[{"embeddable":true,"href":"https:\/\/www.cec.org\/es\/wp-json\/wp\/v2\/users\/1"}],"replies":[{"embeddable":true,"href":"https:\/\/www.cec.org\/es\/wp-json\/wp\/v2\/comments?post=60413"}],"version-history":[{"count":0,"href":"https:\/\/www.cec.org\/es\/wp-json\/wp\/v2\/pages\/60413\/revisions"}],"wp:attachment":[{"href":"https:\/\/www.cec.org\/es\/wp-json\/wp\/v2\/media?parent=60413"}],"curies":[{"name":"wp","href":"https:\/\/api.w.org\/{rel}","templated":true}]}}