{"id":48648,"date":"2022-04-04T13:12:09","date_gmt":"2022-04-04T17:12:09","guid":{"rendered":"http:\/\/www.cec.org\/mapmonday\/bosques-de-america-del-norte\/"},"modified":"2024-10-02T17:52:23","modified_gmt":"2024-10-02T21:52:23","slug":"bosques-de-america-del-norte","status":"publish","type":"mapmonday","link":"https:\/\/www.cec.org\/es\/mapmonday\/bosques-de-america-del-norte\/","title":{"rendered":"Bosques de Am\u00e9rica del Norte"},"content":{"rendered":"<p>La vida silvestre y los seres humanos est\u00e1n profundamente conectados con los bosques; la conservaci\u00f3n de estos ecosistemas requiere una buena comprensi\u00f3n de las diferencias clim\u00e1ticas y ecosist\u00e9micas.<\/p>\n<p>El D\u00eda Internacional de los Bosques de este a\u00f1o se dedic\u00f3 al tema \u201cBosques: consumo y producci\u00f3n sostenibles\u201d, con lo cual se destac\u00f3 el papel de estos ecosistemas en el cumplimiento de los Objetivos de Desarrollo Sostenible, as\u00ed como la importancia de su protecci\u00f3n y conservaci\u00f3n mediante el uso sustentable de los recursos naturales.<\/p>\n<p>Con base en nuevos datos obtenidos, la Comisi\u00f3n para la Cooperaci\u00f3n Ambiental acaba de actualizar su capa cartogr\u00e1fica de bosques de Am\u00e9rica del Norte, disponible en el Atlas ambiental de Am\u00e9rica del Norte.<\/p>\n<p><a href=\"https:\/\/bit.ly\/3LDYGyf\">\u00c9chale un vistazo<\/a>.<\/p>\n","protected":false},"excerpt":{"rendered":"<p>La vida silvestre y los seres humanos est\u00e1n profundamente conectados con los bosques; la conservaci\u00f3n de estos ecosistemas requiere una buena comprensi\u00f3n de las diferencias clim\u00e1ticas y ecosist\u00e9micas. El D\u00eda Internacional de los Bosques de este a\u00f1o se dedic\u00f3 al tema \u201cBosques: consumo y producci\u00f3n sostenibles\u201d, con lo cual se destac\u00f3 el papel de estos [&hellip;]<\/p>\n","protected":false},"featured_media":48646,"template":"","class_list":["post-48648","mapmonday","type-mapmonday","status-publish","has-post-thumbnail","hentry","map_keyword-ecorregiones"],"acf":[],"yoast_head":"<!-- This site is optimized with the Yoast SEO Premium plugin v27.4 (Yoast SEO v27.4) - https:\/\/yoast.com\/product\/yoast-seo-premium-wordpress\/ -->\n<title>Bosques de Am\u00e9rica del Norte<\/title>\n<meta name=\"description\" content=\"La vida silvestre y los seres humanos est\u00e1n profundamente conectados con los bosques; la conservaci\u00f3n de estos ecosistemas requiere una buena comprensi\u00f3n\" \/>\n<meta name=\"robots\" content=\"index, follow, max-snippet:-1, max-image-preview:large, max-video-preview:-1\" \/>\n<link rel=\"canonical\" href=\"https:\/\/www.cec.org\/es\/mapmonday\/bosques-de-america-del-norte\/\" \/>\n<meta property=\"og:locale\" content=\"es_ES\" \/>\n<meta property=\"og:type\" content=\"article\" \/>\n<meta property=\"og:title\" content=\"Bosques de Am\u00e9rica del Norte\" \/>\n<meta property=\"og:description\" content=\"La vida silvestre y los seres humanos est\u00e1n profundamente conectados con los bosques; la conservaci\u00f3n de estos ecosistemas requiere una buena comprensi\u00f3n\" \/>\n<meta property=\"og:url\" content=\"https:\/\/www.cec.org\/es\/mapmonday\/bosques-de-america-del-norte\/\" \/>\n<meta property=\"og:site_name\" content=\"Comisi\u00f3n para la Cooperaci\u00f3n Ambiental\" \/>\n<meta property=\"article:publisher\" content=\"https:\/\/www.facebook.com\/CECconnect\" \/>\n<meta property=\"article:modified_time\" content=\"2024-10-02T21:52:23+00:00\" \/>\n<meta property=\"og:image\" content=\"https:\/\/www.cec.org\/wp-content\/uploads\/CEC_MapMonday_April2022_v1_Es-800x800.png\" \/>\n\t<meta property=\"og:image:width\" content=\"800\" \/>\n\t<meta property=\"og:image:height\" content=\"800\" \/>\n\t<meta property=\"og:image:type\" content=\"image\/png\" \/>\n<meta name=\"twitter:card\" content=\"summary_large_image\" \/>\n<meta name=\"twitter:site\" content=\"@CECweb\" \/>\n<script type=\"application\/ld+json\" class=\"yoast-schema-graph\">{\"@context\":\"https:\\\/\\\/schema.org\",\"@graph\":[{\"@type\":\"WebPage\",\"@id\":\"https:\\\/\\\/www.cec.org\\\/es\\\/mapmonday\\\/bosques-de-america-del-norte\\\/\",\"url\":\"https:\\\/\\\/www.cec.org\\\/es\\\/mapmonday\\\/bosques-de-america-del-norte\\\/\",\"name\":\"Bosques de Am\u00e9rica del Norte\",\"isPartOf\":{\"@id\":\"https:\\\/\\\/www.cec.org\\\/es\\\/#website\"},\"primaryImageOfPage\":{\"@id\":\"https:\\\/\\\/www.cec.org\\\/es\\\/mapmonday\\\/bosques-de-america-del-norte\\\/#primaryimage\"},\"image\":{\"@id\":\"https:\\\/\\\/www.cec.org\\\/es\\\/mapmonday\\\/bosques-de-america-del-norte\\\/#primaryimage\"},\"thumbnailUrl\":\"https:\\\/\\\/www.cec.org\\\/wp-content\\\/uploads\\\/CEC_MapMonday_April2022_v1_Es.png\",\"datePublished\":\"2022-04-04T17:12:09+00:00\",\"dateModified\":\"2024-10-02T21:52:23+00:00\",\"description\":\"La vida silvestre y los seres humanos est\u00e1n profundamente conectados con los bosques; la conservaci\u00f3n de estos ecosistemas requiere una buena comprensi\u00f3n\",\"breadcrumb\":{\"@id\":\"https:\\\/\\\/www.cec.org\\\/es\\\/mapmonday\\\/bosques-de-america-del-norte\\\/#breadcrumb\"},\"inLanguage\":\"es\",\"potentialAction\":[{\"@type\":\"ReadAction\",\"target\":[\"https:\\\/\\\/www.cec.org\\\/es\\\/mapmonday\\\/bosques-de-america-del-norte\\\/\"]}]},{\"@type\":\"ImageObject\",\"inLanguage\":\"es\",\"@id\":\"https:\\\/\\\/www.cec.org\\\/es\\\/mapmonday\\\/bosques-de-america-del-norte\\\/#primaryimage\",\"url\":\"https:\\\/\\\/www.cec.org\\\/wp-content\\\/uploads\\\/CEC_MapMonday_April2022_v1_Es.png\",\"contentUrl\":\"https:\\\/\\\/www.cec.org\\\/wp-content\\\/uploads\\\/CEC_MapMonday_April2022_v1_Es.png\",\"width\":4088,\"height\":4088,\"caption\":\"CEC Atlas Map\"},{\"@type\":\"BreadcrumbList\",\"@id\":\"https:\\\/\\\/www.cec.org\\\/es\\\/mapmonday\\\/bosques-de-america-del-norte\\\/#breadcrumb\",\"itemListElement\":[{\"@type\":\"ListItem\",\"position\":1,\"name\":\"Inicio\",\"item\":\"https:\\\/\\\/www.cec.org\\\/es\\\/\"},{\"@type\":\"ListItem\",\"position\":2,\"name\":\"Bosques de Am\u00e9rica del Norte\"}]},{\"@type\":\"WebSite\",\"@id\":\"https:\\\/\\\/www.cec.org\\\/es\\\/#website\",\"url\":\"https:\\\/\\\/www.cec.org\\\/es\\\/\",\"name\":\"Commission for Environmental Cooperation\",\"description\":\"Three countries working together to protect our shared environment\",\"alternateName\":\"CEC - CCA -CCE\",\"potentialAction\":[{\"@type\":\"SearchAction\",\"target\":{\"@type\":\"EntryPoint\",\"urlTemplate\":\"https:\\\/\\\/www.cec.org\\\/es\\\/?s={search_term_string}\"},\"query-input\":{\"@type\":\"PropertyValueSpecification\",\"valueRequired\":true,\"valueName\":\"search_term_string\"}}],\"inLanguage\":\"es\"}]}<\/script>\n<!-- \/ Yoast SEO Premium plugin. -->","yoast_head_json":{"title":"Bosques de Am\u00e9rica del Norte","description":"La vida silvestre y los seres humanos est\u00e1n profundamente conectados con los bosques; la conservaci\u00f3n de estos ecosistemas requiere una buena comprensi\u00f3n","robots":{"index":"index","follow":"follow","max-snippet":"max-snippet:-1","max-image-preview":"max-image-preview:large","max-video-preview":"max-video-preview:-1"},"canonical":"https:\/\/www.cec.org\/es\/mapmonday\/bosques-de-america-del-norte\/","og_locale":"es_ES","og_type":"article","og_title":"Bosques de Am\u00e9rica del Norte","og_description":"La vida silvestre y los seres humanos est\u00e1n profundamente conectados con los bosques; la conservaci\u00f3n de estos ecosistemas requiere una buena comprensi\u00f3n","og_url":"https:\/\/www.cec.org\/es\/mapmonday\/bosques-de-america-del-norte\/","og_site_name":"Comisi\u00f3n para la Cooperaci\u00f3n Ambiental","article_publisher":"https:\/\/www.facebook.com\/CECconnect","article_modified_time":"2024-10-02T21:52:23+00:00","og_image":[{"width":800,"height":800,"url":"https:\/\/www.cec.org\/wp-content\/uploads\/CEC_MapMonday_April2022_v1_Es-800x800.png","type":"image\/png"}],"twitter_card":"summary_large_image","twitter_site":"@CECweb","schema":{"@context":"https:\/\/schema.org","@graph":[{"@type":"WebPage","@id":"https:\/\/www.cec.org\/es\/mapmonday\/bosques-de-america-del-norte\/","url":"https:\/\/www.cec.org\/es\/mapmonday\/bosques-de-america-del-norte\/","name":"Bosques de Am\u00e9rica del Norte","isPartOf":{"@id":"https:\/\/www.cec.org\/es\/#website"},"primaryImageOfPage":{"@id":"https:\/\/www.cec.org\/es\/mapmonday\/bosques-de-america-del-norte\/#primaryimage"},"image":{"@id":"https:\/\/www.cec.org\/es\/mapmonday\/bosques-de-america-del-norte\/#primaryimage"},"thumbnailUrl":"https:\/\/www.cec.org\/wp-content\/uploads\/CEC_MapMonday_April2022_v1_Es.png","datePublished":"2022-04-04T17:12:09+00:00","dateModified":"2024-10-02T21:52:23+00:00","description":"La vida silvestre y los seres humanos est\u00e1n profundamente conectados con los bosques; la conservaci\u00f3n de estos ecosistemas requiere una buena comprensi\u00f3n","breadcrumb":{"@id":"https:\/\/www.cec.org\/es\/mapmonday\/bosques-de-america-del-norte\/#breadcrumb"},"inLanguage":"es","potentialAction":[{"@type":"ReadAction","target":["https:\/\/www.cec.org\/es\/mapmonday\/bosques-de-america-del-norte\/"]}]},{"@type":"ImageObject","inLanguage":"es","@id":"https:\/\/www.cec.org\/es\/mapmonday\/bosques-de-america-del-norte\/#primaryimage","url":"https:\/\/www.cec.org\/wp-content\/uploads\/CEC_MapMonday_April2022_v1_Es.png","contentUrl":"https:\/\/www.cec.org\/wp-content\/uploads\/CEC_MapMonday_April2022_v1_Es.png","width":4088,"height":4088,"caption":"CEC Atlas Map"},{"@type":"BreadcrumbList","@id":"https:\/\/www.cec.org\/es\/mapmonday\/bosques-de-america-del-norte\/#breadcrumb","itemListElement":[{"@type":"ListItem","position":1,"name":"Inicio","item":"https:\/\/www.cec.org\/es\/"},{"@type":"ListItem","position":2,"name":"Bosques de Am\u00e9rica del Norte"}]},{"@type":"WebSite","@id":"https:\/\/www.cec.org\/es\/#website","url":"https:\/\/www.cec.org\/es\/","name":"Commission for Environmental Cooperation","description":"Three countries working together to protect our shared environment","alternateName":"CEC - CCA -CCE","potentialAction":[{"@type":"SearchAction","target":{"@type":"EntryPoint","urlTemplate":"https:\/\/www.cec.org\/es\/?s={search_term_string}"},"query-input":{"@type":"PropertyValueSpecification","valueRequired":true,"valueName":"search_term_string"}}],"inLanguage":"es"}]}},"_links":{"self":[{"href":"https:\/\/www.cec.org\/es\/wp-json\/wp\/v2\/mapmonday\/48648","targetHints":{"allow":["GET"]}}],"collection":[{"href":"https:\/\/www.cec.org\/es\/wp-json\/wp\/v2\/mapmonday"}],"about":[{"href":"https:\/\/www.cec.org\/es\/wp-json\/wp\/v2\/types\/mapmonday"}],"wp:featuredmedia":[{"embeddable":true,"href":"https:\/\/www.cec.org\/es\/wp-json\/wp\/v2\/media\/48646"}],"wp:attachment":[{"href":"https:\/\/www.cec.org\/es\/wp-json\/wp\/v2\/media?parent=48648"}],"curies":[{"name":"wp","href":"https:\/\/api.w.org\/{rel}","templated":true}]}}