{"id":46416,"date":"2021-10-26T13:19:55","date_gmt":"2021-10-26T17:19:55","guid":{"rendered":"http:\/\/www.cec.org\/north-american-partnership-for-environmental-community-action\/napeca-grants\/redes-comunitarias-de-manejo-integrado-del-paisaje-para-la-resiliencia-climatica\/"},"modified":"2024-06-22T12:27:40","modified_gmt":"2024-06-22T16:27:40","slug":"redes-comunitarias-de-manejo-integrado-del-paisaje-para-la-resiliencia-climatica","status":"publish","type":"grants","link":"https:\/\/www.cec.org\/es\/north-american-partnership-for-environmental-community-action\/napeca-grants\/redes-comunitarias-de-manejo-integrado-del-paisaje-para-la-resiliencia-climatica\/","title":{"rendered":"Redes comunitarias de manejo integrado del paisaje para la resiliencia clim\u00e1tica"},"content":{"rendered":"<h4><strong>Antecedentes<\/strong><\/h4>\n<p>Asentadas en \u00e1reas naturales protegidas de dos corredores ecol\u00f3gicos en zonas tropicales en el sur-sureste de M\u00e9xico de gran importancia para la conservaci\u00f3n de la biodiversidad, numerosas comunidades rurales e ind\u00edgenas se encuentran en condiciones de alta vulnerabilidad social y ambiental, dado el incremento de la intensidad y frecuencia, en a\u00f1os recientes, de fen\u00f3menos clim\u00e1ticos extremos, como incendios forestales, lluvias y vientos intensos, inundaciones y sequ\u00edas. Asimismo, las presiones antropog\u00e9nicas a los ecosistemas derivadas de pr\u00e1cticas agr\u00edcolas y ganaderas no sustentables (que constituyen los principales medios de vida comunitarios), sumadas a conflictos territoriales prevalecientes, han provocado p\u00e9rdida y fragmentaci\u00f3n del h\u00e1bitat, erosi\u00f3n y cambios de uso de suelo que limitan o alteran servicios ecosist\u00e9micos fundamentales para hacer frente a los fen\u00f3menos clim\u00e1ticos extremos en la regi\u00f3n. Como consecuencia, se han generado mayores pobreza y desigualdad.<\/p>\n<p>El proyecto se propone incrementar la resiliencia ante eventos clim\u00e1ticos extremos de seis comunidades rurales de los municipios de Centla, en Tabasco, y Cintalapa, en Chiapas, M\u00e9xico, mediante la implementaci\u00f3n de soluciones basadas en la naturaleza y la conformaci\u00f3n de redes territoriales articuladoras para la gesti\u00f3n local del riesgo clim\u00e1tico. La idea es aprovechar pr\u00e1cticas y conocimientos locales para la adaptaci\u00f3n, as\u00ed como acciones comunitarias de restauraci\u00f3n, conservaci\u00f3n y manejo integrado del paisaje que algunos grupos han puesto ya en marcha, con elementos de restauraci\u00f3n ecol\u00f3gica, manejo integral del fuego e implementaci\u00f3n de sistemas silvopastoriles que se traducen en una mayor conectividad ecol\u00f3gica, medios y condiciones de vida incrementados, y conocimientos y pr\u00e1cticas locales preservadas. El modelo se caracteriza por una visi\u00f3n de participaci\u00f3n comunitaria y gobernanza local a trav\u00e9s de redes comunitarias y de la vinculaci\u00f3n con autoridades gubernamentales, y se basa en la impartici\u00f3n de talleres para el fortalecimiento de capacidades locales en gesti\u00f3n del riesgo clim\u00e1tico, sistemas de alerta ante fen\u00f3menos extremos y prevenci\u00f3n de desastres.<\/p>\n<h4><strong>Metas<\/strong><\/h4>\n<ul>\n<li>Integrar a las seis comunidades locales participantes en un sistema intercomunitario de redes de alerta temprana para prepararse y responder efectivamente ante fen\u00f3menos clim\u00e1ticos extremos.<\/li>\n<li>Capacitar a 160 l\u00edderes comunitarios en la implementaci\u00f3n de estrategias locales de preparaci\u00f3n, respuesta y adaptaci\u00f3n ante eventos clim\u00e1ticos extremos por medio de soluciones basadas en la naturaleza.<\/li>\n<li>Completar y actualizar dos planes de adaptaci\u00f3n y gesti\u00f3n de riesgos clim\u00e1ticos, a fin de impulsar su implementaci\u00f3n.<\/li>\n<li>Producir 120,000 plantas al a\u00f1o en el vivero comunitario para reforestaci\u00f3n del municipio de Cintalapa.<\/li>\n<li>Implementar pr\u00e1cticas de manejo silvopastoriles en 150 hect\u00e1reas en Cintalapa.<\/li>\n<li>Generar y dar mantenimiento a un total de 25 kil\u00f3metros de brechas cortafuego para protecci\u00f3n ante incendios forestales de zonas de manglar restauradas\/conservadas en Centla.<\/li>\n<li>Restaurar 30 hect\u00e1reas de manglar con participaci\u00f3n comunitaria en Centla, a sumarse a otras 50 hect\u00e1reas en proceso de restauraci\u00f3n.<\/li>\n<li>Capacitar y equipar dos brigadas comunitarias de prevenci\u00f3n de incendios forestales en Centla.<\/li>\n<li>Integrar cinco fichas de identificaci\u00f3n y an\u00e1lisis de riesgos para otras tantas soluciones basadas en la naturaleza a implementarse como parte del proyecto.<\/li>\n<li>Documentar diez pr\u00e1cticas locales relevantes, con enfoque de soluciones basadas en la naturaleza.<\/li>\n<li>Elaborar 15 productos de comunicaci\u00f3n para difundir estrategias de adaptaci\u00f3n basada en la gesti\u00f3n sostenible de ecosistemas.<\/li>\n<li>Motivar y lograr el compromiso de cien l\u00edderes comunitarios que participan y comparten en diversos encuentros e intercambios de pr\u00e1cticas y conocimientos locales para la resiliencia clim\u00e1tica.<\/li>\n<li>Documentar diez lecciones aprendidas en torno a la implementaci\u00f3n del modelo de redes comunitarias de manejo integral del paisaje para la resiliencia clim\u00e1tica.<\/li>\n<\/ul>\n<h4><strong>Actividades principales<\/strong><\/h4>\n<ul>\n<li>Dise\u00f1o e implementaci\u00f3n de cuatro talleres de capacitaci\u00f3n en gesti\u00f3n local del riesgo ante fen\u00f3menos clim\u00e1ticos extremos a partir de soluciones basadas en la naturaleza.<\/li>\n<li>Dise\u00f1o e implementaci\u00f3n participativa de un sistema intercomunitario de redes de alerta temprana ante fen\u00f3menos clim\u00e1ticos extremos.<\/li>\n<li>Facilitaci\u00f3n de espacios de di\u00e1logo y concertaci\u00f3n con las autoridades municipales para la construcci\u00f3n de acuerdos que acompa\u00f1en e impulsen la instrumentaci\u00f3n de los planes de adaptaci\u00f3n y gesti\u00f3n de riesgos clim\u00e1ticos.<\/li>\n<li>Mantenimiento y consolidaci\u00f3n del manejo de un vivero forestal comunitario.<\/li>\n<li>Reforestaci\u00f3n comunitaria de 50 hect\u00e1reas con especies forestales y forrajeras nativas y adaptables a la variabilidad clim\u00e1tica.<\/li>\n<li>Mantenimiento, y en algunos casos creaci\u00f3n, de un total de 25 km de brechas cortafuego para protecci\u00f3n ante incendios forestales de zonas de manglar restauradas y conservadas en Centla.<\/li>\n<li>Limpieza de canales y restauraci\u00f3n \u2014con participaci\u00f3n comunitaria\u2014 de 30 hect\u00e1reas de manglar para prevenci\u00f3n de inundaciones.<\/li>\n<li>Impartici\u00f3n de dos talleres de capacitaci\u00f3n en manejo integrado del fuego, as\u00ed como dotaci\u00f3n de equipo b\u00e1sico de protecci\u00f3n a brigadas comunitarias.<\/li>\n<li>Aplicaci\u00f3n, en las obras y acciones implementadas, de fichas de identificaci\u00f3n y an\u00e1lisis de riesgos.<\/li>\n<li>Documentaci\u00f3n de cuando menos diez pr\u00e1cticas comunitarias basadas en el conocimiento local para la resiliencia clim\u00e1tica desde la conservaci\u00f3n y el manejo de los ecosistemas.<\/li>\n<li>Elaboraci\u00f3n de materiales de comunicaci\u00f3n social en torno a las pr\u00e1cticas seleccionadas, en formatos gr\u00e1fico (10) y audiovisual (5), con criterios de pertinencia cultural y perspectiva de g\u00e9nero, dirigidos a comunidades locales, y para difusi\u00f3n en espacios p\u00fablicos comunitarios y medios digitales.<\/li>\n<li>Dos encuentros de aprendizaje horizontal e intercambio de experiencias y pr\u00e1cticas locales para la adaptaci\u00f3n al cambio clim\u00e1tico.<\/li>\n<li>Realizaci\u00f3n de cuando menos un taller participativo de sistematizaci\u00f3n de experiencias con el prop\u00f3sito de identificar las principales lecciones aprendidas y buenas pr\u00e1cticas del proceso.<\/li>\n<\/ul>\n<h4><strong>Resultados\u00a0<\/strong><\/h4>\n<ul>\n<li>Capital social comunitario incrementado para prepararse, responder y adaptarse ante los eventos clim\u00e1ticos extremos en el territorio.<\/li>\n<li>Conectividad ecol\u00f3gica y manejo integrado del paisaje fortalecidos mediante implementaci\u00f3n de sistemas silvopastoriles, restauraci\u00f3n ecol\u00f3gica estrat\u00e9gica y manejo integral del fuego.<\/li>\n<li>Conocimientos y pr\u00e1cticas locales preservadas, difundidas y con efectividad mejorada ante contextos de cambio clim\u00e1tico.<\/li>\n<\/ul>\n","protected":false},"excerpt":{"rendered":"<p>Antecedentes Asentadas en \u00e1reas naturales protegidas de dos corredores ecol\u00f3gicos en zonas tropicales en el sur-sureste de M\u00e9xico de gran importancia para la conservaci\u00f3n de la biodiversidad, numerosas comunidades rurales e ind\u00edgenas se encuentran en condiciones de alta vulnerabilidad social y ambiental, dado el incremento de la intensidad y frecuencia, en a\u00f1os recientes, de fen\u00f3menos [&hellip;]<\/p>\n","protected":false},"featured_media":46377,"template":"","class_list":["post-46416","grants","type-grants","status-publish","has-post-thumbnail","hentry","country-mexico-es","status-concluido"],"acf":[],"yoast_head":"<!-- This site is optimized with the Yoast SEO Premium plugin v27.4 (Yoast SEO v27.4) - https:\/\/yoast.com\/product\/yoast-seo-premium-wordpress\/ -->\n<title>Redes comunitarias de manejo integrado del paisaje para la<\/title>\n<meta name=\"description\" content=\"Asentadas en \u00e1reas naturales protegidas de dos corredores ecol\u00f3gicos en zonas tropicales en el sur-sureste de M\u00e9xico...\" \/>\n<meta name=\"robots\" content=\"index, follow, max-snippet:-1, max-image-preview:large, max-video-preview:-1\" \/>\n<link rel=\"canonical\" href=\"https:\/\/www.cec.org\/es\/north-american-partnership-for-environmental-community-action\/napeca-grants\/redes-comunitarias-de-manejo-integrado-del-paisaje-para-la-resiliencia-climatica\/\" \/>\n<meta property=\"og:locale\" content=\"es_ES\" \/>\n<meta property=\"og:type\" content=\"article\" \/>\n<meta property=\"og:title\" content=\"Redes comunitarias de manejo integrado del paisaje para la resiliencia clim\u00e1tica\" \/>\n<meta property=\"og:description\" content=\"Antecedentes Asentadas en \u00e1reas naturales protegidas de dos corredores ecol\u00f3gicos en zonas tropicales en el sur-sureste de M\u00e9xico de gran importancia para\" \/>\n<meta property=\"og:url\" content=\"https:\/\/www.cec.org\/es\/north-american-partnership-for-environmental-community-action\/napeca-grants\/redes-comunitarias-de-manejo-integrado-del-paisaje-para-la-resiliencia-climatica\/\" \/>\n<meta property=\"og:site_name\" content=\"Comisi\u00f3n para la Cooperaci\u00f3n Ambiental\" \/>\n<meta property=\"article:publisher\" content=\"https:\/\/www.facebook.com\/CECconnect\" \/>\n<meta property=\"article:modified_time\" content=\"2024-06-22T16:27:40+00:00\" \/>\n<meta property=\"og:image\" content=\"https:\/\/www.cec.org\/wp-content\/uploads\/project-05.jpg\" \/>\n\t<meta property=\"og:image:width\" content=\"510\" \/>\n\t<meta property=\"og:image:height\" content=\"340\" \/>\n\t<meta property=\"og:image:type\" content=\"image\/jpeg\" \/>\n<meta name=\"twitter:card\" content=\"summary_large_image\" \/>\n<meta name=\"twitter:site\" content=\"@CECweb\" \/>\n<script type=\"application\/ld+json\" class=\"yoast-schema-graph\">{\"@context\":\"https:\\\/\\\/schema.org\",\"@graph\":[{\"@type\":\"WebPage\",\"@id\":\"https:\\\/\\\/www.cec.org\\\/es\\\/north-american-partnership-for-environmental-community-action\\\/napeca-grants\\\/redes-comunitarias-de-manejo-integrado-del-paisaje-para-la-resiliencia-climatica\\\/\",\"url\":\"https:\\\/\\\/www.cec.org\\\/es\\\/north-american-partnership-for-environmental-community-action\\\/napeca-grants\\\/redes-comunitarias-de-manejo-integrado-del-paisaje-para-la-resiliencia-climatica\\\/\",\"name\":\"Redes comunitarias de manejo integrado del paisaje para la\",\"isPartOf\":{\"@id\":\"https:\\\/\\\/www.cec.org\\\/es\\\/#website\"},\"primaryImageOfPage\":{\"@id\":\"https:\\\/\\\/www.cec.org\\\/es\\\/north-american-partnership-for-environmental-community-action\\\/napeca-grants\\\/redes-comunitarias-de-manejo-integrado-del-paisaje-para-la-resiliencia-climatica\\\/#primaryimage\"},\"image\":{\"@id\":\"https:\\\/\\\/www.cec.org\\\/es\\\/north-american-partnership-for-environmental-community-action\\\/napeca-grants\\\/redes-comunitarias-de-manejo-integrado-del-paisaje-para-la-resiliencia-climatica\\\/#primaryimage\"},\"thumbnailUrl\":\"https:\\\/\\\/www.cec.org\\\/wp-content\\\/uploads\\\/project-05.jpg\",\"datePublished\":\"2021-10-26T17:19:55+00:00\",\"dateModified\":\"2024-06-22T16:27:40+00:00\",\"description\":\"Asentadas en \u00e1reas naturales protegidas de dos corredores ecol\u00f3gicos en zonas tropicales en el sur-sureste de M\u00e9xico...\",\"breadcrumb\":{\"@id\":\"https:\\\/\\\/www.cec.org\\\/es\\\/north-american-partnership-for-environmental-community-action\\\/napeca-grants\\\/redes-comunitarias-de-manejo-integrado-del-paisaje-para-la-resiliencia-climatica\\\/#breadcrumb\"},\"inLanguage\":\"es\",\"potentialAction\":[{\"@type\":\"ReadAction\",\"target\":[\"https:\\\/\\\/www.cec.org\\\/es\\\/north-american-partnership-for-environmental-community-action\\\/napeca-grants\\\/redes-comunitarias-de-manejo-integrado-del-paisaje-para-la-resiliencia-climatica\\\/\"]}]},{\"@type\":\"ImageObject\",\"inLanguage\":\"es\",\"@id\":\"https:\\\/\\\/www.cec.org\\\/es\\\/north-american-partnership-for-environmental-community-action\\\/napeca-grants\\\/redes-comunitarias-de-manejo-integrado-del-paisaje-para-la-resiliencia-climatica\\\/#primaryimage\",\"url\":\"https:\\\/\\\/www.cec.org\\\/wp-content\\\/uploads\\\/project-05.jpg\",\"contentUrl\":\"https:\\\/\\\/www.cec.org\\\/wp-content\\\/uploads\\\/project-05.jpg\",\"width\":510,\"height\":340,\"caption\":\"manejo integrado del paisaje\"},{\"@type\":\"BreadcrumbList\",\"@id\":\"https:\\\/\\\/www.cec.org\\\/es\\\/north-american-partnership-for-environmental-community-action\\\/napeca-grants\\\/redes-comunitarias-de-manejo-integrado-del-paisaje-para-la-resiliencia-climatica\\\/#breadcrumb\",\"itemListElement\":[{\"@type\":\"ListItem\",\"position\":1,\"name\":\"Inicio\",\"item\":\"https:\\\/\\\/www.cec.org\\\/es\\\/\"},{\"@type\":\"ListItem\",\"position\":2,\"name\":\"Redes comunitarias de manejo integrado del paisaje para la resiliencia clim\u00e1tica\"}]},{\"@type\":\"WebSite\",\"@id\":\"https:\\\/\\\/www.cec.org\\\/es\\\/#website\",\"url\":\"https:\\\/\\\/www.cec.org\\\/es\\\/\",\"name\":\"Commission for Environmental Cooperation\",\"description\":\"Three countries working together to protect our shared environment\",\"alternateName\":\"CEC - CCA -CCE\",\"potentialAction\":[{\"@type\":\"SearchAction\",\"target\":{\"@type\":\"EntryPoint\",\"urlTemplate\":\"https:\\\/\\\/www.cec.org\\\/es\\\/?s={search_term_string}\"},\"query-input\":{\"@type\":\"PropertyValueSpecification\",\"valueRequired\":true,\"valueName\":\"search_term_string\"}}],\"inLanguage\":\"es\"}]}<\/script>\n<!-- \/ Yoast SEO Premium plugin. -->","yoast_head_json":{"title":"Redes comunitarias de manejo integrado del paisaje para la","description":"Asentadas en \u00e1reas naturales protegidas de dos corredores ecol\u00f3gicos en zonas tropicales en el sur-sureste de M\u00e9xico...","robots":{"index":"index","follow":"follow","max-snippet":"max-snippet:-1","max-image-preview":"max-image-preview:large","max-video-preview":"max-video-preview:-1"},"canonical":"https:\/\/www.cec.org\/es\/north-american-partnership-for-environmental-community-action\/napeca-grants\/redes-comunitarias-de-manejo-integrado-del-paisaje-para-la-resiliencia-climatica\/","og_locale":"es_ES","og_type":"article","og_title":"Redes comunitarias de manejo integrado del paisaje para la resiliencia clim\u00e1tica","og_description":"Antecedentes Asentadas en \u00e1reas naturales protegidas de dos corredores ecol\u00f3gicos en zonas tropicales en el sur-sureste de M\u00e9xico de gran importancia para","og_url":"https:\/\/www.cec.org\/es\/north-american-partnership-for-environmental-community-action\/napeca-grants\/redes-comunitarias-de-manejo-integrado-del-paisaje-para-la-resiliencia-climatica\/","og_site_name":"Comisi\u00f3n para la Cooperaci\u00f3n Ambiental","article_publisher":"https:\/\/www.facebook.com\/CECconnect","article_modified_time":"2024-06-22T16:27:40+00:00","og_image":[{"width":510,"height":340,"url":"https:\/\/www.cec.org\/wp-content\/uploads\/project-05.jpg","type":"image\/jpeg"}],"twitter_card":"summary_large_image","twitter_site":"@CECweb","schema":{"@context":"https:\/\/schema.org","@graph":[{"@type":"WebPage","@id":"https:\/\/www.cec.org\/es\/north-american-partnership-for-environmental-community-action\/napeca-grants\/redes-comunitarias-de-manejo-integrado-del-paisaje-para-la-resiliencia-climatica\/","url":"https:\/\/www.cec.org\/es\/north-american-partnership-for-environmental-community-action\/napeca-grants\/redes-comunitarias-de-manejo-integrado-del-paisaje-para-la-resiliencia-climatica\/","name":"Redes comunitarias de manejo integrado del paisaje para la","isPartOf":{"@id":"https:\/\/www.cec.org\/es\/#website"},"primaryImageOfPage":{"@id":"https:\/\/www.cec.org\/es\/north-american-partnership-for-environmental-community-action\/napeca-grants\/redes-comunitarias-de-manejo-integrado-del-paisaje-para-la-resiliencia-climatica\/#primaryimage"},"image":{"@id":"https:\/\/www.cec.org\/es\/north-american-partnership-for-environmental-community-action\/napeca-grants\/redes-comunitarias-de-manejo-integrado-del-paisaje-para-la-resiliencia-climatica\/#primaryimage"},"thumbnailUrl":"https:\/\/www.cec.org\/wp-content\/uploads\/project-05.jpg","datePublished":"2021-10-26T17:19:55+00:00","dateModified":"2024-06-22T16:27:40+00:00","description":"Asentadas en \u00e1reas naturales protegidas de dos corredores ecol\u00f3gicos en zonas tropicales en el sur-sureste de M\u00e9xico...","breadcrumb":{"@id":"https:\/\/www.cec.org\/es\/north-american-partnership-for-environmental-community-action\/napeca-grants\/redes-comunitarias-de-manejo-integrado-del-paisaje-para-la-resiliencia-climatica\/#breadcrumb"},"inLanguage":"es","potentialAction":[{"@type":"ReadAction","target":["https:\/\/www.cec.org\/es\/north-american-partnership-for-environmental-community-action\/napeca-grants\/redes-comunitarias-de-manejo-integrado-del-paisaje-para-la-resiliencia-climatica\/"]}]},{"@type":"ImageObject","inLanguage":"es","@id":"https:\/\/www.cec.org\/es\/north-american-partnership-for-environmental-community-action\/napeca-grants\/redes-comunitarias-de-manejo-integrado-del-paisaje-para-la-resiliencia-climatica\/#primaryimage","url":"https:\/\/www.cec.org\/wp-content\/uploads\/project-05.jpg","contentUrl":"https:\/\/www.cec.org\/wp-content\/uploads\/project-05.jpg","width":510,"height":340,"caption":"manejo integrado del paisaje"},{"@type":"BreadcrumbList","@id":"https:\/\/www.cec.org\/es\/north-american-partnership-for-environmental-community-action\/napeca-grants\/redes-comunitarias-de-manejo-integrado-del-paisaje-para-la-resiliencia-climatica\/#breadcrumb","itemListElement":[{"@type":"ListItem","position":1,"name":"Inicio","item":"https:\/\/www.cec.org\/es\/"},{"@type":"ListItem","position":2,"name":"Redes comunitarias de manejo integrado del paisaje para la resiliencia clim\u00e1tica"}]},{"@type":"WebSite","@id":"https:\/\/www.cec.org\/es\/#website","url":"https:\/\/www.cec.org\/es\/","name":"Commission for Environmental Cooperation","description":"Three countries working together to protect our shared environment","alternateName":"CEC - CCA -CCE","potentialAction":[{"@type":"SearchAction","target":{"@type":"EntryPoint","urlTemplate":"https:\/\/www.cec.org\/es\/?s={search_term_string}"},"query-input":{"@type":"PropertyValueSpecification","valueRequired":true,"valueName":"search_term_string"}}],"inLanguage":"es"}]}},"_links":{"self":[{"href":"https:\/\/www.cec.org\/es\/wp-json\/wp\/v2\/grants\/46416","targetHints":{"allow":["GET"]}}],"collection":[{"href":"https:\/\/www.cec.org\/es\/wp-json\/wp\/v2\/grants"}],"about":[{"href":"https:\/\/www.cec.org\/es\/wp-json\/wp\/v2\/types\/grants"}],"wp:featuredmedia":[{"embeddable":true,"href":"https:\/\/www.cec.org\/es\/wp-json\/wp\/v2\/media\/46377"}],"wp:attachment":[{"href":"https:\/\/www.cec.org\/es\/wp-json\/wp\/v2\/media?parent=46416"}],"curies":[{"name":"wp","href":"https:\/\/api.w.org\/{rel}","templated":true}]}}