{"id":11267,"date":"2017-12-02T18:25:02","date_gmt":"2017-12-02T23:25:02","guid":{"rendered":"http:\/\/www.cec.org\/north-american-partnership-for-environmental-community-action\/napeca-grants\/alianzas-encabezadas-por-comunidades-indigenas-para-la-planeacion-del-uso-del-suelo-en-favor-de-un-futuro-ambiental-y-economicamente-sustentable\/"},"modified":"2024-06-22T12:27:48","modified_gmt":"2024-06-22T16:27:48","slug":"alianzas-encabezadas-por-comunidades-indigenas-para-la-planeacion-del-uso-del-suelo-en-favor-de-un-futuro-ambiental-y-economicamente-sustentable","status":"publish","type":"grants","link":"https:\/\/www.cec.org\/es\/north-american-partnership-for-environmental-community-action\/napeca-grants\/alianzas-encabezadas-por-comunidades-indigenas-para-la-planeacion-del-uso-del-suelo-en-favor-de-un-futuro-ambiental-y-economicamente-sustentable\/","title":{"rendered":"Alianzas encabezadas por comunidades ind\u00edgenas para la planeaci\u00f3n del uso del suelo en favor de un futuro ambiental y econ\u00f3micamente sustentable"},"content":{"rendered":"<h4>Antecedentes<\/h4>\n<p>Tanto el gobierno de la Naci\u00f3n Cree como el de Quebec tienen un inter\u00e9s permanente por proteger las tierras de mayor importancia desde el punto de vista ecol\u00f3gico, e identificar aquellas menos vulnerables, a fin de utilizarlas para prop\u00f3sitos de desarrollo. Hist\u00f3ricamente, las decisiones sobre las designaciones del uso del suelo en Canad\u00e1 han generado fricciones debido a prioridades antag\u00f3nicas en cuanto a las tierras y los recursos.<\/p>\n<h4>Metas<\/h4>\n<p>Este proyecto apoyar\u00e1 la creaci\u00f3n de conjuntos de datos geoespaciales clave, as\u00ed como de herramientas din\u00e1micas para la planeaci\u00f3n del uso del suelo y el an\u00e1lisis de resultados, que orientar\u00e1n las discusiones entre la Naci\u00f3n Cree y el gobierno de Quebec en torno a las designaciones del uso del suelo. A la larga, esto favorecer\u00e1 la conservaci\u00f3n de las tierras ecol\u00f3gica y culturalmente m\u00e1s relevantes, as\u00ed como el desarrollo econ\u00f3mico responsable.<\/p>\n<h4>Actividades principales<\/h4>\n<ol>\n<li>Elaborar herramientas: integrar datos; crear informes, instrumentos y mapas (comprendida la traducci\u00f3n); realizar reuniones, talleres y actividades de capacitaci\u00f3n.<\/li>\n<li>Formular un estudio de caso conjunto: compartir los resultados del estudio de caso al interior de la NCC y comunicarlos a comunidades ind\u00edgenas y entidades que colaboran en actividades de conservaci\u00f3n en todo Canad\u00e1.<\/li>\n<\/ol>\n<h4>Resultados<\/h4>\n<p>Este proyecto producir\u00e1 un informe sobre uso del suelo y un conjunto de herramientas para evaluar el estado de conservaci\u00f3n de las tierras, as\u00ed como datos espaciales de gran amplitud que servir\u00e1n de apoyo. Tales herramientas, y los resultados que de \u00e9stas se deriven, permitir\u00e1n a los usuarios examinar los usos del suelo m\u00e1s apropiados en diferentes zonas, con base en una serie de criterios considerados los m\u00e1s importantes.<\/p>\n","protected":false},"excerpt":{"rendered":"<p>Antecedentes Tanto el gobierno de la Naci\u00f3n Cree como el de Quebec tienen un inter\u00e9s permanente por proteger las tierras de mayor importancia desde el punto de vista ecol\u00f3gico, e identificar aquellas menos vulnerables, a fin de utilizarlas para prop\u00f3sitos de desarrollo. Hist\u00f3ricamente, las decisiones sobre las designaciones del uso del suelo en Canad\u00e1 han [&hellip;]<\/p>\n","protected":false},"featured_media":3053,"template":"","class_list":["post-11267","grants","type-grants","status-publish","has-post-thumbnail","hentry","country-canada-es","status-concluido"],"acf":[],"yoast_head":"<!-- This site is optimized with the Yoast SEO Premium plugin v27.4 (Yoast SEO v27.4) - https:\/\/yoast.com\/product\/yoast-seo-premium-wordpress\/ -->\n<title>Alianzas encabezadas por comunidades ind\u00edgenas para la planeaci\u00f3n del uso del suelo en favor de un futuro ambiental y econ\u00f3micamente sustentable<\/title>\n<meta name=\"description\" content=\"Antecedentes Tanto el gobierno de la Naci\u00f3n Cree como el de Quebec tienen un inter\u00e9s permanente por proteger las tierras de mayor importancia desde el\" \/>\n<meta name=\"robots\" content=\"index, follow, max-snippet:-1, max-image-preview:large, max-video-preview:-1\" \/>\n<link rel=\"canonical\" href=\"https:\/\/www.cec.org\/es\/north-american-partnership-for-environmental-community-action\/napeca-grants\/alianzas-encabezadas-por-comunidades-indigenas-para-la-planeacion-del-uso-del-suelo-en-favor-de-un-futuro-ambiental-y-economicamente-sustentable\/\" \/>\n<meta property=\"og:locale\" content=\"es_ES\" \/>\n<meta property=\"og:type\" content=\"article\" \/>\n<meta property=\"og:title\" content=\"Alianzas encabezadas por comunidades ind\u00edgenas para la planeaci\u00f3n del uso del suelo en favor de un futuro ambiental y econ\u00f3micamente sustentable\" \/>\n<meta property=\"og:description\" content=\"Antecedentes Tanto el gobierno de la Naci\u00f3n Cree como el de Quebec tienen un inter\u00e9s permanente por proteger las tierras de mayor importancia desde el\" \/>\n<meta property=\"og:url\" content=\"https:\/\/www.cec.org\/es\/north-american-partnership-for-environmental-community-action\/napeca-grants\/alianzas-encabezadas-por-comunidades-indigenas-para-la-planeacion-del-uso-del-suelo-en-favor-de-un-futuro-ambiental-y-economicamente-sustentable\/\" \/>\n<meta property=\"og:site_name\" content=\"Comisi\u00f3n para la Cooperaci\u00f3n Ambiental\" \/>\n<meta property=\"article:publisher\" content=\"https:\/\/www.facebook.com\/CECconnect\" \/>\n<meta property=\"article:modified_time\" content=\"2024-06-22T16:27:48+00:00\" \/>\n<meta property=\"og:image\" content=\"https:\/\/www.cec.org\/wp-content\/uploads\/2019\/09\/1_indigenouspartnerships.jpg\" \/>\n\t<meta property=\"og:image:width\" content=\"5472\" \/>\n\t<meta property=\"og:image:height\" content=\"3648\" \/>\n\t<meta property=\"og:image:type\" content=\"image\/jpeg\" \/>\n<meta name=\"twitter:card\" content=\"summary_large_image\" \/>\n<meta name=\"twitter:site\" content=\"@CECweb\" \/>\n<script type=\"application\/ld+json\" class=\"yoast-schema-graph\">{\"@context\":\"https:\\\/\\\/schema.org\",\"@graph\":[{\"@type\":\"WebPage\",\"@id\":\"https:\\\/\\\/www.cec.org\\\/es\\\/north-american-partnership-for-environmental-community-action\\\/napeca-grants\\\/alianzas-encabezadas-por-comunidades-indigenas-para-la-planeacion-del-uso-del-suelo-en-favor-de-un-futuro-ambiental-y-economicamente-sustentable\\\/\",\"url\":\"https:\\\/\\\/www.cec.org\\\/es\\\/north-american-partnership-for-environmental-community-action\\\/napeca-grants\\\/alianzas-encabezadas-por-comunidades-indigenas-para-la-planeacion-del-uso-del-suelo-en-favor-de-un-futuro-ambiental-y-economicamente-sustentable\\\/\",\"name\":\"Alianzas encabezadas por comunidades ind\u00edgenas para la planeaci\u00f3n del uso del suelo en favor de un futuro ambiental y econ\u00f3micamente sustentable\",\"isPartOf\":{\"@id\":\"https:\\\/\\\/www.cec.org\\\/es\\\/#website\"},\"primaryImageOfPage\":{\"@id\":\"https:\\\/\\\/www.cec.org\\\/es\\\/north-american-partnership-for-environmental-community-action\\\/napeca-grants\\\/alianzas-encabezadas-por-comunidades-indigenas-para-la-planeacion-del-uso-del-suelo-en-favor-de-un-futuro-ambiental-y-economicamente-sustentable\\\/#primaryimage\"},\"image\":{\"@id\":\"https:\\\/\\\/www.cec.org\\\/es\\\/north-american-partnership-for-environmental-community-action\\\/napeca-grants\\\/alianzas-encabezadas-por-comunidades-indigenas-para-la-planeacion-del-uso-del-suelo-en-favor-de-un-futuro-ambiental-y-economicamente-sustentable\\\/#primaryimage\"},\"thumbnailUrl\":\"https:\\\/\\\/www.cec.org\\\/wp-content\\\/uploads\\\/2019\\\/09\\\/1_indigenouspartnerships.jpg\",\"datePublished\":\"2017-12-02T23:25:02+00:00\",\"dateModified\":\"2024-06-22T16:27:48+00:00\",\"description\":\"Antecedentes Tanto el gobierno de la Naci\u00f3n Cree como el de Quebec tienen un inter\u00e9s permanente por proteger las tierras de mayor importancia desde el\",\"breadcrumb\":{\"@id\":\"https:\\\/\\\/www.cec.org\\\/es\\\/north-american-partnership-for-environmental-community-action\\\/napeca-grants\\\/alianzas-encabezadas-por-comunidades-indigenas-para-la-planeacion-del-uso-del-suelo-en-favor-de-un-futuro-ambiental-y-economicamente-sustentable\\\/#breadcrumb\"},\"inLanguage\":\"es\",\"potentialAction\":[{\"@type\":\"ReadAction\",\"target\":[\"https:\\\/\\\/www.cec.org\\\/es\\\/north-american-partnership-for-environmental-community-action\\\/napeca-grants\\\/alianzas-encabezadas-por-comunidades-indigenas-para-la-planeacion-del-uso-del-suelo-en-favor-de-un-futuro-ambiental-y-economicamente-sustentable\\\/\"]}]},{\"@type\":\"ImageObject\",\"inLanguage\":\"es\",\"@id\":\"https:\\\/\\\/www.cec.org\\\/es\\\/north-american-partnership-for-environmental-community-action\\\/napeca-grants\\\/alianzas-encabezadas-por-comunidades-indigenas-para-la-planeacion-del-uso-del-suelo-en-favor-de-un-futuro-ambiental-y-economicamente-sustentable\\\/#primaryimage\",\"url\":\"https:\\\/\\\/www.cec.org\\\/wp-content\\\/uploads\\\/2019\\\/09\\\/1_indigenouspartnerships.jpg\",\"contentUrl\":\"https:\\\/\\\/www.cec.org\\\/wp-content\\\/uploads\\\/2019\\\/09\\\/1_indigenouspartnerships.jpg\",\"width\":5472,\"height\":3648,\"caption\":\"Land-use - NAPECA\"},{\"@type\":\"BreadcrumbList\",\"@id\":\"https:\\\/\\\/www.cec.org\\\/es\\\/north-american-partnership-for-environmental-community-action\\\/napeca-grants\\\/alianzas-encabezadas-por-comunidades-indigenas-para-la-planeacion-del-uso-del-suelo-en-favor-de-un-futuro-ambiental-y-economicamente-sustentable\\\/#breadcrumb\",\"itemListElement\":[{\"@type\":\"ListItem\",\"position\":1,\"name\":\"Inicio\",\"item\":\"https:\\\/\\\/www.cec.org\\\/es\\\/\"},{\"@type\":\"ListItem\",\"position\":2,\"name\":\"Alianzas encabezadas por comunidades ind\u00edgenas para la planeaci\u00f3n del uso del suelo en favor de un futuro ambiental y econ\u00f3micamente sustentable\"}]},{\"@type\":\"WebSite\",\"@id\":\"https:\\\/\\\/www.cec.org\\\/es\\\/#website\",\"url\":\"https:\\\/\\\/www.cec.org\\\/es\\\/\",\"name\":\"Commission for Environmental Cooperation\",\"description\":\"Three countries working together to protect our shared environment\",\"alternateName\":\"CEC - CCA -CCE\",\"potentialAction\":[{\"@type\":\"SearchAction\",\"target\":{\"@type\":\"EntryPoint\",\"urlTemplate\":\"https:\\\/\\\/www.cec.org\\\/es\\\/?s={search_term_string}\"},\"query-input\":{\"@type\":\"PropertyValueSpecification\",\"valueRequired\":true,\"valueName\":\"search_term_string\"}}],\"inLanguage\":\"es\"}]}<\/script>\n<!-- \/ Yoast SEO Premium plugin. -->","yoast_head_json":{"title":"Alianzas encabezadas por comunidades ind\u00edgenas para la planeaci\u00f3n del uso del suelo en favor de un futuro ambiental y econ\u00f3micamente sustentable","description":"Antecedentes Tanto el gobierno de la Naci\u00f3n Cree como el de Quebec tienen un inter\u00e9s permanente por proteger las tierras de mayor importancia desde el","robots":{"index":"index","follow":"follow","max-snippet":"max-snippet:-1","max-image-preview":"max-image-preview:large","max-video-preview":"max-video-preview:-1"},"canonical":"https:\/\/www.cec.org\/es\/north-american-partnership-for-environmental-community-action\/napeca-grants\/alianzas-encabezadas-por-comunidades-indigenas-para-la-planeacion-del-uso-del-suelo-en-favor-de-un-futuro-ambiental-y-economicamente-sustentable\/","og_locale":"es_ES","og_type":"article","og_title":"Alianzas encabezadas por comunidades ind\u00edgenas para la planeaci\u00f3n del uso del suelo en favor de un futuro ambiental y econ\u00f3micamente sustentable","og_description":"Antecedentes Tanto el gobierno de la Naci\u00f3n Cree como el de Quebec tienen un inter\u00e9s permanente por proteger las tierras de mayor importancia desde el","og_url":"https:\/\/www.cec.org\/es\/north-american-partnership-for-environmental-community-action\/napeca-grants\/alianzas-encabezadas-por-comunidades-indigenas-para-la-planeacion-del-uso-del-suelo-en-favor-de-un-futuro-ambiental-y-economicamente-sustentable\/","og_site_name":"Comisi\u00f3n para la Cooperaci\u00f3n Ambiental","article_publisher":"https:\/\/www.facebook.com\/CECconnect","article_modified_time":"2024-06-22T16:27:48+00:00","og_image":[{"width":5472,"height":3648,"url":"https:\/\/www.cec.org\/wp-content\/uploads\/2019\/09\/1_indigenouspartnerships.jpg","type":"image\/jpeg"}],"twitter_card":"summary_large_image","twitter_site":"@CECweb","schema":{"@context":"https:\/\/schema.org","@graph":[{"@type":"WebPage","@id":"https:\/\/www.cec.org\/es\/north-american-partnership-for-environmental-community-action\/napeca-grants\/alianzas-encabezadas-por-comunidades-indigenas-para-la-planeacion-del-uso-del-suelo-en-favor-de-un-futuro-ambiental-y-economicamente-sustentable\/","url":"https:\/\/www.cec.org\/es\/north-american-partnership-for-environmental-community-action\/napeca-grants\/alianzas-encabezadas-por-comunidades-indigenas-para-la-planeacion-del-uso-del-suelo-en-favor-de-un-futuro-ambiental-y-economicamente-sustentable\/","name":"Alianzas encabezadas por comunidades ind\u00edgenas para la planeaci\u00f3n del uso del suelo en favor de un futuro ambiental y econ\u00f3micamente sustentable","isPartOf":{"@id":"https:\/\/www.cec.org\/es\/#website"},"primaryImageOfPage":{"@id":"https:\/\/www.cec.org\/es\/north-american-partnership-for-environmental-community-action\/napeca-grants\/alianzas-encabezadas-por-comunidades-indigenas-para-la-planeacion-del-uso-del-suelo-en-favor-de-un-futuro-ambiental-y-economicamente-sustentable\/#primaryimage"},"image":{"@id":"https:\/\/www.cec.org\/es\/north-american-partnership-for-environmental-community-action\/napeca-grants\/alianzas-encabezadas-por-comunidades-indigenas-para-la-planeacion-del-uso-del-suelo-en-favor-de-un-futuro-ambiental-y-economicamente-sustentable\/#primaryimage"},"thumbnailUrl":"https:\/\/www.cec.org\/wp-content\/uploads\/2019\/09\/1_indigenouspartnerships.jpg","datePublished":"2017-12-02T23:25:02+00:00","dateModified":"2024-06-22T16:27:48+00:00","description":"Antecedentes Tanto el gobierno de la Naci\u00f3n Cree como el de Quebec tienen un inter\u00e9s permanente por proteger las tierras de mayor importancia desde el","breadcrumb":{"@id":"https:\/\/www.cec.org\/es\/north-american-partnership-for-environmental-community-action\/napeca-grants\/alianzas-encabezadas-por-comunidades-indigenas-para-la-planeacion-del-uso-del-suelo-en-favor-de-un-futuro-ambiental-y-economicamente-sustentable\/#breadcrumb"},"inLanguage":"es","potentialAction":[{"@type":"ReadAction","target":["https:\/\/www.cec.org\/es\/north-american-partnership-for-environmental-community-action\/napeca-grants\/alianzas-encabezadas-por-comunidades-indigenas-para-la-planeacion-del-uso-del-suelo-en-favor-de-un-futuro-ambiental-y-economicamente-sustentable\/"]}]},{"@type":"ImageObject","inLanguage":"es","@id":"https:\/\/www.cec.org\/es\/north-american-partnership-for-environmental-community-action\/napeca-grants\/alianzas-encabezadas-por-comunidades-indigenas-para-la-planeacion-del-uso-del-suelo-en-favor-de-un-futuro-ambiental-y-economicamente-sustentable\/#primaryimage","url":"https:\/\/www.cec.org\/wp-content\/uploads\/2019\/09\/1_indigenouspartnerships.jpg","contentUrl":"https:\/\/www.cec.org\/wp-content\/uploads\/2019\/09\/1_indigenouspartnerships.jpg","width":5472,"height":3648,"caption":"Land-use - NAPECA"},{"@type":"BreadcrumbList","@id":"https:\/\/www.cec.org\/es\/north-american-partnership-for-environmental-community-action\/napeca-grants\/alianzas-encabezadas-por-comunidades-indigenas-para-la-planeacion-del-uso-del-suelo-en-favor-de-un-futuro-ambiental-y-economicamente-sustentable\/#breadcrumb","itemListElement":[{"@type":"ListItem","position":1,"name":"Inicio","item":"https:\/\/www.cec.org\/es\/"},{"@type":"ListItem","position":2,"name":"Alianzas encabezadas por comunidades ind\u00edgenas para la planeaci\u00f3n del uso del suelo en favor de un futuro ambiental y econ\u00f3micamente sustentable"}]},{"@type":"WebSite","@id":"https:\/\/www.cec.org\/es\/#website","url":"https:\/\/www.cec.org\/es\/","name":"Commission for Environmental Cooperation","description":"Three countries working together to protect our shared environment","alternateName":"CEC - CCA -CCE","potentialAction":[{"@type":"SearchAction","target":{"@type":"EntryPoint","urlTemplate":"https:\/\/www.cec.org\/es\/?s={search_term_string}"},"query-input":{"@type":"PropertyValueSpecification","valueRequired":true,"valueName":"search_term_string"}}],"inLanguage":"es"}]}},"_links":{"self":[{"href":"https:\/\/www.cec.org\/es\/wp-json\/wp\/v2\/grants\/11267","targetHints":{"allow":["GET"]}}],"collection":[{"href":"https:\/\/www.cec.org\/es\/wp-json\/wp\/v2\/grants"}],"about":[{"href":"https:\/\/www.cec.org\/es\/wp-json\/wp\/v2\/types\/grants"}],"wp:featuredmedia":[{"embeddable":true,"href":"https:\/\/www.cec.org\/es\/wp-json\/wp\/v2\/media\/3053"}],"wp:attachment":[{"href":"https:\/\/www.cec.org\/es\/wp-json\/wp\/v2\/media?parent=11267"}],"curies":[{"name":"wp","href":"https:\/\/api.w.org\/{rel}","templated":true}]}}