{"id":57878,"date":"2025-03-04T11:48:16","date_gmt":"2025-03-04T16:48:16","guid":{"rendered":"https:\/\/www.cec.org\/?post_type=events&#038;p=57878"},"modified":"2025-08-28T14:34:44","modified_gmt":"2025-08-28T18:34:44","slug":"reunion-juvenil-sobre-resiliencia-climatica-america-del-norte-2025","status":"publish","type":"events","link":"https:\/\/www.cec.org\/es\/eventos\/reunion-juvenil-sobre-resiliencia-climatica-america-del-norte-2025\/","title":{"rendered":"Reuni\u00f3n juvenil sobre resiliencia clim\u00e1tica | Am\u00e9rica del Norte 2025"},"content":{"rendered":"<p>\u00bfDeseas convertir tus ideas en acciones positivas para fortalecer la resiliencia frente al cambio clim\u00e1tico? S\u00famate a la <strong>Reuni\u00f3n juvenil sobre resiliencia clim\u00e1tica | Am\u00e9rica del Norte 2025<\/strong>, organizada por <a href=\"https:\/\/lift360.ca\/\">Lift 360<\/a> en colaboraci\u00f3n con la CCA. Durante este evento aprender\u00e1s de otras personas j\u00f3venes que son l\u00edderes ambientales de Am\u00e9rica del Norte y conocer\u00e1s el\u00a0impacto de su trabajo en \u00e1reas como la conservaci\u00f3n del agua, la econom\u00eda circular y la salud ambiental.<\/p>\n<p>Como participante en la reuni\u00f3n, tendr\u00e1s la oportunidad de discutir formas y estrategias para transformar tus ideas en proyectos funcionales con el fin de promover la resiliencia clim\u00e1tica en tu comunidad. Asimismo, podr\u00e1s establecer v\u00ednculos con j\u00f3venes de Canad\u00e1, Estados Unidos y M\u00e9xico y trabajar en redes para fomentar el cambio.<\/p>\n<p>El cupo es limitado: aseg\u00farate de reservar tu lugar pronto. \u00a1Reg\u00edstrate ahora mismo para que no pierdas la oportunidad de participar!<\/p>\n<p><strong>Aprende m\u00e1s sobre las <\/strong><a href=\"https:\/\/www.cec.org\/es\/temas\/participacion-juvenil\/\"><strong>iniciativas de participaci\u00f3n juvenil<\/strong><\/a><strong> de la CCA.<\/strong><\/p>\n","protected":false},"excerpt":{"rendered":"<p>\u00bfDeseas convertir tus ideas en acciones positivas para fortalecer la resiliencia frente al cambio clim\u00e1tico? La Reuni\u00f3n juvenil sobre resiliencia clim\u00e1tica | Am\u00e9rica del Norte 2025 es un evento inclusivo dirigido a la juventud, organizado por Lift 360 en colaboraci\u00f3n con la CCA. Este espacio virtual conectar\u00e1 a l\u00edderes ambientales juveniles de Canad\u00e1, Estados Unidos y M\u00e9xico y resaltar\u00e1 el gran impacto del trabajo encabezado por j\u00f3venes en \u00e1reas como la conservaci\u00f3n del agua, la econom\u00eda circular y la salud ambiental.<\/p>\n<p>\u00a1S\u00famate a la creaci\u00f3n de un futuro m\u00e1s resiliente frente al cambio clim\u00e1tico!<\/p>\n","protected":false},"featured_media":57867,"template":"","class_list":["post-57878","events","type-events","status-publish","has-post-thumbnail","hentry","event_category-reunion","participation-abierto-al-publico-es","themes-alianzas-externas","themes-participacion-juvenil"],"acf":[],"yoast_head":"<!-- This site is optimized with the Yoast SEO Premium plugin v27.4 (Yoast SEO v27.4) - https:\/\/yoast.com\/product\/yoast-seo-premium-wordpress\/ -->\n<title>Reuni\u00f3n juvenil sobre resiliencia clim\u00e1tica | Am\u00e9rica del Norte 2025<\/title>\n<meta name=\"description\" content=\"\u00bfDeseas convertir tus ideas en acciones positivas para fortalecer la resiliencia frente al cambio clim\u00e1tico? La Reuni\u00f3n juvenil sobre resiliencia clim\u00e1tica | Am\u00e9rica del Norte 2025 es un evento inclusivo dirigido a la juventud, organizado por Lift 360 en colaboraci\u00f3n con la CCA. Este espacio virtual conectar\u00e1 a l\u00edderes ambientales juveniles de Canad\u00e1, Estados Unidos y M\u00e9xico y resaltar\u00e1 el gran impacto del trabajo encabezado por j\u00f3venes en \u00e1reas como la conservaci\u00f3n del agua, la econom\u00eda circular y la salud ambiental.  \u00a1S\u00famate a la creaci\u00f3n de un futuro m\u00e1s resiliente frente al cambio clim\u00e1tico!\" \/>\n<meta name=\"robots\" content=\"index, follow, max-snippet:-1, max-image-preview:large, max-video-preview:-1\" \/>\n<link rel=\"canonical\" href=\"https:\/\/www.cec.org\/es\/eventos\/reunion-juvenil-sobre-resiliencia-climatica-america-del-norte-2025\/\" \/>\n<meta property=\"og:locale\" content=\"es_ES\" \/>\n<meta property=\"og:type\" content=\"article\" \/>\n<meta property=\"og:title\" content=\"Reuni\u00f3n juvenil sobre resiliencia clim\u00e1tica | Am\u00e9rica del Norte 2025\" \/>\n<meta property=\"og:description\" content=\"CEC events range from large public consultations to small, expert meetings on specific environmental issues.\" \/>\n<meta property=\"og:url\" content=\"https:\/\/www.cec.org\/es\/eventos\/reunion-juvenil-sobre-resiliencia-climatica-america-del-norte-2025\/\" \/>\n<meta property=\"og:site_name\" content=\"Comisi\u00f3n para la Cooperaci\u00f3n Ambiental\" \/>\n<meta property=\"article:publisher\" content=\"https:\/\/www.facebook.com\/CECconnect\" \/>\n<meta property=\"article:modified_time\" content=\"2025-08-28T18:34:44+00:00\" \/>\n<meta property=\"og:image\" content=\"https:\/\/www.cec.org\/wp-content\/uploads\/youth-summit-es.webp\" \/>\n\t<meta property=\"og:image:width\" content=\"1200\" \/>\n\t<meta property=\"og:image:height\" content=\"684\" \/>\n\t<meta property=\"og:image:type\" content=\"image\/webp\" \/>\n<meta name=\"twitter:card\" content=\"summary_large_image\" \/>\n<meta name=\"twitter:site\" content=\"@CECweb\" \/>\n<script type=\"application\/ld+json\" class=\"yoast-schema-graph\">{\"@context\":\"https:\\\/\\\/schema.org\",\"@graph\":[{\"@type\":\"WebPage\",\"@id\":\"https:\\\/\\\/www.cec.org\\\/es\\\/eventos\\\/reunion-juvenil-sobre-resiliencia-climatica-america-del-norte-2025\\\/\",\"url\":\"https:\\\/\\\/www.cec.org\\\/es\\\/eventos\\\/reunion-juvenil-sobre-resiliencia-climatica-america-del-norte-2025\\\/\",\"name\":\"Reuni\u00f3n juvenil sobre resiliencia clim\u00e1tica | Am\u00e9rica del Norte 2025\",\"isPartOf\":{\"@id\":\"https:\\\/\\\/www.cec.org\\\/es\\\/#website\"},\"primaryImageOfPage\":{\"@id\":\"https:\\\/\\\/www.cec.org\\\/es\\\/eventos\\\/reunion-juvenil-sobre-resiliencia-climatica-america-del-norte-2025\\\/#primaryimage\"},\"image\":{\"@id\":\"https:\\\/\\\/www.cec.org\\\/es\\\/eventos\\\/reunion-juvenil-sobre-resiliencia-climatica-america-del-norte-2025\\\/#primaryimage\"},\"thumbnailUrl\":\"https:\\\/\\\/www.cec.org\\\/wp-content\\\/uploads\\\/youth-summit-es.webp\",\"datePublished\":\"2025-03-04T16:48:16+00:00\",\"dateModified\":\"2025-08-28T18:34:44+00:00\",\"description\":\"\u00bfDeseas convertir tus ideas en acciones positivas para fortalecer la resiliencia frente al cambio clim\u00e1tico? La Reuni\u00f3n juvenil sobre resiliencia clim\u00e1tica | Am\u00e9rica del Norte 2025 es un evento inclusivo dirigido a la juventud, organizado por Lift 360 en colaboraci\u00f3n con la CCA. Este espacio virtual conectar\u00e1 a l\u00edderes ambientales juveniles de Canad\u00e1, Estados Unidos y M\u00e9xico y resaltar\u00e1 el gran impacto del trabajo encabezado por j\u00f3venes en \u00e1reas como la conservaci\u00f3n del agua, la econom\u00eda circular y la salud ambiental. \u00a1S\u00famate a la creaci\u00f3n de un futuro m\u00e1s resiliente frente al cambio clim\u00e1tico!\",\"breadcrumb\":{\"@id\":\"https:\\\/\\\/www.cec.org\\\/es\\\/eventos\\\/reunion-juvenil-sobre-resiliencia-climatica-america-del-norte-2025\\\/#breadcrumb\"},\"inLanguage\":\"es\",\"potentialAction\":[{\"@type\":\"ReadAction\",\"target\":[\"https:\\\/\\\/www.cec.org\\\/es\\\/eventos\\\/reunion-juvenil-sobre-resiliencia-climatica-america-del-norte-2025\\\/\"]}]},{\"@type\":\"ImageObject\",\"inLanguage\":\"es\",\"@id\":\"https:\\\/\\\/www.cec.org\\\/es\\\/eventos\\\/reunion-juvenil-sobre-resiliencia-climatica-america-del-norte-2025\\\/#primaryimage\",\"url\":\"https:\\\/\\\/www.cec.org\\\/wp-content\\\/uploads\\\/youth-summit-es.webp\",\"contentUrl\":\"https:\\\/\\\/www.cec.org\\\/wp-content\\\/uploads\\\/youth-summit-es.webp\",\"width\":1200,\"height\":684},{\"@type\":\"BreadcrumbList\",\"@id\":\"https:\\\/\\\/www.cec.org\\\/es\\\/eventos\\\/reunion-juvenil-sobre-resiliencia-climatica-america-del-norte-2025\\\/#breadcrumb\",\"itemListElement\":[{\"@type\":\"ListItem\",\"position\":1,\"name\":\"Inicio\",\"item\":\"https:\\\/\\\/www.cec.org\\\/es\\\/\"},{\"@type\":\"ListItem\",\"position\":2,\"name\":\"Eventos\",\"item\":\"https:\\\/\\\/www.cec.org\\\/es\\\/eventos\\\/\"},{\"@type\":\"ListItem\",\"position\":3,\"name\":\"Reuni\u00f3n juvenil sobre resiliencia clim\u00e1tica | Am\u00e9rica del Norte 2025\"}]},{\"@type\":\"WebSite\",\"@id\":\"https:\\\/\\\/www.cec.org\\\/es\\\/#website\",\"url\":\"https:\\\/\\\/www.cec.org\\\/es\\\/\",\"name\":\"Commission for Environmental Cooperation\",\"description\":\"Three countries working together to protect our shared environment\",\"alternateName\":\"CEC - CCA -CCE\",\"potentialAction\":[{\"@type\":\"SearchAction\",\"target\":{\"@type\":\"EntryPoint\",\"urlTemplate\":\"https:\\\/\\\/www.cec.org\\\/es\\\/?s={search_term_string}\"},\"query-input\":{\"@type\":\"PropertyValueSpecification\",\"valueRequired\":true,\"valueName\":\"search_term_string\"}}],\"inLanguage\":\"es\"}]}<\/script>\n<!-- \/ Yoast SEO Premium plugin. -->","yoast_head_json":{"title":"Reuni\u00f3n juvenil sobre resiliencia clim\u00e1tica | Am\u00e9rica del Norte 2025","description":"\u00bfDeseas convertir tus ideas en acciones positivas para fortalecer la resiliencia frente al cambio clim\u00e1tico? La Reuni\u00f3n juvenil sobre resiliencia clim\u00e1tica | Am\u00e9rica del Norte 2025 es un evento inclusivo dirigido a la juventud, organizado por Lift 360 en colaboraci\u00f3n con la CCA. Este espacio virtual conectar\u00e1 a l\u00edderes ambientales juveniles de Canad\u00e1, Estados Unidos y M\u00e9xico y resaltar\u00e1 el gran impacto del trabajo encabezado por j\u00f3venes en \u00e1reas como la conservaci\u00f3n del agua, la econom\u00eda circular y la salud ambiental.  \u00a1S\u00famate a la creaci\u00f3n de un futuro m\u00e1s resiliente frente al cambio clim\u00e1tico!","robots":{"index":"index","follow":"follow","max-snippet":"max-snippet:-1","max-image-preview":"max-image-preview:large","max-video-preview":"max-video-preview:-1"},"canonical":"https:\/\/www.cec.org\/es\/eventos\/reunion-juvenil-sobre-resiliencia-climatica-america-del-norte-2025\/","og_locale":"es_ES","og_type":"article","og_title":"Reuni\u00f3n juvenil sobre resiliencia clim\u00e1tica | Am\u00e9rica del Norte 2025","og_description":"CEC events range from large public consultations to small, expert meetings on specific environmental issues.","og_url":"https:\/\/www.cec.org\/es\/eventos\/reunion-juvenil-sobre-resiliencia-climatica-america-del-norte-2025\/","og_site_name":"Comisi\u00f3n para la Cooperaci\u00f3n Ambiental","article_publisher":"https:\/\/www.facebook.com\/CECconnect","article_modified_time":"2025-08-28T18:34:44+00:00","og_image":[{"width":1200,"height":684,"url":"https:\/\/www.cec.org\/wp-content\/uploads\/youth-summit-es.webp","type":"image\/webp"}],"twitter_card":"summary_large_image","twitter_site":"@CECweb","schema":{"@context":"https:\/\/schema.org","@graph":[{"@type":"WebPage","@id":"https:\/\/www.cec.org\/es\/eventos\/reunion-juvenil-sobre-resiliencia-climatica-america-del-norte-2025\/","url":"https:\/\/www.cec.org\/es\/eventos\/reunion-juvenil-sobre-resiliencia-climatica-america-del-norte-2025\/","name":"Reuni\u00f3n juvenil sobre resiliencia clim\u00e1tica | Am\u00e9rica del Norte 2025","isPartOf":{"@id":"https:\/\/www.cec.org\/es\/#website"},"primaryImageOfPage":{"@id":"https:\/\/www.cec.org\/es\/eventos\/reunion-juvenil-sobre-resiliencia-climatica-america-del-norte-2025\/#primaryimage"},"image":{"@id":"https:\/\/www.cec.org\/es\/eventos\/reunion-juvenil-sobre-resiliencia-climatica-america-del-norte-2025\/#primaryimage"},"thumbnailUrl":"https:\/\/www.cec.org\/wp-content\/uploads\/youth-summit-es.webp","datePublished":"2025-03-04T16:48:16+00:00","dateModified":"2025-08-28T18:34:44+00:00","description":"\u00bfDeseas convertir tus ideas en acciones positivas para fortalecer la resiliencia frente al cambio clim\u00e1tico? La Reuni\u00f3n juvenil sobre resiliencia clim\u00e1tica | Am\u00e9rica del Norte 2025 es un evento inclusivo dirigido a la juventud, organizado por Lift 360 en colaboraci\u00f3n con la CCA. Este espacio virtual conectar\u00e1 a l\u00edderes ambientales juveniles de Canad\u00e1, Estados Unidos y M\u00e9xico y resaltar\u00e1 el gran impacto del trabajo encabezado por j\u00f3venes en \u00e1reas como la conservaci\u00f3n del agua, la econom\u00eda circular y la salud ambiental. \u00a1S\u00famate a la creaci\u00f3n de un futuro m\u00e1s resiliente frente al cambio clim\u00e1tico!","breadcrumb":{"@id":"https:\/\/www.cec.org\/es\/eventos\/reunion-juvenil-sobre-resiliencia-climatica-america-del-norte-2025\/#breadcrumb"},"inLanguage":"es","potentialAction":[{"@type":"ReadAction","target":["https:\/\/www.cec.org\/es\/eventos\/reunion-juvenil-sobre-resiliencia-climatica-america-del-norte-2025\/"]}]},{"@type":"ImageObject","inLanguage":"es","@id":"https:\/\/www.cec.org\/es\/eventos\/reunion-juvenil-sobre-resiliencia-climatica-america-del-norte-2025\/#primaryimage","url":"https:\/\/www.cec.org\/wp-content\/uploads\/youth-summit-es.webp","contentUrl":"https:\/\/www.cec.org\/wp-content\/uploads\/youth-summit-es.webp","width":1200,"height":684},{"@type":"BreadcrumbList","@id":"https:\/\/www.cec.org\/es\/eventos\/reunion-juvenil-sobre-resiliencia-climatica-america-del-norte-2025\/#breadcrumb","itemListElement":[{"@type":"ListItem","position":1,"name":"Inicio","item":"https:\/\/www.cec.org\/es\/"},{"@type":"ListItem","position":2,"name":"Eventos","item":"https:\/\/www.cec.org\/es\/eventos\/"},{"@type":"ListItem","position":3,"name":"Reuni\u00f3n juvenil sobre resiliencia clim\u00e1tica | Am\u00e9rica del Norte 2025"}]},{"@type":"WebSite","@id":"https:\/\/www.cec.org\/es\/#website","url":"https:\/\/www.cec.org\/es\/","name":"Commission for Environmental Cooperation","description":"Three countries working together to protect our shared environment","alternateName":"CEC - CCA -CCE","potentialAction":[{"@type":"SearchAction","target":{"@type":"EntryPoint","urlTemplate":"https:\/\/www.cec.org\/es\/?s={search_term_string}"},"query-input":{"@type":"PropertyValueSpecification","valueRequired":true,"valueName":"search_term_string"}}],"inLanguage":"es"}]}},"_links":{"self":[{"href":"https:\/\/www.cec.org\/es\/wp-json\/wp\/v2\/events\/57878","targetHints":{"allow":["GET"]}}],"collection":[{"href":"https:\/\/www.cec.org\/es\/wp-json\/wp\/v2\/events"}],"about":[{"href":"https:\/\/www.cec.org\/es\/wp-json\/wp\/v2\/types\/events"}],"wp:featuredmedia":[{"embeddable":true,"href":"https:\/\/www.cec.org\/es\/wp-json\/wp\/v2\/media\/57867"}],"wp:attachment":[{"href":"https:\/\/www.cec.org\/es\/wp-json\/wp\/v2\/media?parent=57878"}],"curies":[{"name":"wp","href":"https:\/\/api.w.org\/{rel}","templated":true}]}}