{"id":13827,"date":"1998-05-07T00:00:00","date_gmt":"1998-05-07T04:00:00","guid":{"rendered":"http:\/\/www.cec.org\/events\/sesion-del-comite-consultivo-publico-conjunto-no-98-02\/"},"modified":"2025-06-20T12:44:24","modified_gmt":"2025-06-20T16:44:24","slug":"sesion-del-comite-consultivo-publico-conjunto-no-98-02","status":"publish","type":"events","link":"https:\/\/www.cec.org\/es\/eventos\/sesion-del-comite-consultivo-publico-conjunto-no-98-02\/","title":{"rendered":"Sesi\u00f3n del Comit\u00e9 Consultivo P\u00fablico Conjunto No. 98-02"},"content":{"rendered":"<p>Despu\u00e9s de una amplia discusi\u00f3n, se acord\u00f3 que el plan de trabajo aprobado en la Sesi\u00f3n ordinaria del CCPC No. 98-01 y anexado a la Recomendaci\u00f3n al Consejo 98-01, deber\u00eda usarse como base para la recomendaci\u00f3n sobre el plan trienal. Se sugiri\u00f3 que cada uno de los grupos de trabajo del CCPC, una vez recibido el plan estrat\u00e9gico, podr\u00eda producir un borrador del plan de instrumentaci\u00f3n para trabajar con el Secretariado durante los pr\u00f3ximos tres a\u00f1os. Se acord\u00f3, asimismo, que dicho plan ser\u00eda un proceso en evoluci\u00f3n y que una parte de todas las sesiones futuras del CCPC deber\u00eda concentrarse en actualizar el plan.<\/p>\n<p>Se tomaron decisiones adicionales para incluir recomendaciones sobre la instrumentaci\u00f3n conjunta de los compromisos que surgieron en el Protocolo de Kioto sobre Cambio clim\u00e1tico, una discusi\u00f3n sobre el TLC y cualquier expansi\u00f3n hacia un bloque comercial hemisf\u00e9rico, principios rectores para la cooperaci\u00f3n en el manejo de materiales t\u00f3xicos y los impactos sociales del desarrollo.<\/p>\n","protected":false},"excerpt":{"rendered":"<p>Despu\u00e9s de una amplia discusi\u00f3n, se acord\u00f3 que el plan de trabajo aprobado en la Sesi\u00f3n ordinaria del CCPC No. 98-01 y anexado a la Recomendaci\u00f3n al Consejo 98-01, deber\u00eda usarse como base para la recomendaci\u00f3n sobre el plan trienal. Se sugiri\u00f3 que cada uno de los grupos de trabajo del CCPC, una vez recibido [&hellip;]<\/p>\n","protected":false},"featured_media":0,"template":"","class_list":["post-13827","events","type-events","status-publish","hentry","event_category-sesion-del-ccpc","event_category-reunion","country-estados-unidos","participation-abierto-al-publico-es"],"acf":[],"yoast_head":"<!-- This site is optimized with the Yoast SEO Premium plugin v27.4 (Yoast SEO v27.4) - https:\/\/yoast.com\/product\/yoast-seo-premium-wordpress\/ -->\n<title>Sesi\u00f3n del Comit\u00e9 Consultivo P\u00fablico Conjunto No. 98-02<\/title>\n<meta name=\"description\" content=\"Despu\u00e9s de una amplia discusi\u00f3n, se acord\u00f3 que el plan de trabajo aprobado en la Sesi\u00f3n ordinaria del CCPC No. 98-01 y anexado a la Recomendaci\u00f3n al\" \/>\n<meta name=\"robots\" content=\"index, follow, max-snippet:-1, max-image-preview:large, max-video-preview:-1\" \/>\n<link rel=\"canonical\" href=\"https:\/\/www.cec.org\/es\/eventos\/sesion-del-comite-consultivo-publico-conjunto-no-98-02\/\" \/>\n<meta property=\"og:locale\" content=\"es_ES\" \/>\n<meta property=\"og:type\" content=\"article\" \/>\n<meta property=\"og:title\" content=\"Sesi\u00f3n del Comit\u00e9 Consultivo P\u00fablico Conjunto No. 98-02\" \/>\n<meta property=\"og:description\" content=\"CEC events range from large public consultations to small, expert meetings on specific environmental issues.\" \/>\n<meta property=\"og:url\" content=\"https:\/\/www.cec.org\/es\/eventos\/sesion-del-comite-consultivo-publico-conjunto-no-98-02\/\" \/>\n<meta property=\"og:site_name\" content=\"Comisi\u00f3n para la Cooperaci\u00f3n Ambiental\" \/>\n<meta property=\"article:publisher\" content=\"https:\/\/www.facebook.com\/CECconnect\" \/>\n<meta property=\"article:modified_time\" content=\"2025-06-20T16:44:24+00:00\" \/>\n<meta property=\"og:image\" content=\"https:\/\/www.cec.org\/wp-content\/uploads\/2020\/03\/jpac-thumbnail.jpg\" \/>\n\t<meta property=\"og:image:width\" content=\"600\" \/>\n\t<meta property=\"og:image:height\" content=\"342\" \/>\n\t<meta property=\"og:image:type\" content=\"image\/jpeg\" \/>\n<meta name=\"twitter:card\" content=\"summary_large_image\" \/>\n<meta name=\"twitter:site\" content=\"@CECweb\" \/>\n<script type=\"application\/ld+json\" class=\"yoast-schema-graph\">{\"@context\":\"https:\\\/\\\/schema.org\",\"@graph\":[{\"@type\":\"WebPage\",\"@id\":\"https:\\\/\\\/www.cec.org\\\/es\\\/eventos\\\/sesion-del-comite-consultivo-publico-conjunto-no-98-02\\\/\",\"url\":\"https:\\\/\\\/www.cec.org\\\/es\\\/eventos\\\/sesion-del-comite-consultivo-publico-conjunto-no-98-02\\\/\",\"name\":\"Sesi\u00f3n del Comit\u00e9 Consultivo P\u00fablico Conjunto No. 98-02\",\"isPartOf\":{\"@id\":\"https:\\\/\\\/www.cec.org\\\/es\\\/#website\"},\"datePublished\":\"1998-05-07T04:00:00+00:00\",\"dateModified\":\"2025-06-20T16:44:24+00:00\",\"description\":\"Despu\u00e9s de una amplia discusi\u00f3n, se acord\u00f3 que el plan de trabajo aprobado en la Sesi\u00f3n ordinaria del CCPC No. 98-01 y anexado a la Recomendaci\u00f3n al\",\"breadcrumb\":{\"@id\":\"https:\\\/\\\/www.cec.org\\\/es\\\/eventos\\\/sesion-del-comite-consultivo-publico-conjunto-no-98-02\\\/#breadcrumb\"},\"inLanguage\":\"es\",\"potentialAction\":[{\"@type\":\"ReadAction\",\"target\":[\"https:\\\/\\\/www.cec.org\\\/es\\\/eventos\\\/sesion-del-comite-consultivo-publico-conjunto-no-98-02\\\/\"]}]},{\"@type\":\"BreadcrumbList\",\"@id\":\"https:\\\/\\\/www.cec.org\\\/es\\\/eventos\\\/sesion-del-comite-consultivo-publico-conjunto-no-98-02\\\/#breadcrumb\",\"itemListElement\":[{\"@type\":\"ListItem\",\"position\":1,\"name\":\"Inicio\",\"item\":\"https:\\\/\\\/www.cec.org\\\/es\\\/\"},{\"@type\":\"ListItem\",\"position\":2,\"name\":\"Eventos\",\"item\":\"https:\\\/\\\/www.cec.org\\\/es\\\/eventos\\\/\"},{\"@type\":\"ListItem\",\"position\":3,\"name\":\"Sesi\u00f3n del Comit\u00e9 Consultivo P\u00fablico Conjunto No. 98-02\"}]},{\"@type\":\"WebSite\",\"@id\":\"https:\\\/\\\/www.cec.org\\\/es\\\/#website\",\"url\":\"https:\\\/\\\/www.cec.org\\\/es\\\/\",\"name\":\"Commission for Environmental Cooperation\",\"description\":\"Three countries working together to protect our shared environment\",\"alternateName\":\"CEC - CCA -CCE\",\"potentialAction\":[{\"@type\":\"SearchAction\",\"target\":{\"@type\":\"EntryPoint\",\"urlTemplate\":\"https:\\\/\\\/www.cec.org\\\/es\\\/?s={search_term_string}\"},\"query-input\":{\"@type\":\"PropertyValueSpecification\",\"valueRequired\":true,\"valueName\":\"search_term_string\"}}],\"inLanguage\":\"es\"}]}<\/script>\n<!-- \/ Yoast SEO Premium plugin. -->","yoast_head_json":{"title":"Sesi\u00f3n del Comit\u00e9 Consultivo P\u00fablico Conjunto No. 98-02","description":"Despu\u00e9s de una amplia discusi\u00f3n, se acord\u00f3 que el plan de trabajo aprobado en la Sesi\u00f3n ordinaria del CCPC No. 98-01 y anexado a la Recomendaci\u00f3n al","robots":{"index":"index","follow":"follow","max-snippet":"max-snippet:-1","max-image-preview":"max-image-preview:large","max-video-preview":"max-video-preview:-1"},"canonical":"https:\/\/www.cec.org\/es\/eventos\/sesion-del-comite-consultivo-publico-conjunto-no-98-02\/","og_locale":"es_ES","og_type":"article","og_title":"Sesi\u00f3n del Comit\u00e9 Consultivo P\u00fablico Conjunto No. 98-02","og_description":"CEC events range from large public consultations to small, expert meetings on specific environmental issues.","og_url":"https:\/\/www.cec.org\/es\/eventos\/sesion-del-comite-consultivo-publico-conjunto-no-98-02\/","og_site_name":"Comisi\u00f3n para la Cooperaci\u00f3n Ambiental","article_publisher":"https:\/\/www.facebook.com\/CECconnect","article_modified_time":"2025-06-20T16:44:24+00:00","og_image":[{"width":600,"height":342,"url":"https:\/\/www.cec.org\/wp-content\/uploads\/2020\/03\/jpac-thumbnail.jpg","type":"image\/jpeg"}],"twitter_card":"summary_large_image","twitter_site":"@CECweb","schema":{"@context":"https:\/\/schema.org","@graph":[{"@type":"WebPage","@id":"https:\/\/www.cec.org\/es\/eventos\/sesion-del-comite-consultivo-publico-conjunto-no-98-02\/","url":"https:\/\/www.cec.org\/es\/eventos\/sesion-del-comite-consultivo-publico-conjunto-no-98-02\/","name":"Sesi\u00f3n del Comit\u00e9 Consultivo P\u00fablico Conjunto No. 98-02","isPartOf":{"@id":"https:\/\/www.cec.org\/es\/#website"},"datePublished":"1998-05-07T04:00:00+00:00","dateModified":"2025-06-20T16:44:24+00:00","description":"Despu\u00e9s de una amplia discusi\u00f3n, se acord\u00f3 que el plan de trabajo aprobado en la Sesi\u00f3n ordinaria del CCPC No. 98-01 y anexado a la Recomendaci\u00f3n al","breadcrumb":{"@id":"https:\/\/www.cec.org\/es\/eventos\/sesion-del-comite-consultivo-publico-conjunto-no-98-02\/#breadcrumb"},"inLanguage":"es","potentialAction":[{"@type":"ReadAction","target":["https:\/\/www.cec.org\/es\/eventos\/sesion-del-comite-consultivo-publico-conjunto-no-98-02\/"]}]},{"@type":"BreadcrumbList","@id":"https:\/\/www.cec.org\/es\/eventos\/sesion-del-comite-consultivo-publico-conjunto-no-98-02\/#breadcrumb","itemListElement":[{"@type":"ListItem","position":1,"name":"Inicio","item":"https:\/\/www.cec.org\/es\/"},{"@type":"ListItem","position":2,"name":"Eventos","item":"https:\/\/www.cec.org\/es\/eventos\/"},{"@type":"ListItem","position":3,"name":"Sesi\u00f3n del Comit\u00e9 Consultivo P\u00fablico Conjunto No. 98-02"}]},{"@type":"WebSite","@id":"https:\/\/www.cec.org\/es\/#website","url":"https:\/\/www.cec.org\/es\/","name":"Commission for Environmental Cooperation","description":"Three countries working together to protect our shared environment","alternateName":"CEC - CCA -CCE","potentialAction":[{"@type":"SearchAction","target":{"@type":"EntryPoint","urlTemplate":"https:\/\/www.cec.org\/es\/?s={search_term_string}"},"query-input":{"@type":"PropertyValueSpecification","valueRequired":true,"valueName":"search_term_string"}}],"inLanguage":"es"}]}},"_links":{"self":[{"href":"https:\/\/www.cec.org\/es\/wp-json\/wp\/v2\/events\/13827","targetHints":{"allow":["GET"]}}],"collection":[{"href":"https:\/\/www.cec.org\/es\/wp-json\/wp\/v2\/events"}],"about":[{"href":"https:\/\/www.cec.org\/es\/wp-json\/wp\/v2\/types\/events"}],"wp:attachment":[{"href":"https:\/\/www.cec.org\/es\/wp-json\/wp\/v2\/media?parent=13827"}],"curies":[{"name":"wp","href":"https:\/\/api.w.org\/{rel}","templated":true}]}}