{"id":13744,"date":"2003-03-27T00:00:00","date_gmt":"2003-03-27T05:00:00","guid":{"rendered":"http:\/\/www.cec.org\/events\/sesion-ordinaria-del-comite-consultivo-publico-conjunto-03-01\/"},"modified":"2025-06-20T12:44:07","modified_gmt":"2025-06-20T16:44:07","slug":"sesion-ordinaria-del-comite-consultivo-publico-conjunto-03-01","status":"publish","type":"events","link":"https:\/\/www.cec.org\/es\/eventos\/sesion-ordinaria-del-comite-consultivo-publico-conjunto-03-01\/","title":{"rendered":"Sesi\u00f3n ordinaria del Comit\u00e9 Consultivo P\u00fablico Conjunto 03-01"},"content":{"rendered":"<p>El Consejo de la Comisi\u00f3n para la Cooperaci\u00f3n Ambiental (CCA), representado por sus representantes alternos, se reuni\u00f3 en la Ciudad de M\u00e9xico los d\u00edas 27 y 28 de marzo de 2003. Jerry Clifford (Estados Unidos) presidi\u00f3 la reuni\u00f3n. Norine Smith y Olga Ojeda representaron, respectivamente, a Canad\u00e1 y M\u00e9xico. Gustavo Alan\u00eds-Ortega asisti\u00f3 en nombre del Comit\u00e9 Consultivo P\u00fablico Conjunto (CCPC) y V\u00edctor Shantora, director ejecutivo interino de la CCA, represent\u00f3 al Secretariado. Julie-Anne Bellefleur, secretaria del Consejo, desempe\u00f1\u00f3 sus funciones correspondientes en la sesi\u00f3n. Asistieron tambi\u00e9n otros funcionarios de las partes y del Secretariado.<\/p>\n","protected":false},"excerpt":{"rendered":"<p>El Consejo de la Comisi\u00f3n para la Cooperaci\u00f3n Ambiental (CCA), representado por sus representantes alternos, se reuni\u00f3 en la Ciudad de M\u00e9xico los d\u00edas 27 y 28 de marzo de 2003. Jerry Clifford (Estados Unidos) presidi\u00f3 la reuni\u00f3n. Norine Smith y Olga Ojeda representaron, respectivamente, a Canad\u00e1 y M\u00e9xico. Gustavo Alan\u00eds-Ortega asisti\u00f3 en nombre del [&hellip;]<\/p>\n","protected":false},"featured_media":29260,"template":"","class_list":["post-13744","events","type-events","status-publish","has-post-thumbnail","hentry","event_category-sesion-del-ccpc","event_category-reunion","participation-abierto-al-publico-es"],"acf":[],"yoast_head":"<!-- This site is optimized with the Yoast SEO Premium plugin v27.4 (Yoast SEO v27.4) - https:\/\/yoast.com\/product\/yoast-seo-premium-wordpress\/ -->\n<title>Sesi\u00f3n ordinaria del Comit\u00e9 Consultivo P\u00fablico Conjunto 03-01<\/title>\n<meta name=\"description\" content=\"El Consejo de la Comisi\u00f3n para la Cooperaci\u00f3n Ambiental (CCA), representado por sus representantes alternos, se reuni\u00f3 en la Ciudad de M\u00e9xico los d\u00edas 27\" \/>\n<meta name=\"robots\" content=\"index, follow, max-snippet:-1, max-image-preview:large, max-video-preview:-1\" \/>\n<link rel=\"canonical\" href=\"https:\/\/www.cec.org\/es\/eventos\/sesion-ordinaria-del-comite-consultivo-publico-conjunto-03-01\/\" \/>\n<meta property=\"og:locale\" content=\"es_ES\" \/>\n<meta property=\"og:type\" content=\"article\" \/>\n<meta property=\"og:title\" content=\"Sesi\u00f3n ordinaria del Comit\u00e9 Consultivo P\u00fablico Conjunto 03-01\" \/>\n<meta property=\"og:description\" content=\"CEC events range from large public consultations to small, expert meetings on specific environmental issues.\" \/>\n<meta property=\"og:url\" content=\"https:\/\/www.cec.org\/es\/eventos\/sesion-ordinaria-del-comite-consultivo-publico-conjunto-03-01\/\" \/>\n<meta property=\"og:site_name\" content=\"Comisi\u00f3n para la Cooperaci\u00f3n Ambiental\" \/>\n<meta property=\"article:publisher\" content=\"https:\/\/www.facebook.com\/CECconnect\" \/>\n<meta property=\"article:modified_time\" content=\"2025-06-20T16:44:07+00:00\" \/>\n<meta property=\"og:image\" content=\"https:\/\/www.cec.org\/wp-content\/uploads\/2014\/03\/nafta.jpg\" \/>\n\t<meta property=\"og:image:width\" content=\"600\" \/>\n\t<meta property=\"og:image:height\" content=\"400\" \/>\n\t<meta property=\"og:image:type\" content=\"image\/jpeg\" \/>\n<meta name=\"twitter:card\" content=\"summary_large_image\" \/>\n<meta name=\"twitter:site\" content=\"@CECweb\" \/>\n<script type=\"application\/ld+json\" class=\"yoast-schema-graph\">{\"@context\":\"https:\\\/\\\/schema.org\",\"@graph\":[{\"@type\":\"WebPage\",\"@id\":\"https:\\\/\\\/www.cec.org\\\/es\\\/eventos\\\/sesion-ordinaria-del-comite-consultivo-publico-conjunto-03-01\\\/\",\"url\":\"https:\\\/\\\/www.cec.org\\\/es\\\/eventos\\\/sesion-ordinaria-del-comite-consultivo-publico-conjunto-03-01\\\/\",\"name\":\"Sesi\u00f3n ordinaria del Comit\u00e9 Consultivo P\u00fablico Conjunto 03-01\",\"isPartOf\":{\"@id\":\"https:\\\/\\\/www.cec.org\\\/es\\\/#website\"},\"primaryImageOfPage\":{\"@id\":\"https:\\\/\\\/www.cec.org\\\/es\\\/eventos\\\/sesion-ordinaria-del-comite-consultivo-publico-conjunto-03-01\\\/#primaryimage\"},\"image\":{\"@id\":\"https:\\\/\\\/www.cec.org\\\/es\\\/eventos\\\/sesion-ordinaria-del-comite-consultivo-publico-conjunto-03-01\\\/#primaryimage\"},\"thumbnailUrl\":\"https:\\\/\\\/www.cec.org\\\/wp-content\\\/uploads\\\/2014\\\/03\\\/nafta.jpg\",\"datePublished\":\"2003-03-27T05:00:00+00:00\",\"dateModified\":\"2025-06-20T16:44:07+00:00\",\"description\":\"El Consejo de la Comisi\u00f3n para la Cooperaci\u00f3n Ambiental (CCA), representado por sus representantes alternos, se reuni\u00f3 en la Ciudad de M\u00e9xico los d\u00edas 27\",\"breadcrumb\":{\"@id\":\"https:\\\/\\\/www.cec.org\\\/es\\\/eventos\\\/sesion-ordinaria-del-comite-consultivo-publico-conjunto-03-01\\\/#breadcrumb\"},\"inLanguage\":\"es\",\"potentialAction\":[{\"@type\":\"ReadAction\",\"target\":[\"https:\\\/\\\/www.cec.org\\\/es\\\/eventos\\\/sesion-ordinaria-del-comite-consultivo-publico-conjunto-03-01\\\/\"]}]},{\"@type\":\"ImageObject\",\"inLanguage\":\"es\",\"@id\":\"https:\\\/\\\/www.cec.org\\\/es\\\/eventos\\\/sesion-ordinaria-del-comite-consultivo-publico-conjunto-03-01\\\/#primaryimage\",\"url\":\"https:\\\/\\\/www.cec.org\\\/wp-content\\\/uploads\\\/2014\\\/03\\\/nafta.jpg\",\"contentUrl\":\"https:\\\/\\\/www.cec.org\\\/wp-content\\\/uploads\\\/2014\\\/03\\\/nafta.jpg\",\"width\":600,\"height\":400},{\"@type\":\"BreadcrumbList\",\"@id\":\"https:\\\/\\\/www.cec.org\\\/es\\\/eventos\\\/sesion-ordinaria-del-comite-consultivo-publico-conjunto-03-01\\\/#breadcrumb\",\"itemListElement\":[{\"@type\":\"ListItem\",\"position\":1,\"name\":\"Inicio\",\"item\":\"https:\\\/\\\/www.cec.org\\\/es\\\/\"},{\"@type\":\"ListItem\",\"position\":2,\"name\":\"Eventos\",\"item\":\"https:\\\/\\\/www.cec.org\\\/es\\\/eventos\\\/\"},{\"@type\":\"ListItem\",\"position\":3,\"name\":\"Sesi\u00f3n ordinaria del Comit\u00e9 Consultivo P\u00fablico Conjunto 03-01\"}]},{\"@type\":\"WebSite\",\"@id\":\"https:\\\/\\\/www.cec.org\\\/es\\\/#website\",\"url\":\"https:\\\/\\\/www.cec.org\\\/es\\\/\",\"name\":\"Commission for Environmental Cooperation\",\"description\":\"Three countries working together to protect our shared environment\",\"alternateName\":\"CEC - CCA -CCE\",\"potentialAction\":[{\"@type\":\"SearchAction\",\"target\":{\"@type\":\"EntryPoint\",\"urlTemplate\":\"https:\\\/\\\/www.cec.org\\\/es\\\/?s={search_term_string}\"},\"query-input\":{\"@type\":\"PropertyValueSpecification\",\"valueRequired\":true,\"valueName\":\"search_term_string\"}}],\"inLanguage\":\"es\"}]}<\/script>\n<!-- \/ Yoast SEO Premium plugin. -->","yoast_head_json":{"title":"Sesi\u00f3n ordinaria del Comit\u00e9 Consultivo P\u00fablico Conjunto 03-01","description":"El Consejo de la Comisi\u00f3n para la Cooperaci\u00f3n Ambiental (CCA), representado por sus representantes alternos, se reuni\u00f3 en la Ciudad de M\u00e9xico los d\u00edas 27","robots":{"index":"index","follow":"follow","max-snippet":"max-snippet:-1","max-image-preview":"max-image-preview:large","max-video-preview":"max-video-preview:-1"},"canonical":"https:\/\/www.cec.org\/es\/eventos\/sesion-ordinaria-del-comite-consultivo-publico-conjunto-03-01\/","og_locale":"es_ES","og_type":"article","og_title":"Sesi\u00f3n ordinaria del Comit\u00e9 Consultivo P\u00fablico Conjunto 03-01","og_description":"CEC events range from large public consultations to small, expert meetings on specific environmental issues.","og_url":"https:\/\/www.cec.org\/es\/eventos\/sesion-ordinaria-del-comite-consultivo-publico-conjunto-03-01\/","og_site_name":"Comisi\u00f3n para la Cooperaci\u00f3n Ambiental","article_publisher":"https:\/\/www.facebook.com\/CECconnect","article_modified_time":"2025-06-20T16:44:07+00:00","og_image":[{"width":600,"height":400,"url":"https:\/\/www.cec.org\/wp-content\/uploads\/2014\/03\/nafta.jpg","type":"image\/jpeg"}],"twitter_card":"summary_large_image","twitter_site":"@CECweb","schema":{"@context":"https:\/\/schema.org","@graph":[{"@type":"WebPage","@id":"https:\/\/www.cec.org\/es\/eventos\/sesion-ordinaria-del-comite-consultivo-publico-conjunto-03-01\/","url":"https:\/\/www.cec.org\/es\/eventos\/sesion-ordinaria-del-comite-consultivo-publico-conjunto-03-01\/","name":"Sesi\u00f3n ordinaria del Comit\u00e9 Consultivo P\u00fablico Conjunto 03-01","isPartOf":{"@id":"https:\/\/www.cec.org\/es\/#website"},"primaryImageOfPage":{"@id":"https:\/\/www.cec.org\/es\/eventos\/sesion-ordinaria-del-comite-consultivo-publico-conjunto-03-01\/#primaryimage"},"image":{"@id":"https:\/\/www.cec.org\/es\/eventos\/sesion-ordinaria-del-comite-consultivo-publico-conjunto-03-01\/#primaryimage"},"thumbnailUrl":"https:\/\/www.cec.org\/wp-content\/uploads\/2014\/03\/nafta.jpg","datePublished":"2003-03-27T05:00:00+00:00","dateModified":"2025-06-20T16:44:07+00:00","description":"El Consejo de la Comisi\u00f3n para la Cooperaci\u00f3n Ambiental (CCA), representado por sus representantes alternos, se reuni\u00f3 en la Ciudad de M\u00e9xico los d\u00edas 27","breadcrumb":{"@id":"https:\/\/www.cec.org\/es\/eventos\/sesion-ordinaria-del-comite-consultivo-publico-conjunto-03-01\/#breadcrumb"},"inLanguage":"es","potentialAction":[{"@type":"ReadAction","target":["https:\/\/www.cec.org\/es\/eventos\/sesion-ordinaria-del-comite-consultivo-publico-conjunto-03-01\/"]}]},{"@type":"ImageObject","inLanguage":"es","@id":"https:\/\/www.cec.org\/es\/eventos\/sesion-ordinaria-del-comite-consultivo-publico-conjunto-03-01\/#primaryimage","url":"https:\/\/www.cec.org\/wp-content\/uploads\/2014\/03\/nafta.jpg","contentUrl":"https:\/\/www.cec.org\/wp-content\/uploads\/2014\/03\/nafta.jpg","width":600,"height":400},{"@type":"BreadcrumbList","@id":"https:\/\/www.cec.org\/es\/eventos\/sesion-ordinaria-del-comite-consultivo-publico-conjunto-03-01\/#breadcrumb","itemListElement":[{"@type":"ListItem","position":1,"name":"Inicio","item":"https:\/\/www.cec.org\/es\/"},{"@type":"ListItem","position":2,"name":"Eventos","item":"https:\/\/www.cec.org\/es\/eventos\/"},{"@type":"ListItem","position":3,"name":"Sesi\u00f3n ordinaria del Comit\u00e9 Consultivo P\u00fablico Conjunto 03-01"}]},{"@type":"WebSite","@id":"https:\/\/www.cec.org\/es\/#website","url":"https:\/\/www.cec.org\/es\/","name":"Commission for Environmental Cooperation","description":"Three countries working together to protect our shared environment","alternateName":"CEC - CCA -CCE","potentialAction":[{"@type":"SearchAction","target":{"@type":"EntryPoint","urlTemplate":"https:\/\/www.cec.org\/es\/?s={search_term_string}"},"query-input":{"@type":"PropertyValueSpecification","valueRequired":true,"valueName":"search_term_string"}}],"inLanguage":"es"}]}},"_links":{"self":[{"href":"https:\/\/www.cec.org\/es\/wp-json\/wp\/v2\/events\/13744","targetHints":{"allow":["GET"]}}],"collection":[{"href":"https:\/\/www.cec.org\/es\/wp-json\/wp\/v2\/events"}],"about":[{"href":"https:\/\/www.cec.org\/es\/wp-json\/wp\/v2\/types\/events"}],"wp:featuredmedia":[{"embeddable":true,"href":"https:\/\/www.cec.org\/es\/wp-json\/wp\/v2\/media\/29260"}],"wp:attachment":[{"href":"https:\/\/www.cec.org\/es\/wp-json\/wp\/v2\/media?parent=13744"}],"curies":[{"name":"wp","href":"https:\/\/api.w.org\/{rel}","templated":true}]}}