{"id":13742,"date":"2003-06-24T00:00:00","date_gmt":"2003-06-24T04:00:00","guid":{"rendered":"http:\/\/www.cec.org\/events\/sesion-ordinaria-del-comite-consultivo-publico-conjunto-03-02\/"},"modified":"2025-06-20T12:44:06","modified_gmt":"2025-06-20T16:44:06","slug":"sesion-ordinaria-del-comite-consultivo-publico-conjunto-03-02","status":"publish","type":"events","link":"https:\/\/www.cec.org\/es\/eventos\/sesion-ordinaria-del-comite-consultivo-publico-conjunto-03-02\/","title":{"rendered":"D\u00e9cima sesi\u00f3n ordinaria del Consejo y Sesi\u00f3n ordinaria del CCPC 03-02"},"content":{"rendered":"<p>El Comit\u00e9 Consultivo P\u00fablico Conjunto (CCPC) de la Comisi\u00f3n para la Cooperaci\u00f3n Ambiental (CCA) de Am\u00e9rica del Norte llev\u00f3 a cabo una sesi\u00f3n ordinaria del 23 al 25 de junio en Washington, DC, junto con la D\u00e9cima Sesi\u00f3n Ordinaria de Consejo de la CCA e inmediatamente despu\u00e9s de una Sesi\u00f3n Plenaria con el Grupo de Trabajo de Am\u00e9rica del Norte de Cooperaci\u00f3n en la Aplicaci\u00f3n y el Cumplimiento de la Legislaci\u00f3n Ambiental (Grupo de Trabajo sobre Aplicaci\u00f3n, GTA). Se realiz\u00f3 tambi\u00e9n un taller del CCPC sobre Evaluaciones de la CCA de las Cuestiones Atmosf\u00e9ricas Transfronterizas, junto con el Grupo de Trabajo de Am\u00e9rica del Norte sobre Calidad del Aire (GTANCA).<\/p>\n","protected":false},"excerpt":{"rendered":"<p>El Comit\u00e9 Consultivo P\u00fablico Conjunto (CCPC) de la Comisi\u00f3n para la Cooperaci\u00f3n Ambiental (CCA) de Am\u00e9rica del Norte llev\u00f3 a cabo una sesi\u00f3n ordinaria del 23 al 25 de junio en Washington, DC, junto con la D\u00e9cima Sesi\u00f3n Ordinaria de Consejo de la CCA e inmediatamente despu\u00e9s de una Sesi\u00f3n Plenaria con el Grupo de [&hellip;]<\/p>\n","protected":false},"featured_media":4531,"template":"","class_list":["post-13742","events","type-events","status-publish","has-post-thumbnail","hentry","event_category-sesion-del-ccpc","event_category-sesion-del-consejo","country-estados-unidos","participation-abierto-al-publico-es","themes-cambio-climatico","themes-ecosistemas"],"acf":[],"yoast_head":"<!-- This site is optimized with the Yoast SEO Premium plugin v27.4 (Yoast SEO v27.4) - https:\/\/yoast.com\/product\/yoast-seo-premium-wordpress\/ -->\n<title>D\u00e9cima sesi\u00f3n ordinaria del Consejo y Sesi\u00f3n ordinaria del CCPC 03-02<\/title>\n<meta name=\"description\" content=\"El Comit\u00e9 Consultivo P\u00fablico Conjunto (CCPC) de la Comisi\u00f3n para la Cooperaci\u00f3n Ambiental (CCA) de Am\u00e9rica del Norte llev\u00f3 a cabo una sesi\u00f3n ordinaria del\" \/>\n<meta name=\"robots\" content=\"index, follow, max-snippet:-1, max-image-preview:large, max-video-preview:-1\" \/>\n<link rel=\"canonical\" href=\"https:\/\/www.cec.org\/es\/eventos\/sesion-ordinaria-del-comite-consultivo-publico-conjunto-03-02\/\" \/>\n<meta property=\"og:locale\" content=\"es_ES\" \/>\n<meta property=\"og:type\" content=\"article\" \/>\n<meta property=\"og:title\" content=\"D\u00e9cima sesi\u00f3n ordinaria del Consejo y Sesi\u00f3n ordinaria del CCPC 03-02\" \/>\n<meta property=\"og:description\" content=\"CEC events range from large public consultations to small, expert meetings on specific environmental issues.\" \/>\n<meta property=\"og:url\" content=\"https:\/\/www.cec.org\/es\/eventos\/sesion-ordinaria-del-comite-consultivo-publico-conjunto-03-02\/\" \/>\n<meta property=\"og:site_name\" content=\"Comisi\u00f3n para la Cooperaci\u00f3n Ambiental\" \/>\n<meta property=\"article:publisher\" content=\"https:\/\/www.facebook.com\/CECconnect\" \/>\n<meta property=\"article:modified_time\" content=\"2025-06-20T16:44:06+00:00\" \/>\n<meta property=\"og:image\" content=\"https:\/\/www.cec.org\/wp-content\/uploads\/2019\/10\/eco_conserving_nag.png\" \/>\n\t<meta property=\"og:image:width\" content=\"600\" \/>\n\t<meta property=\"og:image:height\" content=\"342\" \/>\n\t<meta property=\"og:image:type\" content=\"image\/png\" \/>\n<meta name=\"twitter:card\" content=\"summary_large_image\" \/>\n<meta name=\"twitter:site\" content=\"@CECweb\" \/>\n<script type=\"application\/ld+json\" class=\"yoast-schema-graph\">{\"@context\":\"https:\\\/\\\/schema.org\",\"@graph\":[{\"@type\":\"WebPage\",\"@id\":\"https:\\\/\\\/www.cec.org\\\/es\\\/eventos\\\/sesion-ordinaria-del-comite-consultivo-publico-conjunto-03-02\\\/\",\"url\":\"https:\\\/\\\/www.cec.org\\\/es\\\/eventos\\\/sesion-ordinaria-del-comite-consultivo-publico-conjunto-03-02\\\/\",\"name\":\"D\u00e9cima sesi\u00f3n ordinaria del Consejo y Sesi\u00f3n ordinaria del CCPC 03-02\",\"isPartOf\":{\"@id\":\"https:\\\/\\\/www.cec.org\\\/es\\\/#website\"},\"primaryImageOfPage\":{\"@id\":\"https:\\\/\\\/www.cec.org\\\/es\\\/eventos\\\/sesion-ordinaria-del-comite-consultivo-publico-conjunto-03-02\\\/#primaryimage\"},\"image\":{\"@id\":\"https:\\\/\\\/www.cec.org\\\/es\\\/eventos\\\/sesion-ordinaria-del-comite-consultivo-publico-conjunto-03-02\\\/#primaryimage\"},\"thumbnailUrl\":\"https:\\\/\\\/www.cec.org\\\/wp-content\\\/uploads\\\/2019\\\/10\\\/eco_conserving_nag.png\",\"datePublished\":\"2003-06-24T04:00:00+00:00\",\"dateModified\":\"2025-06-20T16:44:06+00:00\",\"description\":\"El Comit\u00e9 Consultivo P\u00fablico Conjunto (CCPC) de la Comisi\u00f3n para la Cooperaci\u00f3n Ambiental (CCA) de Am\u00e9rica del Norte llev\u00f3 a cabo una sesi\u00f3n ordinaria del\",\"breadcrumb\":{\"@id\":\"https:\\\/\\\/www.cec.org\\\/es\\\/eventos\\\/sesion-ordinaria-del-comite-consultivo-publico-conjunto-03-02\\\/#breadcrumb\"},\"inLanguage\":\"es\",\"potentialAction\":[{\"@type\":\"ReadAction\",\"target\":[\"https:\\\/\\\/www.cec.org\\\/es\\\/eventos\\\/sesion-ordinaria-del-comite-consultivo-publico-conjunto-03-02\\\/\"]}]},{\"@type\":\"ImageObject\",\"inLanguage\":\"es\",\"@id\":\"https:\\\/\\\/www.cec.org\\\/es\\\/eventos\\\/sesion-ordinaria-del-comite-consultivo-publico-conjunto-03-02\\\/#primaryimage\",\"url\":\"https:\\\/\\\/www.cec.org\\\/wp-content\\\/uploads\\\/2019\\\/10\\\/eco_conserving_nag.png\",\"contentUrl\":\"https:\\\/\\\/www.cec.org\\\/wp-content\\\/uploads\\\/2019\\\/10\\\/eco_conserving_nag.png\",\"width\":600,\"height\":342,\"caption\":\"CEC Projects - Conserving North American Grasslands\"},{\"@type\":\"BreadcrumbList\",\"@id\":\"https:\\\/\\\/www.cec.org\\\/es\\\/eventos\\\/sesion-ordinaria-del-comite-consultivo-publico-conjunto-03-02\\\/#breadcrumb\",\"itemListElement\":[{\"@type\":\"ListItem\",\"position\":1,\"name\":\"Inicio\",\"item\":\"https:\\\/\\\/www.cec.org\\\/es\\\/\"},{\"@type\":\"ListItem\",\"position\":2,\"name\":\"Eventos\",\"item\":\"https:\\\/\\\/www.cec.org\\\/es\\\/eventos\\\/\"},{\"@type\":\"ListItem\",\"position\":3,\"name\":\"D\u00e9cima sesi\u00f3n ordinaria del Consejo y Sesi\u00f3n ordinaria del CCPC 03-02\"}]},{\"@type\":\"WebSite\",\"@id\":\"https:\\\/\\\/www.cec.org\\\/es\\\/#website\",\"url\":\"https:\\\/\\\/www.cec.org\\\/es\\\/\",\"name\":\"Commission for Environmental Cooperation\",\"description\":\"Three countries working together to protect our shared environment\",\"alternateName\":\"CEC - CCA -CCE\",\"potentialAction\":[{\"@type\":\"SearchAction\",\"target\":{\"@type\":\"EntryPoint\",\"urlTemplate\":\"https:\\\/\\\/www.cec.org\\\/es\\\/?s={search_term_string}\"},\"query-input\":{\"@type\":\"PropertyValueSpecification\",\"valueRequired\":true,\"valueName\":\"search_term_string\"}}],\"inLanguage\":\"es\"}]}<\/script>\n<!-- \/ Yoast SEO Premium plugin. -->","yoast_head_json":{"title":"D\u00e9cima sesi\u00f3n ordinaria del Consejo y Sesi\u00f3n ordinaria del CCPC 03-02","description":"El Comit\u00e9 Consultivo P\u00fablico Conjunto (CCPC) de la Comisi\u00f3n para la Cooperaci\u00f3n Ambiental (CCA) de Am\u00e9rica del Norte llev\u00f3 a cabo una sesi\u00f3n ordinaria del","robots":{"index":"index","follow":"follow","max-snippet":"max-snippet:-1","max-image-preview":"max-image-preview:large","max-video-preview":"max-video-preview:-1"},"canonical":"https:\/\/www.cec.org\/es\/eventos\/sesion-ordinaria-del-comite-consultivo-publico-conjunto-03-02\/","og_locale":"es_ES","og_type":"article","og_title":"D\u00e9cima sesi\u00f3n ordinaria del Consejo y Sesi\u00f3n ordinaria del CCPC 03-02","og_description":"CEC events range from large public consultations to small, expert meetings on specific environmental issues.","og_url":"https:\/\/www.cec.org\/es\/eventos\/sesion-ordinaria-del-comite-consultivo-publico-conjunto-03-02\/","og_site_name":"Comisi\u00f3n para la Cooperaci\u00f3n Ambiental","article_publisher":"https:\/\/www.facebook.com\/CECconnect","article_modified_time":"2025-06-20T16:44:06+00:00","og_image":[{"width":600,"height":342,"url":"https:\/\/www.cec.org\/wp-content\/uploads\/2019\/10\/eco_conserving_nag.png","type":"image\/png"}],"twitter_card":"summary_large_image","twitter_site":"@CECweb","schema":{"@context":"https:\/\/schema.org","@graph":[{"@type":"WebPage","@id":"https:\/\/www.cec.org\/es\/eventos\/sesion-ordinaria-del-comite-consultivo-publico-conjunto-03-02\/","url":"https:\/\/www.cec.org\/es\/eventos\/sesion-ordinaria-del-comite-consultivo-publico-conjunto-03-02\/","name":"D\u00e9cima sesi\u00f3n ordinaria del Consejo y Sesi\u00f3n ordinaria del CCPC 03-02","isPartOf":{"@id":"https:\/\/www.cec.org\/es\/#website"},"primaryImageOfPage":{"@id":"https:\/\/www.cec.org\/es\/eventos\/sesion-ordinaria-del-comite-consultivo-publico-conjunto-03-02\/#primaryimage"},"image":{"@id":"https:\/\/www.cec.org\/es\/eventos\/sesion-ordinaria-del-comite-consultivo-publico-conjunto-03-02\/#primaryimage"},"thumbnailUrl":"https:\/\/www.cec.org\/wp-content\/uploads\/2019\/10\/eco_conserving_nag.png","datePublished":"2003-06-24T04:00:00+00:00","dateModified":"2025-06-20T16:44:06+00:00","description":"El Comit\u00e9 Consultivo P\u00fablico Conjunto (CCPC) de la Comisi\u00f3n para la Cooperaci\u00f3n Ambiental (CCA) de Am\u00e9rica del Norte llev\u00f3 a cabo una sesi\u00f3n ordinaria del","breadcrumb":{"@id":"https:\/\/www.cec.org\/es\/eventos\/sesion-ordinaria-del-comite-consultivo-publico-conjunto-03-02\/#breadcrumb"},"inLanguage":"es","potentialAction":[{"@type":"ReadAction","target":["https:\/\/www.cec.org\/es\/eventos\/sesion-ordinaria-del-comite-consultivo-publico-conjunto-03-02\/"]}]},{"@type":"ImageObject","inLanguage":"es","@id":"https:\/\/www.cec.org\/es\/eventos\/sesion-ordinaria-del-comite-consultivo-publico-conjunto-03-02\/#primaryimage","url":"https:\/\/www.cec.org\/wp-content\/uploads\/2019\/10\/eco_conserving_nag.png","contentUrl":"https:\/\/www.cec.org\/wp-content\/uploads\/2019\/10\/eco_conserving_nag.png","width":600,"height":342,"caption":"CEC Projects - Conserving North American Grasslands"},{"@type":"BreadcrumbList","@id":"https:\/\/www.cec.org\/es\/eventos\/sesion-ordinaria-del-comite-consultivo-publico-conjunto-03-02\/#breadcrumb","itemListElement":[{"@type":"ListItem","position":1,"name":"Inicio","item":"https:\/\/www.cec.org\/es\/"},{"@type":"ListItem","position":2,"name":"Eventos","item":"https:\/\/www.cec.org\/es\/eventos\/"},{"@type":"ListItem","position":3,"name":"D\u00e9cima sesi\u00f3n ordinaria del Consejo y Sesi\u00f3n ordinaria del CCPC 03-02"}]},{"@type":"WebSite","@id":"https:\/\/www.cec.org\/es\/#website","url":"https:\/\/www.cec.org\/es\/","name":"Commission for Environmental Cooperation","description":"Three countries working together to protect our shared environment","alternateName":"CEC - CCA -CCE","potentialAction":[{"@type":"SearchAction","target":{"@type":"EntryPoint","urlTemplate":"https:\/\/www.cec.org\/es\/?s={search_term_string}"},"query-input":{"@type":"PropertyValueSpecification","valueRequired":true,"valueName":"search_term_string"}}],"inLanguage":"es"}]}},"_links":{"self":[{"href":"https:\/\/www.cec.org\/es\/wp-json\/wp\/v2\/events\/13742","targetHints":{"allow":["GET"]}}],"collection":[{"href":"https:\/\/www.cec.org\/es\/wp-json\/wp\/v2\/events"}],"about":[{"href":"https:\/\/www.cec.org\/es\/wp-json\/wp\/v2\/types\/events"}],"wp:featuredmedia":[{"embeddable":true,"href":"https:\/\/www.cec.org\/es\/wp-json\/wp\/v2\/media\/4531"}],"wp:attachment":[{"href":"https:\/\/www.cec.org\/es\/wp-json\/wp\/v2\/media?parent=13742"}],"curies":[{"name":"wp","href":"https:\/\/api.w.org\/{rel}","templated":true}]}}