{"id":13681,"date":"2010-03-24T00:00:00","date_gmt":"2010-03-24T04:00:00","guid":{"rendered":"http:\/\/www.cec.org\/events\/el-mercado-energetico-de-america-del-norte-consonancia-de-politicas-y-captacion-de-carbono\/"},"modified":"2025-06-20T12:43:20","modified_gmt":"2025-06-20T16:43:20","slug":"el-mercado-energetico-de-america-del-norte-consonancia-de-politicas-y-captacion-de-carbono","status":"publish","type":"events","link":"https:\/\/www.cec.org\/es\/eventos\/el-mercado-energetico-de-america-del-norte-consonancia-de-politicas-y-captacion-de-carbono\/","title":{"rendered":"El mercado energ\u00e9tico de Am\u00e9rica del Norte: consonancia de pol\u00edticas y captaci\u00f3n de carbono"},"content":{"rendered":"<p><strong>El 24 de marzo<\/strong>, l\u00edderes de la industria y expertos analizaron temas relacionados con las pol\u00edticas energ\u00e9ticas y los mercados de energ\u00eda en la regi\u00f3n.<\/p>\n<p>Para ejemplificar el tipo de conflictos que pueden surgir de una falta de compatibilidad entre las pol\u00edticas p\u00fablicas de los pa\u00edses, en una mesa de debate se revisaron las restricciones que tienen lugar en California, Estados Unidos, derivadas de la definici\u00f3n de energ\u00eda renovable vigente en el estado, por la que resultar\u00edan afectadas las exportaciones de ciertos tipos de energ\u00eda hidroel\u00e9ctrica, incluida la generada en la provincia de Columbia Brit\u00e1nica.<\/p>\n<p>Otra de las mesas de debate se enfoc\u00f3 en las oportunidades y retos de Am\u00e9rica del Norte con relaci\u00f3n a la captaci\u00f3n y el almacenamiento de carbono.<\/p>\n<p>El evento se transmiti\u00f3 en l\u00ednea y en directo (v\u00eda webcast).<\/p>\n","protected":false},"excerpt":{"rendered":"<p>El 24 de marzo, l\u00edderes de la industria y expertos analizaron temas relacionados con las pol\u00edticas energ\u00e9ticas y los mercados de energ\u00eda en la regi\u00f3n. Para ejemplificar el tipo de conflictos que pueden surgir de una falta de compatibilidad entre las pol\u00edticas p\u00fablicas de los pa\u00edses, en una mesa de debate se revisaron las restricciones [&hellip;]<\/p>\n","protected":false},"featured_media":33986,"template":"","class_list":["post-13681","events","type-events","status-publish","has-post-thumbnail","hentry","event_category-sesion-del-ccpc","country-canada-es","participation-abierto-al-publico-es"],"acf":[],"yoast_head":"<!-- This site is optimized with the Yoast SEO Premium plugin v27.4 (Yoast SEO v27.4) - https:\/\/yoast.com\/product\/yoast-seo-premium-wordpress\/ -->\n<title>El mercado energ\u00e9tico de Am\u00e9rica del Norte: consonancia de pol\u00edticas y captaci\u00f3n de carbono<\/title>\n<meta name=\"description\" content=\"El 24 de marzo, l\u00edderes de la industria y expertos analizaron temas relacionados con las pol\u00edticas energ\u00e9ticas y los mercados de energ\u00eda en la regi\u00f3n.\" \/>\n<meta name=\"robots\" content=\"index, follow, max-snippet:-1, max-image-preview:large, max-video-preview:-1\" \/>\n<link rel=\"canonical\" href=\"https:\/\/www.cec.org\/es\/eventos\/el-mercado-energetico-de-america-del-norte-consonancia-de-politicas-y-captacion-de-carbono\/\" \/>\n<meta property=\"og:locale\" content=\"es_ES\" \/>\n<meta property=\"og:type\" content=\"article\" \/>\n<meta property=\"og:title\" content=\"El mercado energ\u00e9tico de Am\u00e9rica del Norte: consonancia de pol\u00edticas y captaci\u00f3n de carbono\" \/>\n<meta property=\"og:description\" content=\"CEC events range from large public consultations to small, expert meetings on specific environmental issues.\" \/>\n<meta property=\"og:url\" content=\"https:\/\/www.cec.org\/es\/eventos\/el-mercado-energetico-de-america-del-norte-consonancia-de-politicas-y-captacion-de-carbono\/\" \/>\n<meta property=\"og:site_name\" content=\"Comisi\u00f3n para la Cooperaci\u00f3n Ambiental\" \/>\n<meta property=\"article:publisher\" content=\"https:\/\/www.facebook.com\/CECconnect\" \/>\n<meta property=\"article:modified_time\" content=\"2025-06-20T16:43:20+00:00\" \/>\n<meta property=\"og:image\" content=\"https:\/\/www.cec.org\/wp-content\/uploads\/2020\/11\/event-cover.jpg\" \/>\n\t<meta property=\"og:image:width\" content=\"600\" \/>\n\t<meta property=\"og:image:height\" content=\"400\" \/>\n\t<meta property=\"og:image:type\" content=\"image\/jpeg\" \/>\n<meta name=\"twitter:card\" content=\"summary_large_image\" \/>\n<meta name=\"twitter:site\" content=\"@CECweb\" \/>\n<script type=\"application\/ld+json\" class=\"yoast-schema-graph\">{\"@context\":\"https:\\\/\\\/schema.org\",\"@graph\":[{\"@type\":\"WebPage\",\"@id\":\"https:\\\/\\\/www.cec.org\\\/es\\\/eventos\\\/el-mercado-energetico-de-america-del-norte-consonancia-de-politicas-y-captacion-de-carbono\\\/\",\"url\":\"https:\\\/\\\/www.cec.org\\\/es\\\/eventos\\\/el-mercado-energetico-de-america-del-norte-consonancia-de-politicas-y-captacion-de-carbono\\\/\",\"name\":\"El mercado energ\u00e9tico de Am\u00e9rica del Norte: consonancia de pol\u00edticas y captaci\u00f3n de carbono\",\"isPartOf\":{\"@id\":\"https:\\\/\\\/www.cec.org\\\/es\\\/#website\"},\"primaryImageOfPage\":{\"@id\":\"https:\\\/\\\/www.cec.org\\\/es\\\/eventos\\\/el-mercado-energetico-de-america-del-norte-consonancia-de-politicas-y-captacion-de-carbono\\\/#primaryimage\"},\"image\":{\"@id\":\"https:\\\/\\\/www.cec.org\\\/es\\\/eventos\\\/el-mercado-energetico-de-america-del-norte-consonancia-de-politicas-y-captacion-de-carbono\\\/#primaryimage\"},\"thumbnailUrl\":\"https:\\\/\\\/www.cec.org\\\/wp-content\\\/uploads\\\/2020\\\/11\\\/event-cover.jpg\",\"datePublished\":\"2010-03-24T04:00:00+00:00\",\"dateModified\":\"2025-06-20T16:43:20+00:00\",\"description\":\"El 24 de marzo, l\u00edderes de la industria y expertos analizaron temas relacionados con las pol\u00edticas energ\u00e9ticas y los mercados de energ\u00eda en la regi\u00f3n.\",\"breadcrumb\":{\"@id\":\"https:\\\/\\\/www.cec.org\\\/es\\\/eventos\\\/el-mercado-energetico-de-america-del-norte-consonancia-de-politicas-y-captacion-de-carbono\\\/#breadcrumb\"},\"inLanguage\":\"es\",\"potentialAction\":[{\"@type\":\"ReadAction\",\"target\":[\"https:\\\/\\\/www.cec.org\\\/es\\\/eventos\\\/el-mercado-energetico-de-america-del-norte-consonancia-de-politicas-y-captacion-de-carbono\\\/\"]}]},{\"@type\":\"ImageObject\",\"inLanguage\":\"es\",\"@id\":\"https:\\\/\\\/www.cec.org\\\/es\\\/eventos\\\/el-mercado-energetico-de-america-del-norte-consonancia-de-politicas-y-captacion-de-carbono\\\/#primaryimage\",\"url\":\"https:\\\/\\\/www.cec.org\\\/wp-content\\\/uploads\\\/2020\\\/11\\\/event-cover.jpg\",\"contentUrl\":\"https:\\\/\\\/www.cec.org\\\/wp-content\\\/uploads\\\/2020\\\/11\\\/event-cover.jpg\",\"width\":600,\"height\":400,\"caption\":\"Even Cover - Evan Lloyd\"},{\"@type\":\"BreadcrumbList\",\"@id\":\"https:\\\/\\\/www.cec.org\\\/es\\\/eventos\\\/el-mercado-energetico-de-america-del-norte-consonancia-de-politicas-y-captacion-de-carbono\\\/#breadcrumb\",\"itemListElement\":[{\"@type\":\"ListItem\",\"position\":1,\"name\":\"Inicio\",\"item\":\"https:\\\/\\\/www.cec.org\\\/es\\\/\"},{\"@type\":\"ListItem\",\"position\":2,\"name\":\"Eventos\",\"item\":\"https:\\\/\\\/www.cec.org\\\/es\\\/eventos\\\/\"},{\"@type\":\"ListItem\",\"position\":3,\"name\":\"El mercado energ\u00e9tico de Am\u00e9rica del Norte: consonancia de pol\u00edticas y captaci\u00f3n de carbono\"}]},{\"@type\":\"WebSite\",\"@id\":\"https:\\\/\\\/www.cec.org\\\/es\\\/#website\",\"url\":\"https:\\\/\\\/www.cec.org\\\/es\\\/\",\"name\":\"Commission for Environmental Cooperation\",\"description\":\"Three countries working together to protect our shared environment\",\"alternateName\":\"CEC - CCA -CCE\",\"potentialAction\":[{\"@type\":\"SearchAction\",\"target\":{\"@type\":\"EntryPoint\",\"urlTemplate\":\"https:\\\/\\\/www.cec.org\\\/es\\\/?s={search_term_string}\"},\"query-input\":{\"@type\":\"PropertyValueSpecification\",\"valueRequired\":true,\"valueName\":\"search_term_string\"}}],\"inLanguage\":\"es\"}]}<\/script>\n<!-- \/ Yoast SEO Premium plugin. -->","yoast_head_json":{"title":"El mercado energ\u00e9tico de Am\u00e9rica del Norte: consonancia de pol\u00edticas y captaci\u00f3n de carbono","description":"El 24 de marzo, l\u00edderes de la industria y expertos analizaron temas relacionados con las pol\u00edticas energ\u00e9ticas y los mercados de energ\u00eda en la regi\u00f3n.","robots":{"index":"index","follow":"follow","max-snippet":"max-snippet:-1","max-image-preview":"max-image-preview:large","max-video-preview":"max-video-preview:-1"},"canonical":"https:\/\/www.cec.org\/es\/eventos\/el-mercado-energetico-de-america-del-norte-consonancia-de-politicas-y-captacion-de-carbono\/","og_locale":"es_ES","og_type":"article","og_title":"El mercado energ\u00e9tico de Am\u00e9rica del Norte: consonancia de pol\u00edticas y captaci\u00f3n de carbono","og_description":"CEC events range from large public consultations to small, expert meetings on specific environmental issues.","og_url":"https:\/\/www.cec.org\/es\/eventos\/el-mercado-energetico-de-america-del-norte-consonancia-de-politicas-y-captacion-de-carbono\/","og_site_name":"Comisi\u00f3n para la Cooperaci\u00f3n Ambiental","article_publisher":"https:\/\/www.facebook.com\/CECconnect","article_modified_time":"2025-06-20T16:43:20+00:00","og_image":[{"width":600,"height":400,"url":"https:\/\/www.cec.org\/wp-content\/uploads\/2020\/11\/event-cover.jpg","type":"image\/jpeg"}],"twitter_card":"summary_large_image","twitter_site":"@CECweb","schema":{"@context":"https:\/\/schema.org","@graph":[{"@type":"WebPage","@id":"https:\/\/www.cec.org\/es\/eventos\/el-mercado-energetico-de-america-del-norte-consonancia-de-politicas-y-captacion-de-carbono\/","url":"https:\/\/www.cec.org\/es\/eventos\/el-mercado-energetico-de-america-del-norte-consonancia-de-politicas-y-captacion-de-carbono\/","name":"El mercado energ\u00e9tico de Am\u00e9rica del Norte: consonancia de pol\u00edticas y captaci\u00f3n de carbono","isPartOf":{"@id":"https:\/\/www.cec.org\/es\/#website"},"primaryImageOfPage":{"@id":"https:\/\/www.cec.org\/es\/eventos\/el-mercado-energetico-de-america-del-norte-consonancia-de-politicas-y-captacion-de-carbono\/#primaryimage"},"image":{"@id":"https:\/\/www.cec.org\/es\/eventos\/el-mercado-energetico-de-america-del-norte-consonancia-de-politicas-y-captacion-de-carbono\/#primaryimage"},"thumbnailUrl":"https:\/\/www.cec.org\/wp-content\/uploads\/2020\/11\/event-cover.jpg","datePublished":"2010-03-24T04:00:00+00:00","dateModified":"2025-06-20T16:43:20+00:00","description":"El 24 de marzo, l\u00edderes de la industria y expertos analizaron temas relacionados con las pol\u00edticas energ\u00e9ticas y los mercados de energ\u00eda en la regi\u00f3n.","breadcrumb":{"@id":"https:\/\/www.cec.org\/es\/eventos\/el-mercado-energetico-de-america-del-norte-consonancia-de-politicas-y-captacion-de-carbono\/#breadcrumb"},"inLanguage":"es","potentialAction":[{"@type":"ReadAction","target":["https:\/\/www.cec.org\/es\/eventos\/el-mercado-energetico-de-america-del-norte-consonancia-de-politicas-y-captacion-de-carbono\/"]}]},{"@type":"ImageObject","inLanguage":"es","@id":"https:\/\/www.cec.org\/es\/eventos\/el-mercado-energetico-de-america-del-norte-consonancia-de-politicas-y-captacion-de-carbono\/#primaryimage","url":"https:\/\/www.cec.org\/wp-content\/uploads\/2020\/11\/event-cover.jpg","contentUrl":"https:\/\/www.cec.org\/wp-content\/uploads\/2020\/11\/event-cover.jpg","width":600,"height":400,"caption":"Even Cover - Evan Lloyd"},{"@type":"BreadcrumbList","@id":"https:\/\/www.cec.org\/es\/eventos\/el-mercado-energetico-de-america-del-norte-consonancia-de-politicas-y-captacion-de-carbono\/#breadcrumb","itemListElement":[{"@type":"ListItem","position":1,"name":"Inicio","item":"https:\/\/www.cec.org\/es\/"},{"@type":"ListItem","position":2,"name":"Eventos","item":"https:\/\/www.cec.org\/es\/eventos\/"},{"@type":"ListItem","position":3,"name":"El mercado energ\u00e9tico de Am\u00e9rica del Norte: consonancia de pol\u00edticas y captaci\u00f3n de carbono"}]},{"@type":"WebSite","@id":"https:\/\/www.cec.org\/es\/#website","url":"https:\/\/www.cec.org\/es\/","name":"Commission for Environmental Cooperation","description":"Three countries working together to protect our shared environment","alternateName":"CEC - CCA -CCE","potentialAction":[{"@type":"SearchAction","target":{"@type":"EntryPoint","urlTemplate":"https:\/\/www.cec.org\/es\/?s={search_term_string}"},"query-input":{"@type":"PropertyValueSpecification","valueRequired":true,"valueName":"search_term_string"}}],"inLanguage":"es"}]}},"_links":{"self":[{"href":"https:\/\/www.cec.org\/es\/wp-json\/wp\/v2\/events\/13681","targetHints":{"allow":["GET"]}}],"collection":[{"href":"https:\/\/www.cec.org\/es\/wp-json\/wp\/v2\/events"}],"about":[{"href":"https:\/\/www.cec.org\/es\/wp-json\/wp\/v2\/types\/events"}],"wp:featuredmedia":[{"embeddable":true,"href":"https:\/\/www.cec.org\/es\/wp-json\/wp\/v2\/media\/33986"}],"wp:attachment":[{"href":"https:\/\/www.cec.org\/es\/wp-json\/wp\/v2\/media?parent=13681"}],"curies":[{"name":"wp","href":"https:\/\/api.w.org\/{rel}","templated":true}]}}