{"id":13558,"date":"2014-04-10T00:00:00","date_gmt":"2014-04-10T04:00:00","guid":{"rendered":"http:\/\/www.cec.org\/events\/concurso-fotografico-celebremos-la-biodiversidad-compartida-de-america-del-norte\/"},"modified":"2025-06-20T13:01:48","modified_gmt":"2025-06-20T17:01:48","slug":"concurso-fotografico-celebremos-la-biodiversidad-compartida-de-america-del-norte","status":"publish","type":"events","link":"https:\/\/www.cec.org\/es\/eventos\/concurso-fotografico-celebremos-la-biodiversidad-compartida-de-america-del-norte\/","title":{"rendered":"Concurso fotogr\u00e1fico \u00a1Celebremos la biodiversidad compartida de Am\u00e9rica del Norte!"},"content":{"rendered":"<p>En 2014, la Comisi\u00f3n para la Cooperaci\u00f3n Ambiental (CCA) de Am\u00e9rica del Norte celebra veinte a\u00f1os de fruct\u00edferas alianzas a favor del medio ambiente en la regi\u00f3n. Para conmemorar este hito en Canad\u00e1, Estados Unidos y M\u00e9xico, la CCA est\u00e1 organizando el concurso de fotograf\u00eda\u00a0<strong><em>\u00a1Celebremos la biodiversidad compartida de Am\u00e9rica del Norte!<\/em><\/strong><\/p>\n<p>Saque su c\u00e1mara y ay\u00fadenos a promover el medio ambiente de la regi\u00f3n y mostrar la enorme cantidad de casos y elementos relacionados con la biodiversidad compartida que se registran a lo largo y ancho de nuestro vasto subcontinente: especies y ecosistemas que trascienden fronteras; la importancia fundamental que la biodiversidad reviste para mantener comunidades saludables; las alianzas internacionales creadas en nombre de la biodiversidad; las aves migratorias y otras especies de vida silvestre que atraviesan los tres pa\u00edses en sus viajes migratorios bianuales... \u00a1y m\u00e1s! La biodiversidad que compartimos es un recordatorio del importante papel de cooperaci\u00f3n que Canad\u00e1, Estados Unidos y M\u00e9xico desempe\u00f1an en la conservaci\u00f3n del medio ambiente de Am\u00e9rica del Norte.<\/p>\n<p>Las fotograf\u00edas ser\u00e1n seleccionadas \u2014en anonimato\u2014 por un jurado integrado por fot\u00f3grafos profesionales. Las fotograf\u00edas ser\u00e1n tambi\u00e9n evaluadas, con base en su creatividad y relevancia, por tres miembros del Comit\u00e9 Consultivo P\u00fablico Conjunto (CCPC) de la CCA.<\/p>\n<p>El concursante ganador ser\u00e1 acreedor a:<\/p>\n<ul>\n<li>Una exclusiva invitaci\u00f3n para asistir a la sesi\u00f3n de Consejo 2014 de la CCA (www.cec.org\/consejo2014), a celebrarse el 16 y 17 de julio de 2014 en la ciudad de Yellowknife, Territorios del Noroeste, Canad\u00e1.<\/li>\n<li>Un boleto de avi\u00f3n de ida y vuelta a Yellowknife, Territorios del Noroeste, Canad\u00e1, y tres noches de alojamiento en hotel.<\/li>\n<li>Exhibici\u00f3n de su obra, junto con las fotos de otros ocho finalistas (para un total de tres im\u00e1genes por pa\u00eds), en la exposici\u00f3n fotogr\u00e1fica que se montar\u00e1 con motivo de la sesi\u00f3n de Consejo.<\/li>\n<li>Un recorrido fotogr\u00e1fico por Yellowknife durante medio d\u00eda con el reconocido historiador y fot\u00f3grafo local Bill Braden.<\/li>\n<\/ul>\n<p><!-- y &iexcl;comp&aacute;rtalo con sus amistades y colegas! --><\/p>\n<p>Observe que si aparecen rostros identificables en su fotograf\u00eda, deber\u00e1 descargar y llenar un formulario de consentimiento para cada persona.<\/p>\n<p>Las fotograf\u00edas participantes deber\u00e1n recibirse a m\u00e1s tardar a las 00:00 horas, tiempo del este (cinco horas menos que el meridiano de Greenwich), del <strong>23 de mayo de 2014<\/strong>. El nombre del ganador se anunciar\u00e1 el 17 de julio de 2014.<\/p>\n<p>El <strong>concurso de fotograf\u00eda<em> \u00a1Celebremos la biodiversidad compartida de Am\u00e9rica del Norte!<\/em><\/strong> se lanz\u00f3 ya oficialmente. \u00a1Inscr\u00edbase y pase la voz!<\/p>\n","protected":false},"excerpt":{"rendered":"<p>En 2014, la Comisi\u00f3n para la Cooperaci\u00f3n Ambiental (CCA) de Am\u00e9rica del Norte celebra veinte a\u00f1os de fruct\u00edferas alianzas a favor del medio ambiente en la regi\u00f3n. Para conmemorar este hito en Canad\u00e1, Estados Unidos y M\u00e9xico, la CCA est\u00e1 organizando el concurso de fotograf\u00eda\u00a0\u00a1Celebremos la biodiversidad compartida de Am\u00e9rica del Norte! Saque su c\u00e1mara [&hellip;]<\/p>\n","protected":false},"featured_media":29264,"template":"","class_list":["post-13558","events","type-events","status-publish","has-post-thumbnail","hentry","event_category-otro-evento","country-canada-es","participation-abierto-al-publico-es","themes-ecosistemas"],"acf":[],"yoast_head":"<!-- This site is optimized with the Yoast SEO Premium plugin v27.4 (Yoast SEO v27.4) - https:\/\/yoast.com\/product\/yoast-seo-premium-wordpress\/ -->\n<title>Concurso fotogr\u00e1fico \u00a1Celebremos la biodiversidad compartida de Am\u00e9rica del Norte!<\/title>\n<meta name=\"description\" content=\"En 2014, la Comisi\u00f3n para la Cooperaci\u00f3n Ambiental (CCA) de Am\u00e9rica del Norte celebra veinte a\u00f1os de fruct\u00edferas alianzas a favor del medio ambiente en la\" \/>\n<meta name=\"robots\" content=\"index, follow, max-snippet:-1, max-image-preview:large, max-video-preview:-1\" \/>\n<link rel=\"canonical\" href=\"https:\/\/www.cec.org\/es\/eventos\/concurso-fotografico-celebremos-la-biodiversidad-compartida-de-america-del-norte\/\" \/>\n<meta property=\"og:locale\" content=\"es_ES\" \/>\n<meta property=\"og:type\" content=\"article\" \/>\n<meta property=\"og:title\" content=\"Concurso fotogr\u00e1fico \u00a1Celebremos la biodiversidad compartida de Am\u00e9rica del Norte!\" \/>\n<meta property=\"og:description\" content=\"CEC events range from large public consultations to small, expert meetings on specific environmental issues.\" \/>\n<meta property=\"og:url\" content=\"https:\/\/www.cec.org\/es\/eventos\/concurso-fotografico-celebremos-la-biodiversidad-compartida-de-america-del-norte\/\" \/>\n<meta property=\"og:site_name\" content=\"Comisi\u00f3n para la Cooperaci\u00f3n Ambiental\" \/>\n<meta property=\"article:publisher\" content=\"https:\/\/www.facebook.com\/CECconnect\" \/>\n<meta property=\"article:modified_time\" content=\"2025-06-20T17:01:48+00:00\" \/>\n<meta property=\"og:image\" content=\"https:\/\/www.cec.org\/wp-content\/uploads\/2014\/04\/Jennie.jpg\" \/>\n\t<meta property=\"og:image:width\" content=\"600\" \/>\n\t<meta property=\"og:image:height\" content=\"400\" \/>\n\t<meta property=\"og:image:type\" content=\"image\/jpeg\" \/>\n<meta name=\"twitter:card\" content=\"summary_large_image\" \/>\n<meta name=\"twitter:site\" content=\"@CECweb\" \/>\n<script type=\"application\/ld+json\" class=\"yoast-schema-graph\">{\"@context\":\"https:\\\/\\\/schema.org\",\"@graph\":[{\"@type\":\"WebPage\",\"@id\":\"https:\\\/\\\/www.cec.org\\\/es\\\/eventos\\\/concurso-fotografico-celebremos-la-biodiversidad-compartida-de-america-del-norte\\\/\",\"url\":\"https:\\\/\\\/www.cec.org\\\/es\\\/eventos\\\/concurso-fotografico-celebremos-la-biodiversidad-compartida-de-america-del-norte\\\/\",\"name\":\"Concurso fotogr\u00e1fico \u00a1Celebremos la biodiversidad compartida de Am\u00e9rica del Norte!\",\"isPartOf\":{\"@id\":\"https:\\\/\\\/www.cec.org\\\/es\\\/#website\"},\"primaryImageOfPage\":{\"@id\":\"https:\\\/\\\/www.cec.org\\\/es\\\/eventos\\\/concurso-fotografico-celebremos-la-biodiversidad-compartida-de-america-del-norte\\\/#primaryimage\"},\"image\":{\"@id\":\"https:\\\/\\\/www.cec.org\\\/es\\\/eventos\\\/concurso-fotografico-celebremos-la-biodiversidad-compartida-de-america-del-norte\\\/#primaryimage\"},\"thumbnailUrl\":\"https:\\\/\\\/www.cec.org\\\/wp-content\\\/uploads\\\/2014\\\/04\\\/Jennie.jpg\",\"datePublished\":\"2014-04-10T04:00:00+00:00\",\"dateModified\":\"2025-06-20T17:01:48+00:00\",\"description\":\"En 2014, la Comisi\u00f3n para la Cooperaci\u00f3n Ambiental (CCA) de Am\u00e9rica del Norte celebra veinte a\u00f1os de fruct\u00edferas alianzas a favor del medio ambiente en la\",\"breadcrumb\":{\"@id\":\"https:\\\/\\\/www.cec.org\\\/es\\\/eventos\\\/concurso-fotografico-celebremos-la-biodiversidad-compartida-de-america-del-norte\\\/#breadcrumb\"},\"inLanguage\":\"es\",\"potentialAction\":[{\"@type\":\"ReadAction\",\"target\":[\"https:\\\/\\\/www.cec.org\\\/es\\\/eventos\\\/concurso-fotografico-celebremos-la-biodiversidad-compartida-de-america-del-norte\\\/\"]}]},{\"@type\":\"ImageObject\",\"inLanguage\":\"es\",\"@id\":\"https:\\\/\\\/www.cec.org\\\/es\\\/eventos\\\/concurso-fotografico-celebremos-la-biodiversidad-compartida-de-america-del-norte\\\/#primaryimage\",\"url\":\"https:\\\/\\\/www.cec.org\\\/wp-content\\\/uploads\\\/2014\\\/04\\\/Jennie.jpg\",\"contentUrl\":\"https:\\\/\\\/www.cec.org\\\/wp-content\\\/uploads\\\/2014\\\/04\\\/Jennie.jpg\",\"width\":600,\"height\":400},{\"@type\":\"BreadcrumbList\",\"@id\":\"https:\\\/\\\/www.cec.org\\\/es\\\/eventos\\\/concurso-fotografico-celebremos-la-biodiversidad-compartida-de-america-del-norte\\\/#breadcrumb\",\"itemListElement\":[{\"@type\":\"ListItem\",\"position\":1,\"name\":\"Inicio\",\"item\":\"https:\\\/\\\/www.cec.org\\\/es\\\/\"},{\"@type\":\"ListItem\",\"position\":2,\"name\":\"Eventos\",\"item\":\"https:\\\/\\\/www.cec.org\\\/es\\\/eventos\\\/\"},{\"@type\":\"ListItem\",\"position\":3,\"name\":\"Concurso fotogr\u00e1fico \u00a1Celebremos la biodiversidad compartida de Am\u00e9rica del Norte!\"}]},{\"@type\":\"WebSite\",\"@id\":\"https:\\\/\\\/www.cec.org\\\/es\\\/#website\",\"url\":\"https:\\\/\\\/www.cec.org\\\/es\\\/\",\"name\":\"Commission for Environmental Cooperation\",\"description\":\"Three countries working together to protect our shared environment\",\"alternateName\":\"CEC - CCA -CCE\",\"potentialAction\":[{\"@type\":\"SearchAction\",\"target\":{\"@type\":\"EntryPoint\",\"urlTemplate\":\"https:\\\/\\\/www.cec.org\\\/es\\\/?s={search_term_string}\"},\"query-input\":{\"@type\":\"PropertyValueSpecification\",\"valueRequired\":true,\"valueName\":\"search_term_string\"}}],\"inLanguage\":\"es\"}]}<\/script>\n<!-- \/ Yoast SEO Premium plugin. -->","yoast_head_json":{"title":"Concurso fotogr\u00e1fico \u00a1Celebremos la biodiversidad compartida de Am\u00e9rica del Norte!","description":"En 2014, la Comisi\u00f3n para la Cooperaci\u00f3n Ambiental (CCA) de Am\u00e9rica del Norte celebra veinte a\u00f1os de fruct\u00edferas alianzas a favor del medio ambiente en la","robots":{"index":"index","follow":"follow","max-snippet":"max-snippet:-1","max-image-preview":"max-image-preview:large","max-video-preview":"max-video-preview:-1"},"canonical":"https:\/\/www.cec.org\/es\/eventos\/concurso-fotografico-celebremos-la-biodiversidad-compartida-de-america-del-norte\/","og_locale":"es_ES","og_type":"article","og_title":"Concurso fotogr\u00e1fico \u00a1Celebremos la biodiversidad compartida de Am\u00e9rica del Norte!","og_description":"CEC events range from large public consultations to small, expert meetings on specific environmental issues.","og_url":"https:\/\/www.cec.org\/es\/eventos\/concurso-fotografico-celebremos-la-biodiversidad-compartida-de-america-del-norte\/","og_site_name":"Comisi\u00f3n para la Cooperaci\u00f3n Ambiental","article_publisher":"https:\/\/www.facebook.com\/CECconnect","article_modified_time":"2025-06-20T17:01:48+00:00","og_image":[{"width":600,"height":400,"url":"https:\/\/www.cec.org\/wp-content\/uploads\/2014\/04\/Jennie.jpg","type":"image\/jpeg"}],"twitter_card":"summary_large_image","twitter_site":"@CECweb","schema":{"@context":"https:\/\/schema.org","@graph":[{"@type":"WebPage","@id":"https:\/\/www.cec.org\/es\/eventos\/concurso-fotografico-celebremos-la-biodiversidad-compartida-de-america-del-norte\/","url":"https:\/\/www.cec.org\/es\/eventos\/concurso-fotografico-celebremos-la-biodiversidad-compartida-de-america-del-norte\/","name":"Concurso fotogr\u00e1fico \u00a1Celebremos la biodiversidad compartida de Am\u00e9rica del Norte!","isPartOf":{"@id":"https:\/\/www.cec.org\/es\/#website"},"primaryImageOfPage":{"@id":"https:\/\/www.cec.org\/es\/eventos\/concurso-fotografico-celebremos-la-biodiversidad-compartida-de-america-del-norte\/#primaryimage"},"image":{"@id":"https:\/\/www.cec.org\/es\/eventos\/concurso-fotografico-celebremos-la-biodiversidad-compartida-de-america-del-norte\/#primaryimage"},"thumbnailUrl":"https:\/\/www.cec.org\/wp-content\/uploads\/2014\/04\/Jennie.jpg","datePublished":"2014-04-10T04:00:00+00:00","dateModified":"2025-06-20T17:01:48+00:00","description":"En 2014, la Comisi\u00f3n para la Cooperaci\u00f3n Ambiental (CCA) de Am\u00e9rica del Norte celebra veinte a\u00f1os de fruct\u00edferas alianzas a favor del medio ambiente en la","breadcrumb":{"@id":"https:\/\/www.cec.org\/es\/eventos\/concurso-fotografico-celebremos-la-biodiversidad-compartida-de-america-del-norte\/#breadcrumb"},"inLanguage":"es","potentialAction":[{"@type":"ReadAction","target":["https:\/\/www.cec.org\/es\/eventos\/concurso-fotografico-celebremos-la-biodiversidad-compartida-de-america-del-norte\/"]}]},{"@type":"ImageObject","inLanguage":"es","@id":"https:\/\/www.cec.org\/es\/eventos\/concurso-fotografico-celebremos-la-biodiversidad-compartida-de-america-del-norte\/#primaryimage","url":"https:\/\/www.cec.org\/wp-content\/uploads\/2014\/04\/Jennie.jpg","contentUrl":"https:\/\/www.cec.org\/wp-content\/uploads\/2014\/04\/Jennie.jpg","width":600,"height":400},{"@type":"BreadcrumbList","@id":"https:\/\/www.cec.org\/es\/eventos\/concurso-fotografico-celebremos-la-biodiversidad-compartida-de-america-del-norte\/#breadcrumb","itemListElement":[{"@type":"ListItem","position":1,"name":"Inicio","item":"https:\/\/www.cec.org\/es\/"},{"@type":"ListItem","position":2,"name":"Eventos","item":"https:\/\/www.cec.org\/es\/eventos\/"},{"@type":"ListItem","position":3,"name":"Concurso fotogr\u00e1fico \u00a1Celebremos la biodiversidad compartida de Am\u00e9rica del Norte!"}]},{"@type":"WebSite","@id":"https:\/\/www.cec.org\/es\/#website","url":"https:\/\/www.cec.org\/es\/","name":"Commission for Environmental Cooperation","description":"Three countries working together to protect our shared environment","alternateName":"CEC - CCA -CCE","potentialAction":[{"@type":"SearchAction","target":{"@type":"EntryPoint","urlTemplate":"https:\/\/www.cec.org\/es\/?s={search_term_string}"},"query-input":{"@type":"PropertyValueSpecification","valueRequired":true,"valueName":"search_term_string"}}],"inLanguage":"es"}]}},"_links":{"self":[{"href":"https:\/\/www.cec.org\/es\/wp-json\/wp\/v2\/events\/13558","targetHints":{"allow":["GET"]}}],"collection":[{"href":"https:\/\/www.cec.org\/es\/wp-json\/wp\/v2\/events"}],"about":[{"href":"https:\/\/www.cec.org\/es\/wp-json\/wp\/v2\/types\/events"}],"wp:featuredmedia":[{"embeddable":true,"href":"https:\/\/www.cec.org\/es\/wp-json\/wp\/v2\/media\/29264"}],"wp:attachment":[{"href":"https:\/\/www.cec.org\/es\/wp-json\/wp\/v2\/media?parent=13558"}],"curies":[{"name":"wp","href":"https:\/\/api.w.org\/{rel}","templated":true}]}}