{"id":13539,"date":"2015-01-29T00:00:00","date_gmt":"2015-01-29T05:00:00","guid":{"rendered":"http:\/\/www.cec.org\/events\/reunion-del-grupo-de-modelizacion-del-carbono-de-america-del-norte-gmcan\/"},"modified":"2025-06-20T13:01:33","modified_gmt":"2025-06-20T17:01:33","slug":"reunion-del-grupo-de-modelizacion-del-carbono-de-america-del-norte-gmcan","status":"publish","type":"events","link":"https:\/\/www.cec.org\/es\/eventos\/reunion-del-grupo-de-modelizacion-del-carbono-de-america-del-norte-gmcan\/","title":{"rendered":"Reuni\u00f3n del Grupo de Modelizaci\u00f3n del Carbono de Am\u00e9rica del Norte (GMCAN)"},"content":{"rendered":"<p><span>Reuni\u00f3n paralela del Grupo de Modelizaci\u00f3n del Carbono de Am\u00e9rica del Norte, en el marco de la quinta reuni\u00f3n de investigadores principales del Programa de Carbono para Norteam\u00e9rica (CarbonNA). Los miembros del GMCAN presentar\u00e1n los resultados de su trabajo de modelizaci\u00f3n en relaci\u00f3n con el proyecto de la CCA; las contribuciones se recopilar\u00e1n a fin de concluir la redacci\u00f3n del documento principal del proyecto:&nbsp;<\/span><em>Marco para evaluar la din\u00e1mica del carbono forestal en Am\u00e9rica del Norte<\/em><span>. Esta reuni\u00f3n se relaciona con la tarea 2 del proyecto de la CCA sobre carbono forestal y, directamente, con la conclusi\u00f3n del informe final correspondiente.<\/span><\/p>\n","protected":false},"excerpt":{"rendered":"<p>Reuni\u00f3n paralela del Grupo de Modelizaci\u00f3n del Carbono de Am\u00e9rica del Norte, en el marco de la quinta reuni\u00f3n de investigadores principales del Programa de Carbono para Norteam\u00e9rica (CarbonNA). Los miembros del GMCAN presentar\u00e1n los resultados de su trabajo de modelizaci\u00f3n en relaci\u00f3n con el proyecto de la CCA; las contribuciones se recopilar\u00e1n a fin [&hellip;]<\/p>\n","protected":false},"featured_media":4513,"template":"","class_list":["post-13539","events","type-events","status-publish","has-post-thumbnail","hentry","country-estados-unidos","participation-cerrado-es"],"acf":[],"yoast_head":"<!-- This site is optimized with the Yoast SEO Premium plugin v27.4 (Yoast SEO v27.4) - https:\/\/yoast.com\/product\/yoast-seo-premium-wordpress\/ -->\n<title>Reuni\u00f3n del Grupo de Modelizaci\u00f3n del Carbono de Am\u00e9rica del Norte (GMCAN)<\/title>\n<meta name=\"description\" content=\"Reuni\u00f3n paralela del Grupo de Modelizaci\u00f3n del Carbono de Am\u00e9rica del Norte, en el marco de la quinta reuni\u00f3n de investigadores principales del Programa\" \/>\n<meta name=\"robots\" content=\"index, follow, max-snippet:-1, max-image-preview:large, max-video-preview:-1\" \/>\n<link rel=\"canonical\" href=\"https:\/\/www.cec.org\/es\/eventos\/reunion-del-grupo-de-modelizacion-del-carbono-de-america-del-norte-gmcan\/\" \/>\n<meta property=\"og:locale\" content=\"es_ES\" \/>\n<meta property=\"og:type\" content=\"article\" \/>\n<meta property=\"og:title\" content=\"Reuni\u00f3n del Grupo de Modelizaci\u00f3n del Carbono de Am\u00e9rica del Norte (GMCAN)\" \/>\n<meta property=\"og:description\" content=\"CEC events range from large public consultations to small, expert meetings on specific environmental issues.\" \/>\n<meta property=\"og:url\" content=\"https:\/\/www.cec.org\/es\/eventos\/reunion-del-grupo-de-modelizacion-del-carbono-de-america-del-norte-gmcan\/\" \/>\n<meta property=\"og:site_name\" content=\"Comisi\u00f3n para la Cooperaci\u00f3n Ambiental\" \/>\n<meta property=\"article:publisher\" content=\"https:\/\/www.facebook.com\/CECconnect\" \/>\n<meta property=\"article:modified_time\" content=\"2025-06-20T17:01:33+00:00\" \/>\n<meta property=\"og:image\" content=\"https:\/\/www.cec.org\/wp-content\/uploads\/2019\/10\/cc-forest-sector.jpg\" \/>\n\t<meta property=\"og:image:width\" content=\"600\" \/>\n\t<meta property=\"og:image:height\" content=\"342\" \/>\n\t<meta property=\"og:image:type\" content=\"image\/jpeg\" \/>\n<meta name=\"twitter:card\" content=\"summary_large_image\" \/>\n<meta name=\"twitter:site\" content=\"@CECweb\" \/>\n<script type=\"application\/ld+json\" class=\"yoast-schema-graph\">{\"@context\":\"https:\\\/\\\/schema.org\",\"@graph\":[{\"@type\":\"WebPage\",\"@id\":\"https:\\\/\\\/www.cec.org\\\/es\\\/eventos\\\/reunion-del-grupo-de-modelizacion-del-carbono-de-america-del-norte-gmcan\\\/\",\"url\":\"https:\\\/\\\/www.cec.org\\\/es\\\/eventos\\\/reunion-del-grupo-de-modelizacion-del-carbono-de-america-del-norte-gmcan\\\/\",\"name\":\"Reuni\u00f3n del Grupo de Modelizaci\u00f3n del Carbono de Am\u00e9rica del Norte (GMCAN)\",\"isPartOf\":{\"@id\":\"https:\\\/\\\/www.cec.org\\\/es\\\/#website\"},\"primaryImageOfPage\":{\"@id\":\"https:\\\/\\\/www.cec.org\\\/es\\\/eventos\\\/reunion-del-grupo-de-modelizacion-del-carbono-de-america-del-norte-gmcan\\\/#primaryimage\"},\"image\":{\"@id\":\"https:\\\/\\\/www.cec.org\\\/es\\\/eventos\\\/reunion-del-grupo-de-modelizacion-del-carbono-de-america-del-norte-gmcan\\\/#primaryimage\"},\"thumbnailUrl\":\"https:\\\/\\\/www.cec.org\\\/wp-content\\\/uploads\\\/2019\\\/10\\\/cc-forest-sector.jpg\",\"datePublished\":\"2015-01-29T05:00:00+00:00\",\"dateModified\":\"2025-06-20T17:01:33+00:00\",\"description\":\"Reuni\u00f3n paralela del Grupo de Modelizaci\u00f3n del Carbono de Am\u00e9rica del Norte, en el marco de la quinta reuni\u00f3n de investigadores principales del Programa\",\"breadcrumb\":{\"@id\":\"https:\\\/\\\/www.cec.org\\\/es\\\/eventos\\\/reunion-del-grupo-de-modelizacion-del-carbono-de-america-del-norte-gmcan\\\/#breadcrumb\"},\"inLanguage\":\"es\",\"potentialAction\":[{\"@type\":\"ReadAction\",\"target\":[\"https:\\\/\\\/www.cec.org\\\/es\\\/eventos\\\/reunion-del-grupo-de-modelizacion-del-carbono-de-america-del-norte-gmcan\\\/\"]}]},{\"@type\":\"ImageObject\",\"inLanguage\":\"es\",\"@id\":\"https:\\\/\\\/www.cec.org\\\/es\\\/eventos\\\/reunion-del-grupo-de-modelizacion-del-carbono-de-america-del-norte-gmcan\\\/#primaryimage\",\"url\":\"https:\\\/\\\/www.cec.org\\\/wp-content\\\/uploads\\\/2019\\\/10\\\/cc-forest-sector.jpg\",\"contentUrl\":\"https:\\\/\\\/www.cec.org\\\/wp-content\\\/uploads\\\/2019\\\/10\\\/cc-forest-sector.jpg\",\"width\":600,\"height\":342,\"caption\":\"Forest Carbon\"},{\"@type\":\"BreadcrumbList\",\"@id\":\"https:\\\/\\\/www.cec.org\\\/es\\\/eventos\\\/reunion-del-grupo-de-modelizacion-del-carbono-de-america-del-norte-gmcan\\\/#breadcrumb\",\"itemListElement\":[{\"@type\":\"ListItem\",\"position\":1,\"name\":\"Inicio\",\"item\":\"https:\\\/\\\/www.cec.org\\\/es\\\/\"},{\"@type\":\"ListItem\",\"position\":2,\"name\":\"Eventos\",\"item\":\"https:\\\/\\\/www.cec.org\\\/es\\\/eventos\\\/\"},{\"@type\":\"ListItem\",\"position\":3,\"name\":\"Reuni\u00f3n del Grupo de Modelizaci\u00f3n del Carbono de Am\u00e9rica del Norte (GMCAN)\"}]},{\"@type\":\"WebSite\",\"@id\":\"https:\\\/\\\/www.cec.org\\\/es\\\/#website\",\"url\":\"https:\\\/\\\/www.cec.org\\\/es\\\/\",\"name\":\"Commission for Environmental Cooperation\",\"description\":\"Three countries working together to protect our shared environment\",\"alternateName\":\"CEC - CCA -CCE\",\"potentialAction\":[{\"@type\":\"SearchAction\",\"target\":{\"@type\":\"EntryPoint\",\"urlTemplate\":\"https:\\\/\\\/www.cec.org\\\/es\\\/?s={search_term_string}\"},\"query-input\":{\"@type\":\"PropertyValueSpecification\",\"valueRequired\":true,\"valueName\":\"search_term_string\"}}],\"inLanguage\":\"es\"}]}<\/script>\n<!-- \/ Yoast SEO Premium plugin. -->","yoast_head_json":{"title":"Reuni\u00f3n del Grupo de Modelizaci\u00f3n del Carbono de Am\u00e9rica del Norte (GMCAN)","description":"Reuni\u00f3n paralela del Grupo de Modelizaci\u00f3n del Carbono de Am\u00e9rica del Norte, en el marco de la quinta reuni\u00f3n de investigadores principales del Programa","robots":{"index":"index","follow":"follow","max-snippet":"max-snippet:-1","max-image-preview":"max-image-preview:large","max-video-preview":"max-video-preview:-1"},"canonical":"https:\/\/www.cec.org\/es\/eventos\/reunion-del-grupo-de-modelizacion-del-carbono-de-america-del-norte-gmcan\/","og_locale":"es_ES","og_type":"article","og_title":"Reuni\u00f3n del Grupo de Modelizaci\u00f3n del Carbono de Am\u00e9rica del Norte (GMCAN)","og_description":"CEC events range from large public consultations to small, expert meetings on specific environmental issues.","og_url":"https:\/\/www.cec.org\/es\/eventos\/reunion-del-grupo-de-modelizacion-del-carbono-de-america-del-norte-gmcan\/","og_site_name":"Comisi\u00f3n para la Cooperaci\u00f3n Ambiental","article_publisher":"https:\/\/www.facebook.com\/CECconnect","article_modified_time":"2025-06-20T17:01:33+00:00","og_image":[{"width":600,"height":342,"url":"https:\/\/www.cec.org\/wp-content\/uploads\/2019\/10\/cc-forest-sector.jpg","type":"image\/jpeg"}],"twitter_card":"summary_large_image","twitter_site":"@CECweb","schema":{"@context":"https:\/\/schema.org","@graph":[{"@type":"WebPage","@id":"https:\/\/www.cec.org\/es\/eventos\/reunion-del-grupo-de-modelizacion-del-carbono-de-america-del-norte-gmcan\/","url":"https:\/\/www.cec.org\/es\/eventos\/reunion-del-grupo-de-modelizacion-del-carbono-de-america-del-norte-gmcan\/","name":"Reuni\u00f3n del Grupo de Modelizaci\u00f3n del Carbono de Am\u00e9rica del Norte (GMCAN)","isPartOf":{"@id":"https:\/\/www.cec.org\/es\/#website"},"primaryImageOfPage":{"@id":"https:\/\/www.cec.org\/es\/eventos\/reunion-del-grupo-de-modelizacion-del-carbono-de-america-del-norte-gmcan\/#primaryimage"},"image":{"@id":"https:\/\/www.cec.org\/es\/eventos\/reunion-del-grupo-de-modelizacion-del-carbono-de-america-del-norte-gmcan\/#primaryimage"},"thumbnailUrl":"https:\/\/www.cec.org\/wp-content\/uploads\/2019\/10\/cc-forest-sector.jpg","datePublished":"2015-01-29T05:00:00+00:00","dateModified":"2025-06-20T17:01:33+00:00","description":"Reuni\u00f3n paralela del Grupo de Modelizaci\u00f3n del Carbono de Am\u00e9rica del Norte, en el marco de la quinta reuni\u00f3n de investigadores principales del Programa","breadcrumb":{"@id":"https:\/\/www.cec.org\/es\/eventos\/reunion-del-grupo-de-modelizacion-del-carbono-de-america-del-norte-gmcan\/#breadcrumb"},"inLanguage":"es","potentialAction":[{"@type":"ReadAction","target":["https:\/\/www.cec.org\/es\/eventos\/reunion-del-grupo-de-modelizacion-del-carbono-de-america-del-norte-gmcan\/"]}]},{"@type":"ImageObject","inLanguage":"es","@id":"https:\/\/www.cec.org\/es\/eventos\/reunion-del-grupo-de-modelizacion-del-carbono-de-america-del-norte-gmcan\/#primaryimage","url":"https:\/\/www.cec.org\/wp-content\/uploads\/2019\/10\/cc-forest-sector.jpg","contentUrl":"https:\/\/www.cec.org\/wp-content\/uploads\/2019\/10\/cc-forest-sector.jpg","width":600,"height":342,"caption":"Forest Carbon"},{"@type":"BreadcrumbList","@id":"https:\/\/www.cec.org\/es\/eventos\/reunion-del-grupo-de-modelizacion-del-carbono-de-america-del-norte-gmcan\/#breadcrumb","itemListElement":[{"@type":"ListItem","position":1,"name":"Inicio","item":"https:\/\/www.cec.org\/es\/"},{"@type":"ListItem","position":2,"name":"Eventos","item":"https:\/\/www.cec.org\/es\/eventos\/"},{"@type":"ListItem","position":3,"name":"Reuni\u00f3n del Grupo de Modelizaci\u00f3n del Carbono de Am\u00e9rica del Norte (GMCAN)"}]},{"@type":"WebSite","@id":"https:\/\/www.cec.org\/es\/#website","url":"https:\/\/www.cec.org\/es\/","name":"Commission for Environmental Cooperation","description":"Three countries working together to protect our shared environment","alternateName":"CEC - CCA -CCE","potentialAction":[{"@type":"SearchAction","target":{"@type":"EntryPoint","urlTemplate":"https:\/\/www.cec.org\/es\/?s={search_term_string}"},"query-input":{"@type":"PropertyValueSpecification","valueRequired":true,"valueName":"search_term_string"}}],"inLanguage":"es"}]}},"_links":{"self":[{"href":"https:\/\/www.cec.org\/es\/wp-json\/wp\/v2\/events\/13539","targetHints":{"allow":["GET"]}}],"collection":[{"href":"https:\/\/www.cec.org\/es\/wp-json\/wp\/v2\/events"}],"about":[{"href":"https:\/\/www.cec.org\/es\/wp-json\/wp\/v2\/types\/events"}],"wp:featuredmedia":[{"embeddable":true,"href":"https:\/\/www.cec.org\/es\/wp-json\/wp\/v2\/media\/4513"}],"wp:attachment":[{"href":"https:\/\/www.cec.org\/es\/wp-json\/wp\/v2\/media?parent=13539"}],"curies":[{"name":"wp","href":"https:\/\/api.w.org\/{rel}","templated":true}]}}