{"id":13535,"date":"2014-11-11T00:00:00","date_gmt":"2014-11-11T05:00:00","guid":{"rendered":"http:\/\/www.cec.org\/events\/registro-de-contaminantes-y-avances-en-materia-de-sustentabilidad-en-america-del-norte-con-la-mira-puesta-en-el-sector-de-fabricacion-de-automoviles-y-su-cadena-de-abasto\/"},"modified":"2025-06-20T13:01:35","modified_gmt":"2025-06-20T17:01:35","slug":"registro-de-contaminantes-y-avances-en-materia-de-sustentabilidad-en-america-del-norte-con-la-mira-puesta-en-el-sector-de-fabricacion-de-automoviles-y-su-cadena-de-abasto","status":"publish","type":"events","link":"https:\/\/www.cec.org\/es\/eventos\/registro-de-contaminantes-y-avances-en-materia-de-sustentabilidad-en-america-del-norte-con-la-mira-puesta-en-el-sector-de-fabricacion-de-automoviles-y-su-cadena-de-abasto\/","title":{"rendered":"Registro de contaminantes y avances en materia de sustentabilidad en Am\u00e9rica del Norte, con la mira puesta en el sector de fabricaci\u00f3n de autom\u00f3viles y su cadena de abasto"},"content":{"rendered":"<p>Este evento ofrece un foro para que ciudadanos y representantes de los sectores industrial y acad\u00e9mico, organizaciones no gubernamentales y autoridades con inter\u00e9s en la contaminaci\u00f3n ambiental en Am\u00e9rica del Norte exploren la forma en que la informaci\u00f3n gubernamental en materia de emisiones de sustancias contaminantes puede ayudar a prevenir la contaminaci\u00f3n industrial en el subcontinente.<\/p>\n<p>Por lo regular, las plantas industriales de la regi\u00f3n presentan informes sobre sus emisiones (por ejemplo, al aire, agua y suelo) y transferencias (para reciclaje, entre otros) al correspondiente programa nacional de RETC: el Inventario Nacional de Emisiones de Contaminantes (<em>National Pollutant Release Inventory<\/em>, NPRI) de Canad\u00e1, el Inventario de Emisiones T\u00f3xicas (<em>Toxics Release Inventory<\/em>, TRI) de Estados Unidos y el\u00a0Registro de Emisiones y Transferencia de Contaminantes\u00a0(<em>RETC<\/em>) de M\u00e9xico. En la reuni\u00f3n, funcionarios de Canad\u00e1, Estados Unidos y M\u00e9xico ofrecer\u00e1n una actualizaci\u00f3n de los programas RETC respectivos, con lo cual se brindar\u00e1 a los participantes la oportunidad de intercambiar ideas y discutir una variedad de temas relacionados.<\/p>\n<p>Uno de los temas clave a abordar se centra en la presentaci\u00f3n de informes RETC por parte de fabricantes de autom\u00f3viles, autobuses y camiones, y sus proveedores (cadena de abasto), as\u00ed como las pr\u00e1cticas de prevenci\u00f3n de la contaminaci\u00f3n que el sector ha adoptado. Desde 2012, la CCA ha trabajado con miras a impulsar la colaboraci\u00f3n en este sector altamente integrado en Am\u00e9rica del Norte, promoviendo la creaci\u00f3n de alianzas industriales trilaterales encaminadas a intercambiar ideas e informaci\u00f3n en materia de sustentabilidad. En el marco de la reuni\u00f3n, l\u00edderes industriales de la regi\u00f3n intercambiar\u00e1n informaci\u00f3n sobre pr\u00e1cticas \u00f3ptimas e innovaciones relacionadas con la elaboraci\u00f3n de informes para los RETC, una producci\u00f3n qu\u00edmica respetuosa del medio ambiente, reciclaje y reducci\u00f3n de desechos.<\/p>\n<p>Asimismo, utilizando la base de datos del RETC de Am\u00e9rica del Norte:\u00a0<em>En balance en l\u00ednea<\/em>, los participantes podr\u00e1n examinar la m\u00e1s reciente informaci\u00f3n sobre contaminantes de que se dispone a escala trilateral. La CCA presentar\u00e1, adem\u00e1s, las conclusiones principales de\u00a0<em>En\u00a0balance 14<\/em>, el nuevo volumen de la serie de publicaciones del programa RETC, con informaci\u00f3n y an\u00e1lisis comparativos respecto de los registros presentados a los sistemas nacionales por plantas industriales de Am\u00e9rica del Norte.<\/p>\n<p>Se dispondr\u00e1 de traducci\u00f3n simult\u00e1nea (espa\u00f1ol e ingl\u00e9s).<\/p>\n","protected":false},"excerpt":{"rendered":"<p>Este evento ofrece un foro para que ciudadanos y representantes de los sectores industrial y acad\u00e9mico, organizaciones no gubernamentales y autoridades con inter\u00e9s en la contaminaci\u00f3n ambiental en Am\u00e9rica del Norte exploren la forma en que la informaci\u00f3n gubernamental en materia de emisiones de sustancias contaminantes puede ayudar a prevenir la contaminaci\u00f3n industrial en el [&hellip;]<\/p>\n","protected":false},"featured_media":31478,"template":"","class_list":["post-13535","events","type-events","status-publish","has-post-thumbnail","hentry","event_category-reunion","country-mexico-es","participation-abierto-al-publico-es","themes-retc"],"acf":[],"yoast_head":"<!-- This site is optimized with the Yoast SEO Premium plugin v27.4 (Yoast SEO v27.4) - https:\/\/yoast.com\/product\/yoast-seo-premium-wordpress\/ -->\n<title>Registro de contaminantes y avances en materia de sustentabilidad en Am\u00e9rica del Norte, con la mira puesta en el sector de fabricaci\u00f3n de autom\u00f3viles y su cadena de abasto<\/title>\n<meta name=\"description\" content=\"Este evento ofrece un foro para que ciudadanos y representantes de los sectores industrial y acad\u00e9mico, organizaciones no gubernamentales y autoridades\" \/>\n<meta name=\"robots\" content=\"index, follow, max-snippet:-1, max-image-preview:large, max-video-preview:-1\" \/>\n<link rel=\"canonical\" href=\"https:\/\/www.cec.org\/es\/eventos\/registro-de-contaminantes-y-avances-en-materia-de-sustentabilidad-en-america-del-norte-con-la-mira-puesta-en-el-sector-de-fabricacion-de-automoviles-y-su-cadena-de-abasto\/\" \/>\n<meta property=\"og:locale\" content=\"es_ES\" \/>\n<meta property=\"og:type\" content=\"article\" \/>\n<meta property=\"og:title\" content=\"Registro de contaminantes y avances en materia de sustentabilidad en Am\u00e9rica del Norte, con la mira puesta en el sector de fabricaci\u00f3n de autom\u00f3viles y su cadena de abasto\" \/>\n<meta property=\"og:description\" content=\"CEC events range from large public consultations to small, expert meetings on specific environmental issues.\" \/>\n<meta property=\"og:url\" content=\"https:\/\/www.cec.org\/es\/eventos\/registro-de-contaminantes-y-avances-en-materia-de-sustentabilidad-en-america-del-norte-con-la-mira-puesta-en-el-sector-de-fabricacion-de-automoviles-y-su-cadena-de-abasto\/\" \/>\n<meta property=\"og:site_name\" content=\"Comisi\u00f3n para la Cooperaci\u00f3n Ambiental\" \/>\n<meta property=\"article:publisher\" content=\"https:\/\/www.facebook.com\/CECconnect\" \/>\n<meta property=\"article:modified_time\" content=\"2025-06-20T17:01:35+00:00\" \/>\n<meta property=\"og:image\" content=\"https:\/\/www.cec.org\/wp-content\/uploads\/2020\/06\/prtr-nov-2014.jpg\" \/>\n\t<meta property=\"og:image:width\" content=\"600\" \/>\n\t<meta property=\"og:image:height\" content=\"342\" \/>\n\t<meta property=\"og:image:type\" content=\"image\/jpeg\" \/>\n<meta name=\"twitter:card\" content=\"summary_large_image\" \/>\n<meta name=\"twitter:site\" content=\"@CECweb\" \/>\n<script type=\"application\/ld+json\" class=\"yoast-schema-graph\">{\"@context\":\"https:\\\/\\\/schema.org\",\"@graph\":[{\"@type\":\"WebPage\",\"@id\":\"https:\\\/\\\/www.cec.org\\\/es\\\/eventos\\\/registro-de-contaminantes-y-avances-en-materia-de-sustentabilidad-en-america-del-norte-con-la-mira-puesta-en-el-sector-de-fabricacion-de-automoviles-y-su-cadena-de-abasto\\\/\",\"url\":\"https:\\\/\\\/www.cec.org\\\/es\\\/eventos\\\/registro-de-contaminantes-y-avances-en-materia-de-sustentabilidad-en-america-del-norte-con-la-mira-puesta-en-el-sector-de-fabricacion-de-automoviles-y-su-cadena-de-abasto\\\/\",\"name\":\"Registro de contaminantes y avances en materia de sustentabilidad en Am\u00e9rica del Norte, con la mira puesta en el sector de fabricaci\u00f3n de autom\u00f3viles y su cadena de abasto\",\"isPartOf\":{\"@id\":\"https:\\\/\\\/www.cec.org\\\/es\\\/#website\"},\"primaryImageOfPage\":{\"@id\":\"https:\\\/\\\/www.cec.org\\\/es\\\/eventos\\\/registro-de-contaminantes-y-avances-en-materia-de-sustentabilidad-en-america-del-norte-con-la-mira-puesta-en-el-sector-de-fabricacion-de-automoviles-y-su-cadena-de-abasto\\\/#primaryimage\"},\"image\":{\"@id\":\"https:\\\/\\\/www.cec.org\\\/es\\\/eventos\\\/registro-de-contaminantes-y-avances-en-materia-de-sustentabilidad-en-america-del-norte-con-la-mira-puesta-en-el-sector-de-fabricacion-de-automoviles-y-su-cadena-de-abasto\\\/#primaryimage\"},\"thumbnailUrl\":\"https:\\\/\\\/www.cec.org\\\/wp-content\\\/uploads\\\/2020\\\/06\\\/prtr-nov-2014.jpg\",\"datePublished\":\"2014-11-11T05:00:00+00:00\",\"dateModified\":\"2025-06-20T17:01:35+00:00\",\"description\":\"Este evento ofrece un foro para que ciudadanos y representantes de los sectores industrial y acad\u00e9mico, organizaciones no gubernamentales y autoridades\",\"breadcrumb\":{\"@id\":\"https:\\\/\\\/www.cec.org\\\/es\\\/eventos\\\/registro-de-contaminantes-y-avances-en-materia-de-sustentabilidad-en-america-del-norte-con-la-mira-puesta-en-el-sector-de-fabricacion-de-automoviles-y-su-cadena-de-abasto\\\/#breadcrumb\"},\"inLanguage\":\"es\",\"potentialAction\":[{\"@type\":\"ReadAction\",\"target\":[\"https:\\\/\\\/www.cec.org\\\/es\\\/eventos\\\/registro-de-contaminantes-y-avances-en-materia-de-sustentabilidad-en-america-del-norte-con-la-mira-puesta-en-el-sector-de-fabricacion-de-automoviles-y-su-cadena-de-abasto\\\/\"]}]},{\"@type\":\"ImageObject\",\"inLanguage\":\"es\",\"@id\":\"https:\\\/\\\/www.cec.org\\\/es\\\/eventos\\\/registro-de-contaminantes-y-avances-en-materia-de-sustentabilidad-en-america-del-norte-con-la-mira-puesta-en-el-sector-de-fabricacion-de-automoviles-y-su-cadena-de-abasto\\\/#primaryimage\",\"url\":\"https:\\\/\\\/www.cec.org\\\/wp-content\\\/uploads\\\/2020\\\/06\\\/prtr-nov-2014.jpg\",\"contentUrl\":\"https:\\\/\\\/www.cec.org\\\/wp-content\\\/uploads\\\/2020\\\/06\\\/prtr-nov-2014.jpg\",\"width\":600,\"height\":342},{\"@type\":\"BreadcrumbList\",\"@id\":\"https:\\\/\\\/www.cec.org\\\/es\\\/eventos\\\/registro-de-contaminantes-y-avances-en-materia-de-sustentabilidad-en-america-del-norte-con-la-mira-puesta-en-el-sector-de-fabricacion-de-automoviles-y-su-cadena-de-abasto\\\/#breadcrumb\",\"itemListElement\":[{\"@type\":\"ListItem\",\"position\":1,\"name\":\"Inicio\",\"item\":\"https:\\\/\\\/www.cec.org\\\/es\\\/\"},{\"@type\":\"ListItem\",\"position\":2,\"name\":\"Eventos\",\"item\":\"https:\\\/\\\/www.cec.org\\\/es\\\/eventos\\\/\"},{\"@type\":\"ListItem\",\"position\":3,\"name\":\"Registro de contaminantes y avances en materia de sustentabilidad en Am\u00e9rica del Norte, con la mira puesta en el sector de fabricaci\u00f3n de autom\u00f3viles y su cadena de abasto\"}]},{\"@type\":\"WebSite\",\"@id\":\"https:\\\/\\\/www.cec.org\\\/es\\\/#website\",\"url\":\"https:\\\/\\\/www.cec.org\\\/es\\\/\",\"name\":\"Commission for Environmental Cooperation\",\"description\":\"Three countries working together to protect our shared environment\",\"alternateName\":\"CEC - CCA -CCE\",\"potentialAction\":[{\"@type\":\"SearchAction\",\"target\":{\"@type\":\"EntryPoint\",\"urlTemplate\":\"https:\\\/\\\/www.cec.org\\\/es\\\/?s={search_term_string}\"},\"query-input\":{\"@type\":\"PropertyValueSpecification\",\"valueRequired\":true,\"valueName\":\"search_term_string\"}}],\"inLanguage\":\"es\"}]}<\/script>\n<!-- \/ Yoast SEO Premium plugin. -->","yoast_head_json":{"title":"Registro de contaminantes y avances en materia de sustentabilidad en Am\u00e9rica del Norte, con la mira puesta en el sector de fabricaci\u00f3n de autom\u00f3viles y su cadena de abasto","description":"Este evento ofrece un foro para que ciudadanos y representantes de los sectores industrial y acad\u00e9mico, organizaciones no gubernamentales y autoridades","robots":{"index":"index","follow":"follow","max-snippet":"max-snippet:-1","max-image-preview":"max-image-preview:large","max-video-preview":"max-video-preview:-1"},"canonical":"https:\/\/www.cec.org\/es\/eventos\/registro-de-contaminantes-y-avances-en-materia-de-sustentabilidad-en-america-del-norte-con-la-mira-puesta-en-el-sector-de-fabricacion-de-automoviles-y-su-cadena-de-abasto\/","og_locale":"es_ES","og_type":"article","og_title":"Registro de contaminantes y avances en materia de sustentabilidad en Am\u00e9rica del Norte, con la mira puesta en el sector de fabricaci\u00f3n de autom\u00f3viles y su cadena de abasto","og_description":"CEC events range from large public consultations to small, expert meetings on specific environmental issues.","og_url":"https:\/\/www.cec.org\/es\/eventos\/registro-de-contaminantes-y-avances-en-materia-de-sustentabilidad-en-america-del-norte-con-la-mira-puesta-en-el-sector-de-fabricacion-de-automoviles-y-su-cadena-de-abasto\/","og_site_name":"Comisi\u00f3n para la Cooperaci\u00f3n Ambiental","article_publisher":"https:\/\/www.facebook.com\/CECconnect","article_modified_time":"2025-06-20T17:01:35+00:00","og_image":[{"width":600,"height":342,"url":"https:\/\/www.cec.org\/wp-content\/uploads\/2020\/06\/prtr-nov-2014.jpg","type":"image\/jpeg"}],"twitter_card":"summary_large_image","twitter_site":"@CECweb","schema":{"@context":"https:\/\/schema.org","@graph":[{"@type":"WebPage","@id":"https:\/\/www.cec.org\/es\/eventos\/registro-de-contaminantes-y-avances-en-materia-de-sustentabilidad-en-america-del-norte-con-la-mira-puesta-en-el-sector-de-fabricacion-de-automoviles-y-su-cadena-de-abasto\/","url":"https:\/\/www.cec.org\/es\/eventos\/registro-de-contaminantes-y-avances-en-materia-de-sustentabilidad-en-america-del-norte-con-la-mira-puesta-en-el-sector-de-fabricacion-de-automoviles-y-su-cadena-de-abasto\/","name":"Registro de contaminantes y avances en materia de sustentabilidad en Am\u00e9rica del Norte, con la mira puesta en el sector de fabricaci\u00f3n de autom\u00f3viles y su cadena de abasto","isPartOf":{"@id":"https:\/\/www.cec.org\/es\/#website"},"primaryImageOfPage":{"@id":"https:\/\/www.cec.org\/es\/eventos\/registro-de-contaminantes-y-avances-en-materia-de-sustentabilidad-en-america-del-norte-con-la-mira-puesta-en-el-sector-de-fabricacion-de-automoviles-y-su-cadena-de-abasto\/#primaryimage"},"image":{"@id":"https:\/\/www.cec.org\/es\/eventos\/registro-de-contaminantes-y-avances-en-materia-de-sustentabilidad-en-america-del-norte-con-la-mira-puesta-en-el-sector-de-fabricacion-de-automoviles-y-su-cadena-de-abasto\/#primaryimage"},"thumbnailUrl":"https:\/\/www.cec.org\/wp-content\/uploads\/2020\/06\/prtr-nov-2014.jpg","datePublished":"2014-11-11T05:00:00+00:00","dateModified":"2025-06-20T17:01:35+00:00","description":"Este evento ofrece un foro para que ciudadanos y representantes de los sectores industrial y acad\u00e9mico, organizaciones no gubernamentales y autoridades","breadcrumb":{"@id":"https:\/\/www.cec.org\/es\/eventos\/registro-de-contaminantes-y-avances-en-materia-de-sustentabilidad-en-america-del-norte-con-la-mira-puesta-en-el-sector-de-fabricacion-de-automoviles-y-su-cadena-de-abasto\/#breadcrumb"},"inLanguage":"es","potentialAction":[{"@type":"ReadAction","target":["https:\/\/www.cec.org\/es\/eventos\/registro-de-contaminantes-y-avances-en-materia-de-sustentabilidad-en-america-del-norte-con-la-mira-puesta-en-el-sector-de-fabricacion-de-automoviles-y-su-cadena-de-abasto\/"]}]},{"@type":"ImageObject","inLanguage":"es","@id":"https:\/\/www.cec.org\/es\/eventos\/registro-de-contaminantes-y-avances-en-materia-de-sustentabilidad-en-america-del-norte-con-la-mira-puesta-en-el-sector-de-fabricacion-de-automoviles-y-su-cadena-de-abasto\/#primaryimage","url":"https:\/\/www.cec.org\/wp-content\/uploads\/2020\/06\/prtr-nov-2014.jpg","contentUrl":"https:\/\/www.cec.org\/wp-content\/uploads\/2020\/06\/prtr-nov-2014.jpg","width":600,"height":342},{"@type":"BreadcrumbList","@id":"https:\/\/www.cec.org\/es\/eventos\/registro-de-contaminantes-y-avances-en-materia-de-sustentabilidad-en-america-del-norte-con-la-mira-puesta-en-el-sector-de-fabricacion-de-automoviles-y-su-cadena-de-abasto\/#breadcrumb","itemListElement":[{"@type":"ListItem","position":1,"name":"Inicio","item":"https:\/\/www.cec.org\/es\/"},{"@type":"ListItem","position":2,"name":"Eventos","item":"https:\/\/www.cec.org\/es\/eventos\/"},{"@type":"ListItem","position":3,"name":"Registro de contaminantes y avances en materia de sustentabilidad en Am\u00e9rica del Norte, con la mira puesta en el sector de fabricaci\u00f3n de autom\u00f3viles y su cadena de abasto"}]},{"@type":"WebSite","@id":"https:\/\/www.cec.org\/es\/#website","url":"https:\/\/www.cec.org\/es\/","name":"Commission for Environmental Cooperation","description":"Three countries working together to protect our shared environment","alternateName":"CEC - CCA -CCE","potentialAction":[{"@type":"SearchAction","target":{"@type":"EntryPoint","urlTemplate":"https:\/\/www.cec.org\/es\/?s={search_term_string}"},"query-input":{"@type":"PropertyValueSpecification","valueRequired":true,"valueName":"search_term_string"}}],"inLanguage":"es"}]}},"_links":{"self":[{"href":"https:\/\/www.cec.org\/es\/wp-json\/wp\/v2\/events\/13535","targetHints":{"allow":["GET"]}}],"collection":[{"href":"https:\/\/www.cec.org\/es\/wp-json\/wp\/v2\/events"}],"about":[{"href":"https:\/\/www.cec.org\/es\/wp-json\/wp\/v2\/types\/events"}],"wp:featuredmedia":[{"embeddable":true,"href":"https:\/\/www.cec.org\/es\/wp-json\/wp\/v2\/media\/31478"}],"wp:attachment":[{"href":"https:\/\/www.cec.org\/es\/wp-json\/wp\/v2\/media?parent=13535"}],"curies":[{"name":"wp","href":"https:\/\/api.w.org\/{rel}","templated":true}]}}