{"id":47731,"date":"2022-03-17T12:59:18","date_gmt":"2022-03-17T16:59:18","guid":{"rendered":"http:\/\/www.cec.org\/ej4climate\/ej4climate-grants\/reforestacion-comunitaria-de-manglar-y-ecoturismo-regenerativo\/"},"modified":"2024-07-11T14:09:35","modified_gmt":"2024-07-11T18:09:35","slug":"reforestacion-comunitaria-de-manglar-y-ecoturismo-regenerativo","status":"publish","type":"ej4climate","link":"https:\/\/www.cec.org\/es\/ej4climate\/subvenciones-ej4climate\/reforestacion-comunitaria-de-manglar-y-ecoturismo-regenerativo\/","title":{"rendered":"Reforestaci\u00f3n Comunitaria de Manglar y Ecoturismo Regenerativo"},"content":{"rendered":"<h4>Antecedentes<\/h4>\n<p>El estado de Oaxaca en M\u00e9xico es el m\u00e1s vulnerable a  fen\u00f3menos de cambio clim\u00e1tico por su ubicaci\u00f3n geogr\u00e1fica entre en oc\u00e9anos  pac\u00edfico y el Golfo de M\u00e9xico.<\/p>\n<p>  En 2012 el hurac\u00e1n Carlotta devast\u00f3 alrededor del 80%  de manglares que e en la laguna de la comunidad la Ventanilla, dejando a la  poblaci\u00f3n desprotegida y sin su principal fuente de ingresos, El Ecoturismo,  as\u00ed como la pesca y la p\u00e9rdida de biodiversidad que esta hefem\u00e9ride caus\u00f3; lo  que impuls\u00f3 a los integrantes de la Cooperativa Lagarto Real a emprender una  ardua tarea de recuperaci\u00f3n del sistema lagunar a trav\u00e9s de la producci\u00f3n\u00a0 y reforestaci\u00f3n de planta de mangle rojo en  condiciones muy precarias.<\/p>\n<p>En 2016, lograron tramitar ante las instancias  gubernamentales mexicanas un plan de manejo para la reforestaci\u00f3n comunitaria  de 57has de Manglar.<\/p>\n<p>  Con este proyecto se busca aumentar 2has m\u00e1s para su  reforestaci\u00f3n y vincular esta actividad con el dise\u00f1o de experiencias de  ecoturismo comunitario como el aviturismo y la reforestaci\u00f3n de la Laguna.<\/p>\n<h4>Metas<\/h4>\n<ul>\n<li>Se recupera la biodiversidad en la Laguna de  Ventanilla    <\/li>\n<li>Se genera un m\u00f3dulo de educaci\u00f3n ambiental sobre los  efectos del cambio clim\u00e1tico y la importancia en los humedales costeros    <\/li>\n<li>Se genera una oferta tur\u00edstica que les permite continuar  con las actividades de reforestaci\u00f3n y conservaci\u00f3n de la biodiversidad    <\/li>\n<li>Se lleva un registro de la flora y fauna silvestre de  la comunidad<\/li>\n<\/ul>\n<h4>Actividades principales<\/h4>\n<ul>\n<li>Identificaci\u00f3n de sitios id\u00f3neos para la reforestaci\u00f3n  de 2.4has de mangle rojo    <\/li>\n<li>Producci\u00f3n de 1582 pl\u00e1ntulas de mangle rojo    <\/li>\n<li>Habilitaci\u00f3n de brechas cortafuego    <\/li>\n<li>Rehabilitaci\u00f3n de canales    <\/li>\n<li>Reforestaci\u00f3n de 2.4 Has de mangle rojo    <\/li>\n<li>Capacitaci\u00f3n en aviturismo, anillamiento de aves    <\/li>\n<li>Instalaci\u00f3n de c\u00e1maras trampa para monitoreo<\/li>\n<\/ul>\n<h4>Resultados<\/h4>\n<ul>\n<li>Los guardabosques comunitarios reforestan 2.4 Has de  Mangle rojo    <\/li>\n<li>Los guardabosques comunitarios producen 1582 pl\u00e1ntulas  en un vivero comunitario    <\/li>\n<li>Los guardabosques comunitarios adquieren habilidades  para el monitoreo de aves end\u00e9micas y migratorias    <\/li>\n<li>Se realizan actividades educativas sobre los efectos  del Cambio Clim\u00e1tico y la importancia de los humedales costeros    <\/li>\n<li>Se mitigan los incendios forestales y se protege la  biodiversidad    <\/li>\n<li>Se  realiza el festival del Manglar con la participaci\u00f3n de diversas comunidades y  expertos en el tema<\/li>\n<\/ul>\n","protected":false},"excerpt":{"rendered":"<p>Antecedentes El estado de Oaxaca en M\u00e9xico es el m\u00e1s vulnerable a fen\u00f3menos de cambio clim\u00e1tico por su ubicaci\u00f3n geogr\u00e1fica entre en oc\u00e9anos pac\u00edfico y el Golfo de M\u00e9xico. En 2012 el hurac\u00e1n Carlotta devast\u00f3 alrededor del 80% de manglares que e en la laguna de la comunidad la Ventanilla, dejando a la poblaci\u00f3n desprotegida [&hellip;]<\/p>\n","protected":false},"featured_media":47637,"template":"","class_list":["post-47731","ej4climate","type-ej4climate","status-publish","has-post-thumbnail","hentry","country-mexico-es","status-concluido"],"acf":[],"yoast_head":"<!-- This site is optimized with the Yoast SEO Premium plugin v27.4 (Yoast SEO v27.4) - https:\/\/yoast.com\/product\/yoast-seo-premium-wordpress\/ -->\n<title>Reforestaci\u00f3n Comunitaria de Manglar y Ecoturismo Regenerativo<\/title>\n<meta name=\"description\" content=\"Antecedentes El estado de Oaxaca en M\u00e9xico es el m\u00e1s vulnerable a fen\u00f3menos de cambio clim\u00e1tico por su ubicaci\u00f3n geogr\u00e1fica entre en oc\u00e9anos pac\u00edfico y el\" \/>\n<meta name=\"robots\" content=\"index, follow, max-snippet:-1, max-image-preview:large, max-video-preview:-1\" \/>\n<link rel=\"canonical\" href=\"https:\/\/www.cec.org\/es\/ej4climate\/subvenciones-ej4climate\/reforestacion-comunitaria-de-manglar-y-ecoturismo-regenerativo\/\" \/>\n<meta property=\"og:locale\" content=\"es_ES\" \/>\n<meta property=\"og:type\" content=\"article\" \/>\n<meta property=\"og:title\" content=\"Reforestaci\u00f3n Comunitaria de Manglar y Ecoturismo Regenerativo\" \/>\n<meta property=\"og:description\" content=\"Antecedentes El estado de Oaxaca en M\u00e9xico es el m\u00e1s vulnerable a fen\u00f3menos de cambio clim\u00e1tico por su ubicaci\u00f3n geogr\u00e1fica entre en oc\u00e9anos pac\u00edfico y el\" \/>\n<meta property=\"og:url\" content=\"https:\/\/www.cec.org\/es\/ej4climate\/subvenciones-ej4climate\/reforestacion-comunitaria-de-manglar-y-ecoturismo-regenerativo\/\" \/>\n<meta property=\"og:site_name\" content=\"Comisi\u00f3n para la Cooperaci\u00f3n Ambiental\" \/>\n<meta property=\"article:publisher\" content=\"https:\/\/www.facebook.com\/CECconnect\" \/>\n<meta property=\"article:modified_time\" content=\"2024-07-11T18:09:35+00:00\" \/>\n<meta property=\"og:image\" content=\"https:\/\/www.cec.org\/wp-content\/uploads\/Fondo-Oaxaqueno-para-la-Conservacion-de-la-Naturaleza.jpg\" \/>\n\t<meta property=\"og:image:width\" content=\"600\" \/>\n\t<meta property=\"og:image:height\" content=\"342\" \/>\n\t<meta property=\"og:image:type\" content=\"image\/jpeg\" \/>\n<meta name=\"twitter:card\" content=\"summary_large_image\" \/>\n<meta name=\"twitter:site\" content=\"@CECweb\" \/>\n<script type=\"application\/ld+json\" class=\"yoast-schema-graph\">{\"@context\":\"https:\\\/\\\/schema.org\",\"@graph\":[{\"@type\":\"WebPage\",\"@id\":\"https:\\\/\\\/www.cec.org\\\/es\\\/ej4climate\\\/subvenciones-ej4climate\\\/reforestacion-comunitaria-de-manglar-y-ecoturismo-regenerativo\\\/\",\"url\":\"https:\\\/\\\/www.cec.org\\\/es\\\/ej4climate\\\/subvenciones-ej4climate\\\/reforestacion-comunitaria-de-manglar-y-ecoturismo-regenerativo\\\/\",\"name\":\"Reforestaci\u00f3n Comunitaria de Manglar y Ecoturismo Regenerativo\",\"isPartOf\":{\"@id\":\"https:\\\/\\\/www.cec.org\\\/es\\\/#website\"},\"primaryImageOfPage\":{\"@id\":\"https:\\\/\\\/www.cec.org\\\/es\\\/ej4climate\\\/subvenciones-ej4climate\\\/reforestacion-comunitaria-de-manglar-y-ecoturismo-regenerativo\\\/#primaryimage\"},\"image\":{\"@id\":\"https:\\\/\\\/www.cec.org\\\/es\\\/ej4climate\\\/subvenciones-ej4climate\\\/reforestacion-comunitaria-de-manglar-y-ecoturismo-regenerativo\\\/#primaryimage\"},\"thumbnailUrl\":\"https:\\\/\\\/www.cec.org\\\/wp-content\\\/uploads\\\/Fondo-Oaxaqueno-para-la-Conservacion-de-la-Naturaleza.jpg\",\"datePublished\":\"2022-03-17T16:59:18+00:00\",\"dateModified\":\"2024-07-11T18:09:35+00:00\",\"description\":\"Antecedentes El estado de Oaxaca en M\u00e9xico es el m\u00e1s vulnerable a fen\u00f3menos de cambio clim\u00e1tico por su ubicaci\u00f3n geogr\u00e1fica entre en oc\u00e9anos pac\u00edfico y el\",\"breadcrumb\":{\"@id\":\"https:\\\/\\\/www.cec.org\\\/es\\\/ej4climate\\\/subvenciones-ej4climate\\\/reforestacion-comunitaria-de-manglar-y-ecoturismo-regenerativo\\\/#breadcrumb\"},\"inLanguage\":\"es\",\"potentialAction\":[{\"@type\":\"ReadAction\",\"target\":[\"https:\\\/\\\/www.cec.org\\\/es\\\/ej4climate\\\/subvenciones-ej4climate\\\/reforestacion-comunitaria-de-manglar-y-ecoturismo-regenerativo\\\/\"]}]},{\"@type\":\"ImageObject\",\"inLanguage\":\"es\",\"@id\":\"https:\\\/\\\/www.cec.org\\\/es\\\/ej4climate\\\/subvenciones-ej4climate\\\/reforestacion-comunitaria-de-manglar-y-ecoturismo-regenerativo\\\/#primaryimage\",\"url\":\"https:\\\/\\\/www.cec.org\\\/wp-content\\\/uploads\\\/Fondo-Oaxaqueno-para-la-Conservacion-de-la-Naturaleza.jpg\",\"contentUrl\":\"https:\\\/\\\/www.cec.org\\\/wp-content\\\/uploads\\\/Fondo-Oaxaqueno-para-la-Conservacion-de-la-Naturaleza.jpg\",\"width\":600,\"height\":342,\"caption\":\"\u00a9 Fondo Oaxaque\u00f1o para la Conservaci\u00f3n de la Naturaleza\"},{\"@type\":\"BreadcrumbList\",\"@id\":\"https:\\\/\\\/www.cec.org\\\/es\\\/ej4climate\\\/subvenciones-ej4climate\\\/reforestacion-comunitaria-de-manglar-y-ecoturismo-regenerativo\\\/#breadcrumb\",\"itemListElement\":[{\"@type\":\"ListItem\",\"position\":1,\"name\":\"Inicio\",\"item\":\"https:\\\/\\\/www.cec.org\\\/es\\\/\"},{\"@type\":\"ListItem\",\"position\":2,\"name\":\"Reforestaci\u00f3n Comunitaria de Manglar y Ecoturismo Regenerativo\"}]},{\"@type\":\"WebSite\",\"@id\":\"https:\\\/\\\/www.cec.org\\\/es\\\/#website\",\"url\":\"https:\\\/\\\/www.cec.org\\\/es\\\/\",\"name\":\"Commission for Environmental Cooperation\",\"description\":\"Three countries working together to protect our shared environment\",\"alternateName\":\"CEC - CCA -CCE\",\"potentialAction\":[{\"@type\":\"SearchAction\",\"target\":{\"@type\":\"EntryPoint\",\"urlTemplate\":\"https:\\\/\\\/www.cec.org\\\/es\\\/?s={search_term_string}\"},\"query-input\":{\"@type\":\"PropertyValueSpecification\",\"valueRequired\":true,\"valueName\":\"search_term_string\"}}],\"inLanguage\":\"es\"}]}<\/script>\n<!-- \/ Yoast SEO Premium plugin. -->","yoast_head_json":{"title":"Reforestaci\u00f3n Comunitaria de Manglar y Ecoturismo Regenerativo","description":"Antecedentes El estado de Oaxaca en M\u00e9xico es el m\u00e1s vulnerable a fen\u00f3menos de cambio clim\u00e1tico por su ubicaci\u00f3n geogr\u00e1fica entre en oc\u00e9anos pac\u00edfico y el","robots":{"index":"index","follow":"follow","max-snippet":"max-snippet:-1","max-image-preview":"max-image-preview:large","max-video-preview":"max-video-preview:-1"},"canonical":"https:\/\/www.cec.org\/es\/ej4climate\/subvenciones-ej4climate\/reforestacion-comunitaria-de-manglar-y-ecoturismo-regenerativo\/","og_locale":"es_ES","og_type":"article","og_title":"Reforestaci\u00f3n Comunitaria de Manglar y Ecoturismo Regenerativo","og_description":"Antecedentes El estado de Oaxaca en M\u00e9xico es el m\u00e1s vulnerable a fen\u00f3menos de cambio clim\u00e1tico por su ubicaci\u00f3n geogr\u00e1fica entre en oc\u00e9anos pac\u00edfico y el","og_url":"https:\/\/www.cec.org\/es\/ej4climate\/subvenciones-ej4climate\/reforestacion-comunitaria-de-manglar-y-ecoturismo-regenerativo\/","og_site_name":"Comisi\u00f3n para la Cooperaci\u00f3n Ambiental","article_publisher":"https:\/\/www.facebook.com\/CECconnect","article_modified_time":"2024-07-11T18:09:35+00:00","og_image":[{"width":600,"height":342,"url":"https:\/\/www.cec.org\/wp-content\/uploads\/Fondo-Oaxaqueno-para-la-Conservacion-de-la-Naturaleza.jpg","type":"image\/jpeg"}],"twitter_card":"summary_large_image","twitter_site":"@CECweb","schema":{"@context":"https:\/\/schema.org","@graph":[{"@type":"WebPage","@id":"https:\/\/www.cec.org\/es\/ej4climate\/subvenciones-ej4climate\/reforestacion-comunitaria-de-manglar-y-ecoturismo-regenerativo\/","url":"https:\/\/www.cec.org\/es\/ej4climate\/subvenciones-ej4climate\/reforestacion-comunitaria-de-manglar-y-ecoturismo-regenerativo\/","name":"Reforestaci\u00f3n Comunitaria de Manglar y Ecoturismo Regenerativo","isPartOf":{"@id":"https:\/\/www.cec.org\/es\/#website"},"primaryImageOfPage":{"@id":"https:\/\/www.cec.org\/es\/ej4climate\/subvenciones-ej4climate\/reforestacion-comunitaria-de-manglar-y-ecoturismo-regenerativo\/#primaryimage"},"image":{"@id":"https:\/\/www.cec.org\/es\/ej4climate\/subvenciones-ej4climate\/reforestacion-comunitaria-de-manglar-y-ecoturismo-regenerativo\/#primaryimage"},"thumbnailUrl":"https:\/\/www.cec.org\/wp-content\/uploads\/Fondo-Oaxaqueno-para-la-Conservacion-de-la-Naturaleza.jpg","datePublished":"2022-03-17T16:59:18+00:00","dateModified":"2024-07-11T18:09:35+00:00","description":"Antecedentes El estado de Oaxaca en M\u00e9xico es el m\u00e1s vulnerable a fen\u00f3menos de cambio clim\u00e1tico por su ubicaci\u00f3n geogr\u00e1fica entre en oc\u00e9anos pac\u00edfico y el","breadcrumb":{"@id":"https:\/\/www.cec.org\/es\/ej4climate\/subvenciones-ej4climate\/reforestacion-comunitaria-de-manglar-y-ecoturismo-regenerativo\/#breadcrumb"},"inLanguage":"es","potentialAction":[{"@type":"ReadAction","target":["https:\/\/www.cec.org\/es\/ej4climate\/subvenciones-ej4climate\/reforestacion-comunitaria-de-manglar-y-ecoturismo-regenerativo\/"]}]},{"@type":"ImageObject","inLanguage":"es","@id":"https:\/\/www.cec.org\/es\/ej4climate\/subvenciones-ej4climate\/reforestacion-comunitaria-de-manglar-y-ecoturismo-regenerativo\/#primaryimage","url":"https:\/\/www.cec.org\/wp-content\/uploads\/Fondo-Oaxaqueno-para-la-Conservacion-de-la-Naturaleza.jpg","contentUrl":"https:\/\/www.cec.org\/wp-content\/uploads\/Fondo-Oaxaqueno-para-la-Conservacion-de-la-Naturaleza.jpg","width":600,"height":342,"caption":"\u00a9 Fondo Oaxaque\u00f1o para la Conservaci\u00f3n de la Naturaleza"},{"@type":"BreadcrumbList","@id":"https:\/\/www.cec.org\/es\/ej4climate\/subvenciones-ej4climate\/reforestacion-comunitaria-de-manglar-y-ecoturismo-regenerativo\/#breadcrumb","itemListElement":[{"@type":"ListItem","position":1,"name":"Inicio","item":"https:\/\/www.cec.org\/es\/"},{"@type":"ListItem","position":2,"name":"Reforestaci\u00f3n Comunitaria de Manglar y Ecoturismo Regenerativo"}]},{"@type":"WebSite","@id":"https:\/\/www.cec.org\/es\/#website","url":"https:\/\/www.cec.org\/es\/","name":"Commission for Environmental Cooperation","description":"Three countries working together to protect our shared environment","alternateName":"CEC - CCA -CCE","potentialAction":[{"@type":"SearchAction","target":{"@type":"EntryPoint","urlTemplate":"https:\/\/www.cec.org\/es\/?s={search_term_string}"},"query-input":{"@type":"PropertyValueSpecification","valueRequired":true,"valueName":"search_term_string"}}],"inLanguage":"es"}]}},"_links":{"self":[{"href":"https:\/\/www.cec.org\/es\/wp-json\/wp\/v2\/ej4climate\/47731","targetHints":{"allow":["GET"]}}],"collection":[{"href":"https:\/\/www.cec.org\/es\/wp-json\/wp\/v2\/ej4climate"}],"about":[{"href":"https:\/\/www.cec.org\/es\/wp-json\/wp\/v2\/types\/ej4climate"}],"wp:featuredmedia":[{"embeddable":true,"href":"https:\/\/www.cec.org\/es\/wp-json\/wp\/v2\/media\/47637"}],"wp:attachment":[{"href":"https:\/\/www.cec.org\/es\/wp-json\/wp\/v2\/media?parent=47731"}],"curies":[{"name":"wp","href":"https:\/\/api.w.org\/{rel}","templated":true}]}}