{"id":52544,"date":"2023-06-29T19:52:25","date_gmt":"2023-06-29T23:52:25","guid":{"rendered":"http:\/\/www.cec.org\/?post_type=documents&#038;p=52544"},"modified":"2025-11-24T14:03:59","modified_gmt":"2025-11-24T19:03:59","slug":"declaracion-del-consejo-de-la-cca-2023","status":"publish","type":"documents","link":"https:\/\/www.cec.org\/es\/documentos\/declaracion-del-consejo-de-la-cca-2023\/","title":{"rendered":"Declaraci\u00f3n del Consejo de la CCA, 2023"},"content":{"rendered":"<p><strong>Victoria, Columbia Brit\u00e1nica, Canad\u00e1, el 29 de junio de 2023.\u00a0<\/strong>El d\u00eda de hoy, en calidad de integrantes del Consejo de la Comisi\u00f3n para la Cooperaci\u00f3n Ambiental (CCA), los ministros de medio ambiente de Canad\u00e1, Estados Unidos y M\u00e9xico nos reunimos con ocasi\u00f3n de nuestra sesi\u00f3n ordinaria anual en Victoria, Columbia Brit\u00e1nica, Canad\u00e1.<\/p>\n","protected":false},"excerpt":{"rendered":"<p>Victoria, Columbia Brit\u00e1nica, Canad\u00e1, el 29 de junio de 2023.\u00a0El d\u00eda de hoy, en calidad de integrantes del Consejo de la Comisi\u00f3n para la Cooperaci\u00f3n Ambiental (CCA), los ministros de medio ambiente de Canad\u00e1, Estados Unidos y M\u00e9xico nos reunimos con ocasi\u00f3n de nuestra sesi\u00f3n ordinaria anual en Victoria, Columbia Brit\u00e1nica, Canad\u00e1.<\/p>\n","protected":false},"featured_media":0,"template":"","class_list":["post-52544","documents","type-documents","status-publish","hentry","document_category-comunicados-del-consejo"],"acf":[],"yoast_head":"<!-- This site is optimized with the Yoast SEO Premium plugin v27.4 (Yoast SEO v27.4) - https:\/\/yoast.com\/product\/yoast-seo-premium-wordpress\/ -->\n<title>Declaraci\u00f3n del Consejo de la CCA, 2023<\/title>\n<meta name=\"robots\" content=\"noindex, follow\" \/>\n<meta property=\"og:locale\" content=\"es_ES\" \/>\n<meta property=\"og:type\" content=\"article\" \/>\n<meta property=\"og:title\" content=\"Declaraci\u00f3n del Consejo de la CCA, 2023\" \/>\n<meta property=\"og:description\" content=\"Victoria, Columbia Brit\u00e1nica, Canad\u00e1, el 29 de junio de 2023.\u00a0El d\u00eda de hoy, en calidad de integrantes del Consejo de la Comisi\u00f3n para la Cooperaci\u00f3n Ambiental (CCA), los ministros de medio ambiente de Canad\u00e1, Estados Unidos y M\u00e9xico nos reunimos con ocasi\u00f3n de nuestra sesi\u00f3n ordinaria anual en Victoria, Columbia Brit\u00e1nica, Canad\u00e1.\" \/>\n<meta property=\"og:url\" content=\"https:\/\/www.cec.org\/es\/documentos\/declaracion-del-consejo-de-la-cca-2023\/\" \/>\n<meta property=\"og:site_name\" content=\"Comisi\u00f3n para la Cooperaci\u00f3n Ambiental\" \/>\n<meta property=\"article:publisher\" content=\"https:\/\/www.facebook.com\/CECconnect\" \/>\n<meta property=\"article:modified_time\" content=\"2025-11-24T19:03:59+00:00\" \/>\n<meta property=\"og:image\" content=\"https:\/\/www.cec.org\/wp-content\/uploads\/cec-cover2023.webp\" \/>\n\t<meta property=\"og:image:width\" content=\"1200\" \/>\n\t<meta property=\"og:image:height\" content=\"630\" \/>\n\t<meta property=\"og:image:type\" content=\"image\/webp\" \/>\n<meta name=\"twitter:card\" content=\"summary_large_image\" \/>\n<meta name=\"twitter:site\" content=\"@CECweb\" \/>\n<script type=\"application\/ld+json\" class=\"yoast-schema-graph\">{\"@context\":\"https:\\\/\\\/schema.org\",\"@graph\":[{\"@type\":\"WebPage\",\"@id\":\"https:\\\/\\\/www.cec.org\\\/es\\\/documentos\\\/declaracion-del-consejo-de-la-cca-2023\\\/\",\"url\":\"https:\\\/\\\/www.cec.org\\\/es\\\/documentos\\\/declaracion-del-consejo-de-la-cca-2023\\\/\",\"name\":\"Declaraci\u00f3n del Consejo de la CCA, 2023\",\"isPartOf\":{\"@id\":\"https:\\\/\\\/www.cec.org\\\/es\\\/#website\"},\"datePublished\":\"2023-06-29T23:52:25+00:00\",\"dateModified\":\"2025-11-24T19:03:59+00:00\",\"breadcrumb\":{\"@id\":\"https:\\\/\\\/www.cec.org\\\/es\\\/documentos\\\/declaracion-del-consejo-de-la-cca-2023\\\/#breadcrumb\"},\"inLanguage\":\"es\",\"potentialAction\":[{\"@type\":\"ReadAction\",\"target\":[\"https:\\\/\\\/www.cec.org\\\/es\\\/documentos\\\/declaracion-del-consejo-de-la-cca-2023\\\/\"]}]},{\"@type\":\"BreadcrumbList\",\"@id\":\"https:\\\/\\\/www.cec.org\\\/es\\\/documentos\\\/declaracion-del-consejo-de-la-cca-2023\\\/#breadcrumb\",\"itemListElement\":[{\"@type\":\"ListItem\",\"position\":1,\"name\":\"Inicio\",\"item\":\"https:\\\/\\\/www.cec.org\\\/es\\\/\"},{\"@type\":\"ListItem\",\"position\":2,\"name\":\"Documentos\",\"item\":\"https:\\\/\\\/www.cec.org\\\/es\\\/documentos\\\/\"},{\"@type\":\"ListItem\",\"position\":3,\"name\":\"Declaraci\u00f3n del Consejo de la CCA, 2023\"}]},{\"@type\":\"WebSite\",\"@id\":\"https:\\\/\\\/www.cec.org\\\/es\\\/#website\",\"url\":\"https:\\\/\\\/www.cec.org\\\/es\\\/\",\"name\":\"Commission for Environmental Cooperation\",\"description\":\"Three countries working together to protect our shared environment\",\"alternateName\":\"CEC - CCA -CCE\",\"potentialAction\":[{\"@type\":\"SearchAction\",\"target\":{\"@type\":\"EntryPoint\",\"urlTemplate\":\"https:\\\/\\\/www.cec.org\\\/es\\\/?s={search_term_string}\"},\"query-input\":{\"@type\":\"PropertyValueSpecification\",\"valueRequired\":true,\"valueName\":\"search_term_string\"}}],\"inLanguage\":\"es\"}]}<\/script>\n<!-- \/ Yoast SEO Premium plugin. -->","yoast_head_json":{"title":"Declaraci\u00f3n del Consejo de la CCA, 2023","robots":{"index":"noindex","follow":"follow"},"og_locale":"es_ES","og_type":"article","og_title":"Declaraci\u00f3n del Consejo de la CCA, 2023","og_description":"Victoria, Columbia Brit\u00e1nica, Canad\u00e1, el 29 de junio de 2023.\u00a0El d\u00eda de hoy, en calidad de integrantes del Consejo de la Comisi\u00f3n para la Cooperaci\u00f3n Ambiental (CCA), los ministros de medio ambiente de Canad\u00e1, Estados Unidos y M\u00e9xico nos reunimos con ocasi\u00f3n de nuestra sesi\u00f3n ordinaria anual en Victoria, Columbia Brit\u00e1nica, Canad\u00e1.","og_url":"https:\/\/www.cec.org\/es\/documentos\/declaracion-del-consejo-de-la-cca-2023\/","og_site_name":"Comisi\u00f3n para la Cooperaci\u00f3n Ambiental","article_publisher":"https:\/\/www.facebook.com\/CECconnect","article_modified_time":"2025-11-24T19:03:59+00:00","og_image":[{"width":1200,"height":630,"url":"https:\/\/www.cec.org\/wp-content\/uploads\/cec-cover2023.webp","type":"image\/webp"}],"twitter_card":"summary_large_image","twitter_site":"@CECweb","schema":{"@context":"https:\/\/schema.org","@graph":[{"@type":"WebPage","@id":"https:\/\/www.cec.org\/es\/documentos\/declaracion-del-consejo-de-la-cca-2023\/","url":"https:\/\/www.cec.org\/es\/documentos\/declaracion-del-consejo-de-la-cca-2023\/","name":"Declaraci\u00f3n del Consejo de la CCA, 2023","isPartOf":{"@id":"https:\/\/www.cec.org\/es\/#website"},"datePublished":"2023-06-29T23:52:25+00:00","dateModified":"2025-11-24T19:03:59+00:00","breadcrumb":{"@id":"https:\/\/www.cec.org\/es\/documentos\/declaracion-del-consejo-de-la-cca-2023\/#breadcrumb"},"inLanguage":"es","potentialAction":[{"@type":"ReadAction","target":["https:\/\/www.cec.org\/es\/documentos\/declaracion-del-consejo-de-la-cca-2023\/"]}]},{"@type":"BreadcrumbList","@id":"https:\/\/www.cec.org\/es\/documentos\/declaracion-del-consejo-de-la-cca-2023\/#breadcrumb","itemListElement":[{"@type":"ListItem","position":1,"name":"Inicio","item":"https:\/\/www.cec.org\/es\/"},{"@type":"ListItem","position":2,"name":"Documentos","item":"https:\/\/www.cec.org\/es\/documentos\/"},{"@type":"ListItem","position":3,"name":"Declaraci\u00f3n del Consejo de la CCA, 2023"}]},{"@type":"WebSite","@id":"https:\/\/www.cec.org\/es\/#website","url":"https:\/\/www.cec.org\/es\/","name":"Commission for Environmental Cooperation","description":"Three countries working together to protect our shared environment","alternateName":"CEC - CCA -CCE","potentialAction":[{"@type":"SearchAction","target":{"@type":"EntryPoint","urlTemplate":"https:\/\/www.cec.org\/es\/?s={search_term_string}"},"query-input":{"@type":"PropertyValueSpecification","valueRequired":true,"valueName":"search_term_string"}}],"inLanguage":"es"}]}},"_links":{"self":[{"href":"https:\/\/www.cec.org\/es\/wp-json\/wp\/v2\/documents\/52544","targetHints":{"allow":["GET"]}}],"collection":[{"href":"https:\/\/www.cec.org\/es\/wp-json\/wp\/v2\/documents"}],"about":[{"href":"https:\/\/www.cec.org\/es\/wp-json\/wp\/v2\/types\/documents"}],"wp:attachment":[{"href":"https:\/\/www.cec.org\/es\/wp-json\/wp\/v2\/media?parent=52544"}],"curies":[{"name":"wp","href":"https:\/\/api.w.org\/{rel}","templated":true}]}}