{"version":"1.0","provider_name":"Comisi\u00f3n para la Cooperaci\u00f3n Ambiental","provider_url":"https:\/\/www.cec.org\/es\/","author_name":"cecmain_adm","author_url":"https:\/\/www.cec.org\/es\/author\/cecmain_adm\/","title":"Amelia Arreguin","type":"rich","width":600,"height":338,"html":"<blockquote class=\"wp-embedded-content\" data-secret=\"gjj84aWDTS\"><a href=\"https:\/\/www.cec.org\/es\/speaker\/amelia-arreguin\/\">Amelia Arreguin<\/a><\/blockquote><iframe sandbox=\"allow-scripts\" security=\"restricted\" src=\"https:\/\/www.cec.org\/es\/speaker\/amelia-arreguin\/embed\/#?secret=gjj84aWDTS\" width=\"600\" height=\"338\" title=\"\u00abAmelia Arreguin\u00bb \u2014 Comisi\u00f3n para la Cooperaci\u00f3n Ambiental\" data-secret=\"gjj84aWDTS\" frameborder=\"0\" marginwidth=\"0\" marginheight=\"0\" scrolling=\"no\" class=\"wp-embedded-content\"><\/iframe><script type=\"text\/javascript\">\n\/* <![CDATA[ *\/\n\/*! This file is auto-generated *\/\n!function(d,l){\"use strict\";l.querySelector&&d.addEventListener&&\"undefined\"!=typeof URL&&(d.wp=d.wp||{},d.wp.receiveEmbedMessage||(d.wp.receiveEmbedMessage=function(e){var t=e.data;if((t||t.secret||t.message||t.value)&&!\/[^a-zA-Z0-9]\/.test(t.secret)){for(var s,r,n,a=l.querySelectorAll('iframe[data-secret=\"'+t.secret+'\"]'),o=l.querySelectorAll('blockquote[data-secret=\"'+t.secret+'\"]'),c=new RegExp(\"^https?:$\",\"i\"),i=0;i<o.length;i++)o[i].style.display=\"none\";for(i=0;i<a.length;i++)s=a[i],e.source===s.contentWindow&&(s.removeAttribute(\"style\"),\"height\"===t.message?(1e3<(r=parseInt(t.value,10))?r=1e3:~~r<200&&(r=200),s.height=r):\"link\"===t.message&&(r=new URL(s.getAttribute(\"src\")),n=new URL(t.value),c.test(n.protocol))&&n.host===r.host&&l.activeElement===s&&(d.top.location.href=t.value))}},d.addEventListener(\"message\",d.wp.receiveEmbedMessage,!1),l.addEventListener(\"DOMContentLoaded\",function(){for(var e,t,s=l.querySelectorAll(\"iframe.wp-embedded-content\"),r=0;r<s.length;r++)(t=(e=s[r]).getAttribute(\"data-secret\"))||(t=Math.random().toString(36).substring(2,12),e.src+=\"#?secret=\"+t,e.setAttribute(\"data-secret\",t)),e.contentWindow.postMessage({message:\"ready\",secret:t},\"*\")},!1)))}(window,document);\n\/\/# sourceURL=https:\/\/www.cec.org\/wp-includes\/js\/wp-embed.min.js\n\/* ]]> *\/\n<\/script>\n","thumbnail_url":"https:\/\/www.cec.org\/wp-content\/uploads\/ameliaphoto.webp","thumbnail_width":300,"thumbnail_height":300,"description":"Dedicada a la defensa de la justicia de g\u00e9nero y ambiental, Amelia Arregu\u00edn Prado apoya a mujeres y ni\u00f1as de los sectores m\u00e1s populares de las comunidades para que defiendan sus derechos en el \u00e1mbito de la pol\u00edtica ambiental a escalas nacional y mundial. Como coordinadora del Grupo de Mujeres del Convenio sobre la Diversidad [&hellip;]"}